{"id":243793,"date":"2024-05-30T16:00:28","date_gmt":"2024-05-30T16:00:28","guid":{"rendered":"https:\/\/lagranpantallafestival.com\/film\/lescopeta-nacional\/"},"modified":"2024-12-20T11:34:50","modified_gmt":"2024-12-20T11:34:50","slug":"lescopeta-nacional","status":"publish","type":"project","link":"https:\/\/lagranpantallafestival.com\/ca\/film\/lescopeta-nacional\/","title":{"rendered":"La escopeta nacional"},"content":{"rendered":"<p>[et_pb_section fb_built=&#8221;1&#8243; admin_label=&#8221;Header&#8221; _builder_version=&#8221;4.25.1&#8243; _module_preset=&#8221;default&#8221; background_color=&#8221;gcid-a674551e-c023-4666-82b8-b7448e713885&#8243; max_width=&#8221;100%&#8221; custom_margin=&#8221;||22px|||&#8221; collapsed=&#8221;off&#8221; global_colors_info=&#8221;{%22gcid-a674551e-c023-4666-82b8-b7448e713885%22:%91%22background_color%22%93}&#8221;][et_pb_row column_structure=&#8221;3_5,2_5&#8243; _builder_version=&#8221;4.25.1&#8243; _module_preset=&#8221;default&#8221; max_width=&#8221;none&#8221; custom_margin=&#8221;|auto|-43px|auto|false|false&#8221; custom_margin_tablet=&#8221;|auto|-43px|auto|false|false&#8221; custom_margin_phone=&#8221;-37px||-43px||false|false&#8221; custom_margin_last_edited=&#8221;on|phone&#8221; custom_padding=&#8221;||0px|||&#8221; global_colors_info=&#8221;{}&#8221;][et_pb_column type=&#8221;3_5&#8243; _builder_version=&#8221;4.25.0&#8243; _module_preset=&#8221;default&#8221; global_colors_info=&#8221;{}&#8221;][et_pb_heading title=&#8221;Jueves de Imprescindibles&#8221; admin_label=&#8221;T\u00edtulo&#8221; _builder_version=&#8221;4.25.2&#8243; _module_preset=&#8221;_initial&#8221; title_level=&#8221;h6&#8243; title_font=&#8221;Montserrat|600|||||||&#8221; title_text_color=&#8221;#000000&#8243; title_font_size=&#8221;31px&#8221; title_letter_spacing=&#8221;-0.03em&#8221; custom_margin=&#8221;0px|0px|0px|0px|false|false&#8221; custom_margin_tablet=&#8221;||-15px||false|false&#8221; custom_margin_phone=&#8221;||-6px||false|false&#8221; custom_margin_last_edited=&#8221;on|phone&#8221; custom_padding=&#8221;0px|0px|0px|0px|false|false&#8221; title_font_size_tablet=&#8221;25px&#8221; title_font_size_phone=&#8221;20px&#8221; title_font_size_last_edited=&#8221;on|phone&#8221; global_colors_info=&#8221;{}&#8221;][\/et_pb_heading][et_pb_heading title=&#8221;L&apos;escopeta nacional&#8221; _builder_version=&#8221;4.25.1&#8243; _module_preset=&#8221;_initial&#8221; title_font=&#8221;Montserrat|700|||||||&#8221; title_text_color=&#8221;#000000&#8243; title_font_size=&#8221;6em&#8221; title_letter_spacing=&#8221;-0.05em&#8221; title_line_height=&#8221;1.2em&#8221; width=&#8221;100%&#8221; custom_margin=&#8221;|1px|10px||false|false&#8221; custom_margin_tablet=&#8221;0px|1px|-20px||false|false&#8221; custom_margin_phone=&#8221;0px|1px|-22px||false|false&#8221; custom_margin_last_edited=&#8221;on|tablet&#8221; custom_padding=&#8221;|0px||||&#8221; custom_padding_tablet=&#8221;0px||0px||false|false&#8221; custom_padding_phone=&#8221;0px||0px||false|false&#8221; custom_padding_last_edited=&#8221;on|tablet&#8221; title_font_size_tablet=&#8221;11vw&#8221; title_font_size_phone=&#8221;13vw&#8221; title_font_size_last_edited=&#8221;on|desktop&#8221; global_colors_info=&#8221;{}&#8221;][\/et_pb_heading][\/et_pb_column][et_pb_column type=&#8221;2_5&#8243; _builder_version=&#8221;4.25.0&#8243; _module_preset=&#8221;default&#8221; global_colors_info=&#8221;{}&#8221;][et_pb_image src=&#8221;https:\/\/berlangafilmmuseum.com\/wp\/wp-content\/uploads\/2018\/08\/La_escopeta_naciona_2.jpg&#8221; title_text=&#8221;business-cv-01&#8243; force_fullwidth=&#8221;on&#8221; align_last_edited=&#8221;off|tablet&#8221; _builder_version=&#8221;4.25.1&#8243; _module_preset=&#8221;default&#8221; background_video_mp4=&#8221;https:\/\/www.youtube.com\/watch?v=uh-Q4XP8WWc&#038;source_ve_path=MjM4NTE&#038;feature=emb_title&#8221; module_alignment=&#8221;right&#8221; min_height=&#8221;211px&#8221; max_height=&#8221;422px&#8221; custom_margin=&#8221;|32px|21px|1px||&#8221; custom_padding=&#8221;|0px|0px|0px||&#8221; module_alignment_tablet=&#8221;left&#8221; module_alignment_phone=&#8221;left&#8221; module_alignment_last_edited=&#8221;on|phone&#8221; global_colors_info=&#8221;{}&#8221;][\/et_pb_image][\/et_pb_column][\/et_pb_row][et_pb_row column_structure=&#8221;3_5,2_5&#8243; _builder_version=&#8221;4.25.1&#8243; _module_preset=&#8221;default&#8221; max_width=&#8221;none&#8221; min_height=&#8221;276.7px&#8221; custom_margin_tablet=&#8221;&#8221; custom_margin_phone=&#8221;0px||-60px||false|false&#8221; custom_margin_last_edited=&#8221;on|phone&#8221; custom_padding=&#8221;0px||||false|false&#8221; global_colors_info=&#8221;{}&#8221;][et_pb_column type=&#8221;3_5&#8243; _builder_version=&#8221;4.25.0&#8243; _module_preset=&#8221;default&#8221; global_colors_info=&#8221;{}&#8221;][et_pb_heading title=&#8221;Jueves 27 de junio &#8211; 20.00 h&#8221; disabled_on=&#8221;on|off|off&#8221; admin_label=&#8221;T\u00edtulo&#8221; _builder_version=&#8221;4.25.2&#8243; _module_preset=&#8221;_initial&#8221; title_level=&#8221;h6&#8243; title_font=&#8221;Montserrat|700|||||||&#8221; title_text_color=&#8221;#000000&#8243; title_font_size=&#8221;40px&#8221; title_letter_spacing=&#8221;-0.03em&#8221; custom_margin=&#8221;0px|0px|28px|0px|false|false&#8221; custom_margin_tablet=&#8221;||0px||false|false&#8221; custom_margin_phone=&#8221;||5px||false|false&#8221; custom_margin_last_edited=&#8221;on|phone&#8221; custom_padding=&#8221;0px|0px|0px|0px|false|false&#8221; title_font_size_tablet=&#8221;38px&#8221; title_font_size_phone=&#8221;32px&#8221; title_font_size_last_edited=&#8221;on|phone&#8221; title_line_height_tablet=&#8221;&#8221; title_line_height_phone=&#8221;1.3em&#8221; title_line_height_last_edited=&#8221;on|phone&#8221; global_colors_info=&#8221;{}&#8221;][\/et_pb_heading][et_pb_heading title=&#8221;Dijous 27 de juny 18.00 h&#8221; disabled_on=&#8221;off|on|on&#8221; admin_label=&#8221;T\u00edtulo&#8221; _builder_version=&#8221;4.25.1&#8243; _module_preset=&#8221;_initial&#8221; title_level=&#8221;h6&#8243; title_font=&#8221;Montserrat|700|||||||&#8221; title_text_color=&#8221;#000000&#8243; title_font_size=&#8221;40px&#8221; title_letter_spacing=&#8221;-0.03em&#8221; custom_margin=&#8221;0px|0px|28px|0px|false|false&#8221; custom_margin_tablet=&#8221;||0px||false|false&#8221; custom_margin_phone=&#8221;0px||-4px||false|false&#8221; custom_margin_last_edited=&#8221;on|phone&#8221; custom_padding=&#8221;0px|0px|0px|0px|false|false&#8221; title_font_size_tablet=&#8221;38px&#8221; title_font_size_phone=&#8221;32px&#8221; title_font_size_last_edited=&#8221;on|phone&#8221; title_line_height_tablet=&#8221;&#8221; title_line_height_phone=&#8221;1.3em&#8221; title_line_height_last_edited=&#8221;on|phone&#8221; global_colors_info=&#8221;{}&#8221;][\/et_pb_heading][et_pb_heading title=&#8221;Cinemes Verdi&#8221; disabled_on=&#8221;off|off|on&#8221; admin_label=&#8221;T\u00edtulo&#8221; _builder_version=&#8221;4.25.1&#8243; _module_preset=&#8221;_initial&#8221; title_level=&#8221;h6&#8243; title_font=&#8221;Montserrat|700|||||||&#8221; title_text_color=&#8221;#000000&#8243; title_font_size=&#8221;40px&#8221; title_letter_spacing=&#8221;-0.03em&#8221; title_line_height=&#8221;1.1em&#8221; custom_margin=&#8221;0px|0px|0px|0px|false|false&#8221; custom_margin_tablet=&#8221;||0px||false|false&#8221; custom_margin_phone=&#8221;||0px||false|false&#8221; custom_margin_last_edited=&#8221;on|phone&#8221; custom_padding=&#8221;0px|0px|0px|0px|false|false&#8221; title_font_size_tablet=&#8221;38px&#8221; title_font_size_phone=&#8221;31px&#8221; title_font_size_last_edited=&#8221;on|phone&#8221; title_line_height_tablet=&#8221;1.1em&#8221; title_line_height_phone=&#8221;1em&#8221; title_line_height_last_edited=&#8221;on|phone&#8221; global_colors_info=&#8221;{}&#8221;][\/et_pb_heading][et_pb_heading title=&#8221;Passi especial &#8211; Preu redu\u00eft de 2.9\u20ac&#8221; disabled_on=&#8221;off|off|on&#8221; _builder_version=&#8221;4.25.1&#8243; _module_preset=&#8221;_initial&#8221; title_level=&#8221;h4&#8243; title_font=&#8221;Open Sans||||||||&#8221; title_text_align=&#8221;left&#8221; title_text_color=&#8221;#000000&#8243; title_font_size=&#8221;20px&#8221; title_line_height=&#8221;2.4em&#8221; custom_margin=&#8221;||10px||false|false&#8221; custom_margin_tablet=&#8221;0px|0px|0px|0px|false|false&#8221; custom_margin_phone=&#8221;0px|0px|0px|0px|false|false&#8221; custom_margin_last_edited=&#8221;on|tablet&#8221; custom_padding=&#8221;0px|0px||0px|false|false&#8221; title_line_height_tablet=&#8221;2.4em&#8221; title_line_height_phone=&#8221;1.6em&#8221; title_line_height_last_edited=&#8221;on|phone&#8221; global_colors_info=&#8221;{}&#8221;][\/et_pb_heading][et_pb_button button_url=&#8221;https:\/\/lagranpantalla.glide.page\/dl\/17171d\/s\/87d12e\/r\/pCodSyj5SyeEcYM.CGKiIg&#8221; url_new_window=&#8221;on&#8221; button_text=&#8221;Reserva la teva entrada  &#8221; button_alignment=&#8221;left&#8221; _builder_version=&#8221;4.25.1&#8243; _module_preset=&#8221;_initial&#8221; custom_button=&#8221;on&#8221; button_text_size=&#8221;21px&#8221; button_text_color=&#8221;#000000&#8243; button_bg_color=&#8221;#FFFFFF&#8221; button_border_width=&#8221;0px&#8221; button_border_radius=&#8221;0px&#8221; button_font=&#8221;Montserrat|600|||||||&#8221; button_use_icon=&#8221;off&#8221; custom_margin=&#8221;20px||||false|false&#8221; custom_padding=&#8221;12px|24px|12px|24px|true|true&#8221; custom_padding_tablet=&#8221;12px|24px|12px|24px|true|true&#8221; custom_padding_phone=&#8221;12px|24px|12px|24px|true|true&#8221; custom_padding_last_edited=&#8221;on|phone&#8221; global_colors_info=&#8221;{}&#8221;][\/et_pb_button][\/et_pb_column][et_pb_column type=&#8221;2_5&#8243; _builder_version=&#8221;4.25.0&#8243; _module_preset=&#8221;default&#8221; global_colors_info=&#8221;{}&#8221;][et_pb_heading title=&#8221;Cinemes Verdi&#8221; disabled_on=&#8221;on|on|off&#8221; admin_label=&#8221;T\u00edtulo&#8221; _builder_version=&#8221;4.25.1&#8243; _module_preset=&#8221;_initial&#8221; title_level=&#8221;h6&#8243; title_font=&#8221;Montserrat|700|||||||&#8221; title_text_color=&#8221;#000000&#8243; title_font_size=&#8221;40px&#8221; title_letter_spacing=&#8221;-0.03em&#8221; custom_margin=&#8221;0px|0px|0px|0px|false|false&#8221; custom_margin_tablet=&#8221;||0px||false|false&#8221; custom_margin_phone=&#8221;||-28px||false|false&#8221; custom_margin_last_edited=&#8221;on|phone&#8221; custom_padding=&#8221;0px|0px|0px|0px|false|false&#8221; title_font_size_tablet=&#8221;32px&#8221; title_font_size_phone=&#8221;20px&#8221; title_font_size_last_edited=&#8221;on|phone&#8221; global_colors_info=&#8221;{}&#8221;][\/et_pb_heading][et_pb_heading title=&#8221;Passi especial &#8211; Preu redu\u00eft de 2.9\u20ac&#8221; disabled_on=&#8221;on|on|off&#8221; _builder_version=&#8221;4.25.2&#8243; _module_preset=&#8221;_initial&#8221; title_level=&#8221;h4&#8243; title_font=&#8221;Open Sans||||||||&#8221; title_text_align=&#8221;left&#8221; title_text_color=&#8221;#000000&#8243; title_font_size=&#8221;20px&#8221; title_line_height=&#8221;1.6em&#8221; custom_margin=&#8221;||10px||false|false&#8221; custom_margin_tablet=&#8221;0px|0px|0px|0px|false|false&#8221; custom_margin_phone=&#8221;0px|0px|0px|0px|false|false&#8221; custom_margin_last_edited=&#8221;on|tablet&#8221; custom_padding=&#8221;0px|0px||0px|false|false&#8221; global_colors_info=&#8221;{}&#8221;][\/et_pb_heading][\/et_pb_column][\/et_pb_row][et_pb_row column_structure=&#8221;1_3,2_3&#8243; _builder_version=&#8221;4.25.1&#8243; _module_preset=&#8221;default&#8221; max_width=&#8221;none&#8221; custom_margin=&#8221;30px||||false|false&#8221; border_width_top=&#8221;1px&#8221; border_color_top=&#8221;rgba(255,255,255,0.3)&#8221; global_colors_info=&#8221;{}&#8221;][et_pb_column type=&#8221;1_3&#8243; _builder_version=&#8221;4.25.0&#8243; _module_preset=&#8221;default&#8221; global_colors_info=&#8221;{}&#8221;][et_pb_heading title=&#8221;Sinopsi&#8221; _builder_version=&#8221;4.25.1&#8243; _module_preset=&#8221;_initial&#8221; title_level=&#8221;h2&#8243; title_font=&#8221;Montserrat|700|||||||&#8221; title_text_color=&#8221;#000000&#8243; title_font_size=&#8221;52px&#8221; title_letter_spacing=&#8221;-0.05em&#8221; title_line_height=&#8221;1.2em&#8221; custom_margin=&#8221;||10px||false|false&#8221; title_font_size_tablet=&#8221;50px&#8221; title_font_size_phone=&#8221;30px&#8221; title_font_size_last_edited=&#8221;on|desktop&#8221; global_colors_info=&#8221;{}&#8221;][\/et_pb_heading][\/et_pb_column][et_pb_column type=&#8221;2_3&#8243; _builder_version=&#8221;4.25.0&#8243; _module_preset=&#8221;default&#8221; global_colors_info=&#8221;{}&#8221;][et_pb_heading title=&#8221;Jaume Canivell \u00e9s un fabricant catal\u00e0 de porters autom\u00e0tics, que viatja en companyia per participar en una cacera mentre amaga la veritable intenci\u00f3: fer negocis i contactar amb un ministre franquista perqu\u00e8 l&apos;ajudi a introduir el nou aven\u00e7 tecnol\u00f2gic a les llars espanyoles.&#8221; _builder_version=&#8221;4.25.1&#8243; _module_preset=&#8221;_initial&#8221; title_level=&#8221;h4&#8243; title_font=&#8221;Open Sans||||||||&#8221; title_text_align=&#8221;justify&#8221; title_text_color=&#8221;#000000&#8243; title_font_size=&#8221;24px&#8221; title_letter_spacing=&#8221;-0.04em&#8221; title_line_height=&#8221;1.6em&#8221; title_font_size_tablet=&#8221;20px&#8221; title_font_size_phone=&#8221;20px&#8221; title_font_size_last_edited=&#8221;on|phone&#8221; global_colors_info=&#8221;{}&#8221;][\/et_pb_heading][\/et_pb_column][\/et_pb_row][\/et_pb_section][et_pb_section fb_built=&#8221;1&#8243; admin_label=&#8221;Ficha t\u00e9cnica&#8221; _builder_version=&#8221;4.25.1&#8243; _module_preset=&#8221;default&#8221; background_color=&#8221;#18150e&#8221; custom_margin=&#8221;-28px|||||&#8221; collapsed=&#8221;off&#8221; global_colors_info=&#8221;{}&#8221;][et_pb_row column_structure=&#8221;1_3,2_3&#8243; custom_padding_last_edited=&#8221;on|desktop&#8221; admin_label=&#8221;Fila de contingut 1&#8243; _builder_version=&#8221;4.25.1&#8243; _module_preset=&#8221;default&#8221; max_width=&#8221;1280px&#8221; custom_margin=&#8221;-8px|auto||auto|false|false&#8221; custom_margin_tablet=&#8221;0px|auto||auto|false|false&#8221; custom_margin_phone=&#8221;24px|auto||auto|false|false&#8221; custom_margin_last_edited=&#8221;on|desktop&#8221; custom_padding=&#8221;0px||0px||false|false&#8221; custom_padding_tablet=&#8221;||0px||false|false&#8221; custom_padding_phone=&#8221;||40px||false|false&#8221; global_colors_info=&#8221;{}&#8221;][et_pb_column type=&#8221;1_3&#8243; _builder_version=&#8221;4.25.1&#8243; _module_preset=&#8221;default&#8221; global_colors_info=&#8221;{}&#8221;][et_pb_heading title=&#8221;Presentaci\u00f3 i col\u00b7loqui&#8221; admin_label=&#8221;Direcci\u00f3n&#8221; _builder_version=&#8221;4.25.1&#8243; _module_preset=&#8221;_initial&#8221; title_level=&#8221;h5&#8243; title_font=&#8221;Montserrat|600|||||||&#8221; title_text_color=&#8221;#fefec7&#8243; title_font_size=&#8221;27px&#8221; title_letter_spacing=&#8221;-0.04em&#8221; title_line_height=&#8221;1.4em&#8221; custom_margin=&#8221;||10px||false|false&#8221; title_font_size_tablet=&#8221;24px&#8221; title_font_size_phone=&#8221;22px&#8221; title_font_size_last_edited=&#8221;on|desktop&#8221; global_colors_info=&#8221;{}&#8221;][\/et_pb_heading][et_pb_blurb use_icon=&#8221;on&#8221; font_icon=&#8221;&#xf007;||fa||400&#8243; icon_color=&#8221;#fefec7&#8243; icon_placement=&#8221;left&#8221; image_icon_width=&#8221;16px&#8221; content_max_width=&#8221;100%&#8221; _builder_version=&#8221;4.25.1&#8243; _module_preset=&#8221;_initial&#8221; header_font=&#8221;Open Sans||||||||&#8221; header_text_color=&#8221;#FFFFFF&#8221; header_font_size=&#8221;24px&#8221; header_letter_spacing=&#8221;-0.04em&#8221; header_line_height=&#8221;1.6em&#8221; body_font=&#8221;Open Sans||||||||&#8221; body_text_color=&#8221;#FFFFFF&#8221; body_font_size=&#8221;24px&#8221; image_icon_custom_margin=&#8221;5px||||false|false&#8221; custom_margin=&#8221;||10px||false|false&#8221; animation=&#8221;off&#8221; header_font_size_tablet=&#8221;20px&#8221; header_font_size_phone=&#8221;20px&#8221; header_font_size_last_edited=&#8221;on|desktop&#8221; body_font_size_tablet=&#8221;24px&#8221; body_font_size_phone=&#8221;24px&#8221; body_font_size_last_edited=&#8221;on|desktop&#8221; global_colors_info=&#8221;{}&#8221;]<\/p>\n<p>Eduard de Vicente<\/p>\n<p>[\/et_pb_blurb][\/et_pb_column][et_pb_column type=&#8221;2_3&#8243; _builder_version=&#8221;4.25.0&#8243; _module_preset=&#8221;default&#8221; global_colors_info=&#8221;{}&#8221;][et_pb_heading title=&#8221;Sesi\u00f3n presentada y coloquio posterior a cargo del periodista Eduardo de Vicente e invitamos a una copa de vino, cortes\u00eda DO Catalunya.&#8221; _builder_version=&#8221;4.25.1&#8243; _module_preset=&#8221;_initial&#8221; title_level=&#8221;h4&#8243; title_font=&#8221;Open Sans||||||||&#8221; title_text_align=&#8221;left&#8221; title_text_color=&#8221;#FFFFFF&#8221; title_font_size=&#8221;24px&#8221; title_letter_spacing=&#8221;-0.04em&#8221; title_line_height=&#8221;1.6em&#8221; min_height=&#8221;66.8px&#8221; custom_margin=&#8221;||2px|||&#8221; custom_padding=&#8221;4px|||||&#8221; title_font_size_tablet=&#8221;20px&#8221; title_font_size_phone=&#8221;20px&#8221; title_font_size_last_edited=&#8221;on|phone&#8221; global_colors_info=&#8221;{}&#8221;][\/et_pb_heading][\/et_pb_column][\/et_pb_row][\/et_pb_section][et_pb_section fb_built=&#8221;1&#8243; admin_label=&#8221;Ficha t\u00e9cnica&#8221; _builder_version=&#8221;4.25.1&#8243; _module_preset=&#8221;default&#8221; collapsed=&#8221;off&#8221; global_colors_info=&#8221;{}&#8221;][et_pb_row admin_label=&#8221;T\u00edtol de la secci\u00f3&#8221; _builder_version=&#8221;4.25.0&#8243; _module_preset=&#8221;default&#8221; max_width=&#8221;1280px&#8221; global_colors_info=&#8221;{}&#8221;][et_pb_column type=&#8221;4_4&#8243; _builder_version=&#8221;4.25.1&#8243; _module_preset=&#8221;default&#8221; global_colors_info=&#8221;{}&#8221;][et_pb_heading title=&#8221;Fitxa t\u00e8cnica&#8221; admin_label=&#8221;T\u00edtulo&#8221; _builder_version=&#8221;4.25.1&#8243; _module_preset=&#8221;_initial&#8221; title_level=&#8221;h2&#8243; title_font=&#8221;Montserrat|700|||||||&#8221; title_font_size=&#8221;52px&#8221; title_letter_spacing=&#8221;-0.05em&#8221; title_line_height=&#8221;1.2em&#8221; title_font_size_tablet=&#8221;50px&#8221; title_font_size_phone=&#8221;30px&#8221; title_font_size_last_edited=&#8221;on|desktop&#8221; global_colors_info=&#8221;{}&#8221;][\/et_pb_heading][\/et_pb_column][\/et_pb_row][et_pb_row column_structure=&#8221;1_3,1_3,1_3&#8243; custom_padding_last_edited=&#8221;on|desktop&#8221; admin_label=&#8221;Fila de contingut 1&#8243; _builder_version=&#8221;4.25.1&#8243; _module_preset=&#8221;default&#8221; max_width=&#8221;1280px&#8221; custom_padding_tablet=&#8221;||0px||false|false&#8221; custom_padding_phone=&#8221;||40px||false|false&#8221; global_colors_info=&#8221;{}&#8221;][et_pb_column type=&#8221;1_3&#8243; _builder_version=&#8221;4.25.1&#8243; _module_preset=&#8221;default&#8221; global_colors_info=&#8221;{}&#8221;][et_pb_heading title=&#8221;Direcci\u00f3&#8221; admin_label=&#8221;Direcci\u00f3n&#8221; _builder_version=&#8221;4.25.1&#8243; _module_preset=&#8221;_initial&#8221; title_level=&#8221;h5&#8243; title_font=&#8221;Montserrat|600|||||||&#8221; title_font_size=&#8221;27px&#8221; title_letter_spacing=&#8221;-0.04em&#8221; title_line_height=&#8221;1.4em&#8221; custom_margin=&#8221;||10px||false|false&#8221; title_font_size_tablet=&#8221;24px&#8221; title_font_size_phone=&#8221;22px&#8221; title_font_size_last_edited=&#8221;on|desktop&#8221; global_colors_info=&#8221;{}&#8221;][\/et_pb_heading][et_pb_blurb use_icon=&#8221;on&#8221; font_icon=&#8221;&#xf007;||fa||400&#8243; icon_color=&#8221;#a99883&#8243; icon_placement=&#8221;left&#8221; image_icon_width=&#8221;16px&#8221; content_max_width=&#8221;100%&#8221; _builder_version=&#8221;4.25.1&#8243; _module_preset=&#8221;_initial&#8221; header_font=&#8221;Open Sans||||||||&#8221; header_font_size=&#8221;24px&#8221; header_letter_spacing=&#8221;-0.04em&#8221; header_line_height=&#8221;1.6em&#8221; body_font=&#8221;Open Sans||||||||&#8221; body_font_size=&#8221;24px&#8221; image_icon_custom_margin=&#8221;5px||||false|false&#8221; custom_margin=&#8221;||10px||false|false&#8221; animation=&#8221;off&#8221; header_font_size_tablet=&#8221;20px&#8221; header_font_size_phone=&#8221;20px&#8221; header_font_size_last_edited=&#8221;on|desktop&#8221; body_font_size_tablet=&#8221;24px&#8221; body_font_size_phone=&#8221;20px&#8221; body_font_size_last_edited=&#8221;on|desktop&#8221; global_colors_info=&#8221;{}&#8221;]<\/p>\n<p>Luis Garc\u00eda Berlanga<\/p>\n<p>[\/et_pb_blurb][\/et_pb_column][et_pb_column type=&#8221;1_3&#8243; _builder_version=&#8221;4.25.0&#8243; _module_preset=&#8221;default&#8221; global_colors_info=&#8221;{}&#8221;][et_pb_heading title=&#8221;G\u00e8nere&#8221; admin_label=&#8221;G\u00e9nero&#8221; _builder_version=&#8221;4.25.1&#8243; _module_preset=&#8221;_initial&#8221; title_level=&#8221;h5&#8243; title_font=&#8221;Montserrat|600|||||||&#8221; title_font_size=&#8221;27px&#8221; title_letter_spacing=&#8221;-0.04em&#8221; title_line_height=&#8221;1.4em&#8221; custom_margin=&#8221;||10px||false|false&#8221; title_font_size_tablet=&#8221;24px&#8221; title_font_size_phone=&#8221;22px&#8221; title_font_size_last_edited=&#8221;on|desktop&#8221; global_colors_info=&#8221;{}&#8221;][\/et_pb_heading][et_pb_blurb use_icon=&#8221;on&#8221; font_icon=&#8221;&#xe017;||divi||400&#8243; icon_color=&#8221;#a99883&#8243; icon_placement=&#8221;left&#8221; image_icon_width=&#8221;16px&#8221; content_max_width=&#8221;100%&#8221; _builder_version=&#8221;4.25.1&#8243; _module_preset=&#8221;_initial&#8221; header_font=&#8221;Poppins|600|||||||&#8221; header_font_size=&#8221;24px&#8221; header_letter_spacing=&#8221;-0.04em&#8221; header_line_height=&#8221;1.6em&#8221; body_font=&#8221;Open Sans||||||||&#8221; body_font_size=&#8221;24px&#8221; image_icon_custom_margin=&#8221;5px||||false|false&#8221; custom_margin=&#8221;||10px||false|false&#8221; custom_padding=&#8221;|||2px||&#8221; animation=&#8221;off&#8221; header_font_size_tablet=&#8221;20px&#8221; header_font_size_phone=&#8221;20px&#8221; header_font_size_last_edited=&#8221;on|desktop&#8221; body_font_size_tablet=&#8221;24px&#8221; body_font_size_phone=&#8221;20px&#8221; body_font_size_last_edited=&#8221;on|desktop&#8221; global_colors_info=&#8221;{}&#8221;]<\/p>\n<p>Com\u00e8dia<\/p>\n<p>[\/et_pb_blurb][\/et_pb_column][et_pb_column type=&#8221;1_3&#8243; _builder_version=&#8221;4.25.0&#8243; _module_preset=&#8221;default&#8221; global_colors_info=&#8221;{}&#8221;][et_pb_heading title=&#8221;Any&#8221; admin_label=&#8221;A\u00f1o&#8221; _builder_version=&#8221;4.25.1&#8243; _module_preset=&#8221;_initial&#8221; title_level=&#8221;h5&#8243; title_font=&#8221;Montserrat|600|||||||&#8221; title_font_size=&#8221;27px&#8221; title_letter_spacing=&#8221;-0.04em&#8221; title_line_height=&#8221;1.4em&#8221; custom_margin=&#8221;||10px||false|false&#8221; title_font_size_tablet=&#8221;24px&#8221; title_font_size_phone=&#8221;22px&#8221; title_font_size_last_edited=&#8221;on|desktop&#8221; global_colors_info=&#8221;{}&#8221;][\/et_pb_heading][et_pb_blurb use_icon=&#8221;on&#8221; font_icon=&#8221;&#xe023;||divi||400&#8243; icon_color=&#8221;#a99883&#8243; icon_placement=&#8221;left&#8221; image_icon_width=&#8221;16px&#8221; content_max_width=&#8221;100%&#8221; _builder_version=&#8221;4.25.2&#8243; _module_preset=&#8221;_initial&#8221; header_font=&#8221;Open Sans||||||||&#8221; header_font_size=&#8221;24px&#8221; header_letter_spacing=&#8221;-0.04em&#8221; header_line_height=&#8221;1.6em&#8221; body_font=&#8221;Open Sans||||||||&#8221; body_font_size=&#8221;24px&#8221; image_icon_custom_margin=&#8221;5px||||false|false&#8221; custom_margin=&#8221;||10px||false|false&#8221; animation=&#8221;off&#8221; header_font_size_tablet=&#8221;16px&#8221; header_font_size_phone=&#8221;20px&#8221; header_font_size_last_edited=&#8221;on|desktop&#8221; body_font_size_tablet=&#8221;24px&#8221; body_font_size_phone=&#8221;20px&#8221; body_font_size_last_edited=&#8221;on|desktop&#8221; global_colors_info=&#8221;{}&#8221;]<\/p>\n<p>1973<\/p>\n<p>[\/et_pb_blurb][\/et_pb_column][\/et_pb_row][et_pb_row column_structure=&#8221;1_3,1_3,1_3&#8243; custom_padding_last_edited=&#8221;on|desktop&#8221; admin_label=&#8221;Fila de contingut 2&#8243; _builder_version=&#8221;4.25.1&#8243; _module_preset=&#8221;default&#8221; max_width=&#8221;1280px&#8221; custom_margin=&#8221;15px||||false|false&#8221; custom_margin_tablet=&#8221;0px||||false|false&#8221; custom_margin_phone=&#8221;0px||0px||false|false&#8221; custom_margin_last_edited=&#8221;on|phone&#8221; custom_padding=&#8221;0px||0px||false|false&#8221; custom_padding_tablet=&#8221;35px||||false|false&#8221; custom_padding_phone=&#8221;0px||0px||false|false&#8221; global_colors_info=&#8221;{}&#8221;][et_pb_column type=&#8221;1_3&#8243; _builder_version=&#8221;4.25.0&#8243; _module_preset=&#8221;default&#8221; global_colors_info=&#8221;{}&#8221;][et_pb_heading title=&#8221;Idioma de la versi\u00f3&#8221; admin_label=&#8221;Idioma de la versi\u00f3n&#8221; _builder_version=&#8221;4.25.1&#8243; _module_preset=&#8221;_initial&#8221; title_level=&#8221;h5&#8243; title_font=&#8221;Montserrat|600|||||||&#8221; title_font_size=&#8221;27px&#8221; title_letter_spacing=&#8221;-0.04em&#8221; title_line_height=&#8221;1.4em&#8221; custom_margin=&#8221;||10px||false|false&#8221; custom_margin_tablet=&#8221;||||false|false&#8221; custom_margin_phone=&#8221;0px||||false|false&#8221; custom_margin_last_edited=&#8221;on|tablet&#8221; title_font_size_tablet=&#8221;24px&#8221; title_font_size_phone=&#8221;22px&#8221; title_font_size_last_edited=&#8221;on|desktop&#8221; global_colors_info=&#8221;{}&#8221;][\/et_pb_heading][et_pb_blurb use_icon=&#8221;on&#8221; font_icon=&#8221;&#xf028;||fa||900&#8243; icon_color=&#8221;#a99883&#8243; icon_placement=&#8221;left&#8221; image_icon_width=&#8221;16px&#8221; content_max_width=&#8221;100%&#8221; _builder_version=&#8221;4.25.1&#8243; _module_preset=&#8221;_initial&#8221; header_font=&#8221;Poppins|600|||||||&#8221; header_font_size=&#8221;24px&#8221; header_letter_spacing=&#8221;-0.04em&#8221; header_line_height=&#8221;1.6em&#8221; body_font=&#8221;Open Sans||||||||&#8221; body_font_size=&#8221;24px&#8221; image_icon_custom_margin=&#8221;5px||||false|false&#8221; custom_margin=&#8221;||10px||false|false&#8221; animation=&#8221;off&#8221; header_font_size_tablet=&#8221;16px&#8221; header_font_size_phone=&#8221;20px&#8221; header_font_size_last_edited=&#8221;on|desktop&#8221; body_font_size_tablet=&#8221;24px&#8221; body_font_size_phone=&#8221;20px&#8221; body_font_size_last_edited=&#8221;on|desktop&#8221; global_colors_info=&#8221;{}&#8221; body_font_size__hover_enabled=&#8221;off|desktop&#8221;]<\/p>\n<p>Castell\u00e0<\/p>\n<p>[\/et_pb_blurb][\/et_pb_column][et_pb_column type=&#8221;1_3&#8243; _builder_version=&#8221;4.25.0&#8243; _module_preset=&#8221;default&#8221; global_colors_info=&#8221;{}&#8221;][et_pb_heading title=&#8221;Pa\u00eds&#8221; admin_label=&#8221;Pa\u00eds&#8221; _builder_version=&#8221;4.25.1&#8243; _module_preset=&#8221;_initial&#8221; title_level=&#8221;h5&#8243; title_font=&#8221;Montserrat|600|||||||&#8221; title_font_size=&#8221;27px&#8221; title_letter_spacing=&#8221;-0.04em&#8221; title_line_height=&#8221;1.4em&#8221; custom_margin=&#8221;||10px||false|false&#8221; title_font_size_tablet=&#8221;24px&#8221; title_font_size_phone=&#8221;22px&#8221; title_font_size_last_edited=&#8221;on|desktop&#8221; global_colors_info=&#8221;{}&#8221;][\/et_pb_heading][et_pb_blurb use_icon=&#8221;on&#8221; font_icon=&#8221;&#xe01e;||divi||400&#8243; icon_color=&#8221;#a99883&#8243; icon_placement=&#8221;left&#8221; image_icon_width=&#8221;16px&#8221; content_max_width=&#8221;100%&#8221; _builder_version=&#8221;4.25.1&#8243; _module_preset=&#8221;_initial&#8221; header_font=&#8221;Poppins|600|||||||&#8221; header_font_size=&#8221;24px&#8221; header_letter_spacing=&#8221;-0.04em&#8221; header_line_height=&#8221;1.6em&#8221; body_font=&#8221;Open Sans||||||||&#8221; body_font_size=&#8221;24px&#8221; image_icon_custom_margin=&#8221;5px||||false|false&#8221; custom_margin=&#8221;||10px||false|false&#8221; animation=&#8221;off&#8221; header_font_size_tablet=&#8221;16px&#8221; header_font_size_phone=&#8221;20px&#8221; header_font_size_last_edited=&#8221;on|desktop&#8221; body_font_size_tablet=&#8221;24px&#8221; body_font_size_phone=&#8221;20px&#8221; body_font_size_last_edited=&#8221;on|desktop&#8221; global_colors_info=&#8221;{}&#8221;]<\/p>\n<p>Espanya<\/p>\n<p>[\/et_pb_blurb][\/et_pb_column][et_pb_column type=&#8221;1_3&#8243; _builder_version=&#8221;4.25.0&#8243; _module_preset=&#8221;default&#8221; global_colors_info=&#8221;{}&#8221;][et_pb_heading title=&#8221;Durada&#8221; admin_label=&#8221;Duraci\u00f3n&#8221; _builder_version=&#8221;4.25.1&#8243; _module_preset=&#8221;_initial&#8221; title_level=&#8221;h5&#8243; title_font=&#8221;Montserrat|600|||||||&#8221; title_font_size=&#8221;27px&#8221; title_letter_spacing=&#8221;-0.04em&#8221; title_line_height=&#8221;1.4em&#8221; custom_margin=&#8221;||10px||false|false&#8221; title_font_size_tablet=&#8221;24px&#8221; title_font_size_phone=&#8221;22px&#8221; title_font_size_last_edited=&#8221;on|desktop&#8221; global_colors_info=&#8221;{}&#8221;][\/et_pb_heading][et_pb_blurb use_icon=&#8221;on&#8221; font_icon=&#8221;&#x7d;||divi||400&#8243; icon_color=&#8221;#a99883&#8243; icon_placement=&#8221;left&#8221; image_icon_width=&#8221;16px&#8221; content_max_width=&#8221;100%&#8221; _builder_version=&#8221;4.25.1&#8243; _module_preset=&#8221;_initial&#8221; header_font=&#8221;Open Sans||||||||&#8221; header_font_size=&#8221;24px&#8221; header_letter_spacing=&#8221;-0.04em&#8221; header_line_height=&#8221;1.6em&#8221; body_font=&#8221;Open Sans||||||||&#8221; body_font_size=&#8221;24px&#8221; image_icon_custom_margin=&#8221;5px||||false|false&#8221; custom_margin=&#8221;||10px||false|false&#8221; animation=&#8221;off&#8221; header_font_size_tablet=&#8221;16px&#8221; header_font_size_phone=&#8221;15px&#8221; header_font_size_last_edited=&#8221;on|desktop&#8221; body_font_size_tablet=&#8221;24px&#8221; body_font_size_phone=&#8221;20px&#8221; body_font_size_last_edited=&#8221;on|desktop&#8221; global_colors_info=&#8221;{}&#8221;]<\/p>\n<p>95 min<\/p>\n<p>[\/et_pb_blurb][\/et_pb_column][\/et_pb_row][\/et_pb_section][et_pb_section fb_built=&#8221;1&#8243; admin_label=&#8221;Galer\u00eda&#8221; _builder_version=&#8221;4.25.1&#8243; _module_preset=&#8221;default&#8221; custom_margin_tablet=&#8221;&#8221; custom_margin_phone=&#8221;-39px||||false|false&#8221; custom_margin_last_edited=&#8221;on|phone&#8221; saved_tabs=&#8221;all&#8221; collapsed=&#8221;off&#8221; global_colors_info=&#8221;{}&#8221;][et_pb_row custom_padding_last_edited=&#8221;on|desktop&#8221; _builder_version=&#8221;4.25.1&#8243; _module_preset=&#8221;default&#8221; max_width=&#8221;1280px&#8221; custom_padding=&#8221;0px||0px||false|false&#8221; custom_padding_tablet=&#8221;0px||0px||false|false&#8221; custom_padding_phone=&#8221;0px||0px||false|false&#8221; locked=&#8221;off&#8221; global_colors_info=&#8221;{}&#8221;][et_pb_column type=&#8221;4_4&#8243; _builder_version=&#8221;4.25.0&#8243; _module_preset=&#8221;default&#8221; global_colors_info=&#8221;{}&#8221;][et_pb_heading title=&#8221;Tr\u00e0iler&#8221; _builder_version=&#8221;4.25.1&#8243; _module_preset=&#8221;_initial&#8221; title_level=&#8221;h2&#8243; title_font=&#8221;Montserrat|700|||||||&#8221; title_font_size=&#8221;52px&#8221; title_letter_spacing=&#8221;-0.05em&#8221; title_line_height=&#8221;1.2em&#8221; custom_margin=&#8221;||40px|||&#8221; title_font_size_tablet=&#8221;50px&#8221; title_font_size_phone=&#8221;30px&#8221; title_font_size_last_edited=&#8221;on|desktop&#8221; global_colors_info=&#8221;{}&#8221;][\/et_pb_heading][et_pb_video src=&#8221;https:\/\/www.youtube.com\/watch?v=uh-Q4XP8WWc&#8221; _builder_version=&#8221;4.25.1&#8243; _module_preset=&#8221;default&#8221; width=&#8221;84.4%&#8221; custom_margin=&#8221;3px||6px|||&#8221; global_colors_info=&#8221;{}&#8221;][\/et_pb_video][\/et_pb_column][\/et_pb_row][\/et_pb_section][et_pb_section fb_built=&#8221;1&#8243; fullwidth=&#8221;on&#8221; _builder_version=&#8221;4.25.1&#8243; _module_preset=&#8221;default&#8221; global_colors_info=&#8221;{}&#8221;][\/et_pb_section]<\/p>\n","protected":false},"excerpt":{"rendered":"<p>Eduard de VicenteLuis Garc\u00eda BerlangaCom\u00e8dia1973Castell\u00e0Espanya95 min<\/p>\n","protected":false},"author":5,"featured_media":243122,"comment_status":"closed","ping_status":"closed","template":"","meta":{"_et_pb_use_builder":"on","_et_pb_old_content":"","_et_gb_content_width":"","cybocfi_hide_featured_image":"","footnotes":""},"project_category":[1005],"project_tag":[],"class_list":["post-243793","project","type-project","status-publish","has-post-thumbnail","hentry","project_category-dijous-27-de-juny"],"yoast_head":"<!-- This site is optimized with the Yoast SEO plugin v26.7 - https:\/\/yoast.com\/wordpress\/plugins\/seo\/ -->\n<title>La escopeta nacional &#183; Festival Internacional de Cinema de les Persones Grans de Barcelona: La Gran Pantalla<\/title>\n<meta name=\"robots\" content=\"index, follow, max-snippet:-1, max-image-preview:large, max-video-preview:-1\" \/>\n<link rel=\"canonical\" href=\"https:\/\/lagranpantallafestival.com\/ca\/film\/lescopeta-nacional\/\" \/>\n<meta property=\"og:locale\" content=\"ca_ES\" \/>\n<meta property=\"og:type\" content=\"article\" \/>\n<meta property=\"og:title\" content=\"La escopeta nacional &#183; Festival Internacional de Cinema de les Persones Grans de Barcelona: La Gran Pantalla\" \/>\n<meta property=\"og:description\" content=\"Eduard de VicenteLuis Garc\u00eda BerlangaCom\u00e8dia1973Castell\u00e0Espanya95 min\" \/>\n<meta property=\"og:url\" content=\"https:\/\/lagranpantallafestival.com\/ca\/film\/lescopeta-nacional\/\" \/>\n<meta property=\"og:site_name\" content=\"Festival Internacional de Cinema de les Persones Grans de Barcelona: La Gran Pantalla\" \/>\n<meta property=\"article:publisher\" content=\"https:\/\/www.facebook.com\/lagranpantallabcn\/\" \/>\n<meta property=\"article:modified_time\" content=\"2024-12-20T11:34:50+00:00\" \/>\n<meta property=\"og:image\" content=\"https:\/\/lagranpantallafestival.com\/wp-content\/uploads\/2024\/05\/MiConv.com__la-escopeta-nacional.webp\" \/>\n\t<meta property=\"og:image:width\" content=\"640\" \/>\n\t<meta property=\"og:image:height\" content=\"427\" \/>\n\t<meta property=\"og:image:type\" content=\"image\/webp\" \/>\n<meta name=\"twitter:card\" content=\"summary_large_image\" \/>\n<meta name=\"twitter:site\" content=\"@granpantallabcn\" \/>\n<meta name=\"twitter:label1\" content=\"Temps estimat de lectura\" \/>\n\t<meta name=\"twitter:data1\" content=\"1 minut\" \/>\n<script type=\"application\/ld+json\" class=\"yoast-schema-graph\">{\"@context\":\"https:\/\/schema.org\",\"@graph\":[{\"@type\":\"WebPage\",\"@id\":\"https:\/\/lagranpantallafestival.com\/ca\/film\/lescopeta-nacional\/\",\"url\":\"https:\/\/lagranpantallafestival.com\/ca\/film\/lescopeta-nacional\/\",\"name\":\"La escopeta nacional &#183; Festival Internacional de Cinema de les Persones Grans de Barcelona: La Gran Pantalla\",\"isPartOf\":{\"@id\":\"https:\/\/lagranpantallafestival.com\/ca\/#website\"},\"primaryImageOfPage\":{\"@id\":\"https:\/\/lagranpantallafestival.com\/ca\/film\/lescopeta-nacional\/#primaryimage\"},\"image\":{\"@id\":\"https:\/\/lagranpantallafestival.com\/ca\/film\/lescopeta-nacional\/#primaryimage\"},\"thumbnailUrl\":\"https:\/\/lagranpantallafestival.com\/wp-content\/uploads\/2024\/05\/MiConv.com__la-escopeta-nacional.webp\",\"datePublished\":\"2024-05-30T16:00:28+00:00\",\"dateModified\":\"2024-12-20T11:34:50+00:00\",\"breadcrumb\":{\"@id\":\"https:\/\/lagranpantallafestival.com\/ca\/film\/lescopeta-nacional\/#breadcrumb\"},\"inLanguage\":\"ca\",\"potentialAction\":[{\"@type\":\"ReadAction\",\"target\":[\"https:\/\/lagranpantallafestival.com\/ca\/film\/lescopeta-nacional\/\"]}]},{\"@type\":\"ImageObject\",\"inLanguage\":\"ca\",\"@id\":\"https:\/\/lagranpantallafestival.com\/ca\/film\/lescopeta-nacional\/#primaryimage\",\"url\":\"https:\/\/lagranpantallafestival.com\/wp-content\/uploads\/2024\/05\/MiConv.com__la-escopeta-nacional.webp\",\"contentUrl\":\"https:\/\/lagranpantallafestival.com\/wp-content\/uploads\/2024\/05\/MiConv.com__la-escopeta-nacional.webp\",\"width\":640,\"height\":427},{\"@type\":\"BreadcrumbList\",\"@id\":\"https:\/\/lagranpantallafestival.com\/ca\/film\/lescopeta-nacional\/#breadcrumb\",\"itemListElement\":[{\"@type\":\"ListItem\",\"position\":1,\"name\":\"Portada\",\"item\":\"https:\/\/lagranpantallafestival.com\/ca\/\"},{\"@type\":\"ListItem\",\"position\":2,\"name\":\"Projects\",\"item\":\"https:\/\/lagranpantallafestival.com\/ca\/film\/\"},{\"@type\":\"ListItem\",\"position\":3,\"name\":\"La escopeta nacional\"}]},{\"@type\":\"WebSite\",\"@id\":\"https:\/\/lagranpantallafestival.com\/ca\/#website\",\"url\":\"https:\/\/lagranpantallafestival.com\/ca\/\",\"name\":\"Festival Internacional de Cinema de les Persones Grans de Barcelona: La Gran Pantalla\",\"description\":\"El Festival Internacional de Cine de las personas mayores La gran pantalla! es el primer espacio en Barcelona dedicado al encuentro cinematogr\u00e1fico intergeneracional. Proyectamos pel\u00edculas y cortometrajes que aborden nuevas miradas sobre el hecho de ser mayor. Nuestro objetivo es desmontar los estereotipos que existen en la sociedad y promover el envejecimiento activo, a trav\u00e9s de la reflexi\u00f3n y el debate que inspira el s\u00e9ptimo arte.\",\"publisher\":{\"@id\":\"https:\/\/lagranpantallafestival.com\/ca\/#organization\"},\"potentialAction\":[{\"@type\":\"SearchAction\",\"target\":{\"@type\":\"EntryPoint\",\"urlTemplate\":\"https:\/\/lagranpantallafestival.com\/ca\/?s={search_term_string}\"},\"query-input\":{\"@type\":\"PropertyValueSpecification\",\"valueRequired\":true,\"valueName\":\"search_term_string\"}}],\"inLanguage\":\"ca\"},{\"@type\":\"Organization\",\"@id\":\"https:\/\/lagranpantallafestival.com\/ca\/#organization\",\"name\":\"[wpseo_titles]company_nombre\",\"url\":\"https:\/\/lagranpantallafestival.com\/ca\/\",\"logo\":{\"@type\":\"ImageObject\",\"inLanguage\":\"ca\",\"@id\":\"https:\/\/lagranpantallafestival.com\/ca\/#\/schema\/logo\/image\/\",\"url\":\"https:\/\/i0.wp.com\/lagranpantallafestival.com\/wp-content\/uploads\/2020\/05\/Logo_web_LaGranPantalla.png?fit=901%2C301&ssl=1\",\"contentUrl\":\"https:\/\/i0.wp.com\/lagranpantallafestival.com\/wp-content\/uploads\/2020\/05\/Logo_web_LaGranPantalla.png?fit=901%2C301&ssl=1\",\"width\":901,\"height\":301,\"caption\":\"[wpseo_titles]company_nombre\"},\"image\":{\"@id\":\"https:\/\/lagranpantallafestival.com\/ca\/#\/schema\/logo\/image\/\"},\"sameAs\":[\"https:\/\/www.facebook.com\/lagranpantallabcn\/\",\"https:\/\/x.com\/granpantallabcn\",\"https:\/\/www.instagram.com\/lagranpantallabcn\/\",\"https:\/\/www.youtube.com\/user\/colectivoelparlante\"]}]}<\/script>\n<!-- \/ Yoast SEO plugin. -->","yoast_head_json":{"title":"La escopeta nacional &#183; Festival Internacional de Cinema de les Persones Grans de Barcelona: La Gran Pantalla","robots":{"index":"index","follow":"follow","max-snippet":"max-snippet:-1","max-image-preview":"max-image-preview:large","max-video-preview":"max-video-preview:-1"},"canonical":"https:\/\/lagranpantallafestival.com\/ca\/film\/lescopeta-nacional\/","og_locale":"ca_ES","og_type":"article","og_title":"La escopeta nacional &#183; Festival Internacional de Cinema de les Persones Grans de Barcelona: La Gran Pantalla","og_description":"Eduard de VicenteLuis Garc\u00eda BerlangaCom\u00e8dia1973Castell\u00e0Espanya95 min","og_url":"https:\/\/lagranpantallafestival.com\/ca\/film\/lescopeta-nacional\/","og_site_name":"Festival Internacional de Cinema de les Persones Grans de Barcelona: La Gran Pantalla","article_publisher":"https:\/\/www.facebook.com\/lagranpantallabcn\/","article_modified_time":"2024-12-20T11:34:50+00:00","og_image":[{"width":640,"height":427,"url":"https:\/\/lagranpantallafestival.com\/wp-content\/uploads\/2024\/05\/MiConv.com__la-escopeta-nacional.webp","type":"image\/webp"}],"twitter_card":"summary_large_image","twitter_site":"@granpantallabcn","twitter_misc":{"Temps estimat de lectura":"1 minut"},"schema":{"@context":"https:\/\/schema.org","@graph":[{"@type":"WebPage","@id":"https:\/\/lagranpantallafestival.com\/ca\/film\/lescopeta-nacional\/","url":"https:\/\/lagranpantallafestival.com\/ca\/film\/lescopeta-nacional\/","name":"La escopeta nacional &#183; Festival Internacional de Cinema de les Persones Grans de Barcelona: La Gran Pantalla","isPartOf":{"@id":"https:\/\/lagranpantallafestival.com\/ca\/#website"},"primaryImageOfPage":{"@id":"https:\/\/lagranpantallafestival.com\/ca\/film\/lescopeta-nacional\/#primaryimage"},"image":{"@id":"https:\/\/lagranpantallafestival.com\/ca\/film\/lescopeta-nacional\/#primaryimage"},"thumbnailUrl":"https:\/\/lagranpantallafestival.com\/wp-content\/uploads\/2024\/05\/MiConv.com__la-escopeta-nacional.webp","datePublished":"2024-05-30T16:00:28+00:00","dateModified":"2024-12-20T11:34:50+00:00","breadcrumb":{"@id":"https:\/\/lagranpantallafestival.com\/ca\/film\/lescopeta-nacional\/#breadcrumb"},"inLanguage":"ca","potentialAction":[{"@type":"ReadAction","target":["https:\/\/lagranpantallafestival.com\/ca\/film\/lescopeta-nacional\/"]}]},{"@type":"ImageObject","inLanguage":"ca","@id":"https:\/\/lagranpantallafestival.com\/ca\/film\/lescopeta-nacional\/#primaryimage","url":"https:\/\/lagranpantallafestival.com\/wp-content\/uploads\/2024\/05\/MiConv.com__la-escopeta-nacional.webp","contentUrl":"https:\/\/lagranpantallafestival.com\/wp-content\/uploads\/2024\/05\/MiConv.com__la-escopeta-nacional.webp","width":640,"height":427},{"@type":"BreadcrumbList","@id":"https:\/\/lagranpantallafestival.com\/ca\/film\/lescopeta-nacional\/#breadcrumb","itemListElement":[{"@type":"ListItem","position":1,"name":"Portada","item":"https:\/\/lagranpantallafestival.com\/ca\/"},{"@type":"ListItem","position":2,"name":"Projects","item":"https:\/\/lagranpantallafestival.com\/ca\/film\/"},{"@type":"ListItem","position":3,"name":"La escopeta nacional"}]},{"@type":"WebSite","@id":"https:\/\/lagranpantallafestival.com\/ca\/#website","url":"https:\/\/lagranpantallafestival.com\/ca\/","name":"Festival Internacional de Cinema de les Persones Grans de Barcelona: La Gran Pantalla","description":"El Festival Internacional de Cine de las personas mayores La gran pantalla! es el primer espacio en Barcelona dedicado al encuentro cinematogr\u00e1fico intergeneracional. Proyectamos pel\u00edculas y cortometrajes que aborden nuevas miradas sobre el hecho de ser mayor. Nuestro objetivo es desmontar los estereotipos que existen en la sociedad y promover el envejecimiento activo, a trav\u00e9s de la reflexi\u00f3n y el debate que inspira el s\u00e9ptimo arte.","publisher":{"@id":"https:\/\/lagranpantallafestival.com\/ca\/#organization"},"potentialAction":[{"@type":"SearchAction","target":{"@type":"EntryPoint","urlTemplate":"https:\/\/lagranpantallafestival.com\/ca\/?s={search_term_string}"},"query-input":{"@type":"PropertyValueSpecification","valueRequired":true,"valueName":"search_term_string"}}],"inLanguage":"ca"},{"@type":"Organization","@id":"https:\/\/lagranpantallafestival.com\/ca\/#organization","name":"[wpseo_titles]company_nombre","url":"https:\/\/lagranpantallafestival.com\/ca\/","logo":{"@type":"ImageObject","inLanguage":"ca","@id":"https:\/\/lagranpantallafestival.com\/ca\/#\/schema\/logo\/image\/","url":"https:\/\/i0.wp.com\/lagranpantallafestival.com\/wp-content\/uploads\/2020\/05\/Logo_web_LaGranPantalla.png?fit=901%2C301&ssl=1","contentUrl":"https:\/\/i0.wp.com\/lagranpantallafestival.com\/wp-content\/uploads\/2020\/05\/Logo_web_LaGranPantalla.png?fit=901%2C301&ssl=1","width":901,"height":301,"caption":"[wpseo_titles]company_nombre"},"image":{"@id":"https:\/\/lagranpantallafestival.com\/ca\/#\/schema\/logo\/image\/"},"sameAs":["https:\/\/www.facebook.com\/lagranpantallabcn\/","https:\/\/x.com\/granpantallabcn","https:\/\/www.instagram.com\/lagranpantallabcn\/","https:\/\/www.youtube.com\/user\/colectivoelparlante"]}]}},"_links":{"self":[{"href":"https:\/\/lagranpantallafestival.com\/ca\/wp-json\/wp\/v2\/project\/243793","targetHints":{"allow":["GET"]}}],"collection":[{"href":"https:\/\/lagranpantallafestival.com\/ca\/wp-json\/wp\/v2\/project"}],"about":[{"href":"https:\/\/lagranpantallafestival.com\/ca\/wp-json\/wp\/v2\/types\/project"}],"author":[{"embeddable":true,"href":"https:\/\/lagranpantallafestival.com\/ca\/wp-json\/wp\/v2\/users\/5"}],"replies":[{"embeddable":true,"href":"https:\/\/lagranpantallafestival.com\/ca\/wp-json\/wp\/v2\/comments?post=243793"}],"version-history":[{"count":14,"href":"https:\/\/lagranpantallafestival.com\/ca\/wp-json\/wp\/v2\/project\/243793\/revisions"}],"predecessor-version":[{"id":245727,"href":"https:\/\/lagranpantallafestival.com\/ca\/wp-json\/wp\/v2\/project\/243793\/revisions\/245727"}],"wp:featuredmedia":[{"embeddable":true,"href":"https:\/\/lagranpantallafestival.com\/ca\/wp-json\/wp\/v2\/media\/243122"}],"wp:attachment":[{"href":"https:\/\/lagranpantallafestival.com\/ca\/wp-json\/wp\/v2\/media?parent=243793"}],"wp:term":[{"taxonomy":"project_category","embeddable":true,"href":"https:\/\/lagranpantallafestival.com\/ca\/wp-json\/wp\/v2\/project_category?post=243793"},{"taxonomy":"project_tag","embeddable":true,"href":"https:\/\/lagranpantallafestival.com\/ca\/wp-json\/wp\/v2\/project_tag?post=243793"}],"curies":[{"name":"wp","href":"https:\/\/api.w.org\/{rel}","templated":true}]}}