{"id":240950,"date":"2023-05-17T17:03:55","date_gmt":"2023-05-17T17:03:55","guid":{"rendered":"https:\/\/lagranpantallafestival.com\/?post_type=project&#038;p=240950"},"modified":"2024-12-20T11:32:55","modified_gmt":"2024-12-20T11:32:55","slug":"masterclass-estibaliz-urresola-2","status":"publish","type":"project","link":"https:\/\/lagranpantallafestival.com\/ca\/film\/masterclass-estibaliz-urresola-2\/","title":{"rendered":"MASTERCLASS &#8211; Estibaliz Urresola"},"content":{"rendered":"<p>[et_pb_section fb_built=&#8221;1&#8243; admin_label=&#8221;background-attachment: fixed;&#8221; _builder_version=&#8221;4.4.2&#8243; use_background_color_gradient=&#8221;on&#8221; background_color_gradient_start=&#8221;rgba(10,0,0,0.46)&#8221; background_color_gradient_end=&#8221;#111111&#8243; background_color_gradient_start_position=&#8221;16%&#8221; background_color_gradient_end_position=&#8221;52%&#8221; background_color_gradient_overlays_image=&#8221;on&#8221; background_enable_image=&#8221;off&#8221; background_size=&#8221;initial&#8221; background_position=&#8221;top_left&#8221; custom_padding=&#8221;||50px|||&#8221; locked=&#8221;off&#8221;][et_pb_row _builder_version=&#8221;4.4.2&#8243;][et_pb_column type=&#8221;4_4&#8243; _builder_version=&#8221;4.4.2&#8243;][et_pb_text _builder_version=&#8221;4.4.2&#8243; header_font=&#8221;|800|||||||&#8221; header_text_color=&#8221;#ffffff&#8221; header_font_size=&#8221;54px&#8221;]<\/p>\n<h1>MASTERCLASS\u00a0con\u00a0<strong>Estibaliz Urresola<\/strong><\/h1>\n<p>[\/et_pb_text][\/et_pb_column][\/et_pb_row][et_pb_row column_structure=&#8221;3_5,2_5&#8243; _builder_version=&#8221;4.4.2&#8243; min_height=&#8221;449px&#8221; custom_margin=&#8221;37px|auto||auto||&#8221; custom_padding=&#8221;||0px|||&#8221;][et_pb_column type=&#8221;3_5&#8243; _builder_version=&#8221;4.4.2&#8243;][et_pb_text _builder_version=&#8221;4.4.2&#8243; text_text_color=&#8221;#ffffff&#8221; text_font_size=&#8221;22px&#8221; text_line_height=&#8221;2em&#8221; header_4_font=&#8221;|800|||||||&#8221; header_4_text_color=&#8221;#ffffff&#8221; header_4_font_size=&#8221;25px&#8221;]<\/p>\n<h4>DESCRIPCI\u00d3N<\/h4>\n<p><span style=\"font-weight: 400;\"><\/span><\/p>\n<p><span style=\"font-weight: 400;\">Con <strong>Estibaliz Urresola,<\/strong>\u00a0directora del largometraje, <em>20.000 especies de abejas<\/em> y del cortometraje <em>Cuerdas<\/em>, ambas producciones presentes en nuestro festival, hablaremos sobre el proceso de creaci\u00f3n de este \u00faltimo. <\/span><\/p>\n<p><span style=\"font-weight: 400;\">Este espacio permitir\u00e1 mostrar el trabajo de los ensayos con las mujeres de <em>Cuerdas<\/em>, un proceso en el que las mujeres mayores tienen un papel de fuerza, de activismo, de movimiento y de dignidad.<\/span><\/p>\n<p>[\/et_pb_text][\/et_pb_column][et_pb_column type=&#8221;2_5&#8243; _builder_version=&#8221;4.4.2&#8243;][et_pb_text _builder_version=&#8221;4.4.2&#8243; text_text_color=&#8221;#ffffff&#8221; header_4_text_color=&#8221;#ffffff&#8221; header_4_font_size=&#8221;25px&#8221; header_5_text_color=&#8221;#ffffff&#8221; header_5_font_size=&#8221;22px&#8221; header_5_line_height=&#8221;1.8em&#8221; header_6_text_color=&#8221;#ffffff&#8221; custom_padding=&#8221;||18px|||&#8221;]<\/p>\n<h4><strong>HORARIO<\/strong><\/h4>\n<h5><strong><\/strong><\/h5>\n<h5><strong><\/strong><\/h5>\n<h5>Viernes 7 de julio &#8211; 16h<\/h5>\n<h5>en Cinemes Girona<\/h5>\n<p>[\/et_pb_text][et_pb_button button_url=&#8221;https:\/\/lgpfestival.glideapp.io&#8221; url_new_window=&#8221;on&#8221; button_text=&#8221;RESERVA ENTRADAS GRATUITAS&#8221; button_alignment=&#8221;left&#8221; _builder_version=&#8221;4.4.2&#8243; custom_button=&#8221;on&#8221; button_text_size=&#8221;17px&#8221; button_bg_color=&#8221;#fff347&#8243; button_border_color=&#8221;rgba(0,0,0,0)&#8221; button_font=&#8221;Roboto Condensed||||||||&#8221; button_use_icon=&#8221;off&#8221; locked=&#8221;off&#8221;][\/et_pb_button][\/et_pb_column][\/et_pb_row][et_pb_row column_structure=&#8221;1_4,3_4&#8243; _builder_version=&#8221;4.4.2&#8243; custom_padding=&#8221;56px||0px|||&#8221;][et_pb_column type=&#8221;1_4&#8243; _builder_version=&#8221;4.4.2&#8243;][et_pb_image src=&#8221;https:\/\/lagranpantallafestival.com\/wp-content\/uploads\/2023\/05\/Estibaliz-Urresola.jpg&#8221; _builder_version=&#8221;4.4.2&#8243; border_radii=&#8221;on|1208px|1208px|1208px|1208px&#8221;][\/et_pb_image][\/et_pb_column][et_pb_column type=&#8221;3_4&#8243; _builder_version=&#8221;4.4.2&#8243;][et_pb_text _builder_version=&#8221;4.4.2&#8243; text_text_color=&#8221;#ffffff&#8221; link_font=&#8221;||||||||&#8221; link_text_color=&#8221;#edf000&#8243;]<\/p>\n<p><span style=\"font-weight: 400;\"><strong>Estibaliz Urresola<\/strong>\u00a0es licenciada en Comunicaci\u00f3n audiovisual (UPV); Edici\u00f3n y Teor\u00eda del Montaje (EICTV); M\u00e1ster en direcci\u00f3n Cinematogr\u00e1fica (ESCAC) y M\u00e1ster en Film Business, marketing, distribuci\u00f3n y ventas internacionales (ESCAC). Desde 2011 ha dirigido los cortometrajes <i>Adri y Polvo Somos<\/i> y el largometraje documental<i> Voces de papel<\/i>, estrenado en el Festival Internacional de San Sebasti\u00e1n. Su \u00faltimo cortometraje, <i>Cuerdas<\/i>, se ha estrenado en la Semaine de la Critique de Cannes y ha ganado varios premios nacionales e internacionales, entre los cuales el Premio Forqu\u00e9 a Mejor Cortometraje. En 2023 su \u00f3pera prima, <i>20.000 especies de abejas<\/i>, se ha estrenado en la Secci\u00f3n Oficial de la Berlinale, donde ha sido galardonada con el Oso de Plata a Mejor Interpretaci\u00f3n para Sof\u00eda Otero.<\/span><\/p>\n<p>[\/et_pb_text][\/et_pb_column][\/et_pb_row][\/et_pb_section]<\/p>\n","protected":false},"excerpt":{"rendered":"<p>MASTERCLASS\u00a0con\u00a0Estibaliz UrresolaDESCRIPCI\u00d3N Con Estibaliz Urresola,\u00a0directora del largometraje, 20.000 especies de abejas y del cortometraje Cuerdas, ambas producciones presentes en nuestro festival, hablaremos sobre el proceso de creaci\u00f3n de este \u00faltimo. Este espacio permitir\u00e1 mostrar el trabajo de los ensayos con las mujeres de Cuerdas, un proceso en el que las mujeres mayores tienen un papel [&hellip;]<\/p>\n","protected":false},"author":5,"featured_media":240948,"comment_status":"closed","ping_status":"closed","template":"","meta":{"_et_pb_use_builder":"on","_et_pb_old_content":"","_et_gb_content_width":"","cybocfi_hide_featured_image":"","footnotes":""},"project_category":[949,957],"project_tag":[],"class_list":["post-240950","project","type-project","status-publish","has-post-thumbnail","hentry","project_category-activitats","project_category-masterclass-ca"],"yoast_head":"<!-- This site is optimized with the Yoast SEO plugin v26.7 - https:\/\/yoast.com\/wordpress\/plugins\/seo\/ -->\n<title>MASTERCLASS - Estibaliz Urresola &#183; Festival Internacional de Cinema de les Persones Grans de Barcelona: La Gran Pantalla<\/title>\n<meta name=\"robots\" content=\"index, follow, max-snippet:-1, max-image-preview:large, max-video-preview:-1\" \/>\n<link rel=\"canonical\" href=\"https:\/\/lagranpantallafestival.com\/ca\/film\/masterclass-estibaliz-urresola-2\/\" \/>\n<meta property=\"og:locale\" content=\"ca_ES\" \/>\n<meta property=\"og:type\" content=\"article\" \/>\n<meta property=\"og:title\" content=\"MASTERCLASS - Estibaliz Urresola &#183; Festival Internacional de Cinema de les Persones Grans de Barcelona: La Gran Pantalla\" \/>\n<meta property=\"og:description\" content=\"MASTERCLASS\u00a0con\u00a0Estibaliz UrresolaDESCRIPCI\u00d3N Con Estibaliz Urresola,\u00a0directora del largometraje, 20.000 especies de abejas y del cortometraje Cuerdas, ambas producciones presentes en nuestro festival, hablaremos sobre el proceso de creaci\u00f3n de este \u00faltimo. Este espacio permitir\u00e1 mostrar el trabajo de los ensayos con las mujeres de Cuerdas, un proceso en el que las mujeres mayores tienen un papel [&hellip;]\" \/>\n<meta property=\"og:url\" content=\"https:\/\/lagranpantallafestival.com\/ca\/film\/masterclass-estibaliz-urresola-2\/\" \/>\n<meta property=\"og:site_name\" content=\"Festival Internacional de Cinema de les Persones Grans de Barcelona: La Gran Pantalla\" \/>\n<meta property=\"article:publisher\" content=\"https:\/\/www.facebook.com\/lagranpantallabcn\/\" \/>\n<meta property=\"article:modified_time\" content=\"2024-12-20T11:32:55+00:00\" \/>\n<meta property=\"og:image\" content=\"https:\/\/lagranpantallafestival.com\/wp-content\/uploads\/2023\/05\/Estibaliz-Urresola.jpg\" \/>\n\t<meta property=\"og:image:width\" content=\"800\" \/>\n\t<meta property=\"og:image:height\" content=\"800\" \/>\n\t<meta property=\"og:image:type\" content=\"image\/jpeg\" \/>\n<meta name=\"twitter:card\" content=\"summary_large_image\" \/>\n<meta name=\"twitter:site\" content=\"@granpantallabcn\" \/>\n<script type=\"application\/ld+json\" class=\"yoast-schema-graph\">{\"@context\":\"https:\/\/schema.org\",\"@graph\":[{\"@type\":\"WebPage\",\"@id\":\"https:\/\/lagranpantallafestival.com\/ca\/film\/masterclass-estibaliz-urresola-2\/\",\"url\":\"https:\/\/lagranpantallafestival.com\/ca\/film\/masterclass-estibaliz-urresola-2\/\",\"name\":\"MASTERCLASS - Estibaliz Urresola &#183; Festival Internacional de Cinema de les Persones Grans de Barcelona: La Gran Pantalla\",\"isPartOf\":{\"@id\":\"https:\/\/lagranpantallafestival.com\/ca\/#website\"},\"primaryImageOfPage\":{\"@id\":\"https:\/\/lagranpantallafestival.com\/ca\/film\/masterclass-estibaliz-urresola-2\/#primaryimage\"},\"image\":{\"@id\":\"https:\/\/lagranpantallafestival.com\/ca\/film\/masterclass-estibaliz-urresola-2\/#primaryimage\"},\"thumbnailUrl\":\"https:\/\/lagranpantallafestival.com\/wp-content\/uploads\/2023\/05\/Estibaliz-Urresola.jpg\",\"datePublished\":\"2023-05-17T17:03:55+00:00\",\"dateModified\":\"2024-12-20T11:32:55+00:00\",\"breadcrumb\":{\"@id\":\"https:\/\/lagranpantallafestival.com\/ca\/film\/masterclass-estibaliz-urresola-2\/#breadcrumb\"},\"inLanguage\":\"ca\",\"potentialAction\":[{\"@type\":\"ReadAction\",\"target\":[\"https:\/\/lagranpantallafestival.com\/ca\/film\/masterclass-estibaliz-urresola-2\/\"]}]},{\"@type\":\"ImageObject\",\"inLanguage\":\"ca\",\"@id\":\"https:\/\/lagranpantallafestival.com\/ca\/film\/masterclass-estibaliz-urresola-2\/#primaryimage\",\"url\":\"https:\/\/lagranpantallafestival.com\/wp-content\/uploads\/2023\/05\/Estibaliz-Urresola.jpg\",\"contentUrl\":\"https:\/\/lagranpantallafestival.com\/wp-content\/uploads\/2023\/05\/Estibaliz-Urresola.jpg\",\"width\":800,\"height\":800},{\"@type\":\"BreadcrumbList\",\"@id\":\"https:\/\/lagranpantallafestival.com\/ca\/film\/masterclass-estibaliz-urresola-2\/#breadcrumb\",\"itemListElement\":[{\"@type\":\"ListItem\",\"position\":1,\"name\":\"Portada\",\"item\":\"https:\/\/lagranpantallafestival.com\/ca\/\"},{\"@type\":\"ListItem\",\"position\":2,\"name\":\"Projects\",\"item\":\"https:\/\/lagranpantallafestival.com\/ca\/film\/\"},{\"@type\":\"ListItem\",\"position\":3,\"name\":\"MASTERCLASS &#8211; Estibaliz Urresola\"}]},{\"@type\":\"WebSite\",\"@id\":\"https:\/\/lagranpantallafestival.com\/ca\/#website\",\"url\":\"https:\/\/lagranpantallafestival.com\/ca\/\",\"name\":\"Festival Internacional de Cinema de les Persones Grans de Barcelona: La Gran Pantalla\",\"description\":\"El Festival Internacional de Cine de las personas mayores La gran pantalla! es el primer espacio en Barcelona dedicado al encuentro cinematogr\u00e1fico intergeneracional. Proyectamos pel\u00edculas y cortometrajes que aborden nuevas miradas sobre el hecho de ser mayor. Nuestro objetivo es desmontar los estereotipos que existen en la sociedad y promover el envejecimiento activo, a trav\u00e9s de la reflexi\u00f3n y el debate que inspira el s\u00e9ptimo arte.\",\"publisher\":{\"@id\":\"https:\/\/lagranpantallafestival.com\/ca\/#organization\"},\"potentialAction\":[{\"@type\":\"SearchAction\",\"target\":{\"@type\":\"EntryPoint\",\"urlTemplate\":\"https:\/\/lagranpantallafestival.com\/ca\/?s={search_term_string}\"},\"query-input\":{\"@type\":\"PropertyValueSpecification\",\"valueRequired\":true,\"valueName\":\"search_term_string\"}}],\"inLanguage\":\"ca\"},{\"@type\":\"Organization\",\"@id\":\"https:\/\/lagranpantallafestival.com\/ca\/#organization\",\"name\":\"[wpseo_titles]company_nombre\",\"url\":\"https:\/\/lagranpantallafestival.com\/ca\/\",\"logo\":{\"@type\":\"ImageObject\",\"inLanguage\":\"ca\",\"@id\":\"https:\/\/lagranpantallafestival.com\/ca\/#\/schema\/logo\/image\/\",\"url\":\"https:\/\/i0.wp.com\/lagranpantallafestival.com\/wp-content\/uploads\/2020\/05\/Logo_web_LaGranPantalla.png?fit=901%2C301&ssl=1\",\"contentUrl\":\"https:\/\/i0.wp.com\/lagranpantallafestival.com\/wp-content\/uploads\/2020\/05\/Logo_web_LaGranPantalla.png?fit=901%2C301&ssl=1\",\"width\":901,\"height\":301,\"caption\":\"[wpseo_titles]company_nombre\"},\"image\":{\"@id\":\"https:\/\/lagranpantallafestival.com\/ca\/#\/schema\/logo\/image\/\"},\"sameAs\":[\"https:\/\/www.facebook.com\/lagranpantallabcn\/\",\"https:\/\/x.com\/granpantallabcn\",\"https:\/\/www.instagram.com\/lagranpantallabcn\/\",\"https:\/\/www.youtube.com\/user\/colectivoelparlante\"]}]}<\/script>\n<!-- \/ Yoast SEO plugin. -->","yoast_head_json":{"title":"MASTERCLASS - Estibaliz Urresola &#183; Festival Internacional de Cinema de les Persones Grans de Barcelona: La Gran Pantalla","robots":{"index":"index","follow":"follow","max-snippet":"max-snippet:-1","max-image-preview":"max-image-preview:large","max-video-preview":"max-video-preview:-1"},"canonical":"https:\/\/lagranpantallafestival.com\/ca\/film\/masterclass-estibaliz-urresola-2\/","og_locale":"ca_ES","og_type":"article","og_title":"MASTERCLASS - Estibaliz Urresola &#183; Festival Internacional de Cinema de les Persones Grans de Barcelona: La Gran Pantalla","og_description":"MASTERCLASS\u00a0con\u00a0Estibaliz UrresolaDESCRIPCI\u00d3N Con Estibaliz Urresola,\u00a0directora del largometraje, 20.000 especies de abejas y del cortometraje Cuerdas, ambas producciones presentes en nuestro festival, hablaremos sobre el proceso de creaci\u00f3n de este \u00faltimo. Este espacio permitir\u00e1 mostrar el trabajo de los ensayos con las mujeres de Cuerdas, un proceso en el que las mujeres mayores tienen un papel [&hellip;]","og_url":"https:\/\/lagranpantallafestival.com\/ca\/film\/masterclass-estibaliz-urresola-2\/","og_site_name":"Festival Internacional de Cinema de les Persones Grans de Barcelona: La Gran Pantalla","article_publisher":"https:\/\/www.facebook.com\/lagranpantallabcn\/","article_modified_time":"2024-12-20T11:32:55+00:00","og_image":[{"width":800,"height":800,"url":"https:\/\/lagranpantallafestival.com\/wp-content\/uploads\/2023\/05\/Estibaliz-Urresola.jpg","type":"image\/jpeg"}],"twitter_card":"summary_large_image","twitter_site":"@granpantallabcn","schema":{"@context":"https:\/\/schema.org","@graph":[{"@type":"WebPage","@id":"https:\/\/lagranpantallafestival.com\/ca\/film\/masterclass-estibaliz-urresola-2\/","url":"https:\/\/lagranpantallafestival.com\/ca\/film\/masterclass-estibaliz-urresola-2\/","name":"MASTERCLASS - Estibaliz Urresola &#183; Festival Internacional de Cinema de les Persones Grans de Barcelona: La Gran Pantalla","isPartOf":{"@id":"https:\/\/lagranpantallafestival.com\/ca\/#website"},"primaryImageOfPage":{"@id":"https:\/\/lagranpantallafestival.com\/ca\/film\/masterclass-estibaliz-urresola-2\/#primaryimage"},"image":{"@id":"https:\/\/lagranpantallafestival.com\/ca\/film\/masterclass-estibaliz-urresola-2\/#primaryimage"},"thumbnailUrl":"https:\/\/lagranpantallafestival.com\/wp-content\/uploads\/2023\/05\/Estibaliz-Urresola.jpg","datePublished":"2023-05-17T17:03:55+00:00","dateModified":"2024-12-20T11:32:55+00:00","breadcrumb":{"@id":"https:\/\/lagranpantallafestival.com\/ca\/film\/masterclass-estibaliz-urresola-2\/#breadcrumb"},"inLanguage":"ca","potentialAction":[{"@type":"ReadAction","target":["https:\/\/lagranpantallafestival.com\/ca\/film\/masterclass-estibaliz-urresola-2\/"]}]},{"@type":"ImageObject","inLanguage":"ca","@id":"https:\/\/lagranpantallafestival.com\/ca\/film\/masterclass-estibaliz-urresola-2\/#primaryimage","url":"https:\/\/lagranpantallafestival.com\/wp-content\/uploads\/2023\/05\/Estibaliz-Urresola.jpg","contentUrl":"https:\/\/lagranpantallafestival.com\/wp-content\/uploads\/2023\/05\/Estibaliz-Urresola.jpg","width":800,"height":800},{"@type":"BreadcrumbList","@id":"https:\/\/lagranpantallafestival.com\/ca\/film\/masterclass-estibaliz-urresola-2\/#breadcrumb","itemListElement":[{"@type":"ListItem","position":1,"name":"Portada","item":"https:\/\/lagranpantallafestival.com\/ca\/"},{"@type":"ListItem","position":2,"name":"Projects","item":"https:\/\/lagranpantallafestival.com\/ca\/film\/"},{"@type":"ListItem","position":3,"name":"MASTERCLASS &#8211; Estibaliz Urresola"}]},{"@type":"WebSite","@id":"https:\/\/lagranpantallafestival.com\/ca\/#website","url":"https:\/\/lagranpantallafestival.com\/ca\/","name":"Festival Internacional de Cinema de les Persones Grans de Barcelona: La Gran Pantalla","description":"El Festival Internacional de Cine de las personas mayores La gran pantalla! es el primer espacio en Barcelona dedicado al encuentro cinematogr\u00e1fico intergeneracional. Proyectamos pel\u00edculas y cortometrajes que aborden nuevas miradas sobre el hecho de ser mayor. Nuestro objetivo es desmontar los estereotipos que existen en la sociedad y promover el envejecimiento activo, a trav\u00e9s de la reflexi\u00f3n y el debate que inspira el s\u00e9ptimo arte.","publisher":{"@id":"https:\/\/lagranpantallafestival.com\/ca\/#organization"},"potentialAction":[{"@type":"SearchAction","target":{"@type":"EntryPoint","urlTemplate":"https:\/\/lagranpantallafestival.com\/ca\/?s={search_term_string}"},"query-input":{"@type":"PropertyValueSpecification","valueRequired":true,"valueName":"search_term_string"}}],"inLanguage":"ca"},{"@type":"Organization","@id":"https:\/\/lagranpantallafestival.com\/ca\/#organization","name":"[wpseo_titles]company_nombre","url":"https:\/\/lagranpantallafestival.com\/ca\/","logo":{"@type":"ImageObject","inLanguage":"ca","@id":"https:\/\/lagranpantallafestival.com\/ca\/#\/schema\/logo\/image\/","url":"https:\/\/i0.wp.com\/lagranpantallafestival.com\/wp-content\/uploads\/2020\/05\/Logo_web_LaGranPantalla.png?fit=901%2C301&ssl=1","contentUrl":"https:\/\/i0.wp.com\/lagranpantallafestival.com\/wp-content\/uploads\/2020\/05\/Logo_web_LaGranPantalla.png?fit=901%2C301&ssl=1","width":901,"height":301,"caption":"[wpseo_titles]company_nombre"},"image":{"@id":"https:\/\/lagranpantallafestival.com\/ca\/#\/schema\/logo\/image\/"},"sameAs":["https:\/\/www.facebook.com\/lagranpantallabcn\/","https:\/\/x.com\/granpantallabcn","https:\/\/www.instagram.com\/lagranpantallabcn\/","https:\/\/www.youtube.com\/user\/colectivoelparlante"]}]}},"_links":{"self":[{"href":"https:\/\/lagranpantallafestival.com\/ca\/wp-json\/wp\/v2\/project\/240950","targetHints":{"allow":["GET"]}}],"collection":[{"href":"https:\/\/lagranpantallafestival.com\/ca\/wp-json\/wp\/v2\/project"}],"about":[{"href":"https:\/\/lagranpantallafestival.com\/ca\/wp-json\/wp\/v2\/types\/project"}],"author":[{"embeddable":true,"href":"https:\/\/lagranpantallafestival.com\/ca\/wp-json\/wp\/v2\/users\/5"}],"replies":[{"embeddable":true,"href":"https:\/\/lagranpantallafestival.com\/ca\/wp-json\/wp\/v2\/comments?post=240950"}],"version-history":[{"count":5,"href":"https:\/\/lagranpantallafestival.com\/ca\/wp-json\/wp\/v2\/project\/240950\/revisions"}],"predecessor-version":[{"id":245701,"href":"https:\/\/lagranpantallafestival.com\/ca\/wp-json\/wp\/v2\/project\/240950\/revisions\/245701"}],"wp:featuredmedia":[{"embeddable":true,"href":"https:\/\/lagranpantallafestival.com\/ca\/wp-json\/wp\/v2\/media\/240948"}],"wp:attachment":[{"href":"https:\/\/lagranpantallafestival.com\/ca\/wp-json\/wp\/v2\/media?parent=240950"}],"wp:term":[{"taxonomy":"project_category","embeddable":true,"href":"https:\/\/lagranpantallafestival.com\/ca\/wp-json\/wp\/v2\/project_category?post=240950"},{"taxonomy":"project_tag","embeddable":true,"href":"https:\/\/lagranpantallafestival.com\/ca\/wp-json\/wp\/v2\/project_tag?post=240950"}],"curies":[{"name":"wp","href":"https:\/\/api.w.org\/{rel}","templated":true}]}}