{"id":240826,"date":"2023-05-16T17:13:07","date_gmt":"2023-05-16T17:13:07","guid":{"rendered":"https:\/\/lagranpantallafestival.com\/?post_type=project&#038;p=240826"},"modified":"2024-12-20T11:32:46","modified_gmt":"2024-12-20T11:32:46","slug":"loli-tormenta-2","status":"publish","type":"project","link":"https:\/\/lagranpantallafestival.com\/ca\/film\/loli-tormenta-2\/","title":{"rendered":"Loli Tormenta"},"content":{"rendered":"<p>[et_pb_section fb_built=&#8221;1&#8243; admin_label=&#8221;background-attachment: fixed;&#8221; _builder_version=&#8221;4.4.2&#8243; use_background_color_gradient=&#8221;on&#8221; background_color_gradient_start=&#8221;rgba(0,0,0,0.34)&#8221; background_color_gradient_end=&#8221;#111111&#8243; background_color_gradient_end_position=&#8221;25%&#8221; background_color_gradient_overlays_image=&#8221;on&#8221; background_image=&#8221;https:\/\/lagranpantallafestival.com\/wp-content\/uploads\/2023\/05\/LT_STILLS_b709_S_4k_0003.1503129.jpg&#8221; background_size=&#8221;contain&#8221; background_position=&#8221;top_left&#8221; custom_padding=&#8221;||88px|||&#8221; background_last_edited=&#8221;on|phone&#8221; background_image_tablet=&#8221;https:\/\/lagranpantallafestival.com\/wp-content\/uploads\/2023\/05\/phone_LT_STILLS_b709_S_4k_0003.1503129.jpg&#8221; background_image_phone=&#8221;https:\/\/lagranpantallafestival.com\/wp-content\/uploads\/2023\/05\/phone_LT_STILLS_b709_S_4k_0003.1503129.jpg&#8221; background_enable_image_tablet=&#8221;on&#8221; background_enable_image_phone=&#8221;on&#8221; parallax_tablet=&#8221;on&#8221; parallax_phone=&#8221;on&#8221;][et_pb_row column_structure=&#8221;1_2,1_2&#8243; _builder_version=&#8221;4.4.2&#8243; min_height=&#8221;328.7px&#8221; custom_padding=&#8221;70px|||||&#8221;][et_pb_column type=&#8221;1_2&#8243; _builder_version=&#8221;4.4.2&#8243;][et_pb_text _builder_version=&#8221;4.4.2&#8243; text_text_color=&#8221;#ffffff&#8221; header_text_color=&#8221;#ffffff&#8221; header_font_size=&#8221;49px&#8221; header_2_text_color=&#8221;#ffffff&#8221; header_3_text_color=&#8221;#ffffff&#8221; header_4_text_color=&#8221;#ffffff&#8221; header_4_font_size=&#8221;29px&#8221; header_5_text_color=&#8221;#ffffff&#8221; header_5_font_size=&#8221;30px&#8221; header_6_text_color=&#8221;#ffffff&#8221; header_6_font_size=&#8221;21px&#8221;]<\/p>\n<h1><strong>Loli Tormenta<\/strong><\/h1>\n<h4><strong>Agust\u00ed Villaronga<\/strong><\/h4>\n<h6><strong><\/strong><\/h6>\n<h6><strong>ESPA\u00d1A | 94 MIN | 2023<\/strong><\/h6>\n<p>[\/et_pb_text][et_pb_button url_new_window=&#8221;on&#8221; button_text=&#8221;RESERVA ENTRADAS GRATUITAS&#8221; button_alignment=&#8221;left&#8221; _builder_version=&#8221;4.4.2&#8243; custom_button=&#8221;on&#8221; button_text_size=&#8221;20px&#8221; button_bg_color=&#8221;#fff347&#8243; button_border_color=&#8221;rgba(0,0,0,0)&#8221; button_font=&#8221;Roboto Condensed||||||||&#8221; button_use_icon=&#8221;off&#8221; hover_enabled=&#8221;0&#8243; button_url=&#8221;https:\/\/lgpfestival.glideapp.io&#8221; locked=&#8221;off&#8221;][\/et_pb_button][\/et_pb_column][et_pb_column type=&#8221;1_2&#8243; _builder_version=&#8221;4.4.2&#8243;][\/et_pb_column][\/et_pb_row][et_pb_row column_structure=&#8221;3_5,2_5&#8243; _builder_version=&#8221;4.4.2&#8243; min_height=&#8221;553px&#8221; custom_margin=&#8221;37px|auto||auto||&#8221;][et_pb_column type=&#8221;3_5&#8243; _builder_version=&#8221;4.4.2&#8243;][et_pb_text _builder_version=&#8221;4.4.2&#8243; text_text_color=&#8221;#ffffff&#8221; text_font_size=&#8221;22px&#8221; text_line_height=&#8221;2em&#8221; header_4_font=&#8221;|800|||||||&#8221; header_4_text_color=&#8221;#ffffff&#8221; header_4_font_size=&#8221;25px&#8221;]<\/p>\n<h4>SINOPSIS<\/h4>\n<p><span style=\"font-weight: 400;\"><\/span><\/p>\n<p><span style=\"font-weight: 400;\">Lola, la moderna y ca\u00f3tica abuela de Edgar y Robert, se hizo cargo de ellos tras la muerte de su hija unos a\u00f1os atr\u00e1s. Los tres viven en una modesta casa del extrarradio de Barcelona, y nada les hace sospechar que su tranquila vida est\u00e1 a punto de cambiar dr\u00e1sticamente. Lola ha entrado en un proceso avanzado de Alzheimer y los ni\u00f1os, que no est\u00e1n dispuestos a que les separen y acabar en un lugar de acogida, se har\u00e1n cargo de ella con gran ingenio y desbordante fantas\u00eda, ocultando su enfermedad. Para ello tendr\u00e1n que enfrentarse, al igual que Robert en sus competiciones de atletismo, a m\u00e1s de 3.000 obst\u00e1culos.<\/span><\/p>\n<p><span style=\"font-weight: 400;\"><\/span><\/p>\n<p><strong><span style=\"color: #ffff00;\">+<\/span> Di\u00e1logo con Mario Torrecillas, guionista de la pel\u00edcula<\/strong><\/p>\n<p>[\/et_pb_text][et_pb_text _builder_version=&#8221;4.4.2&#8243; text_text_color=&#8221;#ffffff&#8221; header_4_text_color=&#8221;#ffffff&#8221; header_4_font_size=&#8221;25px&#8221; header_5_text_color=&#8221;#ffffff&#8221; header_5_font_size=&#8221;22px&#8221; header_5_line_height=&#8221;1.8em&#8221; header_6_text_color=&#8221;#ffffff&#8221; background_color=&#8221;#242424&#8243; text_orientation=&#8221;center&#8221; custom_margin=&#8221;0px||||false|false&#8221; custom_padding=&#8221;0px|||||&#8221; border_radii=&#8221;on|10px|10px|10px|10px&#8221;]<\/p>\n<h5><\/h5>\n<h5>S\u00e1bado 8 de julio a las 16h en Cinemes Girona<\/h5>\n<p>[\/et_pb_text][et_pb_button url_new_window=&#8221;on&#8221; button_text=&#8221;RESERVA ENTRADAS GRATUITAS&#8221; button_alignment=&#8221;center&#8221; _builder_version=&#8221;4.4.2&#8243; custom_button=&#8221;on&#8221; button_text_size=&#8221;17px&#8221; button_bg_color=&#8221;#fff347&#8243; button_border_color=&#8221;rgba(0,0,0,0)&#8221; button_font=&#8221;Roboto Condensed||||||||&#8221; button_use_icon=&#8221;off&#8221; hover_enabled=&#8221;0&#8243; button_url=&#8221;https:\/\/lgpfestival.glideapp.io&#8221; locked=&#8221;off&#8221;][\/et_pb_button][et_pb_video src=&#8221;https:\/\/youtu.be\/sFy23RYUBxo&#8221; _builder_version=&#8221;4.4.2&#8243;][\/et_pb_video][\/et_pb_column][et_pb_column type=&#8221;2_5&#8243; _builder_version=&#8221;4.4.2&#8243;][et_pb_text _builder_version=&#8221;4.4.2&#8243; text_text_color=&#8221;#ffffff&#8221; header_4_text_color=&#8221;#ffffff&#8221; header_4_font_size=&#8221;25px&#8221; header_5_text_color=&#8221;#ffffff&#8221; header_5_font_size=&#8221;22px&#8221; header_5_line_height=&#8221;1.8em&#8221; header_6_text_color=&#8221;#ffffff&#8221; custom_padding=&#8221;||18px|||&#8221;]<\/p>\n<h4><strong>FICHA T\u00c9CNICA<\/strong><\/h4>\n<h5><strong><\/strong><\/h5>\n<h5><strong><\/strong><\/h5>\n<h5><strong>Direcci\u00f3n: <span style=\"font-weight: 400;\">Agust\u00ed Villaronga<\/span><\/strong><br \/> <strong>Pa\u00eds: <span style=\"font-weight: 400;\">Espa\u00f1a<\/span><\/strong><br \/> <strong>G\u00e9nero: <span style=\"font-weight: 400;\">Ficci\u00f3n<\/span><\/strong><br \/> <strong>Duraci\u00f3n: <span style=\"font-weight: 400;\">94 min<\/span><\/strong><br \/> <strong>A\u00f1o<\/strong>: <span style=\"font-weight: 400;\">2023<\/span><br \/> <strong>Idioma<\/strong>: Castellano<br \/> <strong>Subt\u00edtulos<\/strong>: &#8211;<\/h5>\n<p>[\/et_pb_text][et_pb_image src=&#8221;https:\/\/lagranpantallafestival.com\/wp-content\/uploads\/2023\/05\/LT_CARTEL_ONLINE.jpg&#8221; _builder_version=&#8221;4.4.2&#8243; width=&#8221;70%&#8221;][\/et_pb_image][\/et_pb_column][\/et_pb_row][et_pb_row column_structure=&#8221;1_3,2_3&#8243; _builder_version=&#8221;4.4.2&#8243; background_color=&#8221;#242424&#8243; custom_padding=&#8221;0px|||0px||&#8221; border_radii=&#8221;on|6px|6px|6px|6px&#8221;][et_pb_column type=&#8221;1_3&#8243; _builder_version=&#8221;4.4.2&#8243;][et_pb_image src=&#8221;https:\/\/lagranpantallafestival.com\/wp-content\/uploads\/2023\/05\/agusti-villaronga-scaled.jpeg&#8221; force_fullwidth=&#8221;on&#8221; _builder_version=&#8221;4.4.2&#8243;][\/et_pb_image][\/et_pb_column][et_pb_column type=&#8221;2_3&#8243; _builder_version=&#8221;4.4.2&#8243;][et_pb_text _builder_version=&#8221;4.4.2&#8243; text_text_color=&#8221;#ffffff&#8221; header_text_color=&#8221;#ffffff&#8221; header_2_text_color=&#8221;#ffffff&#8221; header_3_font=&#8221;|300||on|||||&#8221; header_3_text_color=&#8221;#ffffff&#8221; header_4_text_color=&#8221;#ffffff&#8221; custom_padding=&#8221;9px|||||&#8221;]<\/p>\n<h3 style=\"text-align: center;\"><strong>Agust\u00ed Villaronga<\/strong><\/h3>\n<p>[\/et_pb_text][et_pb_text _builder_version=&#8221;4.4.2&#8243; text_text_color=&#8221;#ffffff&#8221; text_font_size=&#8221;22px&#8221; custom_padding=&#8221;|14px||11px||&#8221;]<\/p>\n<p><span style=\"font-weight: 400;\">Es uno de los nombres clave del cine espa\u00f1ol de las \u00faltimas d\u00e9cadas gracias a su cine personal y su capacidad para generar atm\u00f3sferas \u00fanicas. Debut\u00f3 en 1985 con la impactante y referencial <\/span><i><span style=\"font-weight: 400;\">Tras el cristal<\/span><\/i><span style=\"font-weight: 400;\">, que se estren\u00f3 mundialmente en la Berlinale. Su segundo largometraje, <\/span><i><span style=\"font-weight: 400;\">El ni\u00f1o de la luna<\/span><\/i><span style=\"font-weight: 400;\"> (1989) particip\u00f3 en el Festival de Cannes y gan\u00f3 el Goya al Mejor Gui\u00f3n Original. Su trayectoria incluye t\u00edtulos como <\/span><i><span style=\"font-weight: 400;\">99.9<\/span><\/i><span style=\"font-weight: 400;\"> (1997), <\/span><i><span style=\"font-weight: 400;\">El mar<\/span><\/i><span style=\"font-weight: 400;\"> (2000) -presentada en la Berlinale-, <\/span><i><span style=\"font-weight: 400;\">Aro Tolbukhin<\/span><\/i><span style=\"font-weight: 400;\">. <\/span><i><span style=\"font-weight: 400;\">En la mente del asesino<\/span><\/i><span style=\"font-weight: 400;\"> (2002) -Premio Ariel al Mejor Gui\u00f3n Original-, o el \u00e9xito de taquilla y cr\u00edtica, <\/span><i><span style=\"font-weight: 400;\">Pa negre<\/span><\/i><span style=\"font-weight: 400;\"> (2010), ganadora de nueve Goyas, entre ellos a mejor pel\u00edcula y mejor direcci\u00f3n; trece premios Gaud\u00ed; y el Ariel a la Mejor Pel\u00edcula Latinoamericana; adem\u00e1s de ser seleccionada para representar a Espa\u00f1a en los Oscar.<\/span><span style=\"font-weight: 400;\">\u00a0<\/span><\/p>\n<p><span style=\"font-weight: 400;\">Entre sus otros trabajos como director destacan <\/span><i><span style=\"font-weight: 400;\">El rey de La Habana<\/span><\/i><span style=\"font-weight: 400;\"> (2015), <\/span><i><span style=\"font-weight: 400;\">Incerta gl\u00f2ria <\/span><\/i><span style=\"font-weight: 400;\">(2017), <\/span><i><span style=\"font-weight: 400;\">Nacido rey<\/span><\/i><span style=\"font-weight: 400;\"> (2019) y <\/span><i><span style=\"font-weight: 400;\">El vientre del mar<\/span><\/i><span style=\"font-weight: 400;\"> (2021), que recibi\u00f3 la Biznaga de Oro a la mejor pel\u00edcula en el Festival de M\u00e1laga en 2021 m\u00e1s otros cinco premios, incluyendo la Biznaga de plata a la mejor direcci\u00f3n y al mejor gui\u00f3n. Habitual de festivales internacionales como Cannes, Berl\u00edn y San Sebasti\u00e1n, Villaronga fue galardonado con el Premio Nacional de Cinematograf\u00eda en 2011 y la medalla de oro al m\u00e9rito en las Bellas Artes en 2022.<\/span><\/p>\n<p>[\/et_pb_text][\/et_pb_column][\/et_pb_row][\/et_pb_section][et_pb_section fb_built=&#8221;1&#8243; fullwidth=&#8221;on&#8221; _builder_version=&#8221;4.4.2&#8243; custom_margin=&#8221;0px||||false|false&#8221; custom_margin_tablet=&#8221;49px||||false|false&#8221; custom_margin_phone=&#8221;1px||||false|false&#8221; custom_margin_last_edited=&#8221;on|desktop&#8221; custom_padding=&#8221;0px|||||&#8221;][et_pb_fullwidth_header title=&#8221;CONOCE TODA LA SELECCI\u00d3N OFICIAL DE 2023&#8243; subhead=&#8221;LARGOMETRAJES&#8221; text_orientation=&#8221;center&#8221; _builder_version=&#8221;4.4.2&#8243; subhead_font=&#8221;Roboto Condensed||||||||&#8221; subhead_text_color=&#8221;#edf000&#8243; custom_margin=&#8221;-51px|||||&#8221; custom_padding=&#8221;0px||0px|||&#8221;][\/et_pb_fullwidth_header][et_pb_fullwidth_portfolio include_categories=&#8221;895&#8243; show_date=&#8221;off&#8221; zoom_icon_color=&#8221;rgba(0,0,0,0)&#8221; hover_overlay_color=&#8221;rgba(255,255,255,0.8)&#8221; _builder_version=&#8221;4.4.2&#8243;][\/et_pb_fullwidth_portfolio][\/et_pb_section]<\/p>\n","protected":false},"excerpt":{"rendered":"<p>Loli Tormenta Agust\u00ed Villaronga ESPA\u00d1A | 94 MIN | 2023SINOPSIS Lola, la moderna y ca\u00f3tica abuela de Edgar y Robert, se hizo cargo de ellos tras la muerte de su hija unos a\u00f1os atr\u00e1s. Los tres viven en una modesta casa del extrarradio de Barcelona, y nada les hace sospechar que su tranquila vida est\u00e1 [&hellip;]<\/p>\n","protected":false},"author":5,"featured_media":240822,"comment_status":"closed","ping_status":"closed","template":"","meta":{"_et_pb_use_builder":"on","_et_pb_old_content":"","_et_gb_content_width":"","cybocfi_hide_featured_image":"","footnotes":""},"project_category":[914,94,897,283],"project_tag":[],"class_list":["post-240826","project","type-project","status-publish","has-post-thumbnail","hentry","project_category-dir-agusti-villaronga-ca","project_category-ficcio","project_category-llargmetratge-2023","project_category-espanya"],"yoast_head":"<!-- This site is optimized with the Yoast SEO plugin v26.7 - https:\/\/yoast.com\/wordpress\/plugins\/seo\/ -->\n<title>Loli Tormenta &#183; Festival Internacional de Cinema de les Persones Grans de Barcelona: La Gran Pantalla<\/title>\n<meta name=\"robots\" content=\"index, follow, max-snippet:-1, max-image-preview:large, max-video-preview:-1\" \/>\n<link rel=\"canonical\" href=\"https:\/\/lagranpantallafestival.com\/ca\/film\/loli-tormenta-2\/\" \/>\n<meta property=\"og:locale\" content=\"ca_ES\" \/>\n<meta property=\"og:type\" content=\"article\" \/>\n<meta property=\"og:title\" content=\"Loli Tormenta &#183; Festival Internacional de Cinema de les Persones Grans de Barcelona: La Gran Pantalla\" \/>\n<meta property=\"og:description\" content=\"Loli Tormenta Agust\u00ed Villaronga ESPA\u00d1A | 94 MIN | 2023SINOPSIS Lola, la moderna y ca\u00f3tica abuela de Edgar y Robert, se hizo cargo de ellos tras la muerte de su hija unos a\u00f1os atr\u00e1s. Los tres viven en una modesta casa del extrarradio de Barcelona, y nada les hace sospechar que su tranquila vida est\u00e1 [&hellip;]\" \/>\n<meta property=\"og:url\" content=\"https:\/\/lagranpantallafestival.com\/ca\/film\/loli-tormenta-2\/\" \/>\n<meta property=\"og:site_name\" content=\"Festival Internacional de Cinema de les Persones Grans de Barcelona: La Gran Pantalla\" \/>\n<meta property=\"article:publisher\" content=\"https:\/\/www.facebook.com\/lagranpantallabcn\/\" \/>\n<meta property=\"article:modified_time\" content=\"2024-12-20T11:32:46+00:00\" \/>\n<meta property=\"og:image\" content=\"https:\/\/lagranpantallafestival.com\/wp-content\/uploads\/2023\/05\/LT_STILLS_b709_S_4k_0003.1503129.jpg\" \/>\n\t<meta property=\"og:image:width\" content=\"850\" \/>\n\t<meta property=\"og:image:height\" content=\"357\" \/>\n\t<meta property=\"og:image:type\" content=\"image\/jpeg\" \/>\n<meta name=\"twitter:card\" content=\"summary_large_image\" \/>\n<meta name=\"twitter:site\" content=\"@granpantallabcn\" \/>\n<script type=\"application\/ld+json\" class=\"yoast-schema-graph\">{\"@context\":\"https:\/\/schema.org\",\"@graph\":[{\"@type\":\"WebPage\",\"@id\":\"https:\/\/lagranpantallafestival.com\/ca\/film\/loli-tormenta-2\/\",\"url\":\"https:\/\/lagranpantallafestival.com\/ca\/film\/loli-tormenta-2\/\",\"name\":\"Loli Tormenta &#183; Festival Internacional de Cinema de les Persones Grans de Barcelona: La Gran Pantalla\",\"isPartOf\":{\"@id\":\"https:\/\/lagranpantallafestival.com\/ca\/#website\"},\"primaryImageOfPage\":{\"@id\":\"https:\/\/lagranpantallafestival.com\/ca\/film\/loli-tormenta-2\/#primaryimage\"},\"image\":{\"@id\":\"https:\/\/lagranpantallafestival.com\/ca\/film\/loli-tormenta-2\/#primaryimage\"},\"thumbnailUrl\":\"https:\/\/lagranpantallafestival.com\/wp-content\/uploads\/2023\/05\/LT_STILLS_b709_S_4k_0003.1503129.jpg\",\"datePublished\":\"2023-05-16T17:13:07+00:00\",\"dateModified\":\"2024-12-20T11:32:46+00:00\",\"breadcrumb\":{\"@id\":\"https:\/\/lagranpantallafestival.com\/ca\/film\/loli-tormenta-2\/#breadcrumb\"},\"inLanguage\":\"ca\",\"potentialAction\":[{\"@type\":\"ReadAction\",\"target\":[\"https:\/\/lagranpantallafestival.com\/ca\/film\/loli-tormenta-2\/\"]}]},{\"@type\":\"ImageObject\",\"inLanguage\":\"ca\",\"@id\":\"https:\/\/lagranpantallafestival.com\/ca\/film\/loli-tormenta-2\/#primaryimage\",\"url\":\"https:\/\/lagranpantallafestival.com\/wp-content\/uploads\/2023\/05\/LT_STILLS_b709_S_4k_0003.1503129.jpg\",\"contentUrl\":\"https:\/\/lagranpantallafestival.com\/wp-content\/uploads\/2023\/05\/LT_STILLS_b709_S_4k_0003.1503129.jpg\",\"width\":850,\"height\":357},{\"@type\":\"BreadcrumbList\",\"@id\":\"https:\/\/lagranpantallafestival.com\/ca\/film\/loli-tormenta-2\/#breadcrumb\",\"itemListElement\":[{\"@type\":\"ListItem\",\"position\":1,\"name\":\"Portada\",\"item\":\"https:\/\/lagranpantallafestival.com\/ca\/\"},{\"@type\":\"ListItem\",\"position\":2,\"name\":\"Projects\",\"item\":\"https:\/\/lagranpantallafestival.com\/ca\/film\/\"},{\"@type\":\"ListItem\",\"position\":3,\"name\":\"Loli Tormenta\"}]},{\"@type\":\"WebSite\",\"@id\":\"https:\/\/lagranpantallafestival.com\/ca\/#website\",\"url\":\"https:\/\/lagranpantallafestival.com\/ca\/\",\"name\":\"Festival Internacional de Cinema de les Persones Grans de Barcelona: La Gran Pantalla\",\"description\":\"El Festival Internacional de Cine de las personas mayores La gran pantalla! es el primer espacio en Barcelona dedicado al encuentro cinematogr\u00e1fico intergeneracional. Proyectamos pel\u00edculas y cortometrajes que aborden nuevas miradas sobre el hecho de ser mayor. Nuestro objetivo es desmontar los estereotipos que existen en la sociedad y promover el envejecimiento activo, a trav\u00e9s de la reflexi\u00f3n y el debate que inspira el s\u00e9ptimo arte.\",\"publisher\":{\"@id\":\"https:\/\/lagranpantallafestival.com\/ca\/#organization\"},\"potentialAction\":[{\"@type\":\"SearchAction\",\"target\":{\"@type\":\"EntryPoint\",\"urlTemplate\":\"https:\/\/lagranpantallafestival.com\/ca\/?s={search_term_string}\"},\"query-input\":{\"@type\":\"PropertyValueSpecification\",\"valueRequired\":true,\"valueName\":\"search_term_string\"}}],\"inLanguage\":\"ca\"},{\"@type\":\"Organization\",\"@id\":\"https:\/\/lagranpantallafestival.com\/ca\/#organization\",\"name\":\"[wpseo_titles]company_nombre\",\"url\":\"https:\/\/lagranpantallafestival.com\/ca\/\",\"logo\":{\"@type\":\"ImageObject\",\"inLanguage\":\"ca\",\"@id\":\"https:\/\/lagranpantallafestival.com\/ca\/#\/schema\/logo\/image\/\",\"url\":\"https:\/\/i0.wp.com\/lagranpantallafestival.com\/wp-content\/uploads\/2020\/05\/Logo_web_LaGranPantalla.png?fit=901%2C301&ssl=1\",\"contentUrl\":\"https:\/\/i0.wp.com\/lagranpantallafestival.com\/wp-content\/uploads\/2020\/05\/Logo_web_LaGranPantalla.png?fit=901%2C301&ssl=1\",\"width\":901,\"height\":301,\"caption\":\"[wpseo_titles]company_nombre\"},\"image\":{\"@id\":\"https:\/\/lagranpantallafestival.com\/ca\/#\/schema\/logo\/image\/\"},\"sameAs\":[\"https:\/\/www.facebook.com\/lagranpantallabcn\/\",\"https:\/\/x.com\/granpantallabcn\",\"https:\/\/www.instagram.com\/lagranpantallabcn\/\",\"https:\/\/www.youtube.com\/user\/colectivoelparlante\"]}]}<\/script>\n<!-- \/ Yoast SEO plugin. -->","yoast_head_json":{"title":"Loli Tormenta &#183; Festival Internacional de Cinema de les Persones Grans de Barcelona: La Gran Pantalla","robots":{"index":"index","follow":"follow","max-snippet":"max-snippet:-1","max-image-preview":"max-image-preview:large","max-video-preview":"max-video-preview:-1"},"canonical":"https:\/\/lagranpantallafestival.com\/ca\/film\/loli-tormenta-2\/","og_locale":"ca_ES","og_type":"article","og_title":"Loli Tormenta &#183; Festival Internacional de Cinema de les Persones Grans de Barcelona: La Gran Pantalla","og_description":"Loli Tormenta Agust\u00ed Villaronga ESPA\u00d1A | 94 MIN | 2023SINOPSIS Lola, la moderna y ca\u00f3tica abuela de Edgar y Robert, se hizo cargo de ellos tras la muerte de su hija unos a\u00f1os atr\u00e1s. Los tres viven en una modesta casa del extrarradio de Barcelona, y nada les hace sospechar que su tranquila vida est\u00e1 [&hellip;]","og_url":"https:\/\/lagranpantallafestival.com\/ca\/film\/loli-tormenta-2\/","og_site_name":"Festival Internacional de Cinema de les Persones Grans de Barcelona: La Gran Pantalla","article_publisher":"https:\/\/www.facebook.com\/lagranpantallabcn\/","article_modified_time":"2024-12-20T11:32:46+00:00","og_image":[{"width":850,"height":357,"url":"https:\/\/lagranpantallafestival.com\/wp-content\/uploads\/2023\/05\/LT_STILLS_b709_S_4k_0003.1503129.jpg","type":"image\/jpeg"}],"twitter_card":"summary_large_image","twitter_site":"@granpantallabcn","schema":{"@context":"https:\/\/schema.org","@graph":[{"@type":"WebPage","@id":"https:\/\/lagranpantallafestival.com\/ca\/film\/loli-tormenta-2\/","url":"https:\/\/lagranpantallafestival.com\/ca\/film\/loli-tormenta-2\/","name":"Loli Tormenta &#183; Festival Internacional de Cinema de les Persones Grans de Barcelona: La Gran Pantalla","isPartOf":{"@id":"https:\/\/lagranpantallafestival.com\/ca\/#website"},"primaryImageOfPage":{"@id":"https:\/\/lagranpantallafestival.com\/ca\/film\/loli-tormenta-2\/#primaryimage"},"image":{"@id":"https:\/\/lagranpantallafestival.com\/ca\/film\/loli-tormenta-2\/#primaryimage"},"thumbnailUrl":"https:\/\/lagranpantallafestival.com\/wp-content\/uploads\/2023\/05\/LT_STILLS_b709_S_4k_0003.1503129.jpg","datePublished":"2023-05-16T17:13:07+00:00","dateModified":"2024-12-20T11:32:46+00:00","breadcrumb":{"@id":"https:\/\/lagranpantallafestival.com\/ca\/film\/loli-tormenta-2\/#breadcrumb"},"inLanguage":"ca","potentialAction":[{"@type":"ReadAction","target":["https:\/\/lagranpantallafestival.com\/ca\/film\/loli-tormenta-2\/"]}]},{"@type":"ImageObject","inLanguage":"ca","@id":"https:\/\/lagranpantallafestival.com\/ca\/film\/loli-tormenta-2\/#primaryimage","url":"https:\/\/lagranpantallafestival.com\/wp-content\/uploads\/2023\/05\/LT_STILLS_b709_S_4k_0003.1503129.jpg","contentUrl":"https:\/\/lagranpantallafestival.com\/wp-content\/uploads\/2023\/05\/LT_STILLS_b709_S_4k_0003.1503129.jpg","width":850,"height":357},{"@type":"BreadcrumbList","@id":"https:\/\/lagranpantallafestival.com\/ca\/film\/loli-tormenta-2\/#breadcrumb","itemListElement":[{"@type":"ListItem","position":1,"name":"Portada","item":"https:\/\/lagranpantallafestival.com\/ca\/"},{"@type":"ListItem","position":2,"name":"Projects","item":"https:\/\/lagranpantallafestival.com\/ca\/film\/"},{"@type":"ListItem","position":3,"name":"Loli Tormenta"}]},{"@type":"WebSite","@id":"https:\/\/lagranpantallafestival.com\/ca\/#website","url":"https:\/\/lagranpantallafestival.com\/ca\/","name":"Festival Internacional de Cinema de les Persones Grans de Barcelona: La Gran Pantalla","description":"El Festival Internacional de Cine de las personas mayores La gran pantalla! es el primer espacio en Barcelona dedicado al encuentro cinematogr\u00e1fico intergeneracional. Proyectamos pel\u00edculas y cortometrajes que aborden nuevas miradas sobre el hecho de ser mayor. Nuestro objetivo es desmontar los estereotipos que existen en la sociedad y promover el envejecimiento activo, a trav\u00e9s de la reflexi\u00f3n y el debate que inspira el s\u00e9ptimo arte.","publisher":{"@id":"https:\/\/lagranpantallafestival.com\/ca\/#organization"},"potentialAction":[{"@type":"SearchAction","target":{"@type":"EntryPoint","urlTemplate":"https:\/\/lagranpantallafestival.com\/ca\/?s={search_term_string}"},"query-input":{"@type":"PropertyValueSpecification","valueRequired":true,"valueName":"search_term_string"}}],"inLanguage":"ca"},{"@type":"Organization","@id":"https:\/\/lagranpantallafestival.com\/ca\/#organization","name":"[wpseo_titles]company_nombre","url":"https:\/\/lagranpantallafestival.com\/ca\/","logo":{"@type":"ImageObject","inLanguage":"ca","@id":"https:\/\/lagranpantallafestival.com\/ca\/#\/schema\/logo\/image\/","url":"https:\/\/i0.wp.com\/lagranpantallafestival.com\/wp-content\/uploads\/2020\/05\/Logo_web_LaGranPantalla.png?fit=901%2C301&ssl=1","contentUrl":"https:\/\/i0.wp.com\/lagranpantallafestival.com\/wp-content\/uploads\/2020\/05\/Logo_web_LaGranPantalla.png?fit=901%2C301&ssl=1","width":901,"height":301,"caption":"[wpseo_titles]company_nombre"},"image":{"@id":"https:\/\/lagranpantallafestival.com\/ca\/#\/schema\/logo\/image\/"},"sameAs":["https:\/\/www.facebook.com\/lagranpantallabcn\/","https:\/\/x.com\/granpantallabcn","https:\/\/www.instagram.com\/lagranpantallabcn\/","https:\/\/www.youtube.com\/user\/colectivoelparlante"]}]}},"_links":{"self":[{"href":"https:\/\/lagranpantallafestival.com\/ca\/wp-json\/wp\/v2\/project\/240826","targetHints":{"allow":["GET"]}}],"collection":[{"href":"https:\/\/lagranpantallafestival.com\/ca\/wp-json\/wp\/v2\/project"}],"about":[{"href":"https:\/\/lagranpantallafestival.com\/ca\/wp-json\/wp\/v2\/types\/project"}],"author":[{"embeddable":true,"href":"https:\/\/lagranpantallafestival.com\/ca\/wp-json\/wp\/v2\/users\/5"}],"replies":[{"embeddable":true,"href":"https:\/\/lagranpantallafestival.com\/ca\/wp-json\/wp\/v2\/comments?post=240826"}],"version-history":[{"count":6,"href":"https:\/\/lagranpantallafestival.com\/ca\/wp-json\/wp\/v2\/project\/240826\/revisions"}],"predecessor-version":[{"id":245696,"href":"https:\/\/lagranpantallafestival.com\/ca\/wp-json\/wp\/v2\/project\/240826\/revisions\/245696"}],"wp:featuredmedia":[{"embeddable":true,"href":"https:\/\/lagranpantallafestival.com\/ca\/wp-json\/wp\/v2\/media\/240822"}],"wp:attachment":[{"href":"https:\/\/lagranpantallafestival.com\/ca\/wp-json\/wp\/v2\/media?parent=240826"}],"wp:term":[{"taxonomy":"project_category","embeddable":true,"href":"https:\/\/lagranpantallafestival.com\/ca\/wp-json\/wp\/v2\/project_category?post=240826"},{"taxonomy":"project_tag","embeddable":true,"href":"https:\/\/lagranpantallafestival.com\/ca\/wp-json\/wp\/v2\/project_tag?post=240826"}],"curies":[{"name":"wp","href":"https:\/\/api.w.org\/{rel}","templated":true}]}}