{"id":240795,"date":"2023-05-16T16:37:29","date_gmt":"2023-05-16T16:37:29","guid":{"rendered":"https:\/\/lagranpantallafestival.com\/?post_type=project&#038;p=240795"},"modified":"2024-12-20T11:32:45","modified_gmt":"2024-12-20T11:32:45","slug":"20-000-especies-de-abejas-2","status":"publish","type":"project","link":"https:\/\/lagranpantallafestival.com\/ca\/film\/20-000-especies-de-abejas-2\/","title":{"rendered":"20.000 especies de abejas"},"content":{"rendered":"<p>[et_pb_section fb_built=&#8221;1&#8243; admin_label=&#8221;background-attachment: fixed;&#8221; _builder_version=&#8221;4.4.2&#8243; use_background_color_gradient=&#8221;on&#8221; background_color_gradient_start=&#8221;rgba(0,0,0,0.34)&#8221; background_color_gradient_end=&#8221;#111111&#8243; background_color_gradient_end_position=&#8221;25%&#8221; background_color_gradient_overlays_image=&#8221;on&#8221; background_image=&#8221;https:\/\/lagranpantallafestival.com\/wp-content\/uploads\/2023\/05\/20.000-species-of-bees_still-2_-1-scaled.jpg&#8221; background_size=&#8221;contain&#8221; background_position=&#8221;top_left&#8221; custom_padding=&#8221;||88px|||&#8221; background_last_edited=&#8221;on|desktop&#8221; parallax_tablet=&#8221;on&#8221; parallax_phone=&#8221;on&#8221;][et_pb_row column_structure=&#8221;1_2,1_2&#8243; _builder_version=&#8221;4.4.2&#8243; min_height=&#8221;328.7px&#8221; custom_padding=&#8221;70px|||||&#8221;][et_pb_column type=&#8221;1_2&#8243; _builder_version=&#8221;4.4.2&#8243;][et_pb_text _builder_version=&#8221;4.4.2&#8243; text_text_color=&#8221;#ffffff&#8221; header_text_color=&#8221;#ffffff&#8221; header_font_size=&#8221;49px&#8221; header_2_text_color=&#8221;#ffffff&#8221; header_3_text_color=&#8221;#ffffff&#8221; header_4_text_color=&#8221;#ffffff&#8221; header_4_font_size=&#8221;29px&#8221; header_5_text_color=&#8221;#ffffff&#8221; header_5_font_size=&#8221;30px&#8221; header_6_text_color=&#8221;#ffffff&#8221; header_6_font_size=&#8221;21px&#8221;]<\/p>\n<h1><strong>20.000 especies de abejas<\/strong><\/h1>\n<h3 class=\"jumbotron-subtitle\"><strong>Estibaliz Urresola<\/strong><\/h3>\n<h6><strong><\/strong><\/h6>\n<h6><strong>ESPA\u00d1A | 129 MIN | 2023<\/strong><\/h6>\n<p>[\/et_pb_text][et_pb_button button_url=&#8221;https:\/\/lgpfestival.glideapp.io&#8221; url_new_window=&#8221;on&#8221; button_text=&#8221;RESERVA ENTRADAS GRATUITAS&#8221; button_alignment=&#8221;left&#8221; _builder_version=&#8221;4.4.2&#8243; custom_button=&#8221;on&#8221; button_text_size=&#8221;20px&#8221; button_bg_color=&#8221;#fff347&#8243; button_border_color=&#8221;rgba(0,0,0,0)&#8221; button_font=&#8221;Roboto Condensed||||||||&#8221; button_use_icon=&#8221;off&#8221; locked=&#8221;off&#8221;][\/et_pb_button][\/et_pb_column][et_pb_column type=&#8221;1_2&#8243; _builder_version=&#8221;4.4.2&#8243;][\/et_pb_column][\/et_pb_row][et_pb_row column_structure=&#8221;3_5,2_5&#8243; _builder_version=&#8221;4.4.2&#8243; min_height=&#8221;553px&#8221; custom_margin=&#8221;37px|auto||auto||&#8221;][et_pb_column type=&#8221;3_5&#8243; _builder_version=&#8221;4.4.2&#8243;][et_pb_text _builder_version=&#8221;4.4.2&#8243; text_text_color=&#8221;#ffffff&#8221; text_font_size=&#8221;22px&#8221; text_line_height=&#8221;2em&#8221; header_4_font=&#8221;|800|||||||&#8221; header_4_text_color=&#8221;#ffffff&#8221; header_4_font_size=&#8221;25px&#8221; hover_enabled=&#8221;0&#8243;]<\/p>\n<h4>SINOPSIS<\/h4>\n<p><span style=\"font-weight: 400;\"><\/span><\/p>\n<p><span style=\"font-weight: 400;\">Coc\u00f3, de ocho a\u00f1os, no encaja en las expectativas del resto y no entiende por qu\u00e9. Todos a su alrededor insisten en llamarle Aitor pero no se reconoce en ese nombre ni en la mirada de los dem\u00e1s. Su madre Ane (Patricia L\u00f3pez Arnaiz), sumida en una crisis profesional y sentimental, aprovechar\u00e1 las vacaciones para viajar con sus tres hijos a la casa materna, donde reside su madre Lita (Itziar Lazkano) y su t\u00eda Lourdes (Ane Gabarain), estrechamente ligada a la cr\u00eda de abejas y la producci\u00f3n de miel. Este verano que cambiar\u00e1 sus vidas obligar\u00e1 a estas mujeres de tres generaciones muy distintas a enfrentarse a sus dudas y temores. Y sobre todo, a Ane a ser por fin honesta consigo misma.<\/span><\/p>\n<p><span style=\"font-weight: 400;\"><\/span><\/p>\n<p><strong><span style=\"color: #ffff00;\">+<\/span> Di\u00e1logo posterior a la proyecci\u00f3n de la pel\u00edcula<\/strong><\/p>\n<p>[\/et_pb_text][et_pb_text _builder_version=&#8221;4.4.2&#8243; text_text_color=&#8221;#ffffff&#8221; header_4_text_color=&#8221;#ffffff&#8221; header_4_font_size=&#8221;25px&#8221; header_5_text_color=&#8221;#ffffff&#8221; header_5_font_size=&#8221;22px&#8221; header_5_line_height=&#8221;1.8em&#8221; header_6_text_color=&#8221;#ffffff&#8221; background_color=&#8221;#242424&#8243; text_orientation=&#8221;center&#8221; custom_margin=&#8221;0px||||false|false&#8221; custom_padding=&#8221;0px|||||&#8221; border_radii=&#8221;on|10px|10px|10px|10px&#8221;]<\/p>\n<h5><\/h5>\n<h5>Jueves 6 de julio a las 20h en Cinemes Girona<\/h5>\n<p>[\/et_pb_text][et_pb_button button_url=&#8221;https:\/\/lgpfestival.glideapp.io&#8221; url_new_window=&#8221;on&#8221; button_text=&#8221;RESERVA ENTRADAS GRATUITAS&#8221; button_alignment=&#8221;center&#8221; _builder_version=&#8221;4.4.2&#8243; custom_button=&#8221;on&#8221; button_text_size=&#8221;17px&#8221; button_bg_color=&#8221;#fff347&#8243; button_border_color=&#8221;rgba(0,0,0,0)&#8221; button_font=&#8221;Roboto Condensed||||||||&#8221; button_use_icon=&#8221;off&#8221; locked=&#8221;off&#8221;][\/et_pb_button][et_pb_video src=&#8221;https:\/\/youtu.be\/hzu8md4CPcI&#8221; _builder_version=&#8221;4.4.2&#8243;][\/et_pb_video][\/et_pb_column][et_pb_column type=&#8221;2_5&#8243; _builder_version=&#8221;4.4.2&#8243;][et_pb_text _builder_version=&#8221;4.4.2&#8243; text_text_color=&#8221;#ffffff&#8221; header_4_text_color=&#8221;#ffffff&#8221; header_4_font_size=&#8221;25px&#8221; header_5_text_color=&#8221;#ffffff&#8221; header_5_font_size=&#8221;22px&#8221; header_5_line_height=&#8221;1.8em&#8221; header_6_text_color=&#8221;#ffffff&#8221; custom_padding=&#8221;||18px|||&#8221;]<\/p>\n<h4><strong>FICHA T\u00c9CNICA<\/strong><\/h4>\n<h5><strong><\/strong><\/h5>\n<h5><strong><\/strong><\/h5>\n<h5><strong>Direcci\u00f3n: Estibaliz Urresola<\/strong><br \/> <strong>Pa\u00eds: <span style=\"font-weight: 400;\">Espa\u00f1a<\/span><\/strong><br \/> <strong>G\u00e9nero: <span style=\"font-weight: 400;\">Ficci\u00f3n<\/span><\/strong><br \/> <strong>Duraci\u00f3n: <span style=\"font-weight: 400;\">129 min<\/span><\/strong><br \/> <strong>A\u00f1o<\/strong>: <span style=\"font-weight: 400;\">2023<\/span><br \/> <strong>Idioma<\/strong>: Castellano y euskera<br \/> <strong>Subt\u00edtulos<\/strong>: Castellano<\/h5>\n<p>[\/et_pb_text][et_pb_image src=&#8221;https:\/\/lagranpantallafestival.com\/wp-content\/uploads\/2023\/05\/20kAbejas_70x100.jpg&#8221; _builder_version=&#8221;4.4.2&#8243; width=&#8221;70%&#8221;][\/et_pb_image][\/et_pb_column][\/et_pb_row][et_pb_row column_structure=&#8221;1_3,2_3&#8243; _builder_version=&#8221;4.4.2&#8243; background_color=&#8221;#242424&#8243; custom_padding=&#8221;0px||0px|0px||&#8221; border_radii=&#8221;on|6px|6px|6px|6px&#8221;][et_pb_column type=&#8221;1_3&#8243; _builder_version=&#8221;4.4.2&#8243;][et_pb_image src=&#8221;https:\/\/lagranpantallafestival.com\/wp-content\/uploads\/2023\/05\/0_Establiz-Urresola_copyright_Laia-Lluch-6-scaled.jpg&#8221; force_fullwidth=&#8221;on&#8221; _builder_version=&#8221;4.4.2&#8243;][\/et_pb_image][\/et_pb_column][et_pb_column type=&#8221;2_3&#8243; _builder_version=&#8221;4.4.2&#8243;][et_pb_text _builder_version=&#8221;4.4.2&#8243; text_text_color=&#8221;#ffffff&#8221; header_text_color=&#8221;#ffffff&#8221; header_2_text_color=&#8221;#ffffff&#8221; header_3_font=&#8221;|300||on|||||&#8221; header_3_text_color=&#8221;#ffffff&#8221; header_4_text_color=&#8221;#ffffff&#8221; custom_padding=&#8221;9px|||||&#8221;]<\/p>\n<h3 style=\"text-align: center;\"><strong>Estibaliz Urresola<\/strong><\/h3>\n<p>[\/et_pb_text][et_pb_text _builder_version=&#8221;4.4.2&#8243; text_text_color=&#8221;#ffffff&#8221; text_font_size=&#8221;22px&#8221; custom_padding=&#8221;|14px||11px||&#8221;]<\/p>\n<p><span style=\"font-weight: 400;\">Licenciada en Comunicaci\u00f3n audiovisual (UPV); Edici\u00f3n y Teor\u00eda del Montaje (EICTV); M\u00e1ster en direcci\u00f3n Cinematogr\u00e1fica (ESCAC) y M\u00e1ster en Film Business, marketing, distribuci\u00f3n y ventas internacionales (ESCAC). Desde 2011 ha dirigido los cortometrajes <\/span><i><span style=\"font-weight: 400;\">Adri y Polvo Somos<\/span><\/i><span style=\"font-weight: 400;\"> y el largometraje documental<\/span><i><span style=\"font-weight: 400;\"> Voces de papel<\/span><\/i><span style=\"font-weight: 400;\">, estrenado en el Festival Internacional de San Sebasti\u00e1n. Su \u00faltimo cortometraje, <\/span><i><span style=\"font-weight: 400;\">Cuerdas<\/span><\/i><span style=\"font-weight: 400;\">, se ha estrenado en la Semaine de la Critique de Cannes y ha ganado varios premios nacionales e internacionales, entre los cuales el Premio Forqu\u00e9 a Mejor Cortometraje. En 2023 su \u00f3pera prima, <\/span><i><span style=\"font-weight: 400;\">20.000 especies de abejas<\/span><\/i><span style=\"font-weight: 400;\">, se ha estrenado en la Secci\u00f3n Oficial de la Berlinale, donde ha sido galardonada con el Oso de Plata a Mejor Interpretaci\u00f3n para Sof\u00eda Otero.<\/span><\/p>\n<p>[\/et_pb_text][\/et_pb_column][\/et_pb_row][\/et_pb_section][et_pb_section fb_built=&#8221;1&#8243; fullwidth=&#8221;on&#8221; _builder_version=&#8221;4.4.2&#8243; custom_margin=&#8221;0px||||false|false&#8221; custom_margin_tablet=&#8221;49px||||false|false&#8221; custom_margin_phone=&#8221;1px||||false|false&#8221; custom_margin_last_edited=&#8221;on|desktop&#8221; custom_padding=&#8221;0px|||||&#8221;][et_pb_fullwidth_header title=&#8221;CONOCE TODA LA SELECCI\u00d3N OFICIAL DE 2023&#8243; subhead=&#8221;LARGOMETRAJES&#8221; text_orientation=&#8221;center&#8221; _builder_version=&#8221;4.4.2&#8243; subhead_font=&#8221;Roboto Condensed||||||||&#8221; subhead_text_color=&#8221;#edf000&#8243; custom_margin=&#8221;-51px|||||&#8221; custom_padding=&#8221;0px||0px|||&#8221;][\/et_pb_fullwidth_header][et_pb_fullwidth_portfolio include_categories=&#8221;895&#8243; show_date=&#8221;off&#8221; zoom_icon_color=&#8221;rgba(0,0,0,0)&#8221; hover_overlay_color=&#8221;rgba(255,255,255,0.8)&#8221; _builder_version=&#8221;4.4.2&#8243;][\/et_pb_fullwidth_portfolio][\/et_pb_section]<\/p>\n","protected":false},"excerpt":{"rendered":"<p>20.000 especies de abejas Estibaliz Urresola ESPA\u00d1A | 129 MIN | 2023SINOPSIS Coc\u00f3, de ocho a\u00f1os, no encaja en las expectativas del resto y no entiende por qu\u00e9. Todos a su alrededor insisten en llamarle Aitor pero no se reconoce en ese nombre ni en la mirada de los dem\u00e1s. Su madre Ane (Patricia L\u00f3pez [&hellip;]<\/p>\n","protected":false},"author":5,"featured_media":240790,"comment_status":"closed","ping_status":"closed","template":"","meta":{"_et_pb_use_builder":"on","_et_pb_old_content":"","_et_gb_content_width":"","cybocfi_hide_featured_image":"","footnotes":""},"project_category":[906,94,897,283],"project_tag":[],"class_list":["post-240795","project","type-project","status-publish","has-post-thumbnail","hentry","project_category-dir-estibaliz-urresola-ca","project_category-ficcio","project_category-llargmetratge-2023","project_category-espanya"],"yoast_head":"<!-- This site is optimized with the Yoast SEO plugin v26.7 - https:\/\/yoast.com\/wordpress\/plugins\/seo\/ -->\n<title>20.000 especies de abejas &#183; Festival Internacional de Cinema de les Persones Grans de Barcelona: La Gran Pantalla<\/title>\n<meta name=\"robots\" content=\"index, follow, max-snippet:-1, max-image-preview:large, max-video-preview:-1\" \/>\n<link rel=\"canonical\" href=\"https:\/\/lagranpantallafestival.com\/ca\/film\/20-000-especies-de-abejas-2\/\" \/>\n<meta property=\"og:locale\" content=\"ca_ES\" \/>\n<meta property=\"og:type\" content=\"article\" \/>\n<meta property=\"og:title\" content=\"20.000 especies de abejas &#183; Festival Internacional de Cinema de les Persones Grans de Barcelona: La Gran Pantalla\" \/>\n<meta property=\"og:description\" content=\"20.000 especies de abejas Estibaliz Urresola ESPA\u00d1A | 129 MIN | 2023SINOPSIS Coc\u00f3, de ocho a\u00f1os, no encaja en las expectativas del resto y no entiende por qu\u00e9. Todos a su alrededor insisten en llamarle Aitor pero no se reconoce en ese nombre ni en la mirada de los dem\u00e1s. Su madre Ane (Patricia L\u00f3pez [&hellip;]\" \/>\n<meta property=\"og:url\" content=\"https:\/\/lagranpantallafestival.com\/ca\/film\/20-000-especies-de-abejas-2\/\" \/>\n<meta property=\"og:site_name\" content=\"Festival Internacional de Cinema de les Persones Grans de Barcelona: La Gran Pantalla\" \/>\n<meta property=\"article:publisher\" content=\"https:\/\/www.facebook.com\/lagranpantallabcn\/\" \/>\n<meta property=\"article:modified_time\" content=\"2024-12-20T11:32:45+00:00\" \/>\n<meta property=\"og:image\" content=\"https:\/\/lagranpantallafestival.com\/wp-content\/uploads\/2023\/05\/20.000-species-of-bees_still-2_-1-scaled.jpg\" \/>\n\t<meta property=\"og:image:width\" content=\"2560\" \/>\n\t<meta property=\"og:image:height\" content=\"1384\" \/>\n\t<meta property=\"og:image:type\" content=\"image\/jpeg\" \/>\n<meta name=\"twitter:card\" content=\"summary_large_image\" \/>\n<meta name=\"twitter:site\" content=\"@granpantallabcn\" \/>\n<script type=\"application\/ld+json\" class=\"yoast-schema-graph\">{\"@context\":\"https:\/\/schema.org\",\"@graph\":[{\"@type\":\"WebPage\",\"@id\":\"https:\/\/lagranpantallafestival.com\/ca\/film\/20-000-especies-de-abejas-2\/\",\"url\":\"https:\/\/lagranpantallafestival.com\/ca\/film\/20-000-especies-de-abejas-2\/\",\"name\":\"20.000 especies de abejas &#183; Festival Internacional de Cinema de les Persones Grans de Barcelona: La Gran Pantalla\",\"isPartOf\":{\"@id\":\"https:\/\/lagranpantallafestival.com\/ca\/#website\"},\"primaryImageOfPage\":{\"@id\":\"https:\/\/lagranpantallafestival.com\/ca\/film\/20-000-especies-de-abejas-2\/#primaryimage\"},\"image\":{\"@id\":\"https:\/\/lagranpantallafestival.com\/ca\/film\/20-000-especies-de-abejas-2\/#primaryimage\"},\"thumbnailUrl\":\"https:\/\/lagranpantallafestival.com\/wp-content\/uploads\/2023\/05\/20.000-species-of-bees_still-2_-1-scaled.jpg\",\"datePublished\":\"2023-05-16T16:37:29+00:00\",\"dateModified\":\"2024-12-20T11:32:45+00:00\",\"breadcrumb\":{\"@id\":\"https:\/\/lagranpantallafestival.com\/ca\/film\/20-000-especies-de-abejas-2\/#breadcrumb\"},\"inLanguage\":\"ca\",\"potentialAction\":[{\"@type\":\"ReadAction\",\"target\":[\"https:\/\/lagranpantallafestival.com\/ca\/film\/20-000-especies-de-abejas-2\/\"]}]},{\"@type\":\"ImageObject\",\"inLanguage\":\"ca\",\"@id\":\"https:\/\/lagranpantallafestival.com\/ca\/film\/20-000-especies-de-abejas-2\/#primaryimage\",\"url\":\"https:\/\/lagranpantallafestival.com\/wp-content\/uploads\/2023\/05\/20.000-species-of-bees_still-2_-1-scaled.jpg\",\"contentUrl\":\"https:\/\/lagranpantallafestival.com\/wp-content\/uploads\/2023\/05\/20.000-species-of-bees_still-2_-1-scaled.jpg\",\"width\":2560,\"height\":1384},{\"@type\":\"BreadcrumbList\",\"@id\":\"https:\/\/lagranpantallafestival.com\/ca\/film\/20-000-especies-de-abejas-2\/#breadcrumb\",\"itemListElement\":[{\"@type\":\"ListItem\",\"position\":1,\"name\":\"Portada\",\"item\":\"https:\/\/lagranpantallafestival.com\/ca\/\"},{\"@type\":\"ListItem\",\"position\":2,\"name\":\"Projects\",\"item\":\"https:\/\/lagranpantallafestival.com\/ca\/film\/\"},{\"@type\":\"ListItem\",\"position\":3,\"name\":\"20.000 especies de abejas\"}]},{\"@type\":\"WebSite\",\"@id\":\"https:\/\/lagranpantallafestival.com\/ca\/#website\",\"url\":\"https:\/\/lagranpantallafestival.com\/ca\/\",\"name\":\"Festival Internacional de Cinema de les Persones Grans de Barcelona: La Gran Pantalla\",\"description\":\"El Festival Internacional de Cine de las personas mayores La gran pantalla! es el primer espacio en Barcelona dedicado al encuentro cinematogr\u00e1fico intergeneracional. Proyectamos pel\u00edculas y cortometrajes que aborden nuevas miradas sobre el hecho de ser mayor. Nuestro objetivo es desmontar los estereotipos que existen en la sociedad y promover el envejecimiento activo, a trav\u00e9s de la reflexi\u00f3n y el debate que inspira el s\u00e9ptimo arte.\",\"publisher\":{\"@id\":\"https:\/\/lagranpantallafestival.com\/ca\/#organization\"},\"potentialAction\":[{\"@type\":\"SearchAction\",\"target\":{\"@type\":\"EntryPoint\",\"urlTemplate\":\"https:\/\/lagranpantallafestival.com\/ca\/?s={search_term_string}\"},\"query-input\":{\"@type\":\"PropertyValueSpecification\",\"valueRequired\":true,\"valueName\":\"search_term_string\"}}],\"inLanguage\":\"ca\"},{\"@type\":\"Organization\",\"@id\":\"https:\/\/lagranpantallafestival.com\/ca\/#organization\",\"name\":\"[wpseo_titles]company_nombre\",\"url\":\"https:\/\/lagranpantallafestival.com\/ca\/\",\"logo\":{\"@type\":\"ImageObject\",\"inLanguage\":\"ca\",\"@id\":\"https:\/\/lagranpantallafestival.com\/ca\/#\/schema\/logo\/image\/\",\"url\":\"https:\/\/i0.wp.com\/lagranpantallafestival.com\/wp-content\/uploads\/2020\/05\/Logo_web_LaGranPantalla.png?fit=901%2C301&ssl=1\",\"contentUrl\":\"https:\/\/i0.wp.com\/lagranpantallafestival.com\/wp-content\/uploads\/2020\/05\/Logo_web_LaGranPantalla.png?fit=901%2C301&ssl=1\",\"width\":901,\"height\":301,\"caption\":\"[wpseo_titles]company_nombre\"},\"image\":{\"@id\":\"https:\/\/lagranpantallafestival.com\/ca\/#\/schema\/logo\/image\/\"},\"sameAs\":[\"https:\/\/www.facebook.com\/lagranpantallabcn\/\",\"https:\/\/x.com\/granpantallabcn\",\"https:\/\/www.instagram.com\/lagranpantallabcn\/\",\"https:\/\/www.youtube.com\/user\/colectivoelparlante\"]}]}<\/script>\n<!-- \/ Yoast SEO plugin. -->","yoast_head_json":{"title":"20.000 especies de abejas &#183; Festival Internacional de Cinema de les Persones Grans de Barcelona: La Gran Pantalla","robots":{"index":"index","follow":"follow","max-snippet":"max-snippet:-1","max-image-preview":"max-image-preview:large","max-video-preview":"max-video-preview:-1"},"canonical":"https:\/\/lagranpantallafestival.com\/ca\/film\/20-000-especies-de-abejas-2\/","og_locale":"ca_ES","og_type":"article","og_title":"20.000 especies de abejas &#183; Festival Internacional de Cinema de les Persones Grans de Barcelona: La Gran Pantalla","og_description":"20.000 especies de abejas Estibaliz Urresola ESPA\u00d1A | 129 MIN | 2023SINOPSIS Coc\u00f3, de ocho a\u00f1os, no encaja en las expectativas del resto y no entiende por qu\u00e9. Todos a su alrededor insisten en llamarle Aitor pero no se reconoce en ese nombre ni en la mirada de los dem\u00e1s. Su madre Ane (Patricia L\u00f3pez [&hellip;]","og_url":"https:\/\/lagranpantallafestival.com\/ca\/film\/20-000-especies-de-abejas-2\/","og_site_name":"Festival Internacional de Cinema de les Persones Grans de Barcelona: La Gran Pantalla","article_publisher":"https:\/\/www.facebook.com\/lagranpantallabcn\/","article_modified_time":"2024-12-20T11:32:45+00:00","og_image":[{"width":2560,"height":1384,"url":"https:\/\/lagranpantallafestival.com\/wp-content\/uploads\/2023\/05\/20.000-species-of-bees_still-2_-1-scaled.jpg","type":"image\/jpeg"}],"twitter_card":"summary_large_image","twitter_site":"@granpantallabcn","schema":{"@context":"https:\/\/schema.org","@graph":[{"@type":"WebPage","@id":"https:\/\/lagranpantallafestival.com\/ca\/film\/20-000-especies-de-abejas-2\/","url":"https:\/\/lagranpantallafestival.com\/ca\/film\/20-000-especies-de-abejas-2\/","name":"20.000 especies de abejas &#183; Festival Internacional de Cinema de les Persones Grans de Barcelona: La Gran Pantalla","isPartOf":{"@id":"https:\/\/lagranpantallafestival.com\/ca\/#website"},"primaryImageOfPage":{"@id":"https:\/\/lagranpantallafestival.com\/ca\/film\/20-000-especies-de-abejas-2\/#primaryimage"},"image":{"@id":"https:\/\/lagranpantallafestival.com\/ca\/film\/20-000-especies-de-abejas-2\/#primaryimage"},"thumbnailUrl":"https:\/\/lagranpantallafestival.com\/wp-content\/uploads\/2023\/05\/20.000-species-of-bees_still-2_-1-scaled.jpg","datePublished":"2023-05-16T16:37:29+00:00","dateModified":"2024-12-20T11:32:45+00:00","breadcrumb":{"@id":"https:\/\/lagranpantallafestival.com\/ca\/film\/20-000-especies-de-abejas-2\/#breadcrumb"},"inLanguage":"ca","potentialAction":[{"@type":"ReadAction","target":["https:\/\/lagranpantallafestival.com\/ca\/film\/20-000-especies-de-abejas-2\/"]}]},{"@type":"ImageObject","inLanguage":"ca","@id":"https:\/\/lagranpantallafestival.com\/ca\/film\/20-000-especies-de-abejas-2\/#primaryimage","url":"https:\/\/lagranpantallafestival.com\/wp-content\/uploads\/2023\/05\/20.000-species-of-bees_still-2_-1-scaled.jpg","contentUrl":"https:\/\/lagranpantallafestival.com\/wp-content\/uploads\/2023\/05\/20.000-species-of-bees_still-2_-1-scaled.jpg","width":2560,"height":1384},{"@type":"BreadcrumbList","@id":"https:\/\/lagranpantallafestival.com\/ca\/film\/20-000-especies-de-abejas-2\/#breadcrumb","itemListElement":[{"@type":"ListItem","position":1,"name":"Portada","item":"https:\/\/lagranpantallafestival.com\/ca\/"},{"@type":"ListItem","position":2,"name":"Projects","item":"https:\/\/lagranpantallafestival.com\/ca\/film\/"},{"@type":"ListItem","position":3,"name":"20.000 especies de abejas"}]},{"@type":"WebSite","@id":"https:\/\/lagranpantallafestival.com\/ca\/#website","url":"https:\/\/lagranpantallafestival.com\/ca\/","name":"Festival Internacional de Cinema de les Persones Grans de Barcelona: La Gran Pantalla","description":"El Festival Internacional de Cine de las personas mayores La gran pantalla! es el primer espacio en Barcelona dedicado al encuentro cinematogr\u00e1fico intergeneracional. Proyectamos pel\u00edculas y cortometrajes que aborden nuevas miradas sobre el hecho de ser mayor. Nuestro objetivo es desmontar los estereotipos que existen en la sociedad y promover el envejecimiento activo, a trav\u00e9s de la reflexi\u00f3n y el debate que inspira el s\u00e9ptimo arte.","publisher":{"@id":"https:\/\/lagranpantallafestival.com\/ca\/#organization"},"potentialAction":[{"@type":"SearchAction","target":{"@type":"EntryPoint","urlTemplate":"https:\/\/lagranpantallafestival.com\/ca\/?s={search_term_string}"},"query-input":{"@type":"PropertyValueSpecification","valueRequired":true,"valueName":"search_term_string"}}],"inLanguage":"ca"},{"@type":"Organization","@id":"https:\/\/lagranpantallafestival.com\/ca\/#organization","name":"[wpseo_titles]company_nombre","url":"https:\/\/lagranpantallafestival.com\/ca\/","logo":{"@type":"ImageObject","inLanguage":"ca","@id":"https:\/\/lagranpantallafestival.com\/ca\/#\/schema\/logo\/image\/","url":"https:\/\/i0.wp.com\/lagranpantallafestival.com\/wp-content\/uploads\/2020\/05\/Logo_web_LaGranPantalla.png?fit=901%2C301&ssl=1","contentUrl":"https:\/\/i0.wp.com\/lagranpantallafestival.com\/wp-content\/uploads\/2020\/05\/Logo_web_LaGranPantalla.png?fit=901%2C301&ssl=1","width":901,"height":301,"caption":"[wpseo_titles]company_nombre"},"image":{"@id":"https:\/\/lagranpantallafestival.com\/ca\/#\/schema\/logo\/image\/"},"sameAs":["https:\/\/www.facebook.com\/lagranpantallabcn\/","https:\/\/x.com\/granpantallabcn","https:\/\/www.instagram.com\/lagranpantallabcn\/","https:\/\/www.youtube.com\/user\/colectivoelparlante"]}]}},"_links":{"self":[{"href":"https:\/\/lagranpantallafestival.com\/ca\/wp-json\/wp\/v2\/project\/240795","targetHints":{"allow":["GET"]}}],"collection":[{"href":"https:\/\/lagranpantallafestival.com\/ca\/wp-json\/wp\/v2\/project"}],"about":[{"href":"https:\/\/lagranpantallafestival.com\/ca\/wp-json\/wp\/v2\/types\/project"}],"author":[{"embeddable":true,"href":"https:\/\/lagranpantallafestival.com\/ca\/wp-json\/wp\/v2\/users\/5"}],"replies":[{"embeddable":true,"href":"https:\/\/lagranpantallafestival.com\/ca\/wp-json\/wp\/v2\/comments?post=240795"}],"version-history":[{"count":8,"href":"https:\/\/lagranpantallafestival.com\/ca\/wp-json\/wp\/v2\/project\/240795\/revisions"}],"predecessor-version":[{"id":245694,"href":"https:\/\/lagranpantallafestival.com\/ca\/wp-json\/wp\/v2\/project\/240795\/revisions\/245694"}],"wp:featuredmedia":[{"embeddable":true,"href":"https:\/\/lagranpantallafestival.com\/ca\/wp-json\/wp\/v2\/media\/240790"}],"wp:attachment":[{"href":"https:\/\/lagranpantallafestival.com\/ca\/wp-json\/wp\/v2\/media?parent=240795"}],"wp:term":[{"taxonomy":"project_category","embeddable":true,"href":"https:\/\/lagranpantallafestival.com\/ca\/wp-json\/wp\/v2\/project_category?post=240795"},{"taxonomy":"project_tag","embeddable":true,"href":"https:\/\/lagranpantallafestival.com\/ca\/wp-json\/wp\/v2\/project_tag?post=240795"}],"curies":[{"name":"wp","href":"https:\/\/api.w.org\/{rel}","templated":true}]}}