{"id":240618,"date":"2023-05-12T11:27:41","date_gmt":"2023-05-12T11:27:41","guid":{"rendered":"https:\/\/lagranpantallafestival.com\/?post_type=project&#038;p=240618"},"modified":"2024-12-20T11:32:29","modified_gmt":"2024-12-20T11:32:29","slug":"casette-2","status":"publish","type":"project","link":"https:\/\/lagranpantallafestival.com\/ca\/film\/casette-2\/","title":{"rendered":"Cassette"},"content":{"rendered":"<p>[et_pb_section fb_built=&#8221;1&#8243; _builder_version=&#8221;4.4.2&#8243;][et_pb_row _builder_version=&#8221;4.4.2&#8243; min_height=&#8221;249.7px&#8221; custom_margin=&#8221;|auto|-31px|auto||&#8221; custom_padding=&#8221;0px||0px|||&#8221; locked=&#8221;off&#8221;][et_pb_column type=&#8221;4_4&#8243; _builder_version=&#8221;4.4.2&#8243;][et_pb_text _builder_version=&#8221;4.4.2&#8243; text_text_color=&#8221;#000000&#8243; header_text_color=&#8221;#000000&#8243; header_font_size=&#8221;49px&#8221; header_2_text_color=&#8221;#000000&#8243; header_3_text_color=&#8221;#000000&#8243; header_4_text_color=&#8221;#000000&#8243; header_4_font_size=&#8221;29px&#8221; header_5_text_color=&#8221;#000000&#8243; header_5_font_size=&#8221;30px&#8221; header_6_text_color=&#8221;#000000&#8243; header_6_font_size=&#8221;21px&#8221;]<\/p>\n<h1><b>Cassette<\/b><\/h1>\n<h4><strong>Timur Murodov<\/strong><\/h4>\n<h6><strong><span style=\"color: #000000;\"><\/span><\/strong><\/h6>\n<h6><strong><span style=\"color: #000000;\">UZBEKIST\u00c1N | 14 MIN | 2022<\/span><\/strong><\/h6>\n<p>[\/et_pb_text][et_pb_button url_new_window=&#8221;on&#8221; button_text=&#8221;RESERVA ENTRADAS GRATUITAS&#8221; button_alignment=&#8221;left&#8221; _builder_version=&#8221;4.4.2&#8243; custom_button=&#8221;on&#8221; button_text_size=&#8221;20px&#8221; button_bg_color=&#8221;#fff347&#8243; button_border_color=&#8221;rgba(0,0,0,0)&#8221; button_font=&#8221;Roboto Condensed||||||||&#8221; button_use_icon=&#8221;off&#8221; hover_enabled=&#8221;0&#8243; locked=&#8221;off&#8221; button_url=&#8221;https:\/\/lgpfestival.glideapp.io&#8221;][\/et_pb_button][\/et_pb_column][\/et_pb_row][et_pb_row column_structure=&#8221;3_5,2_5&#8243; _builder_version=&#8221;4.4.2&#8243; min_height=&#8221;538px&#8221; custom_margin=&#8221;36px|auto||auto||&#8221; custom_padding=&#8221;0px|||||&#8221; locked=&#8221;off&#8221;][et_pb_column type=&#8221;3_5&#8243; _builder_version=&#8221;4.4.2&#8243;][et_pb_text _builder_version=&#8221;4.4.2&#8243; text_text_color=&#8221;#000000&#8243; text_line_height=&#8221;2em&#8221; header_text_color=&#8221;#000000&#8243; header_4_font=&#8221;|800|||||||&#8221; header_4_text_color=&#8221;#000000&#8243;]<\/p>\n<h4>SINOPSIS<\/h4>\n<p><span style=\"font-weight: 400;\"><\/span><\/p>\n<p><span style=\"font-weight: 400;\">El padre Safar, de 70 a\u00f1os, mira cintas de video sin salir de casa. Est\u00e1 enfadado con su hijo, que se march\u00f3 en Rusia. \u00c9l no entiende la tecnolog\u00eda moderna. Su vida es una cinta de video. Un d\u00eda, esta cinta se rompe y el padre Safar se ve obligado a entrar en la vida moderna.<\/span><\/p>\n<p>[\/et_pb_text][et_pb_text _builder_version=&#8221;4.4.2&#8243; text_text_color=&#8221;#000000&#8243; header_text_color=&#8221;#000000&#8243; header_4_text_color=&#8221;#000000&#8243; header_5_text_color=&#8221;#000000&#8243; header_5_line_height=&#8221;1.8em&#8221; header_6_text_color=&#8221;#000000&#8243;]<\/p>\n<h4><b>SESI\u00d3N<\/b><\/h4>\n<h5><strong><\/strong><\/h5>\n<h5><strong><\/strong><\/h5>\n<h5>Viernes 7 de julio a las 18h en Cinemes Girona<\/h5>\n<h6><strong>Bloque 3 Selecci\u00f3n Oficial de la Competici\u00f3n de Cortometrajes Internacionales<\/strong><\/h6>\n<p>[\/et_pb_text][et_pb_button url_new_window=&#8221;on&#8221; button_text=&#8221;RESERVA ENTRADAS GRATUITAS&#8221; button_alignment=&#8221;left&#8221; _builder_version=&#8221;4.4.2&#8243; custom_button=&#8221;on&#8221; button_text_size=&#8221;17px&#8221; button_bg_color=&#8221;#fff347&#8243; button_border_color=&#8221;rgba(0,0,0,0)&#8221; button_font=&#8221;Roboto Condensed||||||||&#8221; button_use_icon=&#8221;off&#8221; hover_enabled=&#8221;0&#8243; locked=&#8221;off&#8221; button_url=&#8221;https:\/\/lgpfestival.glideapp.io&#8221;][\/et_pb_button][\/et_pb_column][et_pb_column type=&#8221;2_5&#8243; _builder_version=&#8221;4.4.2&#8243;][et_pb_text _builder_version=&#8221;4.4.2&#8243; text_text_color=&#8221;#000000&#8243; header_text_color=&#8221;#000000&#8243; header_2_text_color=&#8221;#000000&#8243; header_3_text_color=&#8221;#000000&#8243; header_4_text_color=&#8221;#000000&#8243; header_4_font_size=&#8221;21px&#8221; header_5_text_color=&#8221;#000000&#8243; header_5_font_size=&#8221;19px&#8221; header_5_line_height=&#8221;1.8em&#8221; header_6_text_color=&#8221;#000000&#8243; custom_padding=&#8221;||18px|||&#8221;]<\/p>\n<h4><strong>FICHA T\u00c9CNICA<\/strong><\/h4>\n<h5><strong><\/strong><\/h5>\n<h5><strong><\/strong><\/h5>\n<h5><strong>Direcci\u00f3n: <span style=\"font-weight: 400;\">Timur Murodov<\/span><\/strong><br \/> <strong>Pa\u00eds: <span style=\"font-weight: 400;\">Uzbekist\u00e1n<\/span><\/strong><br \/> <strong>G\u00e9nero: <span style=\"font-weight: 400;\">Ficci\u00f3n<\/span><\/strong><br \/> <strong>Duraci\u00f3n: <\/strong>14 min<br \/> <strong>A\u00f1o<\/strong>: 2022<br \/> <strong>Idioma: <span style=\"font-weight: 400;\">Uzbeko<\/span><\/strong><br \/> <strong>Subt\u00edtulos: <\/strong>Catal\u00e1n<\/h5>\n<p>[\/et_pb_text][et_pb_image src=&#8221;https:\/\/lagranpantallafestival.com\/wp-content\/uploads\/2023\/05\/afbe9f7fcf-poster.jpg&#8221; _builder_version=&#8221;4.4.2&#8243; width=&#8221;65%&#8221;][\/et_pb_image][\/et_pb_column][\/et_pb_row][et_pb_row column_structure=&#8221;1_3,2_3&#8243; _builder_version=&#8221;4.4.2&#8243; background_color=&#8221;#d6d6d6&#8243; custom_padding=&#8221;0px|30px|0px|||&#8221; border_radii=&#8221;on|5px|5px|5px|5px&#8221;][et_pb_column type=&#8221;1_3&#8243; _builder_version=&#8221;4.4.2&#8243;][et_pb_image src=&#8221;https:\/\/lagranpantallafestival.com\/wp-content\/uploads\/2023\/05\/898afea86e-headshot.jpg&#8221; _builder_version=&#8221;4.4.2&#8243;][\/et_pb_image][\/et_pb_column][et_pb_column type=&#8221;2_3&#8243; _builder_version=&#8221;4.4.2&#8243;][et_pb_text _builder_version=&#8221;4.4.2&#8243; text_font=&#8221;|||on|||||&#8221; header_4_font=&#8221;|||on|||||&#8221; custom_padding=&#8221;19px|||24px||&#8221;]<\/p>\n<h3 style=\"text-align: left;\"><strong>Timur Murodov<\/strong><\/h3>\n<p>[\/et_pb_text][et_pb_text _builder_version=&#8221;4.4.2&#8243; custom_padding=&#8221;|||24px||&#8221;]<\/p>\n<p style=\"text-align: justify;\"><strong><span style=\"color: #000000;\">Mirtemir (Temur) Molotov, <\/span><\/strong><span style=\"color: #000000;\">naci\u00f3 en 1996 en la regi\u00f3n de Jizzakh. Entre el 2012 y el 2015 estudi\u00f3 al College of Culture, y el 2017 hizo un curso de direcci\u00f3n de <\/span><span style=\"color: #000000;\"><i>house ar<\/i>t. Desde el 2021 se est\u00e1 formado en interpretaci\u00f3n a la Tashkent branch de VGIK.<\/span><\/p>\n<p>[\/et_pb_text][\/et_pb_column][\/et_pb_row][\/et_pb_section][et_pb_section fb_built=&#8221;1&#8243; fullwidth=&#8221;on&#8221; _builder_version=&#8221;4.4.2&#8243; custom_margin=&#8221;0px||||false|false&#8221; custom_margin_tablet=&#8221;45px||||false|false&#8221; custom_margin_phone=&#8221;45px||||false|false&#8221; custom_margin_last_edited=&#8221;on|desktop&#8221;][et_pb_fullwidth_header title=&#8221;CONOCE TODA LA SELECCI\u00d3N OFICIAL DE 2023&#8243; subhead=&#8221;CORTOMETRAJES&#8221; text_orientation=&#8221;center&#8221; _builder_version=&#8221;4.4.2&#8243; subhead_font=&#8221;Roboto Condensed||||||||&#8221; subhead_text_color=&#8221;#edf000&#8243;][\/et_pb_fullwidth_header][et_pb_fullwidth_portfolio include_categories=&#8221;789&#8243; show_date=&#8221;off&#8221; zoom_icon_color=&#8221;rgba(0,0,0,0)&#8221; hover_overlay_color=&#8221;rgba(255,255,255,0.8)&#8221; _builder_version=&#8221;4.4.2&#8243;][\/et_pb_fullwidth_portfolio][\/et_pb_section]<\/p>\n","protected":false},"excerpt":{"rendered":"<p>Cassette Timur Murodov UZBEKIST\u00c1N | 14 MIN | 2022SINOPSIS El padre Safar, de 70 a\u00f1os, mira cintas de video sin salir de casa. Est\u00e1 enfadado con su hijo, que se march\u00f3 en Rusia. \u00c9l no entiende la tecnolog\u00eda moderna. Su vida es una cinta de video. Un d\u00eda, esta cinta se rompe y el padre [&hellip;]<\/p>\n","protected":false},"author":5,"featured_media":240617,"comment_status":"closed","ping_status":"closed","template":"","meta":{"_et_pb_use_builder":"on","_et_pb_old_content":"","_et_gb_content_width":"","cybocfi_hide_featured_image":"","footnotes":""},"project_category":[803,791,851,94,880],"project_tag":[],"class_list":["post-240618","project","type-project","status-publish","has-post-thumbnail","hentry","project_category-curmetratge-2023-bloc-3","project_category-curtmetratge-2023","project_category-dir-timur-murodov","project_category-ficcio","project_category-pais-uzbekistan-ca"],"yoast_head":"<!-- This site is optimized with the Yoast SEO plugin v26.7 - https:\/\/yoast.com\/wordpress\/plugins\/seo\/ -->\n<title>Cassette &#183; Festival Internacional de Cinema de les Persones Grans de Barcelona: La Gran Pantalla<\/title>\n<meta name=\"robots\" content=\"index, follow, max-snippet:-1, max-image-preview:large, max-video-preview:-1\" \/>\n<link rel=\"canonical\" href=\"https:\/\/lagranpantallafestival.com\/ca\/film\/casette-2\/\" \/>\n<meta property=\"og:locale\" content=\"ca_ES\" \/>\n<meta property=\"og:type\" content=\"article\" \/>\n<meta property=\"og:title\" content=\"Cassette &#183; Festival Internacional de Cinema de les Persones Grans de Barcelona: La Gran Pantalla\" \/>\n<meta property=\"og:description\" content=\"Cassette Timur Murodov UZBEKIST\u00c1N | 14 MIN | 2022SINOPSIS El padre Safar, de 70 a\u00f1os, mira cintas de video sin salir de casa. Est\u00e1 enfadado con su hijo, que se march\u00f3 en Rusia. \u00c9l no entiende la tecnolog\u00eda moderna. Su vida es una cinta de video. Un d\u00eda, esta cinta se rompe y el padre [&hellip;]\" \/>\n<meta property=\"og:url\" content=\"https:\/\/lagranpantallafestival.com\/ca\/film\/casette-2\/\" \/>\n<meta property=\"og:site_name\" content=\"Festival Internacional de Cinema de les Persones Grans de Barcelona: La Gran Pantalla\" \/>\n<meta property=\"article:publisher\" content=\"https:\/\/www.facebook.com\/lagranpantallabcn\/\" \/>\n<meta property=\"article:modified_time\" content=\"2024-12-20T11:32:29+00:00\" \/>\n<meta property=\"og:image\" content=\"https:\/\/lagranpantallafestival.com\/wp-content\/uploads\/2023\/05\/\u041a\u0430\u0434\u0440-2.jpg\" \/>\n\t<meta property=\"og:image:width\" content=\"1520\" \/>\n\t<meta property=\"og:image:height\" content=\"720\" \/>\n\t<meta property=\"og:image:type\" content=\"image\/jpeg\" \/>\n<meta name=\"twitter:card\" content=\"summary_large_image\" \/>\n<meta name=\"twitter:site\" content=\"@granpantallabcn\" \/>\n<script type=\"application\/ld+json\" class=\"yoast-schema-graph\">{\"@context\":\"https:\/\/schema.org\",\"@graph\":[{\"@type\":\"WebPage\",\"@id\":\"https:\/\/lagranpantallafestival.com\/ca\/film\/casette-2\/\",\"url\":\"https:\/\/lagranpantallafestival.com\/ca\/film\/casette-2\/\",\"name\":\"Cassette &#183; Festival Internacional de Cinema de les Persones Grans de Barcelona: La Gran Pantalla\",\"isPartOf\":{\"@id\":\"https:\/\/lagranpantallafestival.com\/ca\/#website\"},\"primaryImageOfPage\":{\"@id\":\"https:\/\/lagranpantallafestival.com\/ca\/film\/casette-2\/#primaryimage\"},\"image\":{\"@id\":\"https:\/\/lagranpantallafestival.com\/ca\/film\/casette-2\/#primaryimage\"},\"thumbnailUrl\":\"https:\/\/lagranpantallafestival.com\/wp-content\/uploads\/2023\/05\/\u041a\u0430\u0434\u0440-2.jpg\",\"datePublished\":\"2023-05-12T11:27:41+00:00\",\"dateModified\":\"2024-12-20T11:32:29+00:00\",\"breadcrumb\":{\"@id\":\"https:\/\/lagranpantallafestival.com\/ca\/film\/casette-2\/#breadcrumb\"},\"inLanguage\":\"ca\",\"potentialAction\":[{\"@type\":\"ReadAction\",\"target\":[\"https:\/\/lagranpantallafestival.com\/ca\/film\/casette-2\/\"]}]},{\"@type\":\"ImageObject\",\"inLanguage\":\"ca\",\"@id\":\"https:\/\/lagranpantallafestival.com\/ca\/film\/casette-2\/#primaryimage\",\"url\":\"https:\/\/lagranpantallafestival.com\/wp-content\/uploads\/2023\/05\/\u041a\u0430\u0434\u0440-2.jpg\",\"contentUrl\":\"https:\/\/lagranpantallafestival.com\/wp-content\/uploads\/2023\/05\/\u041a\u0430\u0434\u0440-2.jpg\",\"width\":1520,\"height\":720},{\"@type\":\"BreadcrumbList\",\"@id\":\"https:\/\/lagranpantallafestival.com\/ca\/film\/casette-2\/#breadcrumb\",\"itemListElement\":[{\"@type\":\"ListItem\",\"position\":1,\"name\":\"Portada\",\"item\":\"https:\/\/lagranpantallafestival.com\/ca\/\"},{\"@type\":\"ListItem\",\"position\":2,\"name\":\"Projects\",\"item\":\"https:\/\/lagranpantallafestival.com\/ca\/film\/\"},{\"@type\":\"ListItem\",\"position\":3,\"name\":\"Cassette\"}]},{\"@type\":\"WebSite\",\"@id\":\"https:\/\/lagranpantallafestival.com\/ca\/#website\",\"url\":\"https:\/\/lagranpantallafestival.com\/ca\/\",\"name\":\"Festival Internacional de Cinema de les Persones Grans de Barcelona: La Gran Pantalla\",\"description\":\"El Festival Internacional de Cine de las personas mayores La gran pantalla! es el primer espacio en Barcelona dedicado al encuentro cinematogr\u00e1fico intergeneracional. Proyectamos pel\u00edculas y cortometrajes que aborden nuevas miradas sobre el hecho de ser mayor. Nuestro objetivo es desmontar los estereotipos que existen en la sociedad y promover el envejecimiento activo, a trav\u00e9s de la reflexi\u00f3n y el debate que inspira el s\u00e9ptimo arte.\",\"publisher\":{\"@id\":\"https:\/\/lagranpantallafestival.com\/ca\/#organization\"},\"potentialAction\":[{\"@type\":\"SearchAction\",\"target\":{\"@type\":\"EntryPoint\",\"urlTemplate\":\"https:\/\/lagranpantallafestival.com\/ca\/?s={search_term_string}\"},\"query-input\":{\"@type\":\"PropertyValueSpecification\",\"valueRequired\":true,\"valueName\":\"search_term_string\"}}],\"inLanguage\":\"ca\"},{\"@type\":\"Organization\",\"@id\":\"https:\/\/lagranpantallafestival.com\/ca\/#organization\",\"name\":\"[wpseo_titles]company_nombre\",\"url\":\"https:\/\/lagranpantallafestival.com\/ca\/\",\"logo\":{\"@type\":\"ImageObject\",\"inLanguage\":\"ca\",\"@id\":\"https:\/\/lagranpantallafestival.com\/ca\/#\/schema\/logo\/image\/\",\"url\":\"https:\/\/i0.wp.com\/lagranpantallafestival.com\/wp-content\/uploads\/2020\/05\/Logo_web_LaGranPantalla.png?fit=901%2C301&ssl=1\",\"contentUrl\":\"https:\/\/i0.wp.com\/lagranpantallafestival.com\/wp-content\/uploads\/2020\/05\/Logo_web_LaGranPantalla.png?fit=901%2C301&ssl=1\",\"width\":901,\"height\":301,\"caption\":\"[wpseo_titles]company_nombre\"},\"image\":{\"@id\":\"https:\/\/lagranpantallafestival.com\/ca\/#\/schema\/logo\/image\/\"},\"sameAs\":[\"https:\/\/www.facebook.com\/lagranpantallabcn\/\",\"https:\/\/x.com\/granpantallabcn\",\"https:\/\/www.instagram.com\/lagranpantallabcn\/\",\"https:\/\/www.youtube.com\/user\/colectivoelparlante\"]}]}<\/script>\n<!-- \/ Yoast SEO plugin. -->","yoast_head_json":{"title":"Cassette &#183; Festival Internacional de Cinema de les Persones Grans de Barcelona: La Gran Pantalla","robots":{"index":"index","follow":"follow","max-snippet":"max-snippet:-1","max-image-preview":"max-image-preview:large","max-video-preview":"max-video-preview:-1"},"canonical":"https:\/\/lagranpantallafestival.com\/ca\/film\/casette-2\/","og_locale":"ca_ES","og_type":"article","og_title":"Cassette &#183; Festival Internacional de Cinema de les Persones Grans de Barcelona: La Gran Pantalla","og_description":"Cassette Timur Murodov UZBEKIST\u00c1N | 14 MIN | 2022SINOPSIS El padre Safar, de 70 a\u00f1os, mira cintas de video sin salir de casa. Est\u00e1 enfadado con su hijo, que se march\u00f3 en Rusia. \u00c9l no entiende la tecnolog\u00eda moderna. Su vida es una cinta de video. Un d\u00eda, esta cinta se rompe y el padre [&hellip;]","og_url":"https:\/\/lagranpantallafestival.com\/ca\/film\/casette-2\/","og_site_name":"Festival Internacional de Cinema de les Persones Grans de Barcelona: La Gran Pantalla","article_publisher":"https:\/\/www.facebook.com\/lagranpantallabcn\/","article_modified_time":"2024-12-20T11:32:29+00:00","og_image":[{"width":1520,"height":720,"url":"https:\/\/lagranpantallafestival.com\/wp-content\/uploads\/2023\/05\/\u041a\u0430\u0434\u0440-2.jpg","type":"image\/jpeg"}],"twitter_card":"summary_large_image","twitter_site":"@granpantallabcn","schema":{"@context":"https:\/\/schema.org","@graph":[{"@type":"WebPage","@id":"https:\/\/lagranpantallafestival.com\/ca\/film\/casette-2\/","url":"https:\/\/lagranpantallafestival.com\/ca\/film\/casette-2\/","name":"Cassette &#183; Festival Internacional de Cinema de les Persones Grans de Barcelona: La Gran Pantalla","isPartOf":{"@id":"https:\/\/lagranpantallafestival.com\/ca\/#website"},"primaryImageOfPage":{"@id":"https:\/\/lagranpantallafestival.com\/ca\/film\/casette-2\/#primaryimage"},"image":{"@id":"https:\/\/lagranpantallafestival.com\/ca\/film\/casette-2\/#primaryimage"},"thumbnailUrl":"https:\/\/lagranpantallafestival.com\/wp-content\/uploads\/2023\/05\/\u041a\u0430\u0434\u0440-2.jpg","datePublished":"2023-05-12T11:27:41+00:00","dateModified":"2024-12-20T11:32:29+00:00","breadcrumb":{"@id":"https:\/\/lagranpantallafestival.com\/ca\/film\/casette-2\/#breadcrumb"},"inLanguage":"ca","potentialAction":[{"@type":"ReadAction","target":["https:\/\/lagranpantallafestival.com\/ca\/film\/casette-2\/"]}]},{"@type":"ImageObject","inLanguage":"ca","@id":"https:\/\/lagranpantallafestival.com\/ca\/film\/casette-2\/#primaryimage","url":"https:\/\/lagranpantallafestival.com\/wp-content\/uploads\/2023\/05\/\u041a\u0430\u0434\u0440-2.jpg","contentUrl":"https:\/\/lagranpantallafestival.com\/wp-content\/uploads\/2023\/05\/\u041a\u0430\u0434\u0440-2.jpg","width":1520,"height":720},{"@type":"BreadcrumbList","@id":"https:\/\/lagranpantallafestival.com\/ca\/film\/casette-2\/#breadcrumb","itemListElement":[{"@type":"ListItem","position":1,"name":"Portada","item":"https:\/\/lagranpantallafestival.com\/ca\/"},{"@type":"ListItem","position":2,"name":"Projects","item":"https:\/\/lagranpantallafestival.com\/ca\/film\/"},{"@type":"ListItem","position":3,"name":"Cassette"}]},{"@type":"WebSite","@id":"https:\/\/lagranpantallafestival.com\/ca\/#website","url":"https:\/\/lagranpantallafestival.com\/ca\/","name":"Festival Internacional de Cinema de les Persones Grans de Barcelona: La Gran Pantalla","description":"El Festival Internacional de Cine de las personas mayores La gran pantalla! es el primer espacio en Barcelona dedicado al encuentro cinematogr\u00e1fico intergeneracional. Proyectamos pel\u00edculas y cortometrajes que aborden nuevas miradas sobre el hecho de ser mayor. Nuestro objetivo es desmontar los estereotipos que existen en la sociedad y promover el envejecimiento activo, a trav\u00e9s de la reflexi\u00f3n y el debate que inspira el s\u00e9ptimo arte.","publisher":{"@id":"https:\/\/lagranpantallafestival.com\/ca\/#organization"},"potentialAction":[{"@type":"SearchAction","target":{"@type":"EntryPoint","urlTemplate":"https:\/\/lagranpantallafestival.com\/ca\/?s={search_term_string}"},"query-input":{"@type":"PropertyValueSpecification","valueRequired":true,"valueName":"search_term_string"}}],"inLanguage":"ca"},{"@type":"Organization","@id":"https:\/\/lagranpantallafestival.com\/ca\/#organization","name":"[wpseo_titles]company_nombre","url":"https:\/\/lagranpantallafestival.com\/ca\/","logo":{"@type":"ImageObject","inLanguage":"ca","@id":"https:\/\/lagranpantallafestival.com\/ca\/#\/schema\/logo\/image\/","url":"https:\/\/i0.wp.com\/lagranpantallafestival.com\/wp-content\/uploads\/2020\/05\/Logo_web_LaGranPantalla.png?fit=901%2C301&ssl=1","contentUrl":"https:\/\/i0.wp.com\/lagranpantallafestival.com\/wp-content\/uploads\/2020\/05\/Logo_web_LaGranPantalla.png?fit=901%2C301&ssl=1","width":901,"height":301,"caption":"[wpseo_titles]company_nombre"},"image":{"@id":"https:\/\/lagranpantallafestival.com\/ca\/#\/schema\/logo\/image\/"},"sameAs":["https:\/\/www.facebook.com\/lagranpantallabcn\/","https:\/\/x.com\/granpantallabcn","https:\/\/www.instagram.com\/lagranpantallabcn\/","https:\/\/www.youtube.com\/user\/colectivoelparlante"]}]}},"_links":{"self":[{"href":"https:\/\/lagranpantallafestival.com\/ca\/wp-json\/wp\/v2\/project\/240618","targetHints":{"allow":["GET"]}}],"collection":[{"href":"https:\/\/lagranpantallafestival.com\/ca\/wp-json\/wp\/v2\/project"}],"about":[{"href":"https:\/\/lagranpantallafestival.com\/ca\/wp-json\/wp\/v2\/types\/project"}],"author":[{"embeddable":true,"href":"https:\/\/lagranpantallafestival.com\/ca\/wp-json\/wp\/v2\/users\/5"}],"replies":[{"embeddable":true,"href":"https:\/\/lagranpantallafestival.com\/ca\/wp-json\/wp\/v2\/comments?post=240618"}],"version-history":[{"count":8,"href":"https:\/\/lagranpantallafestival.com\/ca\/wp-json\/wp\/v2\/project\/240618\/revisions"}],"predecessor-version":[{"id":245687,"href":"https:\/\/lagranpantallafestival.com\/ca\/wp-json\/wp\/v2\/project\/240618\/revisions\/245687"}],"wp:featuredmedia":[{"embeddable":true,"href":"https:\/\/lagranpantallafestival.com\/ca\/wp-json\/wp\/v2\/media\/240617"}],"wp:attachment":[{"href":"https:\/\/lagranpantallafestival.com\/ca\/wp-json\/wp\/v2\/media?parent=240618"}],"wp:term":[{"taxonomy":"project_category","embeddable":true,"href":"https:\/\/lagranpantallafestival.com\/ca\/wp-json\/wp\/v2\/project_category?post=240618"},{"taxonomy":"project_tag","embeddable":true,"href":"https:\/\/lagranpantallafestival.com\/ca\/wp-json\/wp\/v2\/project_tag?post=240618"}],"curies":[{"name":"wp","href":"https:\/\/api.w.org\/{rel}","templated":true}]}}