{"id":246404,"date":"2025-05-06T12:25:41","date_gmt":"2025-05-06T12:25:41","guid":{"rendered":"https:\/\/lagranpantallafestival.com\/?page_id=246404"},"modified":"2025-07-11T09:55:59","modified_gmt":"2025-07-11T09:55:59","slug":"bases_lab_2025-5","status":"publish","type":"page","link":"https:\/\/lagranpantallafestival.com\/ca\/bases_lab_2025-5\/","title":{"rendered":"Bases_LAB_2025"},"content":{"rendered":"<p>[et_pb_section fb_built=&#8221;1&#8243; _builder_version=&#8221;4.16&#8243; custom_padding=&#8221;|33px||||&#8221; global_colors_info=&#8221;{}&#8221;][et_pb_row column_structure=&#8221;2_3,1_3&#8243; admin_label=&#8221;Row&#8221; _builder_version=&#8221;4.24.2&#8243; collapsed=&#8221;off&#8221; global_colors_info=&#8221;{}&#8221;][et_pb_column type=&#8221;2_3&#8243; _builder_version=&#8221;4.16&#8243; global_colors_info=&#8221;{}&#8221;][et_pb_text _builder_version=&#8221;4.27.4&#8243; text_font=&#8221;Roboto Condensed||||||||&#8221; text_text_color=&#8221;rgba(0,0,0,0.86)&#8221; link_font=&#8221;||||on|||#0C71C3|&#8221; link_text_color=&#8221;#0C71C3&#8243; global_colors_info=&#8221;{}&#8221; link_text_color__hover_enabled=&#8221;on|hover&#8221; link_text_color__hover=&#8221;#0C71C3&#8243;]<\/p>\n<p dir=\"ltr\"><strong>CONVOCAT\u00d2RIA GRAN_LAB 2025<\/strong><\/p>\n<p class=\"\" data-start=\"64\" data-end=\"406\">El GRAN_LAB se celebra en el marc de La GRAN pantalla, el Festival Internacional de Cinema de la Gent Gran de Barcelona, i est\u00e0 organitzat per l&#8217;Associaci\u00f3 Cultural elParlante. El \u201cGRAN_LAB25\u201d \u00e9s la segona edici\u00f3 d&#8217;aquesta convocat\u00f2ria, que es presentar\u00e0 oficialment durant l&#8217;acte d&#8217;inauguraci\u00f3 de la 7a edici\u00f3 del festival.<\/p>\n<p><strong>Objectiu<\/strong><\/p>\n<p class=\"\" data-start=\"422\" data-end=\"889\">Aquest laboratori audiovisual cerca promoure la creaci\u00f3 de curtmetratges protagonitzats per gent gran i\/o que presentin noves mirades sobre l&#8217;envelliment. Amb aquesta iniciativa de suport a la creaci\u00f3 i la difusi\u00f3 es vol ampliar l&#8217;oferta adre\u00e7ada al nou talent emergent de Catalunya i contribuir a la ind\u00fastria cinematogr\u00e0fica \u2013especialment la local\u2013, augmentant la visibilitat i el reconeixement d&#8217;aquestes noves obres i dels seus creadors i creadores.<\/p>\n<p class=\"\" data-start=\"891\" data-end=\"928\">El projecte seleccionat comptar\u00e0 amb:<\/p>\n<ul data-start=\"930\" data-end=\"1116\">\n<li class=\"\" data-start=\"930\" data-end=\"988\">\n<p class=\"\" data-start=\"932\" data-end=\"988\">Assessorament de professionals del sector audiovisual.<\/p>\n<\/li>\n<li class=\"\" data-start=\"989\" data-end=\"1116\">\n<p class=\"\" data-start=\"991\" data-end=\"1116\">Estrena del curtmetratge dins de la programaci\u00f3 de la seg\u00fcent edici\u00f3 del festival, sempre que l&#8217;obra estigui finalitzada.<\/p>\n<\/li>\n<\/ul>\n<p>&nbsp;<\/p>\n<p><strong>Destinataris de la convocat\u00f2ria i requisits<\/strong><\/p>\n<p class=\"\" data-start=\"1169\" data-end=\"1457\">El GRAN_LAB est\u00e0 dirigit tant a persones sense experi\u00e8ncia professional pr\u00e8via que vulguin experimentar i iniciar-se a l&#8217;escriptura de gui\u00f3, com a cineastes amb experi\u00e8ncia en la creaci\u00f3 audiovisual que vulguin tractar tem\u00e0tiques relacionades amb la gent gran i l&#8217;envelliment.<\/p>\n<ul data-start=\"1459\" data-end=\"1828\">\n<li class=\"\" data-start=\"1459\" data-end=\"1533\">\n<p class=\"\" data-start=\"1461\" data-end=\"1533\">Convocat\u00f2ria oberta a projectes de <strong>curtmetratge (ficci\u00f3 o documental).<\/strong><\/p>\n<\/li>\n<li class=\"\" data-start=\"1534\" data-end=\"1615\">\n<p class=\"\" data-start=\"1536\" data-end=\"1615\">Nom\u00e9s s&#8217;accepten projectes de directors\/es i guionistes <strong>residents a Catalunya.<\/strong><\/p>\n<\/li>\n<li class=\"\" data-start=\"1616\" data-end=\"1729\">\n<p class=\"\" data-start=\"1618\" data-end=\"1729\">Les obres han d&#8217;estar <strong>protagonitzades per gent gran i\/o presentar noves mirades sobre l\u201d envelliment.<\/strong><\/p>\n<\/li>\n<li class=\"\" data-start=\"1730\" data-end=\"1828\">\n<p class=\"\" data-start=\"1732\" data-end=\"1828\">Els curtmetratges proposats han de tenir una <strong>durada m\u00e0xima de 30 minuts<\/strong>, incloent-hi cr\u00e8dits.<\/p>\n<\/li>\n<\/ul>\n<h3 class=\"\" data-start=\"1830\" data-end=\"1861\">\u00a0<\/h3>\n<p><strong>Assessories amb professionals<\/strong><\/p>\n<p class=\"\" data-start=\"1863\" data-end=\"2029\">El projecte de curtmetratge seleccionat al GRAN_LAB25 podr\u00e0 gaudir de diferents sessions d&#8217;assessoria individualitzades impartides per professionals del sector:<\/p>\n<ul data-start=\"2031\" data-end=\"3369\" data-is-last-node=\"\" data-is-only-node=\"\">\n<li class=\"\" data-start=\"2031\" data-end=\"2241\">\n<p class=\"\" data-start=\"2033\" data-end=\"2241\"><strong data-start=\"2033\" data-end=\"2081\">Pau Subir\u00f3s \u2013 El Kin\u00f2graf (Assessor de gui\u00f3): <\/strong> Treballa en cinema i televisi\u00f3, i col\u00b7labora en programes de r\u00e0dio, diaris i revistes. El seu treball se sol centrar en temes culturals, cient\u00edfics i econ\u00f2mics.<\/p>\n<\/li>\n<li class=\"\" data-start=\"2242\" data-end=\"2569\">\n<p class=\"\" data-start=\"2244\" data-end=\"2569\"><strong data-start=\"2244\" data-end=\"2332\">N\u00faria Vidal \u2013 Cr\u00edtica de cinema i programadora de La GRAN Pantalla (Assessora de gui\u00f3):<\/strong> Escriptora i cr\u00edtica de cinema. Ha col\u00b7laborat amb diversos mitjans de comunicaci\u00f3 i ha treballat en llocs de responsabilitat a festivals internacionals com el Festival de Sant Sebasti\u00e0, el Festival de Cinema de Sitges i la Berlinale.<\/p>\n<\/li>\n<li class=\"\" data-start=\"2570\" data-end=\"2836\">\n<p class=\"\" data-start=\"2572\" data-end=\"2836\"><strong data-start=\"2572\" data-end=\"2639\">Alfredo Cohen \u2013 Director de la GRAN Pantalla (Assessor de gui\u00f3):<\/strong> Director de l&#8217;Associaci\u00f3 Cultural elParlante i del Festival Internacional de Cinema de la Gent Gran de Barcelona, a m\u00e9s de formar part de la junta directiva de Catalunya Film Festivals.<\/p>\n<\/li>\n<li class=\"\" data-start=\"2837\" data-end=\"3104\">\n<p class=\"\" data-start=\"2839\" data-end=\"3104\"><strong data-start=\"2839\" data-end=\"2897\">Albert Baquero \u2013 Camille Zonca (Assessor de producci\u00f3):<\/strong> Realitzador i productor executiu, soci fundador i coordinador de projectes de la productora Camille Zonca, especialitzada en la creaci\u00f3 de continguts audiovisuals sobre transformaci\u00f3 social i cultural.<\/p>\n<\/li>\n<li class=\"\" data-start=\"3105\" data-end=\"3369\">\n<p class=\"\" data-start=\"3107\" data-end=\"3369\"><strong> M\u00edriam Port\u00e9 \u2013 Distinto Films (Assessora de finan\u00e7ament i recursos):<\/strong> Fundadora de la productora Distinto Films, responsable de t\u00edtols com \u201cSis dies corrents\u201d, \u201cVasil\u201d o \u201cEls nens salvatges\u201d. Actualment \u00e9s presidenta d \u201chonor de l\u201d associaci\u00f3 Dones Visuals.<\/p>\n<\/li>\n<\/ul>\n<p dir=\"ltr\" role=\"presentation\">\n<p>[\/et_pb_text][et_pb_divider color=&#8221;rgba(0,0,0,0.15)&#8221; _builder_version=&#8221;4.16&#8243; custom_margin=&#8221;||-16px|||&#8221; global_colors_info=&#8221;{}&#8221;][\/et_pb_divider][\/et_pb_column][et_pb_column type=&#8221;1_3&#8243; _builder_version=&#8221;4.16&#8243; global_colors_info=&#8221;{}&#8221;][et_pb_icon font_icon=&#8221;&#xf1c1;||fa||400&#8243; icon_width=&#8221;80px&#8221; url=&#8221;https:\/\/lagranpantallafestival.com\/wp-content\/uploads\/2025\/05\/BASES-GRAN_LAB25.pdf&#8221; url_new_window=&#8221;on&#8221; disabled_on=&#8221;off|off|off&#8221; _builder_version=&#8221;4.27.4&#8243; _module_preset=&#8221;default&#8221; background_color=&#8221;#FFFFFF&#8221; custom_margin=&#8221;31px|||||&#8221; global_colors_info=&#8221;{}&#8221;][\/et_pb_icon][et_pb_button button_url=&#8221;https:\/\/forms.gle\/hTyrqmTuDK6Xz77g9&#8243; url_new_window=&#8221;on&#8221; button_text=&#8221;Inscriu-te!&#8221; button_alignment=&#8221;center&#8221; _builder_version=&#8221;4.27.4&#8243; _module_preset=&#8221;default&#8221; custom_button=&#8221;on&#8221; button_text_color=&#8221;#000000&#8243; button_bg_color=&#8221;#EDF000&#8243; global_colors_info=&#8221;{}&#8221;][\/et_pb_button][et_pb_text _builder_version=&#8221;4.27.4&#8243; text_font=&#8221;Roboto Condensed||||||||&#8221; text_text_color=&#8221;#000000&#8243; header_font=&#8221;Roboto Condensed||||||||&#8221; background_color=&#8221;rgba(0,0,0,0)&#8221; custom_margin=&#8221;||60px|||&#8221; custom_padding=&#8221;56px|||||&#8221; global_colors_info=&#8221;{}&#8221;]<\/p>\n<p dir=\"ltr\" style=\"text-align: center;\" role=\"presentation\"><strong>Bases de la convocat\u00f2ria<\/strong><\/p>\n<p dir=\"ltr\" style=\"text-align: center;\" role=\"presentation\">A data 7\/5\/2025 s&#8217;obre la convocat\u00f2ria GRAN_LAB25.<\/p>\n<p dir=\"ltr\" style=\"text-align: center;\" role=\"presentation\"><strong>Data l\u00edmit dinscripci\u00f3<\/strong><\/p>\n<h3 class=\"\" style=\"text-align: center;\" data-start=\"115\" data-end=\"146\"><\/h3>\n<p class=\"\" style=\"text-align: center;\" data-start=\"148\" data-end=\"219\">Ampliem la convocat\u00f2ria fins al 20 de juliol de 2025.<\/p>\n<p class=\"\" style=\"text-align: center;\" data-start=\"148\" data-end=\"219\">NO S&#8217;ACCEPTARAN OBRES DESPR\u00c9S DE LA DATA INDICADA.<\/p>\n<p>[\/et_pb_text][et_pb_image src=&#8221;https:\/\/lagranpantallafestival.com\/wp-content\/uploads\/2024\/07\/Pau-Subiros_03-CINEMED-scaled-e1721673885425.jpg&#8221; title_text=&#8221;Pau Subiros_03 CINEMED&#8221; align=&#8221;center&#8221; disabled_on=&#8221;on|on|off&#8221; _builder_version=&#8221;4.27.4&#8243; _module_preset=&#8221;default&#8221; width=&#8221;50%&#8221; min_height=&#8221;131.9px&#8221; custom_margin=&#8221;||||false|false&#8221; border_radii=&#8221;on|100px|100px|100px|100px&#8221; global_colors_info=&#8221;{}&#8221;][\/et_pb_image][et_pb_image src=&#8221;https:\/\/lagranpantallafestival.com\/wp-content\/uploads\/2024\/07\/Nuria-Vidal.jpg&#8221; title_text=&#8221;Nuria-Vidal&#8221; align=&#8221;center&#8221; disabled_on=&#8221;on|on|off&#8221; _builder_version=&#8221;4.27.4&#8243; _module_preset=&#8221;default&#8221; width=&#8221;50%&#8221; custom_margin=&#8221;1px|||||&#8221; border_radii=&#8221;on|100px|100px|100px|100px&#8221; global_colors_info=&#8221;{}&#8221;][\/et_pb_image][et_pb_image src=&#8221;https:\/\/lagranpantallafestival.com\/wp-content\/uploads\/2024\/07\/alfredo.jpg&#8221; title_text=&#8221;alfredo&#8221; align=&#8221;center&#8221; disabled_on=&#8221;on|on|off&#8221; _builder_version=&#8221;4.27.4&#8243; _module_preset=&#8221;default&#8221; width=&#8221;50%&#8221; custom_margin=&#8221;-9px|||||&#8221; border_radii=&#8221;on|100px|100px|100px|100px&#8221; global_colors_info=&#8221;{}&#8221;][\/et_pb_image][et_pb_image src=&#8221;https:\/\/lagranpantallafestival.com\/wp-content\/uploads\/2024\/07\/Albert-Baquero-e1721674467612.jpg&#8221; title_text=&#8221;Albert Baquero&#8221; align=&#8221;center&#8221; disabled_on=&#8221;on|on|off&#8221; _builder_version=&#8221;4.27.4&#8243; _module_preset=&#8221;default&#8221; width=&#8221;50%&#8221; custom_margin=&#8221;-10px|||||&#8221; border_radii=&#8221;on|100px|100px|100px|100px&#8221; global_colors_info=&#8221;{}&#8221;][\/et_pb_image][et_pb_image src=&#8221;https:\/\/lagranpantallafestival.com\/wp-content\/uploads\/2024\/07\/Miriam-Porte_quadrada.jpg&#8221; title_text=&#8221;Miriam Port\u00e9_cuadrada&#8221; align=&#8221;center&#8221; disabled_on=&#8221;on|on|off&#8221; _builder_version=&#8221;4.26.1&#8243; _module_preset=&#8221;default&#8221; width=&#8221;50%&#8221; custom_margin=&#8221;-10px|||||&#8221; border_radii=&#8221;on|100px|100px|100px|100px&#8221; global_colors_info=&#8221;{}&#8221;][\/et_pb_image][\/et_pb_column][\/et_pb_row][\/et_pb_section]<\/p>\n","protected":false},"excerpt":{"rendered":"<p>CONVOCAT\u00d2RIA GRAN_LAB 2025 El GRAN_LAB se celebra en el marc de La GRAN pantalla, el Festival Internacional de Cinema de la Gent Gran de Barcelona, i est\u00e0 organitzat per l&#8217;Associaci\u00f3 Cultural elParlante. El \u201cGRAN_LAB25\u201d \u00e9s la segona edici\u00f3 d&#8217;aquesta convocat\u00f2ria, que es presentar\u00e0 oficialment durant l&#8217;acte d&#8217;inauguraci\u00f3 de la 7a edici\u00f3 del festival. Objectiu Aquest [&hellip;]<\/p>\n","protected":false},"author":4,"featured_media":0,"parent":0,"menu_order":0,"comment_status":"closed","ping_status":"closed","template":"","meta":{"_et_pb_use_builder":"on","_et_pb_old_content":"<p>[et_pb_section fb_built=\"1\" _builder_version=\"4.16\" custom_padding=\"|33px||||\" global_colors_info=\"{}\"][et_pb_row column_structure=\"2_3,1_3\" admin_label=\"Row\" _builder_version=\"4.24.2\" collapsed=\"off\" global_colors_info=\"{}\"][et_pb_column type=\"2_3\" _builder_version=\"4.16\" global_colors_info=\"{}\"][et_pb_text _builder_version=\"4.27.4\" text_font=\"Roboto Condensed||||||||\" text_text_color=\"rgba(0,0,0,0.86)\" link_font=\"||||on|||#0C71C3|\" link_text_color=\"#0C71C3\" hover_enabled=\"0\" global_colors_info=\"{}\" link_text_color__hover_enabled=\"on|hover\" link_text_color__hover=\"#0C71C3\" sticky_enabled=\"0\"]<\/p><p dir=\"ltr\"><strong>CONVOCATORIA GRAN_LAB 2025<\/strong><\/p><p class=\"\" data-start=\"64\" data-end=\"406\">El GRAN_LAB se celebra en el mmarco de La GRAN pantalla, el Festival Internacional de Cine de las Personas Mayores de Barcelona, y est\u00e1 organizado por la Asociaci\u00f3n Cultural elParlante. El \u201cGRAN_LAB25\u201d es la segunda edici\u00f3n de esta convocatoria, que se presentar\u00e1 oficialmente durante el acto de inauguraci\u00f3n de la 7\u00aa edici\u00f3n del festival.<\/p><p><strong>Objetivo<\/strong><\/p><p class=\"\" data-start=\"422\" data-end=\"889\">Este laboratorio audiovisual busca promover la creaci\u00f3n de cortometrajes protagonizados por personas mayores y\/o que presenten nuevas miradas sobre el envejecimiento. Con esta iniciativa de apoyo a la creaci\u00f3n y difusi\u00f3n se quiere ampliar la oferta dirigida al nuevo talento emergente de Catalu\u00f1a y contribuir a la industria cinematogr\u00e1fica \u2013especialmente la local\u2013, aumentando la visibilidad y el reconocimiento de estas nuevas obras y de sus creadores y creadoras.<\/p><p class=\"\" data-start=\"891\" data-end=\"928\">El proyecto seleccionado contar\u00e1 con:<\/p><ul data-start=\"930\" data-end=\"1116\"><li class=\"\" data-start=\"930\" data-end=\"988\"><p class=\"\" data-start=\"932\" data-end=\"988\">Asesoramiento de profesionales del sector audiovisual.<\/p><\/li><li class=\"\" data-start=\"989\" data-end=\"1116\"><p class=\"\" data-start=\"991\" data-end=\"1116\">Estreno del cortometraje dentro de la programaci\u00f3n de la siguiente edici\u00f3n del festival, siempre que la obra est\u00e9 finalizada.<\/p><\/li><\/ul><p>\u00a0<\/p><p><strong>Destinatarios de la convocatoria y requisitos<\/strong><\/p><p class=\"\" data-start=\"1169\" data-end=\"1457\">El GRAN_LAB est\u00e1 dirigido tanto a personas sin experiencia profesional previa que quieran experimentar e iniciarse en la escritura de gui\u00f3n, como a cineastas con experiencia en la creaci\u00f3n audiovisual que quieran tratar tem\u00e1ticas relacionadas con las personas mayores y el envejecimiento.<\/p><ul data-start=\"1459\" data-end=\"1828\"><li class=\"\" data-start=\"1459\" data-end=\"1533\"><p class=\"\" data-start=\"1461\" data-end=\"1533\">Convocatoria abierta a <strong>proyectos de cortometraje (ficci\u00f3n o documental)<\/strong>.<\/p><\/li><li class=\"\" data-start=\"1534\" data-end=\"1615\"><p class=\"\" data-start=\"1536\" data-end=\"1615\">Solo se aceptan proyectos de directores\/as y guionistas <strong>residentes en Catalu\u00f1a<\/strong>.<\/p><\/li><li class=\"\" data-start=\"1616\" data-end=\"1729\"><p class=\"\" data-start=\"1618\" data-end=\"1729\">Las obras deben estar <strong>protagonizadas por personas mayores y\/o presentar nuevas miradas sobre el envejecimiento.<\/strong><\/p><\/li><li class=\"\" data-start=\"1730\" data-end=\"1828\"><p class=\"\" data-start=\"1732\" data-end=\"1828\">Los cortometrajes propuestos deben tener una <strong>duraci\u00f3n m\u00e1xima de 30 minutos<\/strong>, incluyendo cr\u00e9ditos.<\/p><\/li><\/ul><h3 class=\"\" data-start=\"1830\" data-end=\"1861\">\u00a0<\/h3><p><strong>Asesor\u00edas con profesionales<\/strong><\/p><p class=\"\" data-start=\"1863\" data-end=\"2029\">El proyecto de cortometraje seleccionado en el GRAN_LAB25 podr\u00e1 disfrutar de diferentes sesiones de asesor\u00eda individualizadas impartidas por profesionales del sector:<\/p><ul data-start=\"2031\" data-end=\"3369\" data-is-last-node=\"\" data-is-only-node=\"\"><li class=\"\" data-start=\"2031\" data-end=\"2241\"><p class=\"\" data-start=\"2033\" data-end=\"2241\"><strong data-start=\"2033\" data-end=\"2081\">Pau Subir\u00f3s \u2013 El Kin\u00f2graf (Asesor de guion):<\/strong> Trabaja en cine y televisi\u00f3n, y colabora en programas de radio, diarios y revistas. Su trabajo suele centrarse en temas culturales, cient\u00edficos y econ\u00f3micos.<\/p><\/li><li class=\"\" data-start=\"2242\" data-end=\"2569\"><p class=\"\" data-start=\"2244\" data-end=\"2569\"><strong data-start=\"2244\" data-end=\"2332\">N\u00faria Vidal \u2013 Cr\u00edtica de cine y programadora de La GRAN Pantalla (Asesora de guion):<\/strong> Escritora y cr\u00edtica de cine. Ha colaborado con diversos medios de comunicaci\u00f3n y ha trabajado en puestos de responsabilidad en festivales internacionales como el Festival de San Sebasti\u00e1n, el Festival de Cine de Sitges y la Berlinale.<\/p><\/li><li class=\"\" data-start=\"2570\" data-end=\"2836\"><p class=\"\" data-start=\"2572\" data-end=\"2836\"><strong data-start=\"2572\" data-end=\"2639\">Alfredo Cohen \u2013 Director de La GRAN Pantalla (Asesor de guion):<\/strong> Director de la Asociaci\u00f3n Cultural elParlante y del Festival Internacional de Cine de las Personas Mayores de Barcelona, adem\u00e1s de formar parte de la junta directiva de Catalunya Film Festivals.<\/p><\/li><li class=\"\" data-start=\"2837\" data-end=\"3104\"><p class=\"\" data-start=\"2839\" data-end=\"3104\"><strong data-start=\"2839\" data-end=\"2897\">Albert Baquero \u2013 Camille Zonca (Asesor de producci\u00f3n):<\/strong> Realizador y productor ejecutivo, socio fundador y coordinador de proyectos de la productora Camille Zonca, especializada en la creaci\u00f3n de contenidos audiovisuales sobre transformaci\u00f3n social y cultural.<\/p><\/li><li class=\"\" data-start=\"3105\" data-end=\"3369\"><p class=\"\" data-start=\"3107\" data-end=\"3369\"><strong data-start=\"3107\" data-end=\"3178\">M\u00edriam Port\u00e9 \u2013 Distinto Films (Asesora de financiaci\u00f3n y recursos):<\/strong> Fundadora de la productora Distinto Films, responsable de t\u00edtulos como \u201cSis dies corrents\u201d, \u201cVasil\u201d o \u201cEls nens salvatges\u201d. Actualmente es presidenta de honor de la asociaci\u00f3n Dones Visuals.<\/p><\/li><\/ul><p dir=\"ltr\" role=\"presentation\">[\/et_pb_text][et_pb_divider color=\"rgba(0,0,0,0.15)\" _builder_version=\"4.16\" custom_margin=\"||-16px|||\" global_colors_info=\"{}\"][\/et_pb_divider][\/et_pb_column][et_pb_column type=\"1_3\" _builder_version=\"4.16\" global_colors_info=\"{}\"][et_pb_icon font_icon=\"\uf1c1||fa||400\" icon_width=\"80px\" url=\"https:\/\/lagranpantallafestival.com\/wp-content\/uploads\/2025\/05\/BASES-GRAN_LAB25.pdf\" url_new_window=\"on\" disabled_on=\"off|off|off\" _builder_version=\"4.27.4\" _module_preset=\"default\" background_color=\"#FFFFFF\" custom_margin=\"31px|||||\" global_colors_info=\"{}\"][\/et_pb_icon][et_pb_button button_url=\"https:\/\/forms.gle\/hTyrqmTuDK6Xz77g9.\" url_new_window=\"on\" button_text=\"\u00a1Inscr\u00edbete!\" button_alignment=\"center\" _builder_version=\"4.27.4\" _module_preset=\"default\" custom_button=\"on\" button_text_color=\"#000000\" button_bg_color=\"#EDF000\" global_colors_info=\"{}\"][\/et_pb_button][et_pb_text _builder_version=\"4.26.1\" text_font=\"Roboto Condensed||||||||\" text_text_color=\"#000000\" header_font=\"Roboto Condensed||||||||\" background_color=\"rgba(0,0,0,0)\" custom_margin=\"||60px|||\" custom_padding=\"56px|||||\" global_colors_info=\"{}\"]<\/p><p dir=\"ltr\" style=\"text-align: center;\" role=\"presentation\"><strong>Bases de la convocatoria<\/strong><\/p><p dir=\"ltr\" style=\"text-align: center;\" role=\"presentation\">A fecha 7\/5\/2025 se abre la convocatoria GRAN_LAB25.<\/p><p dir=\"ltr\" style=\"text-align: center;\" role=\"presentation\">\u00a0<\/p><p dir=\"ltr\" style=\"text-align: center;\" role=\"presentation\"><strong>Fecha l\u00edmite de inscripci\u00f3n<\/strong><\/p><h3 class=\"\" style=\"text-align: center;\" data-start=\"115\" data-end=\"146\">\u00a0<\/h3><p class=\"\" style=\"text-align: center;\" data-start=\"148\" data-end=\"219\">La fecha l\u00edmite para realizar la inscripci\u00f3n es el 11 de julio de 2025.<\/p><p class=\"\" style=\"text-align: center;\" data-start=\"148\" data-end=\"219\">NO SE ACEPTAR\u00c1N OBRAS DESPU\u00c9S DE LA FECHA INDICADA.<\/p><p>[\/et_pb_text][et_pb_image src=\"https:\/\/lagranpantallafestival.com\/wp-content\/uploads\/2024\/07\/Pau-Subiros_03-CINEMED-scaled-e1721673885425.jpg\" title_text=\"Pau Subiros_03 CINEMED\" align=\"center\" disabled_on=\"on|on|off\" _builder_version=\"4.27.4\" _module_preset=\"default\" width=\"50%\" min_height=\"131.9px\" custom_margin=\"||||false|false\" border_radii=\"on|100px|100px|100px|100px\" global_colors_info=\"{}\"][\/et_pb_image][et_pb_image src=\"https:\/\/lagranpantallafestival.com\/wp-content\/uploads\/2024\/07\/Nuria-Vidal.jpg\" title_text=\"Nuria-Vidal\" align=\"center\" disabled_on=\"on|on|off\" _builder_version=\"4.27.4\" _module_preset=\"default\" width=\"50%\" custom_margin=\"1px|||||\" border_radii=\"on|100px|100px|100px|100px\" global_colors_info=\"{}\"][\/et_pb_image][et_pb_image src=\"https:\/\/lagranpantallafestival.com\/wp-content\/uploads\/2024\/07\/alfredo.jpg\" title_text=\"alfredo\" align=\"center\" disabled_on=\"on|on|off\" _builder_version=\"4.27.4\" _module_preset=\"default\" width=\"50%\" custom_margin=\"-9px|||||\" border_radii=\"on|100px|100px|100px|100px\" global_colors_info=\"{}\"][\/et_pb_image][et_pb_image src=\"https:\/\/lagranpantallafestival.com\/wp-content\/uploads\/2024\/07\/Albert-Baquero-e1721674467612.jpg\" title_text=\"Albert Baquero\" align=\"center\" disabled_on=\"on|on|off\" _builder_version=\"4.27.4\" _module_preset=\"default\" width=\"50%\" custom_margin=\"-10px|||||\" border_radii=\"on|100px|100px|100px|100px\" global_colors_info=\"{}\"][\/et_pb_image][et_pb_image src=\"https:\/\/lagranpantallafestival.com\/wp-content\/uploads\/2024\/07\/Miriam-Porte_quadrada.jpg\" title_text=\"Miriam Port\u00e9_cuadrada\" align=\"center\" disabled_on=\"on|on|off\" _builder_version=\"4.26.1\" _module_preset=\"default\" width=\"50%\" custom_margin=\"-10px|||||\" border_radii=\"on|100px|100px|100px|100px\" global_colors_info=\"{}\"][\/et_pb_image][\/et_pb_column][\/et_pb_row][\/et_pb_section]<\/p><p class=\"\" data-start=\"221\" data-end=\"276\">\u00a0<\/p>","_et_gb_content_width":"","cybocfi_hide_featured_image":"","footnotes":""},"class_list":["post-246404","page","type-page","status-publish","hentry"],"yoast_head":"<!-- This site is optimized with the Yoast SEO plugin v26.7 - https:\/\/yoast.com\/wordpress\/plugins\/seo\/ -->\n<title>Bases_LAB_2025 &#183;<\/title>\n<meta name=\"robots\" content=\"index, follow, max-snippet:-1, max-image-preview:large, max-video-preview:-1\" \/>\n<link rel=\"canonical\" href=\"https:\/\/lagranpantallafestival.com\/ca\/bases_lab_2025-5\/\" \/>\n<meta property=\"og:locale\" content=\"ca_ES\" \/>\n<meta property=\"og:type\" content=\"article\" \/>\n<meta property=\"og:title\" content=\"Bases_LAB_2025 &#183;\" \/>\n<meta property=\"og:description\" content=\"CONVOCAT\u00d2RIA GRAN_LAB 2025 El GRAN_LAB se celebra en el marc de La GRAN pantalla, el Festival Internacional de Cinema de la Gent Gran de Barcelona, i est\u00e0 organitzat per l&#039;Associaci\u00f3 Cultural elParlante. El \u201cGRAN_LAB25\u201d \u00e9s la segona edici\u00f3 d&#039;aquesta convocat\u00f2ria, que es presentar\u00e0 oficialment durant l&#039;acte d&#039;inauguraci\u00f3 de la 7a edici\u00f3 del festival. Objectiu Aquest [&hellip;]\" \/>\n<meta property=\"og:url\" content=\"https:\/\/lagranpantallafestival.com\/ca\/bases_lab_2025-5\/\" \/>\n<meta property=\"og:site_name\" content=\"Festival Internacional de Cinema de les Persones Grans de Barcelona: La Gran Pantalla\" \/>\n<meta property=\"article:publisher\" content=\"https:\/\/www.facebook.com\/lagranpantallabcn\/\" \/>\n<meta property=\"article:modified_time\" content=\"2025-07-11T09:55:59+00:00\" \/>\n<meta property=\"og:image\" content=\"https:\/\/lagranpantallafestival.com\/wp-content\/uploads\/2020\/05\/Sala-Gran-Pantalla-2019-1024x683.jpg\" \/>\n\t<meta property=\"og:image:width\" content=\"1024\" \/>\n\t<meta property=\"og:image:height\" content=\"683\" \/>\n\t<meta property=\"og:image:type\" content=\"image\/jpeg\" \/>\n<meta name=\"twitter:card\" content=\"summary_large_image\" \/>\n<meta name=\"twitter:site\" content=\"@granpantallabcn\" \/>\n<meta name=\"twitter:label1\" content=\"Temps estimat de lectura\" \/>\n\t<meta name=\"twitter:data1\" content=\"4 minuts\" \/>\n<script type=\"application\/ld+json\" class=\"yoast-schema-graph\">{\"@context\":\"https:\/\/schema.org\",\"@graph\":[{\"@type\":\"WebPage\",\"@id\":\"https:\/\/lagranpantallafestival.com\/ca\/bases_lab_2025-5\/\",\"url\":\"https:\/\/lagranpantallafestival.com\/ca\/bases_lab_2025-5\/\",\"name\":\"Bases_LAB_2025 &#183;\",\"isPartOf\":{\"@id\":\"https:\/\/lagranpantallafestival.com\/ca\/#website\"},\"datePublished\":\"2025-05-06T12:25:41+00:00\",\"dateModified\":\"2025-07-11T09:55:59+00:00\",\"breadcrumb\":{\"@id\":\"https:\/\/lagranpantallafestival.com\/ca\/bases_lab_2025-5\/#breadcrumb\"},\"inLanguage\":\"ca\",\"potentialAction\":[{\"@type\":\"ReadAction\",\"target\":[\"https:\/\/lagranpantallafestival.com\/ca\/bases_lab_2025-5\/\"]}]},{\"@type\":\"BreadcrumbList\",\"@id\":\"https:\/\/lagranpantallafestival.com\/ca\/bases_lab_2025-5\/#breadcrumb\",\"itemListElement\":[{\"@type\":\"ListItem\",\"position\":1,\"name\":\"Portada\",\"item\":\"https:\/\/lagranpantallafestival.com\/ca\/\"},{\"@type\":\"ListItem\",\"position\":2,\"name\":\"Bases_LAB_2025\"}]},{\"@type\":\"WebSite\",\"@id\":\"https:\/\/lagranpantallafestival.com\/ca\/#website\",\"url\":\"https:\/\/lagranpantallafestival.com\/ca\/\",\"name\":\"Festival Internacional de Cinema de les Persones Grans de Barcelona: La Gran Pantalla\",\"description\":\"El Festival Internacional de Cine de las personas mayores La gran pantalla! es el primer espacio en Barcelona dedicado al encuentro cinematogr\u00e1fico intergeneracional. Proyectamos pel\u00edculas y cortometrajes que aborden nuevas miradas sobre el hecho de ser mayor. Nuestro objetivo es desmontar los estereotipos que existen en la sociedad y promover el envejecimiento activo, a trav\u00e9s de la reflexi\u00f3n y el debate que inspira el s\u00e9ptimo arte.\",\"publisher\":{\"@id\":\"https:\/\/lagranpantallafestival.com\/ca\/#organization\"},\"potentialAction\":[{\"@type\":\"SearchAction\",\"target\":{\"@type\":\"EntryPoint\",\"urlTemplate\":\"https:\/\/lagranpantallafestival.com\/ca\/?s={search_term_string}\"},\"query-input\":{\"@type\":\"PropertyValueSpecification\",\"valueRequired\":true,\"valueName\":\"search_term_string\"}}],\"inLanguage\":\"ca\"},{\"@type\":\"Organization\",\"@id\":\"https:\/\/lagranpantallafestival.com\/ca\/#organization\",\"name\":\"[wpseo_titles]company_nombre\",\"url\":\"https:\/\/lagranpantallafestival.com\/ca\/\",\"logo\":{\"@type\":\"ImageObject\",\"inLanguage\":\"ca\",\"@id\":\"https:\/\/lagranpantallafestival.com\/ca\/#\/schema\/logo\/image\/\",\"url\":\"https:\/\/i0.wp.com\/lagranpantallafestival.com\/wp-content\/uploads\/2020\/05\/Logo_web_LaGranPantalla.png?fit=901%2C301&ssl=1\",\"contentUrl\":\"https:\/\/i0.wp.com\/lagranpantallafestival.com\/wp-content\/uploads\/2020\/05\/Logo_web_LaGranPantalla.png?fit=901%2C301&ssl=1\",\"width\":901,\"height\":301,\"caption\":\"[wpseo_titles]company_nombre\"},\"image\":{\"@id\":\"https:\/\/lagranpantallafestival.com\/ca\/#\/schema\/logo\/image\/\"},\"sameAs\":[\"https:\/\/www.facebook.com\/lagranpantallabcn\/\",\"https:\/\/x.com\/granpantallabcn\",\"https:\/\/www.instagram.com\/lagranpantallabcn\/\",\"https:\/\/www.youtube.com\/user\/colectivoelparlante\"]}]}<\/script>\n<!-- \/ Yoast SEO plugin. -->","yoast_head_json":{"title":"Bases_LAB_2025 &#183;","robots":{"index":"index","follow":"follow","max-snippet":"max-snippet:-1","max-image-preview":"max-image-preview:large","max-video-preview":"max-video-preview:-1"},"canonical":"https:\/\/lagranpantallafestival.com\/ca\/bases_lab_2025-5\/","og_locale":"ca_ES","og_type":"article","og_title":"Bases_LAB_2025 &#183;","og_description":"CONVOCAT\u00d2RIA GRAN_LAB 2025 El GRAN_LAB se celebra en el marc de La GRAN pantalla, el Festival Internacional de Cinema de la Gent Gran de Barcelona, i est\u00e0 organitzat per l'Associaci\u00f3 Cultural elParlante. El \u201cGRAN_LAB25\u201d \u00e9s la segona edici\u00f3 d'aquesta convocat\u00f2ria, que es presentar\u00e0 oficialment durant l'acte d'inauguraci\u00f3 de la 7a edici\u00f3 del festival. Objectiu Aquest [&hellip;]","og_url":"https:\/\/lagranpantallafestival.com\/ca\/bases_lab_2025-5\/","og_site_name":"Festival Internacional de Cinema de les Persones Grans de Barcelona: La Gran Pantalla","article_publisher":"https:\/\/www.facebook.com\/lagranpantallabcn\/","article_modified_time":"2025-07-11T09:55:59+00:00","og_image":[{"width":1024,"height":683,"url":"https:\/\/lagranpantallafestival.com\/wp-content\/uploads\/2020\/05\/Sala-Gran-Pantalla-2019-1024x683.jpg","type":"image\/jpeg"}],"twitter_card":"summary_large_image","twitter_site":"@granpantallabcn","twitter_misc":{"Temps estimat de lectura":"4 minuts"},"schema":{"@context":"https:\/\/schema.org","@graph":[{"@type":"WebPage","@id":"https:\/\/lagranpantallafestival.com\/ca\/bases_lab_2025-5\/","url":"https:\/\/lagranpantallafestival.com\/ca\/bases_lab_2025-5\/","name":"Bases_LAB_2025 &#183;","isPartOf":{"@id":"https:\/\/lagranpantallafestival.com\/ca\/#website"},"datePublished":"2025-05-06T12:25:41+00:00","dateModified":"2025-07-11T09:55:59+00:00","breadcrumb":{"@id":"https:\/\/lagranpantallafestival.com\/ca\/bases_lab_2025-5\/#breadcrumb"},"inLanguage":"ca","potentialAction":[{"@type":"ReadAction","target":["https:\/\/lagranpantallafestival.com\/ca\/bases_lab_2025-5\/"]}]},{"@type":"BreadcrumbList","@id":"https:\/\/lagranpantallafestival.com\/ca\/bases_lab_2025-5\/#breadcrumb","itemListElement":[{"@type":"ListItem","position":1,"name":"Portada","item":"https:\/\/lagranpantallafestival.com\/ca\/"},{"@type":"ListItem","position":2,"name":"Bases_LAB_2025"}]},{"@type":"WebSite","@id":"https:\/\/lagranpantallafestival.com\/ca\/#website","url":"https:\/\/lagranpantallafestival.com\/ca\/","name":"Festival Internacional de Cinema de les Persones Grans de Barcelona: La Gran Pantalla","description":"El Festival Internacional de Cine de las personas mayores La gran pantalla! es el primer espacio en Barcelona dedicado al encuentro cinematogr\u00e1fico intergeneracional. Proyectamos pel\u00edculas y cortometrajes que aborden nuevas miradas sobre el hecho de ser mayor. Nuestro objetivo es desmontar los estereotipos que existen en la sociedad y promover el envejecimiento activo, a trav\u00e9s de la reflexi\u00f3n y el debate que inspira el s\u00e9ptimo arte.","publisher":{"@id":"https:\/\/lagranpantallafestival.com\/ca\/#organization"},"potentialAction":[{"@type":"SearchAction","target":{"@type":"EntryPoint","urlTemplate":"https:\/\/lagranpantallafestival.com\/ca\/?s={search_term_string}"},"query-input":{"@type":"PropertyValueSpecification","valueRequired":true,"valueName":"search_term_string"}}],"inLanguage":"ca"},{"@type":"Organization","@id":"https:\/\/lagranpantallafestival.com\/ca\/#organization","name":"[wpseo_titles]company_nombre","url":"https:\/\/lagranpantallafestival.com\/ca\/","logo":{"@type":"ImageObject","inLanguage":"ca","@id":"https:\/\/lagranpantallafestival.com\/ca\/#\/schema\/logo\/image\/","url":"https:\/\/i0.wp.com\/lagranpantallafestival.com\/wp-content\/uploads\/2020\/05\/Logo_web_LaGranPantalla.png?fit=901%2C301&ssl=1","contentUrl":"https:\/\/i0.wp.com\/lagranpantallafestival.com\/wp-content\/uploads\/2020\/05\/Logo_web_LaGranPantalla.png?fit=901%2C301&ssl=1","width":901,"height":301,"caption":"[wpseo_titles]company_nombre"},"image":{"@id":"https:\/\/lagranpantallafestival.com\/ca\/#\/schema\/logo\/image\/"},"sameAs":["https:\/\/www.facebook.com\/lagranpantallabcn\/","https:\/\/x.com\/granpantallabcn","https:\/\/www.instagram.com\/lagranpantallabcn\/","https:\/\/www.youtube.com\/user\/colectivoelparlante"]}]}},"_links":{"self":[{"href":"https:\/\/lagranpantallafestival.com\/ca\/wp-json\/wp\/v2\/pages\/246404","targetHints":{"allow":["GET"]}}],"collection":[{"href":"https:\/\/lagranpantallafestival.com\/ca\/wp-json\/wp\/v2\/pages"}],"about":[{"href":"https:\/\/lagranpantallafestival.com\/ca\/wp-json\/wp\/v2\/types\/page"}],"author":[{"embeddable":true,"href":"https:\/\/lagranpantallafestival.com\/ca\/wp-json\/wp\/v2\/users\/4"}],"replies":[{"embeddable":true,"href":"https:\/\/lagranpantallafestival.com\/ca\/wp-json\/wp\/v2\/comments?post=246404"}],"version-history":[{"count":6,"href":"https:\/\/lagranpantallafestival.com\/ca\/wp-json\/wp\/v2\/pages\/246404\/revisions"}],"predecessor-version":[{"id":246914,"href":"https:\/\/lagranpantallafestival.com\/ca\/wp-json\/wp\/v2\/pages\/246404\/revisions\/246914"}],"wp:attachment":[{"href":"https:\/\/lagranpantallafestival.com\/ca\/wp-json\/wp\/v2\/media?parent=246404"}],"curies":[{"name":"wp","href":"https:\/\/api.w.org\/{rel}","templated":true}]}}