{"id":246324,"date":"2025-06-12T05:58:34","date_gmt":"2025-06-12T05:58:34","guid":{"rendered":"https:\/\/lagranpantallafestival.com\/?page_id=246324"},"modified":"2025-06-16T22:15:01","modified_gmt":"2025-06-16T22:15:01","slug":"activitats-complementaries-2025-3","status":"publish","type":"page","link":"https:\/\/lagranpantallafestival.com\/ca\/activitats-complementaries-2025-3\/","title":{"rendered":"ACTIVITATS COMPLEMENT\u00c0RIES 2025"},"content":{"rendered":"<p>[et_pb_section fb_built=&#8221;1&#8243; admin_label=&#8221;Header&#8221; _builder_version=&#8221;4.25.1&#8243; _module_preset=&#8221;default&#8221; locked=&#8221;off&#8221; collapsed=&#8221;off&#8221; global_colors_info=&#8221;{}&#8221;][et_pb_row _builder_version=&#8221;4.25.1&#8243; _module_preset=&#8221;default&#8221; background_color=&#8221;gcid-a674551e-c023-4666-82b8-b7448e713885&#8243; width=&#8221;100%&#8221; max_width=&#8221;2560px&#8221; custom_margin=&#8221;0px|0px|0px|0px|false|false&#8221; custom_padding=&#8221;0px|0px|0px|0px|false|false&#8221; border_radii=&#8221;off||||&#8221; box_shadow_style=&#8221;preset4&#8243; box_shadow_horizontal=&#8221;-30vw&#8221; box_shadow_vertical=&#8221;0px&#8221; box_shadow_color=&#8221;gcid-a674551e-c023-4666-82b8-b7448e713885&#8243; global_colors_info=&#8221;{%22gcid-a674551e-c023-4666-82b8-b7448e713885%22:%91%22background_color%22,%22box_shadow_color%22,%22background_color%22,%22box_shadow_color%22%93}&#8221;][et_pb_column type=&#8221;4_4&#8243; _builder_version=&#8221;4.25.1&#8243; _module_preset=&#8221;default&#8221; custom_padding=&#8221;0px|0px|0px|0px|false|false&#8221; global_colors_info=&#8221;{}&#8221;][et_pb_heading title=&#8221;ACTIVITATS COMPLEMENT\u00c0RIES&#8221; admin_label=&#8221;T\u00edtulo&#8221; _builder_version=&#8221;4.25.1&#8243; _module_preset=&#8221;_initial&#8221; title_font=&#8221;Montserrat|700|||||||&#8221; title_text_align=&#8221;center&#8221; title_text_color=&#8221;#000000&#8243; title_font_size=&#8221;72px&#8221; title_letter_spacing=&#8221;-0.05em&#8221; custom_margin=&#8221;30px||30px|0px|true|false&#8221; custom_padding=&#8221;|0px||0px|false|true&#8221; title_font_size_tablet=&#8221;56px&#8221; title_font_size_phone=&#8221;40px&#8221; title_font_size_last_edited=&#8221;on|desktop&#8221; global_colors_info=&#8221;{}&#8221;][\/et_pb_heading][\/et_pb_column][\/et_pb_row][\/et_pb_section][et_pb_section fb_built=&#8221;1&#8243; custom_padding_last_edited=&#8221;on|desktop&#8221; admin_label=&#8221;Header&#8221; _builder_version=&#8221;4.25.1&#8243; _module_preset=&#8221;default&#8221; custom_padding=&#8221;||40px||false|false&#8221; custom_padding_tablet=&#8221;||40px||false|false&#8221; custom_padding_phone=&#8221;||40px||false|false&#8221; locked=&#8221;off&#8221; collapsed=&#8221;off&#8221; global_colors_info=&#8221;{}&#8221;][et_pb_row _builder_version=&#8221;4.25.1&#8243; _module_preset=&#8221;default&#8221; custom_margin=&#8221;40px||0px||false|false&#8221; custom_margin_tablet=&#8221;40px||0px||false|false&#8221; custom_margin_phone=&#8221;40px||0px||false|false&#8221; custom_margin_last_edited=&#8221;on|phone&#8221; custom_padding=&#8221;0px||0px||false|false&#8221; global_colors_info=&#8221;{}&#8221;][et_pb_column type=&#8221;4_4&#8243; _builder_version=&#8221;4.25.1&#8243; _module_preset=&#8221;default&#8221; global_colors_info=&#8221;{}&#8221;][et_pb_heading title=&#8221;La GRAN pantalla! als barris&#8221; title_tablet=&#8221;La GRAN Pantalla! als barris&#8221; title_phone=&#8221;La GRAN Pantalla! als barris&#8221; title_last_edited=&#8221;on|phone&#8221; disabled_on=&#8221;off|off|off&#8221; admin_label=&#8221;T\u00edtulo&#8221; _builder_version=&#8221;4.25.1&#8243; _module_preset=&#8221;_initial&#8221; title_level=&#8221;h6&#8243; title_font=&#8221;Montserrat|700|||||||&#8221; title_text_color=&#8221;#000000&#8243; title_font_size=&#8221;40px&#8221; title_letter_spacing=&#8221;-0.03em&#8221; title_line_height=&#8221;50px&#8221; width=&#8221;79%&#8221; custom_margin=&#8221;0px|0px|28px|0px|false|false&#8221; custom_margin_tablet=&#8221;||0px||false|false&#8221; custom_margin_phone=&#8221;||40px||false|false&#8221; custom_margin_last_edited=&#8221;on|phone&#8221; custom_padding=&#8221;0px|0px|0px|0px|false|false&#8221; title_font_size_tablet=&#8221;38px&#8221; title_font_size_phone=&#8221;32px&#8221; title_font_size_last_edited=&#8221;on|phone&#8221; title_line_height_tablet=&#8221;&#8221; title_line_height_phone=&#8221;1.3em&#8221; title_line_height_last_edited=&#8221;on|tablet&#8221; global_colors_info=&#8221;{}&#8221;][\/et_pb_heading][\/et_pb_column][\/et_pb_row][et_pb_row column_structure=&#8221;1_2,1_2&#8243; _builder_version=&#8221;4.25.1&#8243; _module_preset=&#8221;default&#8221; custom_margin=&#8221;40px||||false|false&#8221; custom_margin_tablet=&#8221;40px||||false|false&#8221; custom_margin_phone=&#8221;-83px||0px||false|false&#8221; custom_margin_last_edited=&#8221;on|phone&#8221; custom_padding=&#8221;0px||0px||false|false&#8221; global_colors_info=&#8221;{}&#8221;][et_pb_column type=&#8221;1_2&#8243; _builder_version=&#8221;4.25.1&#8243; _module_preset=&#8221;default&#8221; global_colors_info=&#8221;{}&#8221;][et_pb_image src=&#8221;https:\/\/lagranpantallafestival.com\/wp-content\/uploads\/2025\/06\/emquedoambtu.jpg&#8221; title_text=&#8221;emquedoambtu&#8221; _builder_version=&#8221;4.27.4&#8243; _module_preset=&#8221;default&#8221; global_colors_info=&#8221;{}&#8221;][\/et_pb_image][et_pb_heading title=&#8221;Projecci\u00f3 i dinamitzaci\u00f3 del curtmetratge participatiu &#8216;Em quedo amb tu'&#8221; admin_label=&#8221;Direcci\u00f3n&#8221; _builder_version=&#8221;4.25.1&#8243; _module_preset=&#8221;_initial&#8221; title_level=&#8221;h5&#8243; title_font=&#8221;Montserrat|700|||||||&#8221; title_text_color=&#8221;#000000&#8243; title_font_size=&#8221;27px&#8221; title_letter_spacing=&#8221;-0.04em&#8221; title_line_height=&#8221;1.4em&#8221; custom_margin=&#8221;||10px||false|false&#8221; title_font_size_tablet=&#8221;27px&#8221; title_font_size_phone=&#8221;27px&#8221; title_font_size_last_edited=&#8221;on|phone&#8221; global_colors_info=&#8221;{}&#8221;][\/et_pb_heading][et_pb_blurb use_icon=&#8221;on&#8221; font_icon=&#8221;&#xf007;||fa||400&#8243; image_icon_background_color=&#8221;RGBA(255,255,255,0)&#8221; icon_placement=&#8221;left&#8221; image_icon_width=&#8221;16px&#8221; content_max_width=&#8221;100%&#8221; _builder_version=&#8221;4.25.1&#8243; _module_preset=&#8221;_initial&#8221; header_font=&#8221;Open Sans||||||||&#8221; header_text_color=&#8221;#000000&#8243; header_font_size=&#8221;24px&#8221; header_letter_spacing=&#8221;-0.04em&#8221; header_line_height=&#8221;1.8em&#8221; body_font=&#8221;Open Sans||||||||&#8221; body_text_color=&#8221;#000000&#8243; body_font_size=&#8221;24px&#8221; body_line_height=&#8221;30px&#8221; image_icon_custom_margin=&#8221;5px||||false|false&#8221; custom_margin=&#8221;||10px||false|false&#8221; animation=&#8221;off&#8221; header_font_size_tablet=&#8221;20px&#8221; header_font_size_phone=&#8221;20px&#8221; header_font_size_last_edited=&#8221;on|desktop&#8221; body_font_size_tablet=&#8221;20px&#8221; body_font_size_phone=&#8221;20px&#8221; body_font_size_last_edited=&#8221;on|desktop&#8221; body_line_height_tablet=&#8221;&#8221; body_line_height_phone=&#8221;30px&#8221; body_line_height_last_edited=&#8221;on|phone&#8221; global_colors_info=&#8221;{}&#8221;]Alfredo Cohen<br \/>\n[\/et_pb_blurb][et_pb_blurb use_icon=&#8221;on&#8221; font_icon=&#8221;&#xf017;||fa||400&#8243; image_icon_background_color=&#8221;RGBA(255,255,255,0)&#8221; icon_placement=&#8221;left&#8221; image_icon_width=&#8221;16px&#8221; content_max_width=&#8221;100%&#8221; _builder_version=&#8221;4.25.1&#8243; _module_preset=&#8221;_initial&#8221; header_font=&#8221;Open Sans||||||||&#8221; header_text_color=&#8221;#000000&#8243; header_font_size=&#8221;24px&#8221; header_letter_spacing=&#8221;-0.04em&#8221; header_line_height=&#8221;1.8em&#8221; body_font=&#8221;Open Sans||||||||&#8221; body_text_color=&#8221;#000000&#8243; body_font_size=&#8221;24px&#8221; image_icon_custom_margin=&#8221;5px||||false|false&#8221; custom_margin=&#8221;||10px||false|false&#8221; animation=&#8221;off&#8221; header_font_size_tablet=&#8221;20px&#8221; header_font_size_phone=&#8221;20px&#8221; header_font_size_last_edited=&#8221;on|desktop&#8221; body_font_size_tablet=&#8221;24px&#8221; body_font_size_phone=&#8221;24px&#8221; body_font_size_last_edited=&#8221;on|desktop&#8221; body_line_height_tablet=&#8221;&#8221; body_line_height_phone=&#8221;30px&#8221; body_line_height_last_edited=&#8221;on|phone&#8221; global_colors_info=&#8221;{}&#8221;]05\/06 \u2013 17.00 h<br \/>\n[\/et_pb_blurb][et_pb_blurb use_icon=&#8221;on&#8221; font_icon=&#8221;&#xe01d;||divi||400&#8243; image_icon_background_color=&#8221;RGBA(255,255,255,0)&#8221; icon_placement=&#8221;left&#8221; image_icon_width=&#8221;16px&#8221; content_max_width=&#8221;100%&#8221; _builder_version=&#8221;4.25.1&#8243; _module_preset=&#8221;_initial&#8221; header_font=&#8221;Open Sans||||||||&#8221; header_text_color=&#8221;#000000&#8243; header_font_size=&#8221;24px&#8221; header_letter_spacing=&#8221;-0.04em&#8221; header_line_height=&#8221;1.8em&#8221; body_font=&#8221;Open Sans||||||||&#8221; body_text_color=&#8221;#000000&#8243; body_font_size=&#8221;24px&#8221; body_line_height=&#8221;30px&#8221; image_icon_custom_margin=&#8221;5px||||false|false&#8221; custom_margin=&#8221;||10px||false|false&#8221; animation=&#8221;off&#8221; header_font_size_tablet=&#8221;20px&#8221; header_font_size_phone=&#8221;20px&#8221; header_font_size_last_edited=&#8221;on|desktop&#8221; body_font_size_tablet=&#8221;20px&#8221; body_font_size_phone=&#8221;20px&#8221; body_font_size_last_edited=&#8221;on|desktop&#8221; body_line_height_tablet=&#8221;&#8221; body_line_height_phone=&#8221;30px&#8221; body_line_height_last_edited=&#8221;on|phone&#8221; global_colors_info=&#8221;{}&#8221;]Casal Gent Gran Tur\u00f3 de la Peira<br \/>\n[\/et_pb_blurb][et_pb_heading _builder_version=&#8221;4.25.1&#8243; _module_preset=&#8221;_initial&#8221; title_level=&#8221;h4&#8243; title_font=&#8221;Open Sans||||||||&#8221; title_text_align=&#8221;left&#8221; title_text_color=&#8221;#000000&#8243; title_font_size=&#8221;24px&#8221; title_letter_spacing=&#8221;-0.04em&#8221; title_line_height=&#8221;1.6em&#8221; min_height=&#8221;66.8px&#8221; custom_margin=&#8221;||2px|||&#8221; custom_padding=&#8221;10px|||||&#8221; title_font_size_tablet=&#8221;20px&#8221; title_font_size_phone=&#8221;20px&#8221; title_font_size_last_edited=&#8221;on|phone&#8221; global_colors_info=&#8221;{}&#8221;][\/et_pb_heading][\/et_pb_column][et_pb_column type=&#8221;1_2&#8243; _builder_version=&#8221;4.25.1&#8243; _module_preset=&#8221;default&#8221; global_colors_info=&#8221;{}&#8221;][et_pb_image src=&#8221;https:\/\/lagranpantallafestival.com\/wp-content\/uploads\/2024\/05\/MiConv.com__grans-2.webp&#8221; title_text=&#8221;GRANS&#8221; _builder_version=&#8221;4.27.4&#8243; _module_preset=&#8221;default&#8221; global_colors_info=&#8221;{}&#8221;][\/et_pb_image][et_pb_heading title=&#8221;Projecci\u00f3 i dinamitzaci\u00f3 del curtmetratge participatiu &#8216;Em quedo amb tu'&#8221; admin_label=&#8221;Direcci\u00f3n&#8221; _builder_version=&#8221;4.25.1&#8243; _module_preset=&#8221;_initial&#8221; title_level=&#8221;h5&#8243; title_font=&#8221;Montserrat|700|||||||&#8221; title_text_color=&#8221;#000000&#8243; title_font_size=&#8221;27px&#8221; title_letter_spacing=&#8221;-0.04em&#8221; title_line_height=&#8221;1.4em&#8221; custom_margin=&#8221;||10px||false|false&#8221; title_font_size_tablet=&#8221;27px&#8221; title_font_size_phone=&#8221;27px&#8221; title_font_size_last_edited=&#8221;on|phone&#8221; global_colors_info=&#8221;{}&#8221;][\/et_pb_heading][et_pb_blurb use_icon=&#8221;on&#8221; font_icon=&#8221;&#xf007;||fa||400&#8243; image_icon_background_color=&#8221;RGBA(255,255,255,0)&#8221; icon_placement=&#8221;left&#8221; image_icon_width=&#8221;16px&#8221; content_max_width=&#8221;100%&#8221; _builder_version=&#8221;4.25.1&#8243; _module_preset=&#8221;_initial&#8221; header_font=&#8221;Open Sans||||||||&#8221; header_text_color=&#8221;#000000&#8243; header_font_size=&#8221;24px&#8221; header_letter_spacing=&#8221;-0.04em&#8221; header_line_height=&#8221;1.8em&#8221; body_font=&#8221;Open Sans||||||||&#8221; body_text_color=&#8221;#000000&#8243; body_font_size=&#8221;24px&#8221; body_line_height=&#8221;30px&#8221; image_icon_custom_margin=&#8221;5px||||false|false&#8221; custom_margin=&#8221;||10px||false|false&#8221; animation=&#8221;off&#8221; header_font_size_tablet=&#8221;20px&#8221; header_font_size_phone=&#8221;20px&#8221; header_font_size_last_edited=&#8221;on|desktop&#8221; body_font_size_tablet=&#8221;20px&#8221; body_font_size_phone=&#8221;20px&#8221; body_font_size_last_edited=&#8221;on|desktop&#8221; body_line_height_tablet=&#8221;&#8221; body_line_height_phone=&#8221;30px&#8221; body_line_height_last_edited=&#8221;on|phone&#8221; global_colors_info=&#8221;{}&#8221;]Alfredo Cohen<br \/>\n[\/et_pb_blurb][et_pb_blurb use_icon=&#8221;on&#8221; font_icon=&#8221;&#xf017;||fa||400&#8243; image_icon_background_color=&#8221;RGBA(255,255,255,0)&#8221; icon_placement=&#8221;left&#8221; image_icon_width=&#8221;16px&#8221; content_max_width=&#8221;100%&#8221; _builder_version=&#8221;4.25.1&#8243; _module_preset=&#8221;_initial&#8221; header_font=&#8221;Open Sans||||||||&#8221; header_text_color=&#8221;#000000&#8243; header_font_size=&#8221;24px&#8221; header_letter_spacing=&#8221;-0.04em&#8221; header_line_height=&#8221;1.8em&#8221; body_font=&#8221;Open Sans||||||||&#8221; body_text_color=&#8221;#000000&#8243; body_font_size=&#8221;24px&#8221; body_line_height=&#8221;30px&#8221; image_icon_custom_margin=&#8221;5px||||false|false&#8221; custom_margin=&#8221;||10px||false|false&#8221; animation=&#8221;off&#8221; header_font_size_tablet=&#8221;20px&#8221; header_font_size_phone=&#8221;20px&#8221; header_font_size_last_edited=&#8221;on|desktop&#8221; body_font_size_tablet=&#8221;20px&#8221; body_font_size_phone=&#8221;20px&#8221; body_font_size_last_edited=&#8221;on|desktop&#8221; body_line_height_tablet=&#8221;&#8221; body_line_height_phone=&#8221;30px&#8221; body_line_height_last_edited=&#8221;on|phone&#8221; global_colors_info=&#8221;{}&#8221;]10\/06 \u2013 11 h<br \/>\n[\/et_pb_blurb][et_pb_blurb use_icon=&#8221;on&#8221; font_icon=&#8221;&#xe01d;||divi||400&#8243; image_icon_background_color=&#8221;RGBA(255,255,255,0)&#8221; icon_placement=&#8221;left&#8221; image_icon_width=&#8221;16px&#8221; content_max_width=&#8221;100%&#8221; _builder_version=&#8221;4.25.1&#8243; _module_preset=&#8221;_initial&#8221; header_font=&#8221;Open Sans||||||||&#8221; header_text_color=&#8221;#000000&#8243; header_font_size=&#8221;24px&#8221; header_letter_spacing=&#8221;-0.04em&#8221; header_line_height=&#8221;1.8em&#8221; body_font=&#8221;Open Sans||||||||&#8221; body_text_color=&#8221;#000000&#8243; body_font_size=&#8221;24px&#8221; body_line_height=&#8221;30px&#8221; image_icon_custom_margin=&#8221;5px||||false|false&#8221; custom_margin=&#8221;||10px||false|false&#8221; animation=&#8221;off&#8221; header_font_size_tablet=&#8221;20px&#8221; header_font_size_phone=&#8221;20px&#8221; header_font_size_last_edited=&#8221;on|desktop&#8221; body_font_size_tablet=&#8221;20px&#8221; body_font_size_phone=&#8221;20px&#8221; body_font_size_last_edited=&#8221;on|desktop&#8221; body_line_height_tablet=&#8221;&#8221; body_line_height_phone=&#8221;30px&#8221; body_line_height_last_edited=&#8221;on|phone&#8221; global_colors_info=&#8221;{}&#8221;]Sala Polivalent Montbau<br \/>\n[\/et_pb_blurb][et_pb_heading _builder_version=&#8221;4.25.1&#8243; _module_preset=&#8221;_initial&#8221; title_level=&#8221;h4&#8243; title_font=&#8221;Open Sans||||||||&#8221; title_text_align=&#8221;left&#8221; title_text_color=&#8221;#000000&#8243; title_font_size=&#8221;24px&#8221; title_letter_spacing=&#8221;-0.04em&#8221; title_line_height=&#8221;1.6em&#8221; min_height=&#8221;66.8px&#8221; custom_margin=&#8221;||2px|||&#8221; custom_padding=&#8221;10px|||||&#8221; title_font_size_tablet=&#8221;20px&#8221; title_font_size_phone=&#8221;20px&#8221; title_font_size_last_edited=&#8221;on|phone&#8221; global_colors_info=&#8221;{}&#8221;][\/et_pb_heading][\/et_pb_column][\/et_pb_row][et_pb_row column_structure=&#8221;1_2,1_2&#8243; _builder_version=&#8221;4.25.1&#8243; _module_preset=&#8221;default&#8221; custom_margin=&#8221;40px||||false|false&#8221; custom_margin_tablet=&#8221;40px||||false|false&#8221; custom_margin_phone=&#8221;-83px||0px||false|false&#8221; custom_margin_last_edited=&#8221;on|phone&#8221; custom_padding=&#8221;0px||0px||false|false&#8221; global_colors_info=&#8221;{}&#8221;][et_pb_column type=&#8221;1_2&#8243; _builder_version=&#8221;4.25.1&#8243; _module_preset=&#8221;default&#8221; global_colors_info=&#8221;{}&#8221;][et_pb_image src=&#8221;https:\/\/lagranpantallafestival.com\/wp-content\/uploads\/2025\/06\/LGP_BARRIS_25_PIENC_DANSA.jpg&#8221; title_text=&#8221;LGP_BARRIS_25_PIENC_DANSA&#8221; _builder_version=&#8221;4.27.4&#8243; _module_preset=&#8221;default&#8221; global_colors_info=&#8221;{}&#8221;][\/et_pb_image][et_pb_heading title=&#8221;Pe\u00e7a de teatre f\u00edsic &#8216;Envejecer solo para no estar solo'&#8221; admin_label=&#8221;Direcci\u00f3n&#8221; _builder_version=&#8221;4.25.1&#8243; _module_preset=&#8221;_initial&#8221; title_level=&#8221;h5&#8243; title_font=&#8221;Montserrat|700|||||||&#8221; title_text_color=&#8221;#000000&#8243; title_font_size=&#8221;27px&#8221; title_letter_spacing=&#8221;-0.04em&#8221; title_line_height=&#8221;1.4em&#8221; custom_margin=&#8221;||10px||false|false&#8221; title_font_size_tablet=&#8221;27px&#8221; title_font_size_phone=&#8221;27px&#8221; title_font_size_last_edited=&#8221;on|phone&#8221; global_colors_info=&#8221;{}&#8221;][\/et_pb_heading][et_pb_blurb use_icon=&#8221;on&#8221; font_icon=&#8221;&#xf007;||fa||400&#8243; image_icon_background_color=&#8221;RGBA(255,255,255,0)&#8221; icon_placement=&#8221;left&#8221; image_icon_width=&#8221;16px&#8221; content_max_width=&#8221;100%&#8221; _builder_version=&#8221;4.25.1&#8243; _module_preset=&#8221;_initial&#8221; header_font=&#8221;Open Sans||||||||&#8221; header_text_color=&#8221;#000000&#8243; header_font_size=&#8221;24px&#8221; header_letter_spacing=&#8221;-0.04em&#8221; header_line_height=&#8221;1.8em&#8221; body_font=&#8221;Open Sans||||||||&#8221; body_text_color=&#8221;#000000&#8243; body_font_size=&#8221;24px&#8221; body_line_height=&#8221;30px&#8221; image_icon_custom_margin=&#8221;5px||||false|false&#8221; custom_margin=&#8221;||10px||false|false&#8221; animation=&#8221;off&#8221; header_font_size_tablet=&#8221;20px&#8221; header_font_size_phone=&#8221;20px&#8221; header_font_size_last_edited=&#8221;on|desktop&#8221; body_font_size_tablet=&#8221;20px&#8221; body_font_size_phone=&#8221;20px&#8221; body_font_size_last_edited=&#8221;on|desktop&#8221; body_line_height_tablet=&#8221;&#8221; body_line_height_phone=&#8221;30px&#8221; body_line_height_last_edited=&#8221;on|phone&#8221; global_colors_info=&#8221;{}&#8221;]Wong Chun Him, int\u00e8rpret<br \/>\n[\/et_pb_blurb][et_pb_blurb use_icon=&#8221;on&#8221; font_icon=&#8221;&#xf017;||fa||400&#8243; image_icon_background_color=&#8221;RGBA(255,255,255,0)&#8221; icon_placement=&#8221;left&#8221; image_icon_width=&#8221;16px&#8221; content_max_width=&#8221;100%&#8221; _builder_version=&#8221;4.27.4&#8243; _module_preset=&#8221;_initial&#8221; header_font=&#8221;Open Sans||||||||&#8221; header_text_color=&#8221;#000000&#8243; header_font_size=&#8221;24px&#8221; header_letter_spacing=&#8221;-0.04em&#8221; header_line_height=&#8221;1.8em&#8221; body_font=&#8221;Open Sans||||||||&#8221; body_text_color=&#8221;#000000&#8243; body_font_size=&#8221;24px&#8221; image_icon_custom_margin=&#8221;5px||||false|false&#8221; custom_margin=&#8221;||10px||false|false&#8221; animation=&#8221;off&#8221; header_font_size_tablet=&#8221;20px&#8221; header_font_size_phone=&#8221;20px&#8221; header_font_size_last_edited=&#8221;on|desktop&#8221; body_font_size_tablet=&#8221;24px&#8221; body_font_size_phone=&#8221;24px&#8221; body_font_size_last_edited=&#8221;on|desktop&#8221; body_line_height_tablet=&#8221;&#8221; body_line_height_phone=&#8221;30px&#8221; body_line_height_last_edited=&#8221;on|phone&#8221; global_colors_info=&#8221;{}&#8221;]<\/p>\n<p>19\/06 \u2013 17.30 h<\/p>\n<p>[\/et_pb_blurb][et_pb_blurb use_icon=&#8221;on&#8221; font_icon=&#8221;&#xe01d;||divi||400&#8243; image_icon_background_color=&#8221;RGBA(255,255,255,0)&#8221; icon_placement=&#8221;left&#8221; image_icon_width=&#8221;16px&#8221; content_max_width=&#8221;100%&#8221; _builder_version=&#8221;4.25.1&#8243; _module_preset=&#8221;_initial&#8221; header_font=&#8221;Open Sans||||||||&#8221; header_text_color=&#8221;#000000&#8243; header_font_size=&#8221;24px&#8221; header_letter_spacing=&#8221;-0.04em&#8221; header_line_height=&#8221;1.8em&#8221; body_font=&#8221;Open Sans||||||||&#8221; body_text_color=&#8221;#000000&#8243; body_font_size=&#8221;24px&#8221; body_line_height=&#8221;30px&#8221; image_icon_custom_margin=&#8221;5px||||false|false&#8221; custom_margin=&#8221;||10px||false|false&#8221; animation=&#8221;off&#8221; header_font_size_tablet=&#8221;20px&#8221; header_font_size_phone=&#8221;20px&#8221; header_font_size_last_edited=&#8221;on|desktop&#8221; body_font_size_tablet=&#8221;20px&#8221; body_font_size_phone=&#8221;20px&#8221; body_font_size_last_edited=&#8221;on|desktop&#8221; body_line_height_tablet=&#8221;&#8221; body_line_height_phone=&#8221;30px&#8221; body_line_height_last_edited=&#8221;on|phone&#8221; global_colors_info=&#8221;{}&#8221;]Centre C\u00edvic Fort Pienc<br \/>\n[\/et_pb_blurb][et_pb_heading title=&#8221;Cal inscripci\u00f3 pr\u00e8via.&#8221; _builder_version=&#8221;4.25.1&#8243; _module_preset=&#8221;_initial&#8221; title_level=&#8221;h4&#8243; title_font=&#8221;Open Sans||||||||&#8221; title_text_align=&#8221;left&#8221; title_text_color=&#8221;#000000&#8243; title_font_size=&#8221;24px&#8221; title_letter_spacing=&#8221;-0.04em&#8221; title_line_height=&#8221;1.6em&#8221; min_height=&#8221;66.8px&#8221; custom_margin=&#8221;||2px|||&#8221; custom_padding=&#8221;10px|||||&#8221; title_font_size_tablet=&#8221;20px&#8221; title_font_size_phone=&#8221;20px&#8221; title_font_size_last_edited=&#8221;on|phone&#8221; global_colors_info=&#8221;{}&#8221;][\/et_pb_heading][et_pb_button button_url=&#8221;https:\/\/www.fortpienc.org\/arts-esceniques\/envejecer-solo-para-no-estar-solo\/&#8221; url_new_window=&#8221;on&#8221; button_text=&#8221;Reserva la teva entrada gratu\u00efta&#8221; button_alignment=&#8221;left&#8221; _builder_version=&#8221;4.27.4&#8243; _module_preset=&#8221;_initial&#8221; custom_button=&#8221;on&#8221; button_text_size=&#8221;20px&#8221; button_text_color=&#8221;#000000&#8243; button_bg_color=&#8221;#fcf7c9&#8243; button_border_width=&#8221;0px&#8221; button_border_radius=&#8221;0px&#8221; button_font=&#8221;Montserrat|600|||||||&#8221; button_use_icon=&#8221;off&#8221; custom_margin=&#8221;||||false|false&#8221; custom_padding=&#8221;|24px||24px|true|true&#8221; custom_padding_tablet=&#8221;12px|24px|12px|24px|true|true&#8221; custom_padding_phone=&#8221;12px|24px|12px|24px|true|true&#8221; custom_padding_last_edited=&#8221;on|phone&#8221; hover_enabled=&#8221;0&#8243; button_text_size_tablet=&#8221;20px&#8221; button_text_size_phone=&#8221;20px&#8221; button_text_size_last_edited=&#8221;on|desktop&#8221; locked=&#8221;off&#8221; global_colors_info=&#8221;{}&#8221; button_text_size__hover_enabled=&#8221;on|hover&#8221; button_bg_color__hover_enabled=&#8221;on|hover&#8221; z_index__hover_enabled=&#8221;on|hover&#8221; transform_styles__hover_enabled=&#8221;on|hover&#8221; transform_scale__hover_enabled=&#8221;on|hover&#8221; transform_translate__hover_enabled=&#8221;on|hover&#8221; transform_rotate__hover_enabled=&#8221;on|hover&#8221; transform_skew__hover_enabled=&#8221;on|hover&#8221; transform_origin__hover_enabled=&#8221;on|hover&#8221; button_text_size__hover=&#8221;20px&#8221; button_bg_color__hover=&#8221;#fcf7c9&#8243; sticky_enabled=&#8221;0&#8243;][\/et_pb_button][\/et_pb_column][et_pb_column type=&#8221;1_2&#8243; _builder_version=&#8221;4.25.1&#8243; _module_preset=&#8221;default&#8221; global_colors_info=&#8221;{}&#8221;][et_pb_image src=&#8221;https:\/\/lagranpantallafestival.com\/wp-content\/uploads\/2025\/06\/LGP_BARRIS_25_PIENC_POLVO.jpg&#8221; title_text=&#8221;LGP_BARRIS_25_PIENC_POLVO&#8221; _builder_version=&#8221;4.27.4&#8243; _module_preset=&#8221;default&#8221; global_colors_info=&#8221;{}&#8221;][\/et_pb_image][et_pb_heading title=&#8221;Projecci\u00f3 &#8216;Polvo ser\u00e1n&#8217; m\u00e9s di\u00e0leg posterior&#8221; admin_label=&#8221;Direcci\u00f3n&#8221; _builder_version=&#8221;4.25.1&#8243; _module_preset=&#8221;_initial&#8221; title_level=&#8221;h5&#8243; title_font=&#8221;Montserrat|700|||||||&#8221; title_text_color=&#8221;#000000&#8243; title_font_size=&#8221;27px&#8221; title_letter_spacing=&#8221;-0.04em&#8221; title_line_height=&#8221;1.4em&#8221; custom_margin=&#8221;||10px||false|false&#8221; title_font_size_tablet=&#8221;27px&#8221; title_font_size_phone=&#8221;27px&#8221; title_font_size_last_edited=&#8221;on|phone&#8221; global_colors_info=&#8221;{}&#8221;][\/et_pb_heading][et_pb_blurb use_icon=&#8221;on&#8221; font_icon=&#8221;&#xf007;||fa||400&#8243; image_icon_background_color=&#8221;RGBA(255,255,255,0)&#8221; icon_placement=&#8221;left&#8221; image_icon_width=&#8221;16px&#8221; content_max_width=&#8221;100%&#8221; _builder_version=&#8221;4.27.4&#8243; _module_preset=&#8221;_initial&#8221; header_font=&#8221;Open Sans||||||||&#8221; header_text_color=&#8221;#000000&#8243; header_font_size=&#8221;24px&#8221; header_letter_spacing=&#8221;-0.04em&#8221; header_line_height=&#8221;1.8em&#8221; body_font=&#8221;Open Sans||||||||&#8221; body_text_color=&#8221;#000000&#8243; body_font_size=&#8221;24px&#8221; body_line_height=&#8221;30px&#8221; image_icon_custom_margin=&#8221;5px||||false|false&#8221; custom_margin=&#8221;||10px||false|false&#8221; animation=&#8221;off&#8221; header_font_size_tablet=&#8221;20px&#8221; header_font_size_phone=&#8221;20px&#8221; header_font_size_last_edited=&#8221;on|desktop&#8221; body_font_size_tablet=&#8221;20px&#8221; body_font_size_phone=&#8221;20px&#8221; body_font_size_last_edited=&#8221;on|desktop&#8221; body_line_height_tablet=&#8221;&#8221; body_line_height_phone=&#8221;30px&#8221; body_line_height_last_edited=&#8221;on|phone&#8221; global_colors_info=&#8221;{}&#8221;]Amb M\u00f2nica Almirall, actriu del film<br \/>\n[\/et_pb_blurb][et_pb_blurb use_icon=&#8221;on&#8221; font_icon=&#8221;&#xf017;||fa||400&#8243; image_icon_background_color=&#8221;RGBA(255,255,255,0)&#8221; icon_placement=&#8221;left&#8221; image_icon_width=&#8221;16px&#8221; content_max_width=&#8221;100%&#8221; _builder_version=&#8221;4.27.4&#8243; _module_preset=&#8221;_initial&#8221; header_font=&#8221;Open Sans||||||||&#8221; header_text_color=&#8221;#000000&#8243; header_font_size=&#8221;24px&#8221; header_letter_spacing=&#8221;-0.04em&#8221; header_line_height=&#8221;1.8em&#8221; body_font=&#8221;Open Sans||||||||&#8221; body_text_color=&#8221;#000000&#8243; body_font_size=&#8221;24px&#8221; image_icon_custom_margin=&#8221;5px||||false|false&#8221; custom_margin=&#8221;||10px||false|false&#8221; animation=&#8221;off&#8221; header_font_size_tablet=&#8221;20px&#8221; header_font_size_phone=&#8221;20px&#8221; header_font_size_last_edited=&#8221;on|desktop&#8221; body_font_size_tablet=&#8221;24px&#8221; body_font_size_phone=&#8221;24px&#8221; body_font_size_last_edited=&#8221;on|desktop&#8221; body_line_height_tablet=&#8221;&#8221; body_line_height_phone=&#8221;30px&#8221; body_line_height_last_edited=&#8221;on|phone&#8221; global_colors_info=&#8221;{}&#8221;]<\/p>\n<p>19\/06 \u2013 19 h<\/p>\n<p>[\/et_pb_blurb][et_pb_blurb use_icon=&#8221;on&#8221; font_icon=&#8221;&#xe01d;||divi||400&#8243; image_icon_background_color=&#8221;RGBA(255,255,255,0)&#8221; icon_placement=&#8221;left&#8221; image_icon_width=&#8221;16px&#8221; content_max_width=&#8221;100%&#8221; _builder_version=&#8221;4.27.4&#8243; _module_preset=&#8221;_initial&#8221; header_font=&#8221;Open Sans||||||||&#8221; header_text_color=&#8221;#000000&#8243; header_font_size=&#8221;24px&#8221; header_letter_spacing=&#8221;-0.04em&#8221; header_line_height=&#8221;1.8em&#8221; body_font=&#8221;Open Sans||||||||&#8221; body_text_color=&#8221;#000000&#8243; body_font_size=&#8221;24px&#8221; body_line_height=&#8221;30px&#8221; image_icon_custom_margin=&#8221;5px||||false|false&#8221; custom_margin=&#8221;||10px||false|false&#8221; animation=&#8221;off&#8221; header_font_size_tablet=&#8221;20px&#8221; header_font_size_phone=&#8221;20px&#8221; header_font_size_last_edited=&#8221;on|desktop&#8221; body_font_size_tablet=&#8221;20px&#8221; body_font_size_phone=&#8221;20px&#8221; body_font_size_last_edited=&#8221;on|desktop&#8221; body_line_height_tablet=&#8221;&#8221; body_line_height_phone=&#8221;30px&#8221; body_line_height_last_edited=&#8221;on|phone&#8221; global_colors_info=&#8221;{}&#8221;]Centre C\u00edvic Fort Pienc<br \/>\n[\/et_pb_blurb][et_pb_heading title=&#8221;Cal inscripci\u00f3 pr\u00e8via.&#8221; _builder_version=&#8221;4.25.1&#8243; _module_preset=&#8221;_initial&#8221; title_level=&#8221;h4&#8243; title_font=&#8221;Open Sans||||||||&#8221; title_text_align=&#8221;left&#8221; title_text_color=&#8221;#000000&#8243; title_font_size=&#8221;24px&#8221; title_letter_spacing=&#8221;-0.04em&#8221; title_line_height=&#8221;1.6em&#8221; min_height=&#8221;66.8px&#8221; custom_margin=&#8221;||2px|||&#8221; custom_padding=&#8221;10px|||||&#8221; title_font_size_tablet=&#8221;20px&#8221; title_font_size_phone=&#8221;20px&#8221; title_font_size_last_edited=&#8221;on|phone&#8221; global_colors_info=&#8221;{}&#8221;][\/et_pb_heading][et_pb_button button_url=&#8221;https:\/\/www.fortpienc.org\/cinema\/polvo-seran\/&#8221; url_new_window=&#8221;on&#8221; button_text=&#8221;Reserva la teva entrada gratu\u00efta&#8221; button_alignment=&#8221;left&#8221; _builder_version=&#8221;4.27.4&#8243; _module_preset=&#8221;_initial&#8221; custom_button=&#8221;on&#8221; button_text_size=&#8221;20px&#8221; button_text_color=&#8221;#000000&#8243; button_bg_color=&#8221;#fcf7c9&#8243; button_border_width=&#8221;0px&#8221; button_border_radius=&#8221;0px&#8221; button_font=&#8221;Montserrat|600|||||||&#8221; button_use_icon=&#8221;off&#8221; custom_margin=&#8221;||||false|false&#8221; custom_padding=&#8221;|24px||24px|true|true&#8221; custom_padding_tablet=&#8221;12px|24px|12px|24px|true|true&#8221; custom_padding_phone=&#8221;12px|24px|12px|24px|true|true&#8221; custom_padding_last_edited=&#8221;on|phone&#8221; button_text_size_tablet=&#8221;20px&#8221; button_text_size_phone=&#8221;20px&#8221; button_text_size_last_edited=&#8221;on|desktop&#8221; locked=&#8221;off&#8221; global_colors_info=&#8221;{}&#8221; button_text_size__hover_enabled=&#8221;on|hover&#8221; button_bg_color__hover_enabled=&#8221;on|hover&#8221; z_index__hover_enabled=&#8221;on|hover&#8221; transform_styles__hover_enabled=&#8221;on|hover&#8221; transform_scale__hover_enabled=&#8221;on|hover&#8221; transform_translate__hover_enabled=&#8221;on|hover&#8221; transform_rotate__hover_enabled=&#8221;on|hover&#8221; transform_skew__hover_enabled=&#8221;on|hover&#8221; transform_origin__hover_enabled=&#8221;on|hover&#8221; button_text_size__hover=&#8221;20px&#8221; button_bg_color__hover=&#8221;#fcf7c9&#8243;][\/et_pb_button][\/et_pb_column][\/et_pb_row][et_pb_row column_structure=&#8221;1_2,1_2&#8243; _builder_version=&#8221;4.27.4&#8243; _module_preset=&#8221;default&#8221; custom_margin=&#8221;40px||||false|false&#8221; custom_margin_tablet=&#8221;40px||||false|false&#8221; custom_margin_phone=&#8221;-83px||0px||false|false&#8221; custom_margin_last_edited=&#8221;on|phone&#8221; custom_padding=&#8221;0px||0px||false|false&#8221; global_colors_info=&#8221;{}&#8221;][et_pb_column type=&#8221;1_2&#8243; _builder_version=&#8221;4.25.1&#8243; _module_preset=&#8221;default&#8221; global_colors_info=&#8221;{}&#8221;][et_pb_image src=&#8221;https:\/\/lagranpantallafestival.com\/wp-content\/uploads\/2025\/06\/paloma_web.jpg&#8221; title_text=&#8221;paloma_web&#8221; _builder_version=&#8221;4.27.4&#8243; _module_preset=&#8221;default&#8221; global_colors_info=&#8221;{}&#8221;][\/et_pb_image][et_pb_heading title=&#8221;Festa de benvinguda a La Paloma&#8221; admin_label=&#8221;Direcci\u00f3n&#8221; _builder_version=&#8221;4.27.4&#8243; _module_preset=&#8221;_initial&#8221; title_level=&#8221;h5&#8243; title_font=&#8221;Montserrat|700|||||||&#8221; title_text_color=&#8221;#000000&#8243; title_font_size=&#8221;27px&#8221; title_letter_spacing=&#8221;-0.04em&#8221; title_line_height=&#8221;1.4em&#8221; custom_margin=&#8221;||10px||false|false&#8221; title_font_size_tablet=&#8221;27px&#8221; title_font_size_phone=&#8221;27px&#8221; title_font_size_last_edited=&#8221;on|phone&#8221; global_colors_info=&#8221;{}&#8221;][\/et_pb_heading][et_pb_blurb use_icon=&#8221;on&#8221; font_icon=&#8221;&#xf017;||fa||400&#8243; image_icon_background_color=&#8221;RGBA(255,255,255,0)&#8221; icon_placement=&#8221;left&#8221; image_icon_width=&#8221;16px&#8221; content_max_width=&#8221;100%&#8221; _builder_version=&#8221;4.27.4&#8243; _module_preset=&#8221;_initial&#8221; header_font=&#8221;Open Sans||||||||&#8221; header_text_color=&#8221;#000000&#8243; header_font_size=&#8221;24px&#8221; header_letter_spacing=&#8221;-0.04em&#8221; header_line_height=&#8221;1.8em&#8221; body_font=&#8221;Open Sans||||||||&#8221; body_text_color=&#8221;#000000&#8243; body_font_size=&#8221;24px&#8221; image_icon_custom_margin=&#8221;5px||||false|false&#8221; custom_margin=&#8221;||10px||false|false&#8221; animation=&#8221;off&#8221; header_font_size_tablet=&#8221;20px&#8221; header_font_size_phone=&#8221;20px&#8221; header_font_size_last_edited=&#8221;on|desktop&#8221; body_font_size_tablet=&#8221;24px&#8221; body_font_size_phone=&#8221;24px&#8221; body_font_size_last_edited=&#8221;on|desktop&#8221; body_line_height_tablet=&#8221;&#8221; body_line_height_phone=&#8221;30px&#8221; body_line_height_last_edited=&#8221;on|phone&#8221; global_colors_info=&#8221;{}&#8221;]<\/p>\n<p>29\/06 \u2013 17.00 h &#8211; 13\u20ac<\/p>\n<p>[\/et_pb_blurb][et_pb_blurb use_icon=&#8221;on&#8221; font_icon=&#8221;&#xe01d;||divi||400&#8243; image_icon_background_color=&#8221;RGBA(255,255,255,0)&#8221; icon_placement=&#8221;left&#8221; image_icon_width=&#8221;16px&#8221; content_max_width=&#8221;100%&#8221; _builder_version=&#8221;4.27.4&#8243; _module_preset=&#8221;_initial&#8221; header_font=&#8221;Open Sans||||||||&#8221; header_text_color=&#8221;#000000&#8243; header_font_size=&#8221;24px&#8221; header_letter_spacing=&#8221;-0.04em&#8221; header_line_height=&#8221;1.8em&#8221; body_font=&#8221;Open Sans||||||||&#8221; body_text_color=&#8221;#000000&#8243; body_font_size=&#8221;24px&#8221; body_line_height=&#8221;30px&#8221; image_icon_custom_margin=&#8221;5px||||false|false&#8221; custom_margin=&#8221;||10px||false|false&#8221; animation=&#8221;off&#8221; header_font_size_tablet=&#8221;20px&#8221; header_font_size_phone=&#8221;20px&#8221; header_font_size_last_edited=&#8221;on|desktop&#8221; body_font_size_tablet=&#8221;20px&#8221; body_font_size_phone=&#8221;20px&#8221; body_font_size_last_edited=&#8221;on|desktop&#8221; body_line_height_tablet=&#8221;&#8221; body_line_height_phone=&#8221;30px&#8221; body_line_height_last_edited=&#8221;on|phone&#8221; global_colors_info=&#8221;{}&#8221;]<\/p>\n<p>Sala La Paloma<\/p>\n<p>[\/et_pb_blurb][et_pb_heading title=&#8221;Un parell de dies abans de la inauguraci\u00f3, obrim la setena edici\u00f3 amb una tarda meravellosa a la sala La Paloma. Prepara&#8217;t per ballar el diumenge 29 de juny amb una banda en viu tocant la millor salsa de la ciutat! Us hi esperem!&#8221; _builder_version=&#8221;4.27.4&#8243; _module_preset=&#8221;_initial&#8221; title_level=&#8221;h4&#8243; title_font=&#8221;Open Sans||||||||&#8221; title_text_align=&#8221;left&#8221; title_text_color=&#8221;#000000&#8243; title_font_size=&#8221;24px&#8221; title_letter_spacing=&#8221;-0.04em&#8221; title_line_height=&#8221;1.6em&#8221; min_height=&#8221;66.8px&#8221; custom_margin=&#8221;||2px|||&#8221; custom_padding=&#8221;10px|||||&#8221; title_font_size_tablet=&#8221;20px&#8221; title_font_size_phone=&#8221;20px&#8221; title_font_size_last_edited=&#8221;on|phone&#8221; global_colors_info=&#8221;{}&#8221;][\/et_pb_heading][et_pb_button url_new_window=&#8221;on&#8221; button_text=&#8221;Reserva l&#8217;entrada al teu casal!&#8221; button_alignment=&#8221;left&#8221; _builder_version=&#8221;4.27.4&#8243; _module_preset=&#8221;_initial&#8221; custom_button=&#8221;on&#8221; button_text_size=&#8221;20px&#8221; button_text_color=&#8221;#000000&#8243; button_bg_color=&#8221;#fcf7c9&#8243; button_border_width=&#8221;0px&#8221; button_border_radius=&#8221;0px&#8221; button_font=&#8221;Montserrat|600|||||||&#8221; button_use_icon=&#8221;off&#8221; custom_margin=&#8221;||||false|false&#8221; custom_padding=&#8221;|24px||24px|true|true&#8221; custom_padding_tablet=&#8221;12px|24px|12px|24px|true|true&#8221; custom_padding_phone=&#8221;12px|24px|12px|24px|true|true&#8221; custom_padding_last_edited=&#8221;on|phone&#8221; hover_enabled=&#8221;0&#8243; button_text_size_tablet=&#8221;20px&#8221; button_text_size_phone=&#8221;20px&#8221; button_text_size_last_edited=&#8221;on|desktop&#8221; locked=&#8221;off&#8221; global_colors_info=&#8221;{}&#8221; button_text_size__hover_enabled=&#8221;on|hover&#8221; button_bg_color__hover_enabled=&#8221;on|hover&#8221; z_index__hover_enabled=&#8221;on|hover&#8221; transform_styles__hover_enabled=&#8221;on|hover&#8221; transform_scale__hover_enabled=&#8221;on|hover&#8221; transform_translate__hover_enabled=&#8221;on|hover&#8221; transform_rotate__hover_enabled=&#8221;on|hover&#8221; transform_skew__hover_enabled=&#8221;on|hover&#8221; transform_origin__hover_enabled=&#8221;on|hover&#8221; button_text_size__hover=&#8221;20px&#8221; button_bg_color__hover=&#8221;#fcf7c9&#8243; sticky_enabled=&#8221;0&#8243;][\/et_pb_button][\/et_pb_column][et_pb_column type=&#8221;1_2&#8243; _builder_version=&#8221;4.25.1&#8243; _module_preset=&#8221;default&#8221; global_colors_info=&#8221;{}&#8221;][et_pb_image src=&#8221;https:\/\/lagranpantallafestival.com\/wp-content\/uploads\/2025\/06\/LGP_acciocinema.jpg&#8221; title_text=&#8221;LGP_acciocinema&#8221; _builder_version=&#8221;4.27.4&#8243; _module_preset=&#8221;default&#8221; global_colors_info=&#8221;{}&#8221;][\/et_pb_image][et_pb_heading title=&#8221;Acci\u00f3 Cinema: Cadena global de cures&#8221; admin_label=&#8221;Direcci\u00f3n&#8221; _builder_version=&#8221;4.27.4&#8243; _module_preset=&#8221;_initial&#8221; title_level=&#8221;h5&#8243; title_font=&#8221;Montserrat|700|||||||&#8221; title_text_color=&#8221;#000000&#8243; title_font_size=&#8221;27px&#8221; title_letter_spacing=&#8221;-0.04em&#8221; title_line_height=&#8221;1.4em&#8221; custom_margin=&#8221;||10px||false|false&#8221; title_font_size_tablet=&#8221;27px&#8221; title_font_size_phone=&#8221;27px&#8221; title_font_size_last_edited=&#8221;on|phone&#8221; global_colors_info=&#8221;{}&#8221;][\/et_pb_heading][et_pb_blurb use_icon=&#8221;on&#8221; font_icon=&#8221;&#xf017;||fa||400&#8243; image_icon_background_color=&#8221;RGBA(255,255,255,0)&#8221; icon_placement=&#8221;left&#8221; image_icon_width=&#8221;16px&#8221; content_max_width=&#8221;100%&#8221; _builder_version=&#8221;4.27.4&#8243; _module_preset=&#8221;_initial&#8221; header_font=&#8221;Open Sans||||||||&#8221; header_text_color=&#8221;#000000&#8243; header_font_size=&#8221;24px&#8221; header_letter_spacing=&#8221;-0.04em&#8221; header_line_height=&#8221;1.8em&#8221; body_font=&#8221;Open Sans||||||||&#8221; body_text_color=&#8221;#000000&#8243; body_font_size=&#8221;24px&#8221; image_icon_custom_margin=&#8221;5px||||false|false&#8221; custom_margin=&#8221;||10px||false|false&#8221; animation=&#8221;off&#8221; header_font_size_tablet=&#8221;20px&#8221; header_font_size_phone=&#8221;20px&#8221; header_font_size_last_edited=&#8221;on|desktop&#8221; body_font_size_tablet=&#8221;24px&#8221; body_font_size_phone=&#8221;24px&#8221; body_font_size_last_edited=&#8221;on|desktop&#8221; body_line_height_tablet=&#8221;&#8221; body_line_height_phone=&#8221;30px&#8221; body_line_height_last_edited=&#8221;on|phone&#8221; global_colors_info=&#8221;{}&#8221;]<\/p>\n<p>5\/07 \u2013 16 h<\/p>\n<p>[\/et_pb_blurb][et_pb_blurb use_icon=&#8221;on&#8221; font_icon=&#8221;&#xe01d;||divi||400&#8243; image_icon_background_color=&#8221;RGBA(255,255,255,0)&#8221; icon_placement=&#8221;left&#8221; image_icon_width=&#8221;16px&#8221; content_max_width=&#8221;100%&#8221; _builder_version=&#8221;4.27.4&#8243; _module_preset=&#8221;_initial&#8221; header_font=&#8221;Open Sans||||||||&#8221; header_text_color=&#8221;#000000&#8243; header_font_size=&#8221;24px&#8221; header_letter_spacing=&#8221;-0.04em&#8221; header_line_height=&#8221;1.8em&#8221; body_font=&#8221;Open Sans||||||||&#8221; body_text_color=&#8221;#000000&#8243; body_font_size=&#8221;24px&#8221; body_line_height=&#8221;30px&#8221; image_icon_custom_margin=&#8221;5px||||false|false&#8221; custom_margin=&#8221;||10px||false|false&#8221; animation=&#8221;off&#8221; header_font_size_tablet=&#8221;20px&#8221; header_font_size_phone=&#8221;20px&#8221; header_font_size_last_edited=&#8221;on|desktop&#8221; body_font_size_tablet=&#8221;20px&#8221; body_font_size_phone=&#8221;20px&#8221; body_font_size_last_edited=&#8221;on|desktop&#8221; body_line_height_tablet=&#8221;&#8221; body_line_height_phone=&#8221;30px&#8221; body_line_height_last_edited=&#8221;on|phone&#8221; global_colors_info=&#8221;{}&#8221;]<\/p>\n<p>Cinemes Girona<\/p>\n<p>[\/et_pb_blurb][et_pb_heading title=&#8221;Taller co-creatiu i visual d&#8217;un projecte educocomunicatiu que posa en relaci\u00f3 joves alumnes de l\u2019Aula d\u2019Acollida de l\u2019Institut Verdaguer, dones grans del Casal de Gent Gran d\u2019Horta, i membres de l\u2019ONG Mujeres Unidas Entre Tierras. El resultat ser\u00e0 un v\u00eddeo col\u00b7lectiu que es projectar\u00e0 dins la sessi\u00f3 de Curts Participatius.&#8221; _builder_version=&#8221;4.27.4&#8243; _module_preset=&#8221;_initial&#8221; title_level=&#8221;h4&#8243; title_font=&#8221;Open Sans||||||||&#8221; title_text_align=&#8221;left&#8221; title_text_color=&#8221;#000000&#8243; title_font_size=&#8221;24px&#8221; title_letter_spacing=&#8221;-0.04em&#8221; title_line_height=&#8221;1.6em&#8221; min_height=&#8221;66.8px&#8221; custom_margin=&#8221;||2px|||&#8221; custom_padding=&#8221;10px|||||&#8221; title_font_size_tablet=&#8221;20px&#8221; title_font_size_phone=&#8221;20px&#8221; title_font_size_last_edited=&#8221;on|phone&#8221; global_colors_info=&#8221;{}&#8221;][\/et_pb_heading][\/et_pb_column][\/et_pb_row][\/et_pb_section]<\/p>\n","protected":false},"excerpt":{"rendered":"<p>Alfredo Cohen 05\/06 \u2013 17.00 h Casal Gent Gran Tur\u00f3 de la Peira Alfredo Cohen 10\/06 \u2013 11 h Sala Polivalent Montbau Wong Chun Him, int\u00e8rpret 19\/06 \u2013 17.30 hCentre C\u00edvic Fort Pienc Amb M\u00f2nica Almirall, actriu del film 19\/06 \u2013 19 hCentre C\u00edvic Fort Pienc 29\/06 \u2013 17.00 h &#8211; 13\u20acSala La Paloma5\/07 \u2013 [&hellip;]<\/p>\n","protected":false},"author":14,"featured_media":0,"parent":0,"menu_order":0,"comment_status":"closed","ping_status":"closed","template":"","meta":{"_et_pb_use_builder":"on","_et_pb_old_content":"","_et_gb_content_width":"","cybocfi_hide_featured_image":"","footnotes":""},"class_list":["post-246324","page","type-page","status-publish","hentry"],"yoast_head":"<!-- This site is optimized with the Yoast SEO plugin v26.7 - https:\/\/yoast.com\/wordpress\/plugins\/seo\/ -->\n<title>ACTIVITATS COMPLEMENT\u00c0RIES 2025 &#183;<\/title>\n<meta name=\"description\" content=\"La GRAN pantalla - Festival Internacional de Cinema de les Persones Grans de Barcelona\" \/>\n<meta name=\"robots\" content=\"index, follow, max-snippet:-1, max-image-preview:large, max-video-preview:-1\" \/>\n<link rel=\"canonical\" href=\"https:\/\/lagranpantallafestival.com\/ca\/activitats-complementaries-2025-3\/\" \/>\n<meta property=\"og:locale\" content=\"ca_ES\" \/>\n<meta property=\"og:type\" content=\"article\" \/>\n<meta property=\"og:title\" content=\"ACTIVITATS COMPLEMENT\u00c0RIES 2025 &#183;\" \/>\n<meta property=\"og:description\" content=\"La GRAN pantalla - Festival Internacional de Cinema de les Persones Grans de Barcelona\" \/>\n<meta property=\"og:url\" content=\"https:\/\/lagranpantallafestival.com\/ca\/activitats-complementaries-2025-3\/\" \/>\n<meta property=\"og:site_name\" content=\"Festival Internacional de Cinema de les Persones Grans de Barcelona: La Gran Pantalla\" \/>\n<meta property=\"article:publisher\" content=\"https:\/\/www.facebook.com\/lagranpantallabcn\/\" \/>\n<meta property=\"article:modified_time\" content=\"2025-06-16T22:15:01+00:00\" \/>\n<meta property=\"og:image\" content=\"https:\/\/lagranpantallafestival.com\/wp-content\/uploads\/2020\/05\/Sala-Gran-Pantalla-2019-1024x683.jpg\" \/>\n\t<meta property=\"og:image:width\" content=\"1024\" \/>\n\t<meta property=\"og:image:height\" content=\"683\" \/>\n\t<meta property=\"og:image:type\" content=\"image\/jpeg\" \/>\n<meta name=\"twitter:card\" content=\"summary_large_image\" \/>\n<meta name=\"twitter:site\" content=\"@granpantallabcn\" \/>\n<meta name=\"twitter:label1\" content=\"Temps estimat de lectura\" \/>\n\t<meta name=\"twitter:data1\" content=\"2 minuts\" \/>\n<script type=\"application\/ld+json\" class=\"yoast-schema-graph\">{\"@context\":\"https:\/\/schema.org\",\"@graph\":[{\"@type\":\"WebPage\",\"@id\":\"https:\/\/lagranpantallafestival.com\/ca\/activitats-complementaries-2025-3\/\",\"url\":\"https:\/\/lagranpantallafestival.com\/ca\/activitats-complementaries-2025-3\/\",\"name\":\"ACTIVITATS COMPLEMENT\u00c0RIES 2025 &#183;\",\"isPartOf\":{\"@id\":\"https:\/\/lagranpantallafestival.com\/ca\/#website\"},\"datePublished\":\"2025-06-12T05:58:34+00:00\",\"dateModified\":\"2025-06-16T22:15:01+00:00\",\"description\":\"La GRAN pantalla - Festival Internacional de Cinema de les Persones Grans de Barcelona\",\"breadcrumb\":{\"@id\":\"https:\/\/lagranpantallafestival.com\/ca\/activitats-complementaries-2025-3\/#breadcrumb\"},\"inLanguage\":\"ca\",\"potentialAction\":[{\"@type\":\"ReadAction\",\"target\":[\"https:\/\/lagranpantallafestival.com\/ca\/activitats-complementaries-2025-3\/\"]}]},{\"@type\":\"BreadcrumbList\",\"@id\":\"https:\/\/lagranpantallafestival.com\/ca\/activitats-complementaries-2025-3\/#breadcrumb\",\"itemListElement\":[{\"@type\":\"ListItem\",\"position\":1,\"name\":\"Portada\",\"item\":\"https:\/\/lagranpantallafestival.com\/ca\/\"},{\"@type\":\"ListItem\",\"position\":2,\"name\":\"ACTIVITATS COMPLEMENT\u00c0RIES 2025\"}]},{\"@type\":\"WebSite\",\"@id\":\"https:\/\/lagranpantallafestival.com\/ca\/#website\",\"url\":\"https:\/\/lagranpantallafestival.com\/ca\/\",\"name\":\"Festival Internacional de Cinema de les Persones Grans de Barcelona: La Gran Pantalla\",\"description\":\"El Festival Internacional de Cine de las personas mayores La gran pantalla! es el primer espacio en Barcelona dedicado al encuentro cinematogr\u00e1fico intergeneracional. Proyectamos pel\u00edculas y cortometrajes que aborden nuevas miradas sobre el hecho de ser mayor. Nuestro objetivo es desmontar los estereotipos que existen en la sociedad y promover el envejecimiento activo, a trav\u00e9s de la reflexi\u00f3n y el debate que inspira el s\u00e9ptimo arte.\",\"publisher\":{\"@id\":\"https:\/\/lagranpantallafestival.com\/ca\/#organization\"},\"potentialAction\":[{\"@type\":\"SearchAction\",\"target\":{\"@type\":\"EntryPoint\",\"urlTemplate\":\"https:\/\/lagranpantallafestival.com\/ca\/?s={search_term_string}\"},\"query-input\":{\"@type\":\"PropertyValueSpecification\",\"valueRequired\":true,\"valueName\":\"search_term_string\"}}],\"inLanguage\":\"ca\"},{\"@type\":\"Organization\",\"@id\":\"https:\/\/lagranpantallafestival.com\/ca\/#organization\",\"name\":\"[wpseo_titles]company_nombre\",\"url\":\"https:\/\/lagranpantallafestival.com\/ca\/\",\"logo\":{\"@type\":\"ImageObject\",\"inLanguage\":\"ca\",\"@id\":\"https:\/\/lagranpantallafestival.com\/ca\/#\/schema\/logo\/image\/\",\"url\":\"https:\/\/i0.wp.com\/lagranpantallafestival.com\/wp-content\/uploads\/2020\/05\/Logo_web_LaGranPantalla.png?fit=901%2C301&ssl=1\",\"contentUrl\":\"https:\/\/i0.wp.com\/lagranpantallafestival.com\/wp-content\/uploads\/2020\/05\/Logo_web_LaGranPantalla.png?fit=901%2C301&ssl=1\",\"width\":901,\"height\":301,\"caption\":\"[wpseo_titles]company_nombre\"},\"image\":{\"@id\":\"https:\/\/lagranpantallafestival.com\/ca\/#\/schema\/logo\/image\/\"},\"sameAs\":[\"https:\/\/www.facebook.com\/lagranpantallabcn\/\",\"https:\/\/x.com\/granpantallabcn\",\"https:\/\/www.instagram.com\/lagranpantallabcn\/\",\"https:\/\/www.youtube.com\/user\/colectivoelparlante\"]}]}<\/script>\n<!-- \/ Yoast SEO plugin. -->","yoast_head_json":{"title":"ACTIVITATS COMPLEMENT\u00c0RIES 2025 &#183;","description":"La GRAN pantalla - Festival Internacional de Cinema de les Persones Grans de Barcelona","robots":{"index":"index","follow":"follow","max-snippet":"max-snippet:-1","max-image-preview":"max-image-preview:large","max-video-preview":"max-video-preview:-1"},"canonical":"https:\/\/lagranpantallafestival.com\/ca\/activitats-complementaries-2025-3\/","og_locale":"ca_ES","og_type":"article","og_title":"ACTIVITATS COMPLEMENT\u00c0RIES 2025 &#183;","og_description":"La GRAN pantalla - Festival Internacional de Cinema de les Persones Grans de Barcelona","og_url":"https:\/\/lagranpantallafestival.com\/ca\/activitats-complementaries-2025-3\/","og_site_name":"Festival Internacional de Cinema de les Persones Grans de Barcelona: La Gran Pantalla","article_publisher":"https:\/\/www.facebook.com\/lagranpantallabcn\/","article_modified_time":"2025-06-16T22:15:01+00:00","og_image":[{"width":1024,"height":683,"url":"https:\/\/lagranpantallafestival.com\/wp-content\/uploads\/2020\/05\/Sala-Gran-Pantalla-2019-1024x683.jpg","type":"image\/jpeg"}],"twitter_card":"summary_large_image","twitter_site":"@granpantallabcn","twitter_misc":{"Temps estimat de lectura":"2 minuts"},"schema":{"@context":"https:\/\/schema.org","@graph":[{"@type":"WebPage","@id":"https:\/\/lagranpantallafestival.com\/ca\/activitats-complementaries-2025-3\/","url":"https:\/\/lagranpantallafestival.com\/ca\/activitats-complementaries-2025-3\/","name":"ACTIVITATS COMPLEMENT\u00c0RIES 2025 &#183;","isPartOf":{"@id":"https:\/\/lagranpantallafestival.com\/ca\/#website"},"datePublished":"2025-06-12T05:58:34+00:00","dateModified":"2025-06-16T22:15:01+00:00","description":"La GRAN pantalla - Festival Internacional de Cinema de les Persones Grans de Barcelona","breadcrumb":{"@id":"https:\/\/lagranpantallafestival.com\/ca\/activitats-complementaries-2025-3\/#breadcrumb"},"inLanguage":"ca","potentialAction":[{"@type":"ReadAction","target":["https:\/\/lagranpantallafestival.com\/ca\/activitats-complementaries-2025-3\/"]}]},{"@type":"BreadcrumbList","@id":"https:\/\/lagranpantallafestival.com\/ca\/activitats-complementaries-2025-3\/#breadcrumb","itemListElement":[{"@type":"ListItem","position":1,"name":"Portada","item":"https:\/\/lagranpantallafestival.com\/ca\/"},{"@type":"ListItem","position":2,"name":"ACTIVITATS COMPLEMENT\u00c0RIES 2025"}]},{"@type":"WebSite","@id":"https:\/\/lagranpantallafestival.com\/ca\/#website","url":"https:\/\/lagranpantallafestival.com\/ca\/","name":"Festival Internacional de Cinema de les Persones Grans de Barcelona: La Gran Pantalla","description":"El Festival Internacional de Cine de las personas mayores La gran pantalla! es el primer espacio en Barcelona dedicado al encuentro cinematogr\u00e1fico intergeneracional. Proyectamos pel\u00edculas y cortometrajes que aborden nuevas miradas sobre el hecho de ser mayor. Nuestro objetivo es desmontar los estereotipos que existen en la sociedad y promover el envejecimiento activo, a trav\u00e9s de la reflexi\u00f3n y el debate que inspira el s\u00e9ptimo arte.","publisher":{"@id":"https:\/\/lagranpantallafestival.com\/ca\/#organization"},"potentialAction":[{"@type":"SearchAction","target":{"@type":"EntryPoint","urlTemplate":"https:\/\/lagranpantallafestival.com\/ca\/?s={search_term_string}"},"query-input":{"@type":"PropertyValueSpecification","valueRequired":true,"valueName":"search_term_string"}}],"inLanguage":"ca"},{"@type":"Organization","@id":"https:\/\/lagranpantallafestival.com\/ca\/#organization","name":"[wpseo_titles]company_nombre","url":"https:\/\/lagranpantallafestival.com\/ca\/","logo":{"@type":"ImageObject","inLanguage":"ca","@id":"https:\/\/lagranpantallafestival.com\/ca\/#\/schema\/logo\/image\/","url":"https:\/\/i0.wp.com\/lagranpantallafestival.com\/wp-content\/uploads\/2020\/05\/Logo_web_LaGranPantalla.png?fit=901%2C301&ssl=1","contentUrl":"https:\/\/i0.wp.com\/lagranpantallafestival.com\/wp-content\/uploads\/2020\/05\/Logo_web_LaGranPantalla.png?fit=901%2C301&ssl=1","width":901,"height":301,"caption":"[wpseo_titles]company_nombre"},"image":{"@id":"https:\/\/lagranpantallafestival.com\/ca\/#\/schema\/logo\/image\/"},"sameAs":["https:\/\/www.facebook.com\/lagranpantallabcn\/","https:\/\/x.com\/granpantallabcn","https:\/\/www.instagram.com\/lagranpantallabcn\/","https:\/\/www.youtube.com\/user\/colectivoelparlante"]}]}},"_links":{"self":[{"href":"https:\/\/lagranpantallafestival.com\/ca\/wp-json\/wp\/v2\/pages\/246324","targetHints":{"allow":["GET"]}}],"collection":[{"href":"https:\/\/lagranpantallafestival.com\/ca\/wp-json\/wp\/v2\/pages"}],"about":[{"href":"https:\/\/lagranpantallafestival.com\/ca\/wp-json\/wp\/v2\/types\/page"}],"author":[{"embeddable":true,"href":"https:\/\/lagranpantallafestival.com\/ca\/wp-json\/wp\/v2\/users\/14"}],"replies":[{"embeddable":true,"href":"https:\/\/lagranpantallafestival.com\/ca\/wp-json\/wp\/v2\/comments?post=246324"}],"version-history":[{"count":8,"href":"https:\/\/lagranpantallafestival.com\/ca\/wp-json\/wp\/v2\/pages\/246324\/revisions"}],"predecessor-version":[{"id":246680,"href":"https:\/\/lagranpantallafestival.com\/ca\/wp-json\/wp\/v2\/pages\/246324\/revisions\/246680"}],"wp:attachment":[{"href":"https:\/\/lagranpantallafestival.com\/ca\/wp-json\/wp\/v2\/media?parent=246324"}],"curies":[{"name":"wp","href":"https:\/\/api.w.org\/{rel}","templated":true}]}}