{"id":246164,"date":"2025-06-12T06:18:00","date_gmt":"2025-06-12T06:18:00","guid":{"rendered":"https:\/\/lagranpantallafestival.com\/?page_id=246164"},"modified":"2025-06-12T12:26:45","modified_gmt":"2025-06-12T12:26:45","slug":"activitats-d-industria-2025","status":"publish","type":"page","link":"https:\/\/lagranpantallafestival.com\/ca\/activitats-d-industria-2025\/","title":{"rendered":"ACTIVITATS D&#8217;IND\u00daSTRIA 2025"},"content":{"rendered":"<p>[et_pb_section fb_built=&#8221;1&#8243; admin_label=&#8221;Header&#8221; _builder_version=&#8221;4.25.1&#8243; _module_preset=&#8221;default&#8221; locked=&#8221;off&#8221; collapsed=&#8221;off&#8221; global_colors_info=&#8221;{}&#8221;][et_pb_row _builder_version=&#8221;4.25.1&#8243; _module_preset=&#8221;default&#8221; background_color=&#8221;gcid-a674551e-c023-4666-82b8-b7448e713885&#8243; width=&#8221;100%&#8221; max_width=&#8221;2560px&#8221; custom_margin=&#8221;0px|0px|0px|0px|false|false&#8221; custom_padding=&#8221;0px|0px|0px|0px|false|false&#8221; border_radii=&#8221;off||||&#8221; box_shadow_style=&#8221;preset4&#8243; box_shadow_horizontal=&#8221;-30vw&#8221; box_shadow_vertical=&#8221;0px&#8221; box_shadow_color=&#8221;gcid-a674551e-c023-4666-82b8-b7448e713885&#8243; global_colors_info=&#8221;{%22gcid-a674551e-c023-4666-82b8-b7448e713885%22:%91%22background_color%22,%22box_shadow_color%22%93}&#8221;][et_pb_column type=&#8221;4_4&#8243; _builder_version=&#8221;4.25.1&#8243; _module_preset=&#8221;default&#8221; custom_padding=&#8221;0px|0px|0px|0px|false|false&#8221; global_colors_info=&#8221;{}&#8221;][et_pb_heading title=&#8221;ACTIVITATS D&#8217;IND\u00daSTRIA&#8221; admin_label=&#8221;T\u00edtulo&#8221; _builder_version=&#8221;4.25.1&#8243; _module_preset=&#8221;_initial&#8221; title_font=&#8221;Montserrat|700|||||||&#8221; title_text_align=&#8221;center&#8221; title_text_color=&#8221;#000000&#8243; title_font_size=&#8221;72px&#8221; title_letter_spacing=&#8221;-0.05em&#8221; custom_margin=&#8221;30px||30px|0px|true|false&#8221; custom_padding=&#8221;|0px||0px|false|true&#8221; title_font_size_tablet=&#8221;56px&#8221; title_font_size_phone=&#8221;40px&#8221; title_font_size_last_edited=&#8221;on|desktop&#8221; global_colors_info=&#8221;{}&#8221;][\/et_pb_heading][\/et_pb_column][\/et_pb_row][\/et_pb_section][et_pb_section fb_built=&#8221;1&#8243; custom_padding_last_edited=&#8221;on|desktop&#8221; admin_label=&#8221;Header&#8221; _builder_version=&#8221;4.25.1&#8243; _module_preset=&#8221;default&#8221; custom_padding=&#8221;||40px||false|false&#8221; custom_padding_tablet=&#8221;||40px||false|false&#8221; custom_padding_phone=&#8221;||40px||false|false&#8221; locked=&#8221;off&#8221; collapsed=&#8221;off&#8221; global_colors_info=&#8221;{}&#8221;][et_pb_row _builder_version=&#8221;4.25.1&#8243; _module_preset=&#8221;default&#8221; custom_margin=&#8221;40px||0px||false|false&#8221; custom_margin_tablet=&#8221;40px||0px||false|false&#8221; custom_margin_phone=&#8221;40px||0px||false|false&#8221; custom_margin_last_edited=&#8221;on|phone&#8221; custom_padding=&#8221;0px||0px||false|false&#8221; global_colors_info=&#8221;{}&#8221;][et_pb_column type=&#8221;4_4&#8243; _builder_version=&#8221;4.25.1&#8243; _module_preset=&#8221;default&#8221; global_colors_info=&#8221;{}&#8221;][et_pb_heading title=&#8221;Masterclass&#8221; title_tablet=&#8221;La GRAN Pantalla! als barris&#8221; title_phone=&#8221;La GRAN Pantalla! als barris&#8221; title_last_edited=&#8221;on|phone&#8221; disabled_on=&#8221;off|off|off&#8221; admin_label=&#8221;T\u00edtulo&#8221; _builder_version=&#8221;4.25.1&#8243; _module_preset=&#8221;_initial&#8221; title_level=&#8221;h6&#8243; title_font=&#8221;Montserrat|700|||||||&#8221; title_text_color=&#8221;#000000&#8243; title_font_size=&#8221;40px&#8221; title_letter_spacing=&#8221;-0.03em&#8221; title_line_height=&#8221;50px&#8221; width=&#8221;79%&#8221; custom_margin=&#8221;0px|0px|28px|0px|false|false&#8221; custom_margin_tablet=&#8221;||0px||false|false&#8221; custom_margin_phone=&#8221;||5px||false|false&#8221; custom_margin_last_edited=&#8221;on|phone&#8221; custom_padding=&#8221;0px|0px|0px|0px|false|false&#8221; title_font_size_tablet=&#8221;38px&#8221; title_font_size_phone=&#8221;32px&#8221; title_font_size_last_edited=&#8221;on|phone&#8221; title_line_height_tablet=&#8221;&#8221; title_line_height_phone=&#8221;1.3em&#8221; title_line_height_last_edited=&#8221;on|tablet&#8221; global_colors_info=&#8221;{}&#8221;][\/et_pb_heading][\/et_pb_column][\/et_pb_row][et_pb_row column_structure=&#8221;1_2,1_2&#8243; _builder_version=&#8221;4.25.1&#8243; _module_preset=&#8221;default&#8221; custom_margin=&#8221;40px||||false|false&#8221; custom_margin_tablet=&#8221;40px||||false|false&#8221; custom_margin_phone=&#8221;-83px||0px||false|false&#8221; custom_margin_last_edited=&#8221;on|phone&#8221; custom_padding=&#8221;0px||0px||false|false&#8221; global_colors_info=&#8221;{}&#8221;][et_pb_column type=&#8221;1_2&#8243; _builder_version=&#8221;4.25.1&#8243; _module_preset=&#8221;default&#8221; global_colors_info=&#8221;{}&#8221;][et_pb_image src=&#8221;https:\/\/lagranpantallafestival.com\/wp-content\/uploads\/2024\/06\/fons-2-scaled.jpg&#8221; title_text=&#8221;fons 2&#8243; _builder_version=&#8221;4.25.1&#8243; _module_preset=&#8221;default&#8221; global_colors_info=&#8221;{}&#8221;][\/et_pb_image][et_pb_heading title=&#8221;Mem\u00f2ria, cinema i pau&#8221; admin_label=&#8221;Direcci\u00f3n&#8221; _builder_version=&#8221;4.25.1&#8243; _module_preset=&#8221;_initial&#8221; title_level=&#8221;h5&#8243; title_font=&#8221;Montserrat|700|||||||&#8221; title_text_color=&#8221;#000000&#8243; title_font_size=&#8221;27px&#8221; title_letter_spacing=&#8221;-0.04em&#8221; title_line_height=&#8221;1.4em&#8221; custom_margin=&#8221;||10px||false|false&#8221; title_font_size_tablet=&#8221;27px&#8221; title_font_size_phone=&#8221;27px&#8221; title_font_size_last_edited=&#8221;on|phone&#8221; global_colors_info=&#8221;{}&#8221;][\/et_pb_heading][et_pb_blurb use_icon=&#8221;on&#8221; font_icon=&#8221;&#xf007;||fa||400&#8243; image_icon_background_color=&#8221;RGBA(255,255,255,0)&#8221; icon_placement=&#8221;left&#8221; image_icon_width=&#8221;16px&#8221; content_max_width=&#8221;100%&#8221; _builder_version=&#8221;4.25.1&#8243; _module_preset=&#8221;_initial&#8221; header_font=&#8221;Open Sans||||||||&#8221; header_text_color=&#8221;#000000&#8243; header_font_size=&#8221;24px&#8221; header_letter_spacing=&#8221;-0.04em&#8221; header_line_height=&#8221;1.8em&#8221; body_font=&#8221;Open Sans||||||||&#8221; body_text_color=&#8221;#000000&#8243; body_font_size=&#8221;24px&#8221; body_line_height=&#8221;30px&#8221; image_icon_custom_margin=&#8221;5px||||false|false&#8221; custom_margin=&#8221;||10px||false|false&#8221; animation=&#8221;off&#8221; header_font_size_tablet=&#8221;20px&#8221; header_font_size_phone=&#8221;20px&#8221; header_font_size_last_edited=&#8221;on|desktop&#8221; body_font_size_tablet=&#8221;20px&#8221; body_font_size_phone=&#8221;20px&#8221; body_font_size_last_edited=&#8221;on|desktop&#8221; body_line_height_tablet=&#8221;&#8221; body_line_height_phone=&#8221;30px&#8221; body_line_height_last_edited=&#8221;on|phone&#8221; global_colors_info=&#8221;{}&#8221;]<\/p>\n<p>Soraya Bayuelo<\/p>\n<p>[\/et_pb_blurb][et_pb_blurb use_icon=&#8221;on&#8221; font_icon=&#8221;&#xf017;||fa||400&#8243; image_icon_background_color=&#8221;RGBA(255,255,255,0)&#8221; icon_placement=&#8221;left&#8221; image_icon_width=&#8221;16px&#8221; content_max_width=&#8221;100%&#8221; _builder_version=&#8221;4.25.1&#8243; _module_preset=&#8221;_initial&#8221; header_font=&#8221;Open Sans||||||||&#8221; header_text_color=&#8221;#000000&#8243; header_font_size=&#8221;24px&#8221; header_letter_spacing=&#8221;-0.04em&#8221; header_line_height=&#8221;1.8em&#8221; body_font=&#8221;Open Sans||||||||&#8221; body_text_color=&#8221;#000000&#8243; body_font_size=&#8221;24px&#8221; body_line_height=&#8221;30px&#8221; image_icon_custom_margin=&#8221;5px||||false|false&#8221; custom_margin=&#8221;||10px||false|false&#8221; animation=&#8221;off&#8221; header_font_size_tablet=&#8221;20px&#8221; header_font_size_phone=&#8221;20px&#8221; header_font_size_last_edited=&#8221;on|desktop&#8221; body_font_size_tablet=&#8221;20px&#8221; body_font_size_phone=&#8221;20px&#8221; body_font_size_last_edited=&#8221;on|desktop&#8221; body_line_height_tablet=&#8221;&#8221; body_line_height_phone=&#8221;30px&#8221; body_line_height_last_edited=&#8221;on|phone&#8221; global_colors_info=&#8221;{}&#8221;]<\/p>\n<p>07\/05 \u2013 19.00 h<\/p>\n<p>[\/et_pb_blurb][et_pb_blurb use_icon=&#8221;on&#8221; font_icon=&#8221;&#xe01d;||divi||400&#8243; image_icon_background_color=&#8221;RGBA(255,255,255,0)&#8221; icon_placement=&#8221;left&#8221; image_icon_width=&#8221;16px&#8221; content_max_width=&#8221;100%&#8221; _builder_version=&#8221;4.25.1&#8243; _module_preset=&#8221;_initial&#8221; header_font=&#8221;Open Sans||||||||&#8221; header_text_color=&#8221;#000000&#8243; header_font_size=&#8221;24px&#8221; header_letter_spacing=&#8221;-0.04em&#8221; header_line_height=&#8221;1.8em&#8221; body_font=&#8221;Open Sans||||||||&#8221; body_text_color=&#8221;#000000&#8243; body_font_size=&#8221;24px&#8221; body_line_height=&#8221;30px&#8221; image_icon_custom_margin=&#8221;5px||||false|false&#8221; custom_margin=&#8221;||10px||false|false&#8221; animation=&#8221;off&#8221; header_font_size_tablet=&#8221;20px&#8221; header_font_size_phone=&#8221;20px&#8221; header_font_size_last_edited=&#8221;on|desktop&#8221; body_font_size_tablet=&#8221;20px&#8221; body_font_size_phone=&#8221;20px&#8221; body_font_size_last_edited=&#8221;on|desktop&#8221; body_line_height_tablet=&#8221;&#8221; body_line_height_phone=&#8221;30px&#8221; body_line_height_last_edited=&#8221;on|phone&#8221; global_colors_info=&#8221;{}&#8221;]<\/p>\n<p>Centre C\u00edvic Pati Llimona<\/p>\n<p>[\/et_pb_blurb][et_pb_heading title=&#8221;Di\u00e0leg sobre processos de producci\u00f3 audiovisual i construcci\u00f3 de mem\u00f2ria hist\u00f2rica en zones afectades pel conflicte armat colombi\u00e0.&#8221; _builder_version=&#8221;4.25.1&#8243; _module_preset=&#8221;_initial&#8221; title_level=&#8221;h4&#8243; title_font=&#8221;Open Sans||||||||&#8221; title_text_align=&#8221;left&#8221; title_text_color=&#8221;#000000&#8243; title_font_size=&#8221;24px&#8221; title_letter_spacing=&#8221;-0.04em&#8221; title_line_height=&#8221;1.6em&#8221; custom_margin=&#8221;40px||30px||false|false&#8221; custom_margin_tablet=&#8221;40px||0px||false|false&#8221; custom_margin_phone=&#8221;40px||0px||false|false&#8221; custom_margin_last_edited=&#8221;on|phone&#8221; custom_padding=&#8221;0px||20px||false|false&#8221; title_font_size_tablet=&#8221;20px&#8221; title_font_size_phone=&#8221;20px&#8221; title_font_size_last_edited=&#8221;on|phone&#8221; global_colors_info=&#8221;{}&#8221;][\/et_pb_heading][\/et_pb_column][et_pb_column type=&#8221;1_2&#8243; _builder_version=&#8221;4.25.1&#8243; _module_preset=&#8221;default&#8221; global_colors_info=&#8221;{}&#8221;][et_pb_image src=&#8221;https:\/\/lagranpantallafestival.com\/wp-content\/uploads\/2024\/06\/CLAUDIA-PINTO-FOTO-e1718064747813.jpg&#8221; title_text=&#8221;CLAUDIA PINTO FOTO&#8221; _builder_version=&#8221;4.25.1&#8243; _module_preset=&#8221;default&#8221; global_colors_info=&#8221;{}&#8221;][\/et_pb_image][et_pb_heading title=&#8221;Documentar la vulnerabilitat&#8221; admin_label=&#8221;Direcci\u00f3n&#8221; _builder_version=&#8221;4.25.1&#8243; _module_preset=&#8221;_initial&#8221; title_level=&#8221;h5&#8243; title_font=&#8221;Montserrat|700|||||||&#8221; title_text_color=&#8221;#000000&#8243; title_font_size=&#8221;27px&#8221; title_letter_spacing=&#8221;-0.04em&#8221; title_line_height=&#8221;1.4em&#8221; custom_margin=&#8221;||10px||false|false&#8221; title_font_size_tablet=&#8221;27px&#8221; title_font_size_phone=&#8221;27px&#8221; title_font_size_last_edited=&#8221;on|phone&#8221; global_colors_info=&#8221;{}&#8221;][\/et_pb_heading][et_pb_blurb use_icon=&#8221;on&#8221; font_icon=&#8221;&#xf007;||fa||400&#8243; image_icon_background_color=&#8221;RGBA(255,255,255,0)&#8221; icon_placement=&#8221;left&#8221; image_icon_width=&#8221;16px&#8221; content_max_width=&#8221;100%&#8221; _builder_version=&#8221;4.25.1&#8243; _module_preset=&#8221;_initial&#8221; header_font=&#8221;Open Sans||||||||&#8221; header_text_color=&#8221;#000000&#8243; header_font_size=&#8221;24px&#8221; header_letter_spacing=&#8221;-0.04em&#8221; header_line_height=&#8221;1.8em&#8221; body_font=&#8221;Open Sans||||||||&#8221; body_text_color=&#8221;#000000&#8243; body_font_size=&#8221;24px&#8221; body_line_height=&#8221;30px&#8221; image_icon_custom_margin=&#8221;5px||||false|false&#8221; custom_margin=&#8221;||10px||false|false&#8221; animation=&#8221;off&#8221; header_font_size_tablet=&#8221;20px&#8221; header_font_size_phone=&#8221;20px&#8221; header_font_size_last_edited=&#8221;on|desktop&#8221; body_font_size_tablet=&#8221;20px&#8221; body_font_size_phone=&#8221;20px&#8221; body_font_size_last_edited=&#8221;on|desktop&#8221; body_line_height_tablet=&#8221;&#8221; body_line_height_phone=&#8221;30px&#8221; body_line_height_last_edited=&#8221;on|phone&#8221; global_colors_info=&#8221;{}&#8221;]<\/p>\n<p>Claudia Pinto<\/p>\n<p>[\/et_pb_blurb][et_pb_blurb use_icon=&#8221;on&#8221; font_icon=&#8221;&#xf017;||fa||400&#8243; image_icon_background_color=&#8221;RGBA(255,255,255,0)&#8221; icon_placement=&#8221;left&#8221; image_icon_width=&#8221;16px&#8221; content_max_width=&#8221;100%&#8221; _builder_version=&#8221;4.25.1&#8243; _module_preset=&#8221;_initial&#8221; header_font=&#8221;Open Sans||||||||&#8221; header_text_color=&#8221;#000000&#8243; header_font_size=&#8221;24px&#8221; header_letter_spacing=&#8221;-0.04em&#8221; header_line_height=&#8221;1.8em&#8221; body_font=&#8221;Open Sans||||||||&#8221; body_text_color=&#8221;#000000&#8243; body_font_size=&#8221;24px&#8221; body_line_height=&#8221;30px&#8221; image_icon_custom_margin=&#8221;5px||||false|false&#8221; custom_margin=&#8221;||10px||false|false&#8221; animation=&#8221;off&#8221; header_font_size_tablet=&#8221;20px&#8221; header_font_size_phone=&#8221;20px&#8221; header_font_size_last_edited=&#8221;on|desktop&#8221; body_font_size_tablet=&#8221;20px&#8221; body_font_size_phone=&#8221;20px&#8221; body_font_size_last_edited=&#8221;on|desktop&#8221; body_line_height_tablet=&#8221;&#8221; body_line_height_phone=&#8221;30px&#8221; body_line_height_last_edited=&#8221;on|phone&#8221; global_colors_info=&#8221;{}&#8221;]<\/p>\n<p>05\/07 \u2013 10.30 h<\/p>\n<p>[\/et_pb_blurb][et_pb_blurb use_icon=&#8221;on&#8221; font_icon=&#8221;&#xe01d;||divi||400&#8243; image_icon_background_color=&#8221;RGBA(255,255,255,0)&#8221; icon_placement=&#8221;left&#8221; image_icon_width=&#8221;16px&#8221; content_max_width=&#8221;100%&#8221; _builder_version=&#8221;4.25.1&#8243; _module_preset=&#8221;_initial&#8221; header_font=&#8221;Open Sans||||||||&#8221; header_text_color=&#8221;#000000&#8243; header_font_size=&#8221;24px&#8221; header_letter_spacing=&#8221;-0.04em&#8221; header_line_height=&#8221;1.8em&#8221; body_font=&#8221;Open Sans||||||||&#8221; body_text_color=&#8221;#000000&#8243; body_font_size=&#8221;24px&#8221; body_line_height=&#8221;30px&#8221; image_icon_custom_margin=&#8221;5px||||false|false&#8221; custom_margin=&#8221;||10px||false|false&#8221; animation=&#8221;off&#8221; header_font_size_tablet=&#8221;20px&#8221; header_font_size_phone=&#8221;20px&#8221; header_font_size_last_edited=&#8221;on|desktop&#8221; body_font_size_tablet=&#8221;20px&#8221; body_font_size_phone=&#8221;20px&#8221; body_font_size_last_edited=&#8221;on|desktop&#8221; body_line_height_tablet=&#8221;&#8221; body_line_height_phone=&#8221;30px&#8221; body_line_height_last_edited=&#8221;on|phone&#8221; global_colors_info=&#8221;{}&#8221;]<\/p>\n<p>Zumzeig Cinema<\/p>\n<p>[\/et_pb_blurb][et_pb_heading title=&#8221;Dirigit tant a persones professionals com al p\u00fablic en general, que vulguin conversar sobre els processos de creaci\u00f3 d\u2019una guionista i directora. &#8216;Mentre siguis tu&#8217; es podr\u00e0 veure el dia quatre de juliol en els Cinemes Girona, a les 20.30 h.&#8221; _builder_version=&#8221;4.25.1&#8243; _module_preset=&#8221;_initial&#8221; title_level=&#8221;h4&#8243; title_font=&#8221;Open Sans||||||||&#8221; title_text_align=&#8221;left&#8221; title_text_color=&#8221;#000000&#8243; title_font_size=&#8221;24px&#8221; title_letter_spacing=&#8221;-0.04em&#8221; title_line_height=&#8221;1.6em&#8221; custom_margin=&#8221;40px||30px||false|false&#8221; custom_margin_tablet=&#8221;40px||0px||false|false&#8221; custom_margin_phone=&#8221;40px||0px||false|false&#8221; custom_margin_last_edited=&#8221;on|phone&#8221; custom_padding=&#8221;0px||20px||false|false&#8221; title_font_size_tablet=&#8221;20px&#8221; title_font_size_phone=&#8221;20px&#8221; title_font_size_last_edited=&#8221;on|phone&#8221; global_colors_info=&#8221;{}&#8221;][\/et_pb_heading][et_pb_button button_url=&#8221;https:\/\/lagranpantalla.glide.page\/dl\/17171d\/s\/87d12e\/r\/GUPvarazQ2WJyLwZZYfqSw&#8221; url_new_window=&#8221;on&#8221; button_text=&#8221;Reserva la teva entrada gratu\u00efta&#8221; button_alignment=&#8221;left&#8221; _builder_version=&#8221;4.25.1&#8243; _module_preset=&#8221;_initial&#8221; custom_button=&#8221;on&#8221; button_text_size=&#8221;20px&#8221; button_text_color=&#8221;#000000&#8243; button_bg_color=&#8221;#fcf7c9&#8243; button_border_width=&#8221;0px&#8221; button_border_radius=&#8221;0px&#8221; button_font=&#8221;Montserrat|600|||||||&#8221; button_use_icon=&#8221;off&#8221; custom_margin=&#8221;||||false|false&#8221; custom_padding=&#8221;|24px||24px|true|true&#8221; custom_padding_tablet=&#8221;12px|24px|12px|24px|true|true&#8221; custom_padding_phone=&#8221;12px|24px|12px|24px|true|true&#8221; custom_padding_last_edited=&#8221;on|phone&#8221; button_text_size_tablet=&#8221;20px&#8221; button_text_size_phone=&#8221;20px&#8221; button_text_size_last_edited=&#8221;on|desktop&#8221; locked=&#8221;off&#8221; global_colors_info=&#8221;{}&#8221; button_text_size__hover_enabled=&#8221;on|hover&#8221; button_bg_color__hover_enabled=&#8221;on|hover&#8221; z_index__hover_enabled=&#8221;on|hover&#8221; transform_styles__hover_enabled=&#8221;on|hover&#8221; button_text_size__hover=&#8221;20px&#8221; button_bg_color__hover=&#8221;#fcf7c9&#8243; transform_scale__hover_enabled=&#8221;on|hover&#8221; transform_translate__hover_enabled=&#8221;on|hover&#8221; transform_rotate__hover_enabled=&#8221;on|hover&#8221; transform_skew__hover_enabled=&#8221;on|hover&#8221; transform_origin__hover_enabled=&#8221;on|hover&#8221;][\/et_pb_button][\/et_pb_column][\/et_pb_row][\/et_pb_section][et_pb_section fb_built=&#8221;1&#8243; admin_label=&#8221;Header&#8221; _builder_version=&#8221;4.25.1&#8243; _module_preset=&#8221;default&#8221; custom_margin=&#8221;0px||0px||false|false&#8221; custom_margin_tablet=&#8221;0px||0px||false|false&#8221; custom_margin_phone=&#8221;0px||0px||false|false&#8221; custom_margin_last_edited=&#8221;on|desktop&#8221; custom_padding=&#8221;50px||||false|false&#8221; locked=&#8221;off&#8221; collapsed=&#8221;off&#8221; global_colors_info=&#8221;{}&#8221;][et_pb_row _builder_version=&#8221;4.25.1&#8243; _module_preset=&#8221;default&#8221; custom_margin=&#8221;0px||0px||false|false&#8221; custom_padding=&#8221;0px||0px||false|false&#8221; global_colors_info=&#8221;{}&#8221;][et_pb_column type=&#8221;4_4&#8243; _builder_version=&#8221;4.25.1&#8243; _module_preset=&#8221;default&#8221; global_colors_info=&#8221;{}&#8221;][et_pb_heading title=&#8221;Taules rodones&#8221; title_tablet=&#8221;La GRAN Pantalla! a les escoles&#8221; title_phone=&#8221;La GRAN Pantalla! a les escoles&#8221; title_last_edited=&#8221;on|phone&#8221; disabled_on=&#8221;off|off|off&#8221; admin_label=&#8221;T\u00edtulo&#8221; _builder_version=&#8221;4.25.1&#8243; _module_preset=&#8221;_initial&#8221; title_level=&#8221;h6&#8243; title_font=&#8221;Montserrat|700|||||||&#8221; title_text_align=&#8221;right&#8221; title_text_color=&#8221;#000000&#8243; title_font_size=&#8221;40px&#8221; title_letter_spacing=&#8221;-0.03em&#8221; title_line_height=&#8221;50px&#8221; width=&#8221;75%&#8221; width_tablet=&#8221;75%&#8221; width_phone=&#8221;92%&#8221; width_last_edited=&#8221;on|phone&#8221; module_alignment=&#8221;right&#8221; custom_margin=&#8221;0px|0px|28px|0px|false|false&#8221; custom_margin_tablet=&#8221;||0px||false|false&#8221; custom_margin_phone=&#8221;||5px||false|false&#8221; custom_margin_last_edited=&#8221;on|phone&#8221; custom_padding=&#8221;0px|0px|0px|0px|false|false&#8221; title_font_size_tablet=&#8221;38px&#8221; title_font_size_phone=&#8221;32px&#8221; title_font_size_last_edited=&#8221;on|phone&#8221; title_line_height_tablet=&#8221;&#8221; title_line_height_phone=&#8221;1.3em&#8221; title_line_height_last_edited=&#8221;on|tablet&#8221; global_colors_info=&#8221;{}&#8221;][\/et_pb_heading][\/et_pb_column][\/et_pb_row][et_pb_row column_structure=&#8221;1_2,1_2&#8243; _builder_version=&#8221;4.25.1&#8243; _module_preset=&#8221;default&#8221; custom_margin=&#8221;40px||||false|false&#8221; global_colors_info=&#8221;{}&#8221;][et_pb_column type=&#8221;1_2&#8243; _builder_version=&#8221;4.25.1&#8243; _module_preset=&#8221;default&#8221; global_colors_info=&#8221;{}&#8221;][et_pb_image src=&#8221;https:\/\/lagranpantallafestival.com\/wp-content\/uploads\/2024\/06\/lola_lopez.jpeg&#8221; title_text=&#8221;lola_lopez&#8221; _builder_version=&#8221;4.25.1&#8243; _module_preset=&#8221;default&#8221; global_colors_info=&#8221;{}&#8221;][\/et_pb_image][et_pb_heading title=&#8221;Persones migrants&#8221; admin_label=&#8221;Direcci\u00f3n&#8221; _builder_version=&#8221;4.25.1&#8243; _module_preset=&#8221;_initial&#8221; title_level=&#8221;h5&#8243; title_font=&#8221;Montserrat|700|||||||&#8221; title_text_color=&#8221;#000000&#8243; title_font_size=&#8221;27px&#8221; title_letter_spacing=&#8221;-0.04em&#8221; title_line_height=&#8221;1.4em&#8221; custom_margin=&#8221;||10px||false|false&#8221; title_font_size_tablet=&#8221;27px&#8221; title_font_size_phone=&#8221;27px&#8221; title_font_size_last_edited=&#8221;on|phone&#8221; global_colors_info=&#8221;{}&#8221;][\/et_pb_heading][et_pb_blurb use_icon=&#8221;on&#8221; font_icon=&#8221;&#xf007;||fa||400&#8243; image_icon_background_color=&#8221;RGBA(255,255,255,0)&#8221; icon_placement=&#8221;left&#8221; image_icon_width=&#8221;16px&#8221; content_max_width=&#8221;100%&#8221; _builder_version=&#8221;4.25.1&#8243; _module_preset=&#8221;_initial&#8221; header_font=&#8221;Open Sans||||||||&#8221; header_text_color=&#8221;#000000&#8243; header_font_size=&#8221;24px&#8221; header_letter_spacing=&#8221;-0.04em&#8221; header_line_height=&#8221;1.8em&#8221; body_font=&#8221;Open Sans||||||||&#8221; body_text_color=&#8221;#000000&#8243; body_font_size=&#8221;24px&#8221; body_line_height=&#8221;30px&#8221; image_icon_custom_margin=&#8221;5px||||false|false&#8221; custom_margin=&#8221;||10px||false|false&#8221; animation=&#8221;off&#8221; header_font_size_tablet=&#8221;20px&#8221; header_font_size_phone=&#8221;20px&#8221; header_font_size_last_edited=&#8221;on|desktop&#8221; body_font_size_tablet=&#8221;20px&#8221; body_font_size_phone=&#8221;20px&#8221; body_font_size_last_edited=&#8221;on|desktop&#8221; body_line_height_tablet=&#8221;&#8221; body_line_height_phone=&#8221;30px&#8221; body_line_height_last_edited=&#8221;on|phone&#8221; global_colors_info=&#8221;{}&#8221;]<\/p>\n<p>Lola L\u00f3pez<\/p>\n<p>[\/et_pb_blurb][et_pb_blurb use_icon=&#8221;on&#8221; font_icon=&#8221;&#xf017;||fa||400&#8243; image_icon_background_color=&#8221;RGBA(255,255,255,0)&#8221; icon_placement=&#8221;left&#8221; image_icon_width=&#8221;16px&#8221; content_max_width=&#8221;100%&#8221; _builder_version=&#8221;4.25.1&#8243; _module_preset=&#8221;_initial&#8221; header_font=&#8221;Open Sans||||||||&#8221; header_text_color=&#8221;#000000&#8243; header_font_size=&#8221;24px&#8221; header_letter_spacing=&#8221;-0.04em&#8221; header_line_height=&#8221;1.8em&#8221; body_font=&#8221;Open Sans||||||||&#8221; body_text_color=&#8221;#000000&#8243; body_font_size=&#8221;24px&#8221; body_line_height=&#8221;30px&#8221; image_icon_custom_margin=&#8221;5px||||false|false&#8221; custom_margin=&#8221;||10px||false|false&#8221; animation=&#8221;off&#8221; header_font_size_tablet=&#8221;20px&#8221; header_font_size_phone=&#8221;20px&#8221; header_font_size_last_edited=&#8221;on|desktop&#8221; body_font_size_tablet=&#8221;20px&#8221; body_font_size_phone=&#8221;20px&#8221; body_font_size_last_edited=&#8221;on|desktop&#8221; body_line_height_tablet=&#8221;&#8221; body_line_height_phone=&#8221;30px&#8221; body_line_height_last_edited=&#8221;on|phone&#8221; global_colors_info=&#8221;{}&#8221;]<\/p>\n<p>26\/06 \u2013 17.00 a 19.00 h<\/p>\n<p>[\/et_pb_blurb][et_pb_blurb use_icon=&#8221;on&#8221; font_icon=&#8221;&#xe01d;||divi||400&#8243; image_icon_background_color=&#8221;RGBA(255,255,255,0)&#8221; icon_placement=&#8221;left&#8221; image_icon_width=&#8221;16px&#8221; content_max_width=&#8221;100%&#8221; _builder_version=&#8221;4.25.1&#8243; _module_preset=&#8221;_initial&#8221; header_font=&#8221;Open Sans||||||||&#8221; header_text_color=&#8221;#000000&#8243; header_font_size=&#8221;24px&#8221; header_letter_spacing=&#8221;-0.04em&#8221; header_line_height=&#8221;1.8em&#8221; body_font=&#8221;Open Sans||||||||&#8221; body_text_color=&#8221;#000000&#8243; body_font_size=&#8221;24px&#8221; body_line_height=&#8221;30px&#8221; image_icon_custom_margin=&#8221;5px||||false|false&#8221; custom_margin=&#8221;||10px||false|false&#8221; animation=&#8221;off&#8221; header_font_size_tablet=&#8221;20px&#8221; header_font_size_phone=&#8221;20px&#8221; header_font_size_last_edited=&#8221;on|desktop&#8221; body_font_size_tablet=&#8221;20px&#8221; body_font_size_phone=&#8221;20px&#8221; body_font_size_last_edited=&#8221;on|desktop&#8221; body_line_height_tablet=&#8221;&#8221; body_line_height_phone=&#8221;30px&#8221; body_line_height_last_edited=&#8221;on|phone&#8221; global_colors_info=&#8221;{}&#8221;]<\/p>\n<p>Espai Montserrat Olivella<\/p>\n<p>[\/et_pb_blurb][et_pb_heading title=&#8221;Dinamitzaci\u00f3 a c\u00e0rrec de Lola L\u00f3pez,<br \/>\nantrop\u00f2loga, experta en interculturalitat<br \/>\ni membre de la Junta del Centre<br \/>\nd\u2019Estudis Africans i Interculturals.&#8221; _builder_version=&#8221;4.25.1&#8243; _module_preset=&#8221;_initial&#8221; title_level=&#8221;h4&#8243; title_font=&#8221;Open Sans||||||||&#8221; title_text_align=&#8221;left&#8221; title_text_color=&#8221;#000000&#8243; title_font_size=&#8221;24px&#8221; title_letter_spacing=&#8221;-0.04em&#8221; title_line_height=&#8221;1.6em&#8221; custom_margin=&#8221;40px||30px||false|false&#8221; custom_margin_tablet=&#8221;40px||0px||false|false&#8221; custom_margin_phone=&#8221;40px||0px||false|false&#8221; custom_margin_last_edited=&#8221;on|phone&#8221; custom_padding=&#8221;0px||30px||false|false&#8221; title_font_size_tablet=&#8221;20px&#8221; title_font_size_phone=&#8221;20px&#8221; title_font_size_last_edited=&#8221;on|phone&#8221; global_colors_info=&#8221;{}&#8221;][\/et_pb_heading][et_pb_button button_url=&#8221;https:\/\/lagranpantalla.glide.page\/dl\/17171d\/s\/87d12e\/r\/dntQnV6kRH2eKN5B.mIEqA&#8221; url_new_window=&#8221;on&#8221; button_text=&#8221;Reserva la teva entrada gratu\u00efta&#8221; button_alignment=&#8221;left&#8221; _builder_version=&#8221;4.25.1&#8243; _module_preset=&#8221;_initial&#8221; custom_button=&#8221;on&#8221; button_text_size=&#8221;20px&#8221; button_text_color=&#8221;#000000&#8243; button_bg_color=&#8221;#fcf7c9&#8243; button_border_width=&#8221;0px&#8221; button_border_radius=&#8221;0px&#8221; button_font=&#8221;Montserrat|600|||||||&#8221; button_use_icon=&#8221;off&#8221; custom_margin=&#8221;||||false|false&#8221; custom_margin_tablet=&#8221;||25px||false|false&#8221; custom_margin_phone=&#8221;||25px||false|false&#8221; custom_margin_last_edited=&#8221;on|tablet&#8221; custom_padding=&#8221;|24px||24px|true|true&#8221; custom_padding_tablet=&#8221;12px|24px|12px|24px|true|true&#8221; custom_padding_phone=&#8221;12px|24px|12px|24px|true|true&#8221; custom_padding_last_edited=&#8221;on|phone&#8221; button_text_size_tablet=&#8221;20px&#8221; button_text_size_phone=&#8221;20px&#8221; button_text_size_last_edited=&#8221;on|desktop&#8221; locked=&#8221;off&#8221; global_colors_info=&#8221;{}&#8221; button_text_size__hover_enabled=&#8221;on|hover&#8221; button_bg_color__hover_enabled=&#8221;on|hover&#8221; z_index__hover_enabled=&#8221;on|hover&#8221; transform_styles__hover_enabled=&#8221;on|hover&#8221; button_text_size__hover=&#8221;20px&#8221; button_bg_color__hover=&#8221;#fcf7c9&#8243; transform_scale__hover_enabled=&#8221;on|hover&#8221; transform_translate__hover_enabled=&#8221;on|hover&#8221; transform_rotate__hover_enabled=&#8221;on|hover&#8221; transform_skew__hover_enabled=&#8221;on|hover&#8221; transform_origin__hover_enabled=&#8221;on|hover&#8221;][\/et_pb_button][\/et_pb_column][et_pb_column type=&#8221;1_2&#8243; _builder_version=&#8221;4.25.1&#8243; _module_preset=&#8221;default&#8221; global_colors_info=&#8221;{}&#8221;][et_pb_image src=&#8221;https:\/\/lagranpantallafestival.com\/wp-content\/uploads\/2024\/06\/Cures-cinema-i-avorriment.jpg&#8221; title_text=&#8221;Cures, cinema i avorriment&#8221; _builder_version=&#8221;4.25.2&#8243; _module_preset=&#8221;default&#8221; global_colors_info=&#8221;{}&#8221;][\/et_pb_image][et_pb_heading title=&#8221;Cures, cinema i avorriment&#8221; admin_label=&#8221;Direcci\u00f3n&#8221; _builder_version=&#8221;4.25.1&#8243; _module_preset=&#8221;_initial&#8221; title_level=&#8221;h5&#8243; title_font=&#8221;Montserrat|700|||||||&#8221; title_text_color=&#8221;#000000&#8243; title_font_size=&#8221;27px&#8221; title_letter_spacing=&#8221;-0.04em&#8221; title_line_height=&#8221;1.4em&#8221; custom_margin=&#8221;||10px||false|false&#8221; title_font_size_tablet=&#8221;27px&#8221; title_font_size_phone=&#8221;27px&#8221; title_font_size_last_edited=&#8221;on|phone&#8221; global_colors_info=&#8221;{}&#8221;][\/et_pb_heading][et_pb_blurb use_icon=&#8221;on&#8221; font_icon=&#8221;&#xf007;||fa||400&#8243; image_icon_background_color=&#8221;RGBA(255,255,255,0)&#8221; icon_placement=&#8221;left&#8221; image_icon_width=&#8221;16px&#8221; content_max_width=&#8221;100%&#8221; _builder_version=&#8221;4.25.1&#8243; _module_preset=&#8221;_initial&#8221; header_font=&#8221;Open Sans||||||||&#8221; header_text_color=&#8221;#000000&#8243; header_font_size=&#8221;24px&#8221; header_letter_spacing=&#8221;-0.04em&#8221; header_line_height=&#8221;1.8em&#8221; body_font=&#8221;Open Sans||||||||&#8221; body_text_color=&#8221;#000000&#8243; body_font_size=&#8221;24px&#8221; body_line_height=&#8221;30px&#8221; image_icon_custom_margin=&#8221;5px||||false|false&#8221; custom_margin=&#8221;||10px||false|false&#8221; animation=&#8221;off&#8221; header_font_size_tablet=&#8221;20px&#8221; header_font_size_phone=&#8221;20px&#8221; header_font_size_last_edited=&#8221;on|desktop&#8221; body_font_size_tablet=&#8221;20px&#8221; body_font_size_phone=&#8221;20px&#8221; body_font_size_last_edited=&#8221;on|desktop&#8221; body_line_height_tablet=&#8221;&#8221; body_line_height_phone=&#8221;30px&#8221; body_line_height_last_edited=&#8221;on|phone&#8221; global_colors_info=&#8221;{}&#8221;]<\/p>\n<p>Celia Rico, Mireia Iniesta i Josefa Ros<\/p>\n<p>[\/et_pb_blurb][et_pb_blurb use_icon=&#8221;on&#8221; font_icon=&#8221;&#xf017;||fa||400&#8243; image_icon_background_color=&#8221;RGBA(255,255,255,0)&#8221; icon_placement=&#8221;left&#8221; image_icon_width=&#8221;16px&#8221; content_max_width=&#8221;100%&#8221; _builder_version=&#8221;4.25.1&#8243; _module_preset=&#8221;_initial&#8221; header_font=&#8221;Open Sans||||||||&#8221; header_text_color=&#8221;#000000&#8243; header_font_size=&#8221;24px&#8221; header_letter_spacing=&#8221;-0.04em&#8221; header_line_height=&#8221;1.8em&#8221; body_font=&#8221;Open Sans||||||||&#8221; body_text_color=&#8221;#000000&#8243; body_font_size=&#8221;24px&#8221; body_line_height=&#8221;30px&#8221; image_icon_custom_margin=&#8221;5px||||false|false&#8221; custom_margin=&#8221;||10px||false|false&#8221; animation=&#8221;off&#8221; header_font_size_tablet=&#8221;20px&#8221; header_font_size_phone=&#8221;20px&#8221; header_font_size_last_edited=&#8221;on|desktop&#8221; body_font_size_tablet=&#8221;20px&#8221; body_font_size_phone=&#8221;20px&#8221; body_font_size_last_edited=&#8221;on|desktop&#8221; body_line_height_tablet=&#8221;&#8221; body_line_height_phone=&#8221;30px&#8221; body_line_height_last_edited=&#8221;on|phone&#8221; global_colors_info=&#8221;{}&#8221;]<\/p>\n<p>04\/07 \u2013 10.30 h<\/p>\n<p>[\/et_pb_blurb][et_pb_blurb use_icon=&#8221;on&#8221; font_icon=&#8221;&#xe01d;||divi||400&#8243; image_icon_background_color=&#8221;RGBA(255,255,255,0)&#8221; icon_placement=&#8221;left&#8221; image_icon_width=&#8221;16px&#8221; content_max_width=&#8221;100%&#8221; _builder_version=&#8221;4.25.1&#8243; _module_preset=&#8221;_initial&#8221; header_font=&#8221;Open Sans||||||||&#8221; header_text_color=&#8221;#000000&#8243; header_font_size=&#8221;24px&#8221; header_letter_spacing=&#8221;-0.04em&#8221; header_line_height=&#8221;1.8em&#8221; body_font=&#8221;Open Sans||||||||&#8221; body_text_color=&#8221;#000000&#8243; body_font_size=&#8221;24px&#8221; body_line_height=&#8221;30px&#8221; image_icon_custom_margin=&#8221;5px||||false|false&#8221; custom_margin=&#8221;||10px||false|false&#8221; animation=&#8221;off&#8221; header_font_size_tablet=&#8221;20px&#8221; header_font_size_phone=&#8221;20px&#8221; header_font_size_last_edited=&#8221;on|desktop&#8221; body_font_size_tablet=&#8221;20px&#8221; body_font_size_phone=&#8221;20px&#8221; body_font_size_last_edited=&#8221;on|desktop&#8221; body_line_height_tablet=&#8221;&#8221; body_line_height_phone=&#8221;30px&#8221; body_line_height_last_edited=&#8221;on|phone&#8221; global_colors_info=&#8221;{}&#8221;]<\/p>\n<p>Zumzeig Cinema<\/p>\n<p>[\/et_pb_blurb][et_pb_heading title=&#8221;Amb elles conversarem sobre com el<br \/>\ncinema actual retrata els vincles familiars i les cures. Tamb\u00e9 dialogarem sobre la import\u00e0ncia d\u2019entendre el risc de l\u2019avorriment entre les persones grans.&#8221; _builder_version=&#8221;4.25.1&#8243; _module_preset=&#8221;_initial&#8221; title_level=&#8221;h4&#8243; title_font=&#8221;Open Sans||||||||&#8221; title_text_align=&#8221;left&#8221; title_text_color=&#8221;#000000&#8243; title_font_size=&#8221;24px&#8221; title_letter_spacing=&#8221;-0.04em&#8221; title_line_height=&#8221;1.6em&#8221; custom_margin=&#8221;40px||0px||false|false&#8221; custom_margin_tablet=&#8221;40px||0px||false|false&#8221; custom_margin_phone=&#8221;40px||0px||false|false&#8221; custom_margin_last_edited=&#8221;on|phone&#8221; custom_padding=&#8221;0px||28px||false|false&#8221; title_font_size_tablet=&#8221;20px&#8221; title_font_size_phone=&#8221;20px&#8221; title_font_size_last_edited=&#8221;on|phone&#8221; global_colors_info=&#8221;{}&#8221;][\/et_pb_heading][et_pb_button button_url=&#8221;https:\/\/lagranpantalla.glide.page\/dl\/17171d\/s\/87d12e\/r\/5bkAqel5QBGbeIF2D0tK.g&#8221; url_new_window=&#8221;on&#8221; button_text=&#8221;Reserva la teva entrada gratu\u00efta&#8221; button_alignment=&#8221;left&#8221; _builder_version=&#8221;4.25.1&#8243; _module_preset=&#8221;_initial&#8221; custom_button=&#8221;on&#8221; button_text_size=&#8221;20px&#8221; button_text_color=&#8221;#000000&#8243; button_bg_color=&#8221;#fcf7c9&#8243; button_border_width=&#8221;0px&#8221; button_border_radius=&#8221;0px&#8221; button_font=&#8221;Montserrat|600|||||||&#8221; button_use_icon=&#8221;off&#8221; custom_margin=&#8221;||||false|false&#8221; custom_padding=&#8221;|24px||24px|true|true&#8221; custom_padding_tablet=&#8221;12px|24px|12px|24px|true|true&#8221; custom_padding_phone=&#8221;12px|24px|12px|24px|true|true&#8221; custom_padding_last_edited=&#8221;on|phone&#8221; button_text_size_tablet=&#8221;20px&#8221; button_text_size_phone=&#8221;20px&#8221; button_text_size_last_edited=&#8221;on|desktop&#8221; locked=&#8221;off&#8221; global_colors_info=&#8221;{}&#8221; button_text_size__hover_enabled=&#8221;on|hover&#8221; button_bg_color__hover_enabled=&#8221;on|hover&#8221; z_index__hover_enabled=&#8221;on|hover&#8221; transform_styles__hover_enabled=&#8221;on|hover&#8221; transform_scale__hover_enabled=&#8221;on|hover&#8221; transform_translate__hover_enabled=&#8221;on|hover&#8221; transform_rotate__hover_enabled=&#8221;on|hover&#8221; transform_skew__hover_enabled=&#8221;on|hover&#8221; transform_origin__hover_enabled=&#8221;on|hover&#8221; button_text_size__hover=&#8221;20px&#8221; button_bg_color__hover=&#8221;#fcf7c9&#8243;][\/et_pb_button][\/et_pb_column][\/et_pb_row][\/et_pb_section]<\/p>\n","protected":false},"excerpt":{"rendered":"<p>Soraya Bayuelo07\/05 \u2013 19.00 hCentre C\u00edvic Pati LlimonaClaudia Pinto05\/07 \u2013 10.30 hZumzeig CinemaLola L\u00f3pez26\/06 \u2013 17.00 a 19.00 hEspai Montserrat OlivellaCelia Rico, Mireia Iniesta i Josefa Ros04\/07 \u2013 10.30 hZumzeig Cinema<\/p>\n","protected":false},"author":14,"featured_media":0,"parent":0,"menu_order":0,"comment_status":"closed","ping_status":"closed","template":"","meta":{"_et_pb_use_builder":"on","_et_pb_old_content":"","_et_gb_content_width":"","cybocfi_hide_featured_image":"","footnotes":""},"class_list":["post-246164","page","type-page","status-publish","hentry"],"yoast_head":"<!-- This site is optimized with the Yoast SEO plugin v26.7 - https:\/\/yoast.com\/wordpress\/plugins\/seo\/ -->\n<title>ACTIVITATS D&#039;IND\u00daSTRIA 2025 &#183;<\/title>\n<meta name=\"robots\" content=\"index, follow, max-snippet:-1, max-image-preview:large, max-video-preview:-1\" \/>\n<link rel=\"canonical\" href=\"https:\/\/lagranpantallafestival.com\/ca\/activitats-d-industria-2025\/\" \/>\n<meta property=\"og:locale\" content=\"ca_ES\" \/>\n<meta property=\"og:type\" content=\"article\" \/>\n<meta property=\"og:title\" content=\"ACTIVITATS D&#039;IND\u00daSTRIA 2025 &#183;\" \/>\n<meta property=\"og:description\" content=\"Soraya Bayuelo07\/05 \u2013 19.00 hCentre C\u00edvic Pati LlimonaClaudia Pinto05\/07 \u2013 10.30 hZumzeig CinemaLola L\u00f3pez26\/06 \u2013 17.00 a 19.00 hEspai Montserrat OlivellaCelia Rico, Mireia Iniesta i Josefa Ros04\/07 \u2013 10.30 hZumzeig Cinema\" \/>\n<meta property=\"og:url\" content=\"https:\/\/lagranpantallafestival.com\/ca\/activitats-d-industria-2025\/\" \/>\n<meta property=\"og:site_name\" content=\"Festival Internacional de Cinema de les Persones Grans de Barcelona: La Gran Pantalla\" \/>\n<meta property=\"article:publisher\" content=\"https:\/\/www.facebook.com\/lagranpantallabcn\/\" \/>\n<meta property=\"article:modified_time\" content=\"2025-06-12T12:26:45+00:00\" \/>\n<meta property=\"og:image\" content=\"https:\/\/lagranpantallafestival.com\/wp-content\/uploads\/2020\/05\/Sala-Gran-Pantalla-2019-1024x683.jpg\" \/>\n\t<meta property=\"og:image:width\" content=\"1024\" \/>\n\t<meta property=\"og:image:height\" content=\"683\" \/>\n\t<meta property=\"og:image:type\" content=\"image\/jpeg\" \/>\n<meta name=\"twitter:card\" content=\"summary_large_image\" \/>\n<meta name=\"twitter:site\" content=\"@granpantallabcn\" \/>\n<meta name=\"twitter:label1\" content=\"Temps estimat de lectura\" \/>\n\t<meta name=\"twitter:data1\" content=\"2 minuts\" \/>\n<script type=\"application\/ld+json\" class=\"yoast-schema-graph\">{\"@context\":\"https:\/\/schema.org\",\"@graph\":[{\"@type\":\"WebPage\",\"@id\":\"https:\/\/lagranpantallafestival.com\/ca\/activitats-d-industria-2025\/\",\"url\":\"https:\/\/lagranpantallafestival.com\/ca\/activitats-d-industria-2025\/\",\"name\":\"ACTIVITATS D'IND\u00daSTRIA 2025 &#183;\",\"isPartOf\":{\"@id\":\"https:\/\/lagranpantallafestival.com\/ca\/#website\"},\"datePublished\":\"2025-06-12T06:18:00+00:00\",\"dateModified\":\"2025-06-12T12:26:45+00:00\",\"breadcrumb\":{\"@id\":\"https:\/\/lagranpantallafestival.com\/ca\/activitats-d-industria-2025\/#breadcrumb\"},\"inLanguage\":\"ca\",\"potentialAction\":[{\"@type\":\"ReadAction\",\"target\":[\"https:\/\/lagranpantallafestival.com\/ca\/activitats-d-industria-2025\/\"]}]},{\"@type\":\"BreadcrumbList\",\"@id\":\"https:\/\/lagranpantallafestival.com\/ca\/activitats-d-industria-2025\/#breadcrumb\",\"itemListElement\":[{\"@type\":\"ListItem\",\"position\":1,\"name\":\"Portada\",\"item\":\"https:\/\/lagranpantallafestival.com\/ca\/\"},{\"@type\":\"ListItem\",\"position\":2,\"name\":\"ACTIVITATS D&#8217;IND\u00daSTRIA 2025\"}]},{\"@type\":\"WebSite\",\"@id\":\"https:\/\/lagranpantallafestival.com\/ca\/#website\",\"url\":\"https:\/\/lagranpantallafestival.com\/ca\/\",\"name\":\"Festival Internacional de Cinema de les Persones Grans de Barcelona: La Gran Pantalla\",\"description\":\"El Festival Internacional de Cine de las personas mayores La gran pantalla! es el primer espacio en Barcelona dedicado al encuentro cinematogr\u00e1fico intergeneracional. Proyectamos pel\u00edculas y cortometrajes que aborden nuevas miradas sobre el hecho de ser mayor. Nuestro objetivo es desmontar los estereotipos que existen en la sociedad y promover el envejecimiento activo, a trav\u00e9s de la reflexi\u00f3n y el debate que inspira el s\u00e9ptimo arte.\",\"publisher\":{\"@id\":\"https:\/\/lagranpantallafestival.com\/ca\/#organization\"},\"potentialAction\":[{\"@type\":\"SearchAction\",\"target\":{\"@type\":\"EntryPoint\",\"urlTemplate\":\"https:\/\/lagranpantallafestival.com\/ca\/?s={search_term_string}\"},\"query-input\":{\"@type\":\"PropertyValueSpecification\",\"valueRequired\":true,\"valueName\":\"search_term_string\"}}],\"inLanguage\":\"ca\"},{\"@type\":\"Organization\",\"@id\":\"https:\/\/lagranpantallafestival.com\/ca\/#organization\",\"name\":\"[wpseo_titles]company_nombre\",\"url\":\"https:\/\/lagranpantallafestival.com\/ca\/\",\"logo\":{\"@type\":\"ImageObject\",\"inLanguage\":\"ca\",\"@id\":\"https:\/\/lagranpantallafestival.com\/ca\/#\/schema\/logo\/image\/\",\"url\":\"https:\/\/i0.wp.com\/lagranpantallafestival.com\/wp-content\/uploads\/2020\/05\/Logo_web_LaGranPantalla.png?fit=901%2C301&ssl=1\",\"contentUrl\":\"https:\/\/i0.wp.com\/lagranpantallafestival.com\/wp-content\/uploads\/2020\/05\/Logo_web_LaGranPantalla.png?fit=901%2C301&ssl=1\",\"width\":901,\"height\":301,\"caption\":\"[wpseo_titles]company_nombre\"},\"image\":{\"@id\":\"https:\/\/lagranpantallafestival.com\/ca\/#\/schema\/logo\/image\/\"},\"sameAs\":[\"https:\/\/www.facebook.com\/lagranpantallabcn\/\",\"https:\/\/x.com\/granpantallabcn\",\"https:\/\/www.instagram.com\/lagranpantallabcn\/\",\"https:\/\/www.youtube.com\/user\/colectivoelparlante\"]}]}<\/script>\n<!-- \/ Yoast SEO plugin. -->","yoast_head_json":{"title":"ACTIVITATS D'IND\u00daSTRIA 2025 &#183;","robots":{"index":"index","follow":"follow","max-snippet":"max-snippet:-1","max-image-preview":"max-image-preview:large","max-video-preview":"max-video-preview:-1"},"canonical":"https:\/\/lagranpantallafestival.com\/ca\/activitats-d-industria-2025\/","og_locale":"ca_ES","og_type":"article","og_title":"ACTIVITATS D'IND\u00daSTRIA 2025 &#183;","og_description":"Soraya Bayuelo07\/05 \u2013 19.00 hCentre C\u00edvic Pati LlimonaClaudia Pinto05\/07 \u2013 10.30 hZumzeig CinemaLola L\u00f3pez26\/06 \u2013 17.00 a 19.00 hEspai Montserrat OlivellaCelia Rico, Mireia Iniesta i Josefa Ros04\/07 \u2013 10.30 hZumzeig Cinema","og_url":"https:\/\/lagranpantallafestival.com\/ca\/activitats-d-industria-2025\/","og_site_name":"Festival Internacional de Cinema de les Persones Grans de Barcelona: La Gran Pantalla","article_publisher":"https:\/\/www.facebook.com\/lagranpantallabcn\/","article_modified_time":"2025-06-12T12:26:45+00:00","og_image":[{"width":1024,"height":683,"url":"https:\/\/lagranpantallafestival.com\/wp-content\/uploads\/2020\/05\/Sala-Gran-Pantalla-2019-1024x683.jpg","type":"image\/jpeg"}],"twitter_card":"summary_large_image","twitter_site":"@granpantallabcn","twitter_misc":{"Temps estimat de lectura":"2 minuts"},"schema":{"@context":"https:\/\/schema.org","@graph":[{"@type":"WebPage","@id":"https:\/\/lagranpantallafestival.com\/ca\/activitats-d-industria-2025\/","url":"https:\/\/lagranpantallafestival.com\/ca\/activitats-d-industria-2025\/","name":"ACTIVITATS D'IND\u00daSTRIA 2025 &#183;","isPartOf":{"@id":"https:\/\/lagranpantallafestival.com\/ca\/#website"},"datePublished":"2025-06-12T06:18:00+00:00","dateModified":"2025-06-12T12:26:45+00:00","breadcrumb":{"@id":"https:\/\/lagranpantallafestival.com\/ca\/activitats-d-industria-2025\/#breadcrumb"},"inLanguage":"ca","potentialAction":[{"@type":"ReadAction","target":["https:\/\/lagranpantallafestival.com\/ca\/activitats-d-industria-2025\/"]}]},{"@type":"BreadcrumbList","@id":"https:\/\/lagranpantallafestival.com\/ca\/activitats-d-industria-2025\/#breadcrumb","itemListElement":[{"@type":"ListItem","position":1,"name":"Portada","item":"https:\/\/lagranpantallafestival.com\/ca\/"},{"@type":"ListItem","position":2,"name":"ACTIVITATS D&#8217;IND\u00daSTRIA 2025"}]},{"@type":"WebSite","@id":"https:\/\/lagranpantallafestival.com\/ca\/#website","url":"https:\/\/lagranpantallafestival.com\/ca\/","name":"Festival Internacional de Cinema de les Persones Grans de Barcelona: La Gran Pantalla","description":"El Festival Internacional de Cine de las personas mayores La gran pantalla! es el primer espacio en Barcelona dedicado al encuentro cinematogr\u00e1fico intergeneracional. Proyectamos pel\u00edculas y cortometrajes que aborden nuevas miradas sobre el hecho de ser mayor. Nuestro objetivo es desmontar los estereotipos que existen en la sociedad y promover el envejecimiento activo, a trav\u00e9s de la reflexi\u00f3n y el debate que inspira el s\u00e9ptimo arte.","publisher":{"@id":"https:\/\/lagranpantallafestival.com\/ca\/#organization"},"potentialAction":[{"@type":"SearchAction","target":{"@type":"EntryPoint","urlTemplate":"https:\/\/lagranpantallafestival.com\/ca\/?s={search_term_string}"},"query-input":{"@type":"PropertyValueSpecification","valueRequired":true,"valueName":"search_term_string"}}],"inLanguage":"ca"},{"@type":"Organization","@id":"https:\/\/lagranpantallafestival.com\/ca\/#organization","name":"[wpseo_titles]company_nombre","url":"https:\/\/lagranpantallafestival.com\/ca\/","logo":{"@type":"ImageObject","inLanguage":"ca","@id":"https:\/\/lagranpantallafestival.com\/ca\/#\/schema\/logo\/image\/","url":"https:\/\/i0.wp.com\/lagranpantallafestival.com\/wp-content\/uploads\/2020\/05\/Logo_web_LaGranPantalla.png?fit=901%2C301&ssl=1","contentUrl":"https:\/\/i0.wp.com\/lagranpantallafestival.com\/wp-content\/uploads\/2020\/05\/Logo_web_LaGranPantalla.png?fit=901%2C301&ssl=1","width":901,"height":301,"caption":"[wpseo_titles]company_nombre"},"image":{"@id":"https:\/\/lagranpantallafestival.com\/ca\/#\/schema\/logo\/image\/"},"sameAs":["https:\/\/www.facebook.com\/lagranpantallabcn\/","https:\/\/x.com\/granpantallabcn","https:\/\/www.instagram.com\/lagranpantallabcn\/","https:\/\/www.youtube.com\/user\/colectivoelparlante"]}]}},"_links":{"self":[{"href":"https:\/\/lagranpantallafestival.com\/ca\/wp-json\/wp\/v2\/pages\/246164","targetHints":{"allow":["GET"]}}],"collection":[{"href":"https:\/\/lagranpantallafestival.com\/ca\/wp-json\/wp\/v2\/pages"}],"about":[{"href":"https:\/\/lagranpantallafestival.com\/ca\/wp-json\/wp\/v2\/types\/page"}],"author":[{"embeddable":true,"href":"https:\/\/lagranpantallafestival.com\/ca\/wp-json\/wp\/v2\/users\/14"}],"replies":[{"embeddable":true,"href":"https:\/\/lagranpantallafestival.com\/ca\/wp-json\/wp\/v2\/comments?post=246164"}],"version-history":[{"count":2,"href":"https:\/\/lagranpantallafestival.com\/ca\/wp-json\/wp\/v2\/pages\/246164\/revisions"}],"predecessor-version":[{"id":246352,"href":"https:\/\/lagranpantallafestival.com\/ca\/wp-json\/wp\/v2\/pages\/246164\/revisions\/246352"}],"wp:attachment":[{"href":"https:\/\/lagranpantallafestival.com\/ca\/wp-json\/wp\/v2\/media?parent=246164"}],"curies":[{"name":"wp","href":"https:\/\/api.w.org\/{rel}","templated":true}]}}