{"id":244867,"date":"2024-07-24T15:50:37","date_gmt":"2024-07-24T15:50:37","guid":{"rendered":"https:\/\/lagranpantallafestival.com\/?page_id=244867"},"modified":"2024-07-25T09:40:22","modified_gmt":"2024-07-25T09:40:22","slug":"bases-i-info-gran_lab24","status":"publish","type":"page","link":"https:\/\/lagranpantallafestival.com\/ca\/bases-i-info-gran_lab24\/","title":{"rendered":"Bases_LAB_2024"},"content":{"rendered":"<p>[et_pb_section fb_built=&#8221;1&#8243; _builder_version=&#8221;4.16&#8243; custom_padding=&#8221;|33px||||&#8221; global_colors_info=&#8221;{}&#8221;][et_pb_row column_structure=&#8221;2_3,1_3&#8243; _builder_version=&#8221;4.24.2&#8243; global_colors_info=&#8221;{}&#8221;][et_pb_column type=&#8221;2_3&#8243; _builder_version=&#8221;4.16&#8243; global_colors_info=&#8221;{}&#8221;][et_pb_text _builder_version=&#8221;4.26.1&#8243; text_font=&#8221;Roboto Condensed||||||||&#8221; text_text_color=&#8221;rgba(0,0,0,0.86)&#8221; link_font=&#8221;||||on|||#0C71C3|&#8221; link_text_color=&#8221;#0C71C3&#8243; global_colors_info=&#8221;{}&#8221; link_text_color__hover_enabled=&#8221;on|hover&#8221; link_text_color__hover=&#8221;#0C71C3&#8243;]<\/p>\n<p dir=\"ltr\"><strong>CONVOCAT\u00d2RIA GRAN_LAB<\/strong><\/p>\n<p dir=\"ltr\">El GRAN_LAB se celebra en el marc de La GRAN pantalla, el Festival Internacional de Cinema de les Persones Grans de Barcelona, i est\u00e0 organitzat per l\u2019Associaci\u00f3 Cultural elParlante. El \u201cGRAN_LAB24\u201d \u00e9s la primera edici\u00f3 d\u2019aquesta convocat\u00f2ria, la qual es presentar\u00e0 oficialment a l\u2019acte d\u2019inauguraci\u00f3 de la 6a edici\u00f3 del festival.<\/p>\n<p dir=\"ltr\" role=\"presentation\"><strong><\/strong><\/p>\n<p dir=\"ltr\" role=\"presentation\"><strong>Objectiu<\/strong><\/p>\n<p><span style=\"font-weight: 400;\">Aquesta primera edici\u00f3 del GRAN_LAB t\u00e9 l\u2019objectiu d\u2019apropar el festival i els seus ideals a les aules i connectar amb estudiants i nou talent emergent de Catalunya.<\/span><\/p>\n<p><span style=\"font-weight: 400;\">Aquesta convocat\u00f2ria busca promoure la producci\u00f3 d\u2019obres audiovisuals protagonitzades per persones grans, que tinguin com a tem\u00e0tica l\u2019envelliment, i que permetin anar m\u00e9s enll\u00e0 de rumors, prejudicis i estereotips amb els quals s\u2019associen les persones grans.\u00a0<\/span><\/p>\n<p><span style=\"font-weight: 400;\">El projecte seleccionat comptar\u00e0 amb:<\/span><\/p>\n<ul>\n<li style=\"font-weight: 400;\" aria-level=\"1\"><span style=\"font-weight: 400;\">L\u2019<\/span><b>assessorament de professionals <\/b><span style=\"font-weight: 400;\">del sector audiovisual<\/span><\/li>\n<li style=\"font-weight: 400;\" aria-level=\"1\"><span style=\"font-weight: 400;\">L\u2019<\/span><b>estrena del curtmetratge dins la programaci\u00f3<\/b><span style=\"font-weight: 400;\"> de la seg\u00fcent edici\u00f3 del Festival.<\/span><\/li>\n<\/ul>\n<p dir=\"ltr\">\n<p dir=\"ltr\"><strong>Assesories amb professionals<\/strong><\/p>\n<p dir=\"ltr\"><span style=\"font-weight: 400;\">El projecte de curtmetratge seleccionat en el GRAN_LAB24 podr\u00e0 gaudir de quatre sessions d&#8217;assesories individualitzades impartides per professionals del sector:<\/span><\/p>\n<p dir=\"ltr\"><span style=\"font-weight: 400;\"><\/span><\/p>\n<p><span style=\"font-weight: 400;\"><strong>Pau Subir\u00f3s<\/strong> (El Kin\u00f2graf) far\u00e0 la masterclass de gui\u00f3 (I), on es tractaran les estructures narratives, les trames i la versemblan\u00e7a. <\/span><\/p>\n<p><span style=\"font-weight: 400;\">Ha treballat com a guionista, director, professor i productor. Ha dirigit una dotzena de documentals i programes per TVE, TV3 o Betev\u00e9 i ha rebut un Premi Gaud\u00ed al millor gui\u00f3 pel llargmetratge \u201c<em>La plaga<\/em>\u201d.<\/span><span style=\"font-weight: 400;\">\u00a0<\/span><\/p>\n<p><span style=\"font-weight: 400;\"><strong>Nuria Vidal<\/strong> i <strong>Alfredo Cohen<\/strong> duran la masterclass de gui\u00f3 (II), on es parlar\u00e0 sobre la versemblan\u00e7a i el tractament de les persones grans. <\/span><\/p>\n<p><span style=\"font-weight: 400;\">Vidal \u00e9s escriptora i cr\u00edtica de cinema. <\/span><span style=\"font-weight: 400;\">Ha col\u00b7laborat en diferents mitjans de comunicaci\u00f3, a m\u00e9s de treballar en c\u00e0rrecs de responsabilitat a festivals internacionals de cinema, com ara el Festival de Sant Sebasti\u00e0, Festival de Cinema de Sitges i la Berlinale. <\/span><\/p>\n<p><span style=\"font-weight: 400;\">Cohen \u00e9s el director de l&#8217;Associaci\u00f3 Cultural elParlante i el Festival Internacional de Cinema de les Persones Grans de Barcelona, a m\u00e9s de formar part de la junta directiva de la Catalunya Film Festivals.<\/span><\/p>\n<p><span style=\"font-weight: 400;\"><strong>Albert Baquero<\/strong> s\u2019encarrega de la masterclass de producci\u00f3. <\/span><\/p>\n<p><span style=\"font-weight: 400;\">\u00c9s realitzador i productor executiu, <\/span><span style=\"font-weight: 400;\">a m\u00e9s de ser soci fundador i coordinador de projectes de la productora Camille Zonca, especialitzada en la creaci\u00f3 de continguts audiovisuals vinculats a tem\u00e0tiques de transformaci\u00f3 social i culturals.<\/span><\/p>\n<p><span style=\"font-weight: 400;\"><strong>Miriam Port\u00e9<\/strong> ser\u00e0 l\u2019encarregada de la masterclass de finan\u00e7ament. <\/span><\/p>\n<p><span style=\"font-weight: 400;\">\u00c9s fundadora de la productora Distinto Films, que ha destacat per projectes cinematogr\u00e0fics com \u201c<em>Sis dies corrents<\/em>\u201d, \u201c<em>Vasil<\/em>\u201d o \u201c<em>Els nens salvatges<\/em>\u201d. Actualment \u00e9s la presidenta d\u2019honor de l\u2019associaci\u00f3 Dones Visuals.<\/span><\/p>\n<p dir=\"ltr\" role=\"presentation\">\n<p>[\/et_pb_text][et_pb_divider color=&#8221;rgba(0,0,0,0.15)&#8221; _builder_version=&#8221;4.16&#8243; custom_margin=&#8221;||-16px|||&#8221; global_colors_info=&#8221;{}&#8221;][\/et_pb_divider][\/et_pb_column][et_pb_column type=&#8221;1_3&#8243; _builder_version=&#8221;4.16&#8243; global_colors_info=&#8221;{}&#8221;][et_pb_icon font_icon=&#8221;&#xf1c1;||fa||400&#8243; icon_width=&#8221;80px&#8221; url=&#8221;https:\/\/lagranpantallafestival.com\/wp-content\/uploads\/2024\/06\/AMPLIACIO_Convocatoria-GRAN_LAB24-26_06_2024.pdf&#8221; url_new_window=&#8221;on&#8221; disabled_on=&#8221;off|off|off&#8221; _builder_version=&#8221;4.26.1&#8243; _module_preset=&#8221;default&#8221; background_color=&#8221;#FFFFFF&#8221; custom_margin=&#8221;31px|||||&#8221; global_colors_info=&#8221;{}&#8221;][\/et_pb_icon][et_pb_text _builder_version=&#8221;4.26.1&#8243; text_font=&#8221;Roboto Condensed||||||||&#8221; text_text_color=&#8221;#000000&#8243; header_font=&#8221;Roboto Condensed||||||||&#8221; background_color=&#8221;rgba(0,0,0,0)&#8221; custom_margin=&#8221;||60px|||&#8221; custom_padding=&#8221;56px|||||&#8221; global_colors_info=&#8221;{}&#8221;]<\/p>\n<p dir=\"ltr\" role=\"presentation\">\n<p dir=\"ltr\" role=\"presentation\"><strong>Bases de la convocat\u00f2ria<\/strong><\/p>\n<p dir=\"ltr\" role=\"presentation\">A data 26\/06\/2024, s\u2019amplien les dates de la convocat\u00f2ria \u201cGRAN_LAB24\u201d i es modifiquen les bases.<\/p>\n<p dir=\"ltr\" role=\"presentation\">\n<p dir=\"ltr\" role=\"presentation\"><strong>Data l\u00edmit d&#8217;inscripci\u00f3<\/strong><\/p>\n<p dir=\"ltr\">La nova data l\u00edmit per fer la inscripci\u00f3 \u00e9s el 31 de juliol de 2024.<br \/>NO S\u2019ACCEPTARAN OBRES DESPR\u00c9S DE LA DATA INDICADA.<\/p>\n<p>[\/et_pb_text][et_pb_image src=&#8221;https:\/\/lagranpantallafestival.com\/wp-content\/uploads\/2024\/07\/Pau-Subiros_03-CINEMED-scaled-e1721673885425.jpg&#8221; title_text=&#8221;Pau Subiros_03 CINEMED&#8221; align=&#8221;center&#8221; disabled_on=&#8221;on|on|off&#8221; _builder_version=&#8221;4.26.1&#8243; _module_preset=&#8221;default&#8221; width=&#8221;50%&#8221; min_height=&#8221;131.9px&#8221; custom_margin=&#8221;234px||14px|||&#8221; border_radii=&#8221;on|100px|100px|100px|100px&#8221; global_colors_info=&#8221;{}&#8221;][\/et_pb_image][et_pb_image src=&#8221;https:\/\/lagranpantallafestival.com\/wp-content\/uploads\/2024\/07\/Nuria-Vidal.jpg&#8221; title_text=&#8221;Nuria-Vidal&#8221; align=&#8221;center&#8221; disabled_on=&#8221;on|on|off&#8221; _builder_version=&#8221;4.26.1&#8243; _module_preset=&#8221;default&#8221; width=&#8221;50%&#8221; custom_margin=&#8221;1px|||||&#8221; border_radii=&#8221;on|100px|100px|100px|100px&#8221; global_colors_info=&#8221;{}&#8221;][\/et_pb_image][et_pb_image src=&#8221;https:\/\/lagranpantallafestival.com\/wp-content\/uploads\/2024\/07\/alfredo.jpg&#8221; title_text=&#8221;alfredo&#8221; align=&#8221;center&#8221; disabled_on=&#8221;on|on|off&#8221; _builder_version=&#8221;4.26.1&#8243; _module_preset=&#8221;default&#8221; width=&#8221;50%&#8221; custom_margin=&#8221;-9px|||||&#8221; border_radii=&#8221;on|100px|100px|100px|100px&#8221; global_colors_info=&#8221;{}&#8221;][\/et_pb_image][et_pb_image src=&#8221;https:\/\/lagranpantallafestival.com\/wp-content\/uploads\/2024\/07\/Albert-Baquero-e1721674467612.jpg&#8221; title_text=&#8221;Albert Baquero&#8221; align=&#8221;center&#8221; disabled_on=&#8221;on|on|off&#8221; _builder_version=&#8221;4.26.1&#8243; _module_preset=&#8221;default&#8221; width=&#8221;50%&#8221; custom_margin=&#8221;-10px|||||&#8221; border_radii=&#8221;on|100px|100px|100px|100px&#8221; global_colors_info=&#8221;{}&#8221;][\/et_pb_image][et_pb_image src=&#8221;https:\/\/lagranpantallafestival.com\/wp-content\/uploads\/2024\/07\/Miriam-Porte_quadrada.jpg&#8221; title_text=&#8221;Miriam Porte\u0301_quadrada&#8221; align=&#8221;center&#8221; disabled_on=&#8221;on|on|off&#8221; _builder_version=&#8221;4.26.1&#8243; _module_preset=&#8221;default&#8221; width=&#8221;50%&#8221; custom_margin=&#8221;-10px|||||&#8221; border_radii=&#8221;on|100px|100px|100px|100px&#8221; global_colors_info=&#8221;{}&#8221;][\/et_pb_image][\/et_pb_column][\/et_pb_row][\/et_pb_section]<\/p>\n","protected":false},"excerpt":{"rendered":"<p>CONVOCAT\u00d2RIA GRAN_LAB El GRAN_LAB se celebra en el marc de La GRAN pantalla, el Festival Internacional de Cinema de les Persones Grans de Barcelona, i est\u00e0 organitzat per l\u2019Associaci\u00f3 Cultural elParlante. El \u201cGRAN_LAB24\u201d \u00e9s la primera edici\u00f3 d\u2019aquesta convocat\u00f2ria, la qual es presentar\u00e0 oficialment a l\u2019acte d\u2019inauguraci\u00f3 de la 6a edici\u00f3 del festival. Objectiu Aquesta [&hellip;]<\/p>\n","protected":false},"author":4,"featured_media":0,"parent":0,"menu_order":0,"comment_status":"closed","ping_status":"closed","template":"","meta":{"_et_pb_use_builder":"on","_et_pb_old_content":"","_et_gb_content_width":"","cybocfi_hide_featured_image":"","footnotes":""},"class_list":["post-244867","page","type-page","status-publish","hentry"],"yoast_head":"<!-- This site is optimized with the Yoast SEO plugin v26.7 - https:\/\/yoast.com\/wordpress\/plugins\/seo\/ -->\n<title>Bases_LAB_2024 &#183;<\/title>\n<meta name=\"robots\" content=\"index, follow, max-snippet:-1, max-image-preview:large, max-video-preview:-1\" \/>\n<link rel=\"canonical\" href=\"https:\/\/lagranpantallafestival.com\/ca\/bases-i-info-gran_lab24\/\" \/>\n<meta property=\"og:locale\" content=\"ca_ES\" \/>\n<meta property=\"og:type\" content=\"article\" \/>\n<meta property=\"og:title\" content=\"Bases_LAB_2024 &#183;\" \/>\n<meta property=\"og:description\" content=\"CONVOCAT\u00d2RIA GRAN_LAB El GRAN_LAB se celebra en el marc de La GRAN pantalla, el Festival Internacional de Cinema de les Persones Grans de Barcelona, i est\u00e0 organitzat per l\u2019Associaci\u00f3 Cultural elParlante. El \u201cGRAN_LAB24\u201d \u00e9s la primera edici\u00f3 d\u2019aquesta convocat\u00f2ria, la qual es presentar\u00e0 oficialment a l\u2019acte d\u2019inauguraci\u00f3 de la 6a edici\u00f3 del festival. Objectiu Aquesta [&hellip;]\" \/>\n<meta property=\"og:url\" content=\"https:\/\/lagranpantallafestival.com\/ca\/bases-i-info-gran_lab24\/\" \/>\n<meta property=\"og:site_name\" content=\"Festival Internacional de Cinema de les Persones Grans de Barcelona: La Gran Pantalla\" \/>\n<meta property=\"article:publisher\" content=\"https:\/\/www.facebook.com\/lagranpantallabcn\/\" \/>\n<meta property=\"article:modified_time\" content=\"2024-07-25T09:40:22+00:00\" \/>\n<meta property=\"og:image\" content=\"https:\/\/lagranpantallafestival.com\/wp-content\/uploads\/2020\/05\/Sala-Gran-Pantalla-2019-1024x683.jpg\" \/>\n\t<meta property=\"og:image:width\" content=\"1024\" \/>\n\t<meta property=\"og:image:height\" content=\"683\" \/>\n\t<meta property=\"og:image:type\" content=\"image\/jpeg\" \/>\n<meta name=\"twitter:card\" content=\"summary_large_image\" \/>\n<meta name=\"twitter:site\" content=\"@granpantallabcn\" \/>\n<meta name=\"twitter:label1\" content=\"Temps estimat de lectura\" \/>\n\t<meta name=\"twitter:data1\" content=\"3 minuts\" \/>\n<script type=\"application\/ld+json\" class=\"yoast-schema-graph\">{\"@context\":\"https:\/\/schema.org\",\"@graph\":[{\"@type\":\"WebPage\",\"@id\":\"https:\/\/lagranpantallafestival.com\/ca\/bases-i-info-gran_lab24\/\",\"url\":\"https:\/\/lagranpantallafestival.com\/ca\/bases-i-info-gran_lab24\/\",\"name\":\"Bases_LAB_2024 &#183;\",\"isPartOf\":{\"@id\":\"https:\/\/lagranpantallafestival.com\/ca\/#website\"},\"datePublished\":\"2024-07-24T15:50:37+00:00\",\"dateModified\":\"2024-07-25T09:40:22+00:00\",\"breadcrumb\":{\"@id\":\"https:\/\/lagranpantallafestival.com\/ca\/bases-i-info-gran_lab24\/#breadcrumb\"},\"inLanguage\":\"ca\",\"potentialAction\":[{\"@type\":\"ReadAction\",\"target\":[\"https:\/\/lagranpantallafestival.com\/ca\/bases-i-info-gran_lab24\/\"]}]},{\"@type\":\"BreadcrumbList\",\"@id\":\"https:\/\/lagranpantallafestival.com\/ca\/bases-i-info-gran_lab24\/#breadcrumb\",\"itemListElement\":[{\"@type\":\"ListItem\",\"position\":1,\"name\":\"Portada\",\"item\":\"https:\/\/lagranpantallafestival.com\/ca\/\"},{\"@type\":\"ListItem\",\"position\":2,\"name\":\"Bases_LAB_2024\"}]},{\"@type\":\"WebSite\",\"@id\":\"https:\/\/lagranpantallafestival.com\/ca\/#website\",\"url\":\"https:\/\/lagranpantallafestival.com\/ca\/\",\"name\":\"Festival Internacional de Cinema de les Persones Grans de Barcelona: La Gran Pantalla\",\"description\":\"El Festival Internacional de Cine de las personas mayores La gran pantalla! es el primer espacio en Barcelona dedicado al encuentro cinematogr\u00e1fico intergeneracional. Proyectamos pel\u00edculas y cortometrajes que aborden nuevas miradas sobre el hecho de ser mayor. Nuestro objetivo es desmontar los estereotipos que existen en la sociedad y promover el envejecimiento activo, a trav\u00e9s de la reflexi\u00f3n y el debate que inspira el s\u00e9ptimo arte.\",\"publisher\":{\"@id\":\"https:\/\/lagranpantallafestival.com\/ca\/#organization\"},\"potentialAction\":[{\"@type\":\"SearchAction\",\"target\":{\"@type\":\"EntryPoint\",\"urlTemplate\":\"https:\/\/lagranpantallafestival.com\/ca\/?s={search_term_string}\"},\"query-input\":{\"@type\":\"PropertyValueSpecification\",\"valueRequired\":true,\"valueName\":\"search_term_string\"}}],\"inLanguage\":\"ca\"},{\"@type\":\"Organization\",\"@id\":\"https:\/\/lagranpantallafestival.com\/ca\/#organization\",\"name\":\"[wpseo_titles]company_nombre\",\"url\":\"https:\/\/lagranpantallafestival.com\/ca\/\",\"logo\":{\"@type\":\"ImageObject\",\"inLanguage\":\"ca\",\"@id\":\"https:\/\/lagranpantallafestival.com\/ca\/#\/schema\/logo\/image\/\",\"url\":\"https:\/\/i0.wp.com\/lagranpantallafestival.com\/wp-content\/uploads\/2020\/05\/Logo_web_LaGranPantalla.png?fit=901%2C301&ssl=1\",\"contentUrl\":\"https:\/\/i0.wp.com\/lagranpantallafestival.com\/wp-content\/uploads\/2020\/05\/Logo_web_LaGranPantalla.png?fit=901%2C301&ssl=1\",\"width\":901,\"height\":301,\"caption\":\"[wpseo_titles]company_nombre\"},\"image\":{\"@id\":\"https:\/\/lagranpantallafestival.com\/ca\/#\/schema\/logo\/image\/\"},\"sameAs\":[\"https:\/\/www.facebook.com\/lagranpantallabcn\/\",\"https:\/\/x.com\/granpantallabcn\",\"https:\/\/www.instagram.com\/lagranpantallabcn\/\",\"https:\/\/www.youtube.com\/user\/colectivoelparlante\"]}]}<\/script>\n<!-- \/ Yoast SEO plugin. -->","yoast_head_json":{"title":"Bases_LAB_2024 &#183;","robots":{"index":"index","follow":"follow","max-snippet":"max-snippet:-1","max-image-preview":"max-image-preview:large","max-video-preview":"max-video-preview:-1"},"canonical":"https:\/\/lagranpantallafestival.com\/ca\/bases-i-info-gran_lab24\/","og_locale":"ca_ES","og_type":"article","og_title":"Bases_LAB_2024 &#183;","og_description":"CONVOCAT\u00d2RIA GRAN_LAB El GRAN_LAB se celebra en el marc de La GRAN pantalla, el Festival Internacional de Cinema de les Persones Grans de Barcelona, i est\u00e0 organitzat per l\u2019Associaci\u00f3 Cultural elParlante. El \u201cGRAN_LAB24\u201d \u00e9s la primera edici\u00f3 d\u2019aquesta convocat\u00f2ria, la qual es presentar\u00e0 oficialment a l\u2019acte d\u2019inauguraci\u00f3 de la 6a edici\u00f3 del festival. Objectiu Aquesta [&hellip;]","og_url":"https:\/\/lagranpantallafestival.com\/ca\/bases-i-info-gran_lab24\/","og_site_name":"Festival Internacional de Cinema de les Persones Grans de Barcelona: La Gran Pantalla","article_publisher":"https:\/\/www.facebook.com\/lagranpantallabcn\/","article_modified_time":"2024-07-25T09:40:22+00:00","og_image":[{"width":1024,"height":683,"url":"https:\/\/lagranpantallafestival.com\/wp-content\/uploads\/2020\/05\/Sala-Gran-Pantalla-2019-1024x683.jpg","type":"image\/jpeg"}],"twitter_card":"summary_large_image","twitter_site":"@granpantallabcn","twitter_misc":{"Temps estimat de lectura":"3 minuts"},"schema":{"@context":"https:\/\/schema.org","@graph":[{"@type":"WebPage","@id":"https:\/\/lagranpantallafestival.com\/ca\/bases-i-info-gran_lab24\/","url":"https:\/\/lagranpantallafestival.com\/ca\/bases-i-info-gran_lab24\/","name":"Bases_LAB_2024 &#183;","isPartOf":{"@id":"https:\/\/lagranpantallafestival.com\/ca\/#website"},"datePublished":"2024-07-24T15:50:37+00:00","dateModified":"2024-07-25T09:40:22+00:00","breadcrumb":{"@id":"https:\/\/lagranpantallafestival.com\/ca\/bases-i-info-gran_lab24\/#breadcrumb"},"inLanguage":"ca","potentialAction":[{"@type":"ReadAction","target":["https:\/\/lagranpantallafestival.com\/ca\/bases-i-info-gran_lab24\/"]}]},{"@type":"BreadcrumbList","@id":"https:\/\/lagranpantallafestival.com\/ca\/bases-i-info-gran_lab24\/#breadcrumb","itemListElement":[{"@type":"ListItem","position":1,"name":"Portada","item":"https:\/\/lagranpantallafestival.com\/ca\/"},{"@type":"ListItem","position":2,"name":"Bases_LAB_2024"}]},{"@type":"WebSite","@id":"https:\/\/lagranpantallafestival.com\/ca\/#website","url":"https:\/\/lagranpantallafestival.com\/ca\/","name":"Festival Internacional de Cinema de les Persones Grans de Barcelona: La Gran Pantalla","description":"El Festival Internacional de Cine de las personas mayores La gran pantalla! es el primer espacio en Barcelona dedicado al encuentro cinematogr\u00e1fico intergeneracional. Proyectamos pel\u00edculas y cortometrajes que aborden nuevas miradas sobre el hecho de ser mayor. Nuestro objetivo es desmontar los estereotipos que existen en la sociedad y promover el envejecimiento activo, a trav\u00e9s de la reflexi\u00f3n y el debate que inspira el s\u00e9ptimo arte.","publisher":{"@id":"https:\/\/lagranpantallafestival.com\/ca\/#organization"},"potentialAction":[{"@type":"SearchAction","target":{"@type":"EntryPoint","urlTemplate":"https:\/\/lagranpantallafestival.com\/ca\/?s={search_term_string}"},"query-input":{"@type":"PropertyValueSpecification","valueRequired":true,"valueName":"search_term_string"}}],"inLanguage":"ca"},{"@type":"Organization","@id":"https:\/\/lagranpantallafestival.com\/ca\/#organization","name":"[wpseo_titles]company_nombre","url":"https:\/\/lagranpantallafestival.com\/ca\/","logo":{"@type":"ImageObject","inLanguage":"ca","@id":"https:\/\/lagranpantallafestival.com\/ca\/#\/schema\/logo\/image\/","url":"https:\/\/i0.wp.com\/lagranpantallafestival.com\/wp-content\/uploads\/2020\/05\/Logo_web_LaGranPantalla.png?fit=901%2C301&ssl=1","contentUrl":"https:\/\/i0.wp.com\/lagranpantallafestival.com\/wp-content\/uploads\/2020\/05\/Logo_web_LaGranPantalla.png?fit=901%2C301&ssl=1","width":901,"height":301,"caption":"[wpseo_titles]company_nombre"},"image":{"@id":"https:\/\/lagranpantallafestival.com\/ca\/#\/schema\/logo\/image\/"},"sameAs":["https:\/\/www.facebook.com\/lagranpantallabcn\/","https:\/\/x.com\/granpantallabcn","https:\/\/www.instagram.com\/lagranpantallabcn\/","https:\/\/www.youtube.com\/user\/colectivoelparlante"]}]}},"_links":{"self":[{"href":"https:\/\/lagranpantallafestival.com\/ca\/wp-json\/wp\/v2\/pages\/244867","targetHints":{"allow":["GET"]}}],"collection":[{"href":"https:\/\/lagranpantallafestival.com\/ca\/wp-json\/wp\/v2\/pages"}],"about":[{"href":"https:\/\/lagranpantallafestival.com\/ca\/wp-json\/wp\/v2\/types\/page"}],"author":[{"embeddable":true,"href":"https:\/\/lagranpantallafestival.com\/ca\/wp-json\/wp\/v2\/users\/4"}],"replies":[{"embeddable":true,"href":"https:\/\/lagranpantallafestival.com\/ca\/wp-json\/wp\/v2\/comments?post=244867"}],"version-history":[{"count":6,"href":"https:\/\/lagranpantallafestival.com\/ca\/wp-json\/wp\/v2\/pages\/244867\/revisions"}],"predecessor-version":[{"id":244903,"href":"https:\/\/lagranpantallafestival.com\/ca\/wp-json\/wp\/v2\/pages\/244867\/revisions\/244903"}],"wp:attachment":[{"href":"https:\/\/lagranpantallafestival.com\/ca\/wp-json\/wp\/v2\/media?parent=244867"}],"curies":[{"name":"wp","href":"https:\/\/api.w.org\/{rel}","templated":true}]}}