{"id":242546,"date":"2024-04-06T17:49:58","date_gmt":"2024-04-06T17:49:58","guid":{"rendered":"https:\/\/lagranpantallafestival.com\/?page_id=242546"},"modified":"2024-12-20T11:34:28","modified_gmt":"2024-12-20T11:34:28","slug":"resum-2021","status":"publish","type":"page","link":"https:\/\/lagranpantallafestival.com\/ca\/resum-2021\/","title":{"rendered":"Resum 2020"},"content":{"rendered":"<p>[et_pb_section fb_built=&#8221;1&#8243; _builder_version=&#8221;4.16&#8243; global_colors_info=&#8221;{}&#8221;][et_pb_row column_structure=&#8221;1_2,1_2&#8243; _builder_version=&#8221;4.16&#8243; global_colors_info=&#8221;{}&#8221;][et_pb_column type=&#8221;1_2&#8243; admin_label=&#8221;Columna&#8221; _builder_version=&#8221;4.16&#8243; global_colors_info=&#8221;{}&#8221;][et_pb_post_title meta=&#8221;off&#8221; featured_image=&#8221;off&#8221; admin_label=&#8221;Post Title&#8221; _builder_version=&#8221;4.24.0&#8243; title_font=&#8221;|700|||||||&#8221; title_text_align=&#8221;left&#8221; title_text_color=&#8221;#000000&#8243; title_font_size=&#8221;45px&#8221; title_font_tablet=&#8221;|700|||||||&#8221; title_font_phone=&#8221;|700|||||||&#8221; title_font_last_edited=&#8221;on|desktop&#8221; text_orientation_tablet=&#8221;&#8221; text_orientation_phone=&#8221;&#8221; text_orientation_last_edited=&#8221;on|desktop&#8221; global_colors_info=&#8221;{}&#8221;][\/et_pb_post_title][\/et_pb_column][et_pb_column type=&#8221;1_2&#8243; _builder_version=&#8221;4.16&#8243; global_colors_info=&#8221;{}&#8221;][\/et_pb_column][\/et_pb_row][et_pb_row column_structure=&#8221;2_5,3_5&#8243; _builder_version=&#8221;4.24.0&#8243; custom_padding=&#8221;0px|||||&#8221; global_colors_info=&#8221;{}&#8221;][et_pb_column type=&#8221;2_5&#8243; _builder_version=&#8221;4.16&#8243; global_colors_info=&#8221;{}&#8221;][et_pb_image src=&#8221;https:\/\/lagranpantallafestival.com\/wp-content\/uploads\/2020\/06\/elementos_FILMIN_LGP2020_Boton-canal.jpg&#8221; title_text=&#8221;elements_FILMIN_LGP2020_Boton canal&#8221; show_in_lightbox=&#8221;on&#8221; _builder_version=&#8221;4.24.3&#8243; global_colors_info=&#8221;{}&#8221;][\/et_pb_image][\/et_pb_column][et_pb_column type=&#8221;3_5&#8243; _builder_version=&#8221;4.16&#8243; global_colors_info=&#8221;{}&#8221;][et_pb_text _builder_version=&#8221;4.24.3&#8243; _module_preset=&#8221;default&#8221; global_colors_info=&#8221;{}&#8221;]<\/p>\n<h5>La  <strong>2a edici\u00f3 de La GRAN pantalla, Festival Internacional de Cinema de la Gent Gran de Barcelona<\/strong> , \u200b\u200bser\u00e0 una edici\u00f3 especial que ens convidar\u00e0 a redescobrir i valorar el m\u00f3n de la gent gran a trav\u00e9s de projeccions i activitats que tindran lloc a  <strong>format en l\u00ednia<\/strong> , del  <strong>7 al 17 de juliol<\/strong> , des de la plataforma  <strong>Filmin<\/strong> i la pr\u00f2pia  <strong>web del Festival.<\/strong><\/h5>\n<h5>El <strong>Festival Internacional de Cinema de la Gent Gran de Barcelona<\/strong> \u00e9s un espai de trobada cinematogr\u00e0fic intergeneracional que t\u00e9 com a objectiu desmuntar els prejudicis i estereotips sobre la gent gran.<\/h5>\n<h5>D&#8217;aquesta manera, tenint com a focus tem\u00e0tic la seva representaci\u00f3, el Festival cerca relats que contribueixin a generar noves lectures i discursos, per anar m\u00e9s enll\u00e0 de les imatges convencionals que solen associar-se a aquesta etapa de la vida i diversificar les mirades existents. D&#8217;altra banda, el Festival tamb\u00e9 \u00e9s una oportunitat per recon\u00e8ixer la tasca cinematogr\u00e0fica de gent gran, aix\u00ed com de joves realitzadors i realitzadores que s&#8217;interessen per les seves hist\u00f2ries.<\/h5>\n<h5>La 2a edici\u00f3 de La GRAN pantalla ser\u00e0 una oportunida per acompanyar i apropar la gent gran a les noves tecnologies, de forma personalitzada i divertida.<\/h5>\n<h5>La crisi sanit\u00e0ria desfermada per la pand\u00e8mia de la COVID-19 i el confinament a qu\u00e8 s&#8217;han vist obligats les persones grans estan afectant, no nom\u00e9s la salut f\u00edsica, sin\u00f3 molt especialment l&#8217;emocional.<\/h5>\n<h5>En aquest context, en qu\u00e8 les persones grans necessiten estar connectades, l&#8217;edici\u00f3 en l\u00ednia de La GRAN pantalla anir\u00e0 a casa de la gent gran ia trav\u00e9s del set\u00e8 art, aportar\u00e0 nous valors, aix\u00ed com noves possibilitats per a la trobada, la socialitzaci\u00f3 i el di\u00e0leg sobre les problem\u00e0tiques actuals.<\/h5>\n<p>[\/et_pb_text][\/et_pb_column][\/et_pb_row][et_pb_row module_id=&#8221;llargmetratges-2022&#8243; _builder_version=&#8221;4.24.0&#8243; _module_preset=&#8221;default&#8221; custom_margin_tablet=&#8221;&#8221; custom_margin_phone=&#8221;&#8221; custom_margin_last_edited=&#8221;on|desktop&#8221; global_colors_info=&#8221;{}&#8221; custom_margin__hover_enabled=&#8221;off|desktop&#8221;][et_pb_column type=&#8221;4_4&#8243; _builder_version=&#8221;4.24.0&#8243; _module_preset=&#8221;default&#8221; global_colors_info=&#8221;{}&#8221;][et_pb_heading title=&#8221;LLARGMETRATGES&#8221; _builder_version=&#8221;4.24.0&#8243; _module_preset=&#8221;default&#8221; global_colors_info=&#8221;{}&#8221;][\/et_pb_heading][et_pb_divider _builder_version=&#8221;4.24.0&#8243; _module_preset=&#8221;default&#8221; width=&#8221;18%&#8221; locked=&#8221;off&#8221; global_colors_info=&#8221;{}&#8221;][\/et_pb_divider][\/et_pb_column][\/et_pb_row][et_pb_row column_structure=&#8221;1_4,1_4,1_4,1_4&#8243; _builder_version=&#8221;4.24.0&#8243; _module_preset=&#8221;default&#8221; global_colors_info=&#8221;{}&#8221;][et_pb_column type=&#8221;1_4&#8243; _builder_version=&#8221;4.24.0&#8243; _module_preset=&#8221;default&#8221; global_colors_info=&#8221;{}&#8221;][et_pb_image src=&#8221;https:\/\/m.media-amazon.com\/images\/M\/MV5BNTVlODAxZDktMWEyZS00ZDhkLTljMDUtZDdlMjRkYWNhNDNkXkEyXkFqcGdeQXVyMTAzMDg4NzU0._V1_.jpg&#8221; url=&#8221;https:\/\/youtu.be\/m7G4u8tpans&#8221; url_new_window=&#8221;on&#8221; _builder_version=&#8221;4.24.3&#8243; locked=&#8221;off&#8221; global_colors_info=&#8221;{}&#8221;][\/et_pb_image][et_pb_text _builder_version=&#8221;4.24.3&#8243; header_text_color=&#8221;#ffffff&#8221; header_2_text_color=&#8221;#ffffff&#8221; header_3_text_color=&#8221;#ffffff&#8221; header_4_text_color=&#8221;#ffffff&#8221; header_5_text_color=&#8221;#ffffff&#8221; header_6_text_color=&#8221;#ffffff&#8221; background_layout=&#8221;dark&#8221; locked=&#8221;off&#8221; global_colors_info=&#8221;{}&#8221;]<\/p>\n<h1><span style=\"color: #000000;\"><strong>The Farewell<\/strong><\/span><\/h1>\n<h5><span style=\"color: #000000;\"><strong>Directora:<\/strong> Lulu Wang<\/span><br \/><span style=\"color: #000000;\"><strong>Pa\u00eds:<\/strong> EUA<\/span><br \/><span style=\"color: #000000;\"><strong>G\u00e8nere:<\/strong> Ficci\u00f3<\/span><br \/><span style=\"color: #000000;\"><strong>Durada:<\/strong> 100min<\/span><br \/><span style=\"color: #000000;\"><strong>Any:<\/strong> 2019<\/span><\/h5>\n<p>[\/et_pb_text][\/et_pb_column][et_pb_column type=&#8221;1_4&#8243; _builder_version=&#8221;4.24.0&#8243; _module_preset=&#8221;default&#8221; global_colors_info=&#8221;{}&#8221;][et_pb_image src=&#8221;https:\/\/ludiconews.com.ar\/wp-content\/uploads\/2020\/07\/H14ESTRENO-2.jpg&#8221; url=&#8221;https:\/\/youtu.be\/38ejwdbHZ-Y&#8221; url_new_window=&#8221;on&#8221; _builder_version=&#8221;4.24.3&#8243; locked=&#8221;off&#8221; global_colors_info=&#8221;{}&#8221;][\/et_pb_image][et_pb_text _builder_version=&#8221;4.24.3&#8243; header_text_color=&#8221;#ffffff&#8221; header_2_text_color=&#8221;#ffffff&#8221; header_3_text_color=&#8221;#ffffff&#8221; header_4_text_color=&#8221;#ffffff&#8221; header_5_text_color=&#8221;#ffffff&#8221; header_6_text_color=&#8221;#ffffff&#8221; background_layout=&#8221;dark&#8221; locked=&#8221;off&#8221; global_colors_info=&#8221;{}&#8221;]<\/p>\n<h1><span style=\"color: #000000;\"><b>Com corre Elisa<\/b><\/span><\/h1>\n<h5><span style=\"color: #000000;\"><strong>Directors:<\/strong> Andr\u00e9s Arbit i Gustavo Gersberg<\/span><br \/><span style=\"color: #000000;\"><strong>Pa\u00eds:<\/strong> Argentina<\/span><br \/><span style=\"color: #000000;\"><strong>G\u00e8nere:<\/strong> Documental<\/span><br \/><span style=\"color: #000000;\"><strong>Durada:<\/strong> 67min<\/span><br \/><span style=\"color: #000000;\"><strong>Any:<\/strong> 2019<\/span><\/h5>\n<p>[\/et_pb_text][\/et_pb_column][et_pb_column type=&#8221;1_4&#8243; _builder_version=&#8221;4.24.0&#8243; _module_preset=&#8221;default&#8221; global_colors_info=&#8221;{}&#8221;][et_pb_image src=&#8221;https:\/\/static.filmin.es\/images\/media\/27380\/1\/still_0_3_1920x1080.webp&#8221; url=&#8221;https:\/\/youtu.be\/ciZGDVINxGg&#8221; url_new_window=&#8221;on&#8221; _builder_version=&#8221;4.24.3&#8243; locked=&#8221;off&#8221; global_colors_info=&#8221;{}&#8221;][\/et_pb_image][et_pb_text _builder_version=&#8221;4.24.3&#8243; header_text_color=&#8221;#ffffff&#8221; header_2_text_color=&#8221;#ffffff&#8221; header_3_text_color=&#8221;#ffffff&#8221; header_4_text_color=&#8221;#ffffff&#8221; header_5_text_color=&#8221;#ffffff&#8221; header_6_text_color=&#8221;#ffffff&#8221; background_layout=&#8221;dark&#8221; locked=&#8221;off&#8221; global_colors_info=&#8221;{}&#8221;]<\/p>\n<h1><span style=\"color: #000000;\"><strong>Ask Dr. Ruth<\/strong><\/span><\/h1>\n<h5><span style=\"color: #000000;\"><strong>Director:<\/strong> Ryan White<\/span><br \/><span style=\"color: #000000;\"><strong>Pa\u00eds:<\/strong> EUA<\/span><br \/><span style=\"color: #000000;\"><strong>G\u00e8nere:<\/strong> Documental<\/span><br \/><span style=\"color: #000000;\"><strong>Durada:<\/strong> 100min<\/span><br \/><span style=\"color: #000000;\"><strong>Any:<\/strong> 2019<\/span><\/h5>\n<p>[\/et_pb_text][\/et_pb_column][et_pb_column type=&#8221;1_4&#8243; _builder_version=&#8221;4.24.0&#8243; _module_preset=&#8221;default&#8221; global_colors_info=&#8221;{}&#8221;][et_pb_image src=&#8221;https:\/\/www.docville.be\/sites\/default\/files\/filmbeelden\/The%20Journey%20-%20A%20Story%20of%20Love.jpg&#8221; url=&#8221;https:\/\/youtu.be\/ZVH5x-diXXQ&#8221; url_new_window=&#8221;on&#8221; _builder_version=&#8221;4.24.3&#8243; locked=&#8221;off&#8221; global_colors_info=&#8221;{}&#8221;][\/et_pb_image][et_pb_text _builder_version=&#8221;4.24.3&#8243; header_text_color=&#8221;#ffffff&#8221; header_2_text_color=&#8221;#ffffff&#8221; header_3_text_color=&#8221;#ffffff&#8221; header_4_text_color=&#8221;#ffffff&#8221; header_5_text_color=&#8221;#ffffff&#8221; header_6_text_color=&#8221;#ffffff&#8221; background_layout=&#8221;dark&#8221; locked=&#8221;off&#8221; global_colors_info=&#8221;{}&#8221;]<\/p>\n<h1><span style=\"color: #000000;\"><strong>The Journey<\/strong><\/span><\/h1>\n<h5><span style=\"color: #000000;\"><strong>Directora:<\/strong> Fanny Br\u00e4uning<\/span><br \/><span style=\"color: #000000;\"><strong>Pa\u00eds:<\/strong> Su\u00efssa<\/span><br \/><span style=\"color: #000000;\"><strong>G\u00e8nere:<\/strong> Documental<\/span><br \/><span style=\"color: #000000;\"><strong>Durada:<\/strong> 85min<\/span><br \/><span style=\"color: #000000;\"><strong>Any:<\/strong> 2018<\/span><\/h5>\n<p>[\/et_pb_text][\/et_pb_column][\/et_pb_row][et_pb_row column_structure=&#8221;1_4,1_4,1_4,1_4&#8243; _builder_version=&#8221;4.24.0&#8243; _module_preset=&#8221;default&#8221; global_colors_info=&#8221;{}&#8221;][et_pb_column type=&#8221;1_4&#8243; _builder_version=&#8221;4.24.0&#8243; _module_preset=&#8221;default&#8221; global_colors_info=&#8221;{}&#8221;][et_pb_image src=&#8221;https:\/\/i.vimeocdn.com\/video\/728211239-1780a5e48ba87f8d47949ba34c77b04d0ac1c917e17b0d41edb4a776dddd56f0-d_750x421.875?q=60&#8243; url=&#8221;https:\/\/vimeo.com\/291941628&#8243; url_new_window=&#8221;on&#8221; _builder_version=&#8221;4.24.3&#8243; locked=&#8221;off&#8221; global_colors_info=&#8221;{}&#8221;][\/et_pb_image][et_pb_text _builder_version=&#8221;4.24.3&#8243; header_text_color=&#8221;#ffffff&#8221; header_2_text_color=&#8221;#ffffff&#8221; header_3_text_color=&#8221;#ffffff&#8221; header_4_text_color=&#8221;#ffffff&#8221; header_5_text_color=&#8221;#ffffff&#8221; header_6_text_color=&#8221;#ffffff&#8221; background_layout=&#8221;dark&#8221; locked=&#8221;off&#8221; global_colors_info=&#8221;{}&#8221;]<\/p>\n<h1><span color=\"#ffffff\" style=\"color: #000000;\"><b>Qu\u00e8 tal Pascual<\/b><\/span><\/h1>\n<h5><span style=\"color: #000000;\"><strong>Directora:<\/strong> B\u00e0rbara Brailovski<\/span><br \/><span style=\"color: #000000;\"><strong>Pa\u00eds:<\/strong> Espanya<\/span><br \/><span style=\"color: #000000;\"><strong>G\u00e8nere:<\/strong> Documental<\/span><br \/><span style=\"color: #000000;\"><strong>Durada:<\/strong> 80min<\/span><br \/><span style=\"color: #000000;\"><strong>Any:<\/strong> 2018<\/span><\/h5>\n<p>[\/et_pb_text][\/et_pb_column][et_pb_column type=&#8221;1_4&#8243; _builder_version=&#8221;4.24.0&#8243; _module_preset=&#8221;default&#8221; global_colors_info=&#8221;{}&#8221;][et_pb_image src=&#8221;https:\/\/static.filmin.es\/images\/media\/29221\/1\/still_0_3_1920x1080.webp&#8221; url=&#8221;https:\/\/youtu.be\/k7KeJCa35AE&#8221; url_new_window=&#8221;on&#8221; _builder_version=&#8221;4.24.3&#8243; locked=&#8221;off&#8221; global_colors_info=&#8221;{}&#8221;][\/et_pb_image][et_pb_text _builder_version=&#8221;4.24.3&#8243; header_text_color=&#8221;#ffffff&#8221; header_2_text_color=&#8221;#ffffff&#8221; header_3_text_color=&#8221;#ffffff&#8221; header_4_text_color=&#8221;#ffffff&#8221; header_5_text_color=&#8221;#ffffff&#8221; header_6_text_color=&#8221;#ffffff&#8221; background_layout=&#8221;dark&#8221; locked=&#8221;off&#8221; global_colors_info=&#8221;{}&#8221;]<\/p>\n<h1><span style=\"color: #000000;\"><strong>Les Cin\u00e8philes<\/strong><\/span><\/h1>\n<h5><span style=\"color: #000000;\"><strong>Directora:<\/strong> Mar\u00eda \u00c1lvarez<\/span><br \/><span style=\"color: #000000;\"><strong>Pa\u00eds:<\/strong> Argentina<\/span><br \/><span style=\"color: #000000;\"><strong>G\u00e8nere:<\/strong> Documental<\/span><br \/><span style=\"color: #000000;\"><strong>Durada: 7<\/strong> 0min<\/span><br \/><span style=\"color: #000000;\"><strong>Any:<\/strong> 2017<\/span><\/h5>\n<p>[\/et_pb_text][\/et_pb_column][et_pb_column type=&#8221;1_4&#8243; _builder_version=&#8221;4.24.0&#8243; _module_preset=&#8221;default&#8221; global_colors_info=&#8221;{}&#8221;][\/et_pb_column][et_pb_column type=&#8221;1_4&#8243; _builder_version=&#8221;4.24.0&#8243; _module_preset=&#8221;default&#8221; global_colors_info=&#8221;{}&#8221;][\/et_pb_column][\/et_pb_row][et_pb_row module_id=&#8221;curtmetratges-2022&#8243; _builder_version=&#8221;4.24.0&#8243; _module_preset=&#8221;default&#8221; custom_margin_tablet=&#8221;&#8221; custom_margin_phone=&#8221;&#8221; custom_margin_last_edited=&#8221;on|desktop&#8221; global_colors_info=&#8221;{}&#8221; custom_margin__hover_enabled=&#8221;off|desktop&#8221;][et_pb_column type=&#8221;4_4&#8243; _builder_version=&#8221;4.24.0&#8243; _module_preset=&#8221;default&#8221; global_colors_info=&#8221;{}&#8221;][et_pb_heading title=&#8221;CURTMETRATGES&#8221; module_id=&#8221;#curtmetratges-2022&#8243; _builder_version=&#8221;4.24.0&#8243; _module_preset=&#8221;default&#8221; global_colors_info=&#8221;{}&#8221;][\/et_pb_heading][et_pb_divider _builder_version=&#8221;4.24.0&#8243; _module_preset=&#8221;default&#8221; width=&#8221;18%&#8221; locked=&#8221;off&#8221; global_colors_info=&#8221;{}&#8221;][\/et_pb_divider][\/et_pb_column][\/et_pb_row][et_pb_row column_structure=&#8221;1_4,1_4,1_4,1_4&#8243; _builder_version=&#8221;4.24.0&#8243; _module_preset=&#8221;default&#8221; global_colors_info=&#8221;{}&#8221;][et_pb_column type=&#8221;1_4&#8243; _builder_version=&#8221;4.24.0&#8243; _module_preset=&#8221;default&#8221; global_colors_info=&#8221;{}&#8221;][et_pb_image src=&#8221;https:\/\/static.filmin.es\/images\/media\/28126\/3\/still_1_3_1920x1080.webp&#8221; url=&#8221;https:\/\/vimeo.com\/278026093&#8243; url_new_window=&#8221;on&#8221; _builder_version=&#8221;4.24.3&#8243; locked=&#8221;off&#8221; global_colors_info=&#8221;{}&#8221;][\/et_pb_image][et_pb_text _builder_version=&#8221;4.24.3&#8243; header_text_color=&#8221;#ffffff&#8221; header_2_text_color=&#8221;#ffffff&#8221; header_3_text_color=&#8221;#ffffff&#8221; header_4_text_color=&#8221;#ffffff&#8221; header_5_text_color=&#8221;#ffffff&#8221; header_6_text_color=&#8221;#ffffff&#8221; background_layout=&#8221;dark&#8221; locked=&#8221;off&#8221; global_colors_info=&#8221;{}&#8221;]<\/p>\n<h1><span style=\"color: #000000;\"><strong>Litoral<\/strong><\/span><\/h1>\n<h5><span style=\"color: #000000;\"><strong>Director:<\/strong> Juanjo Rueda<\/span><br \/><span style=\"color: #000000;\"><strong>Pa\u00eds:<\/strong> Espanya<\/span><br \/><span style=\"color: #000000;\"><strong>G\u00e8nere:<\/strong> Documental<\/span><br \/><span style=\"color: #000000;\"><strong>Durada:<\/strong> 20min<\/span><br \/><span style=\"color: #000000;\"><strong>Any:<\/strong> 2019<\/span><\/h5>\n<p>[\/et_pb_text][\/et_pb_column][et_pb_column type=&#8221;1_4&#8243; _builder_version=&#8221;4.24.0&#8243; _module_preset=&#8221;default&#8221; global_colors_info=&#8221;{}&#8221;][et_pb_image src=&#8221;https:\/\/static.filmin.es\/images\/media\/29227\/2\/card_0_3_550x310.webp&#8221; url=&#8221;https:\/\/www.google.com\/url?sa=i&amp;url=https%3A%2F%2Fwww.youtube.com%2Fwatch%3Fv%3Due5oUauy4Sg&amp;psig=AOvVaw38GIY7hUUVF5XlW-8p8Tfm&amp;ust=1712515326415000&amp;source=images&amp;cd=vfe&amp;opi=89978449&amp;ved=0CBQQjhxqFwoTCLC8g7KfroUDFQAAAAAdAAAAABAS&#8221; url_new_window=&#8221;on&#8221; _builder_version=&#8221;4.24.3&#8243; locked=&#8221;off&#8221; global_colors_info=&#8221;{}&#8221;][\/et_pb_image][et_pb_text _builder_version=&#8221;4.24.3&#8243; header_text_color=&#8221;#ffffff&#8221; header_2_text_color=&#8221;#ffffff&#8221; header_3_text_color=&#8221;#ffffff&#8221; header_4_text_color=&#8221;#ffffff&#8221; header_5_text_color=&#8221;#ffffff&#8221; header_6_text_color=&#8221;#ffffff&#8221; background_layout=&#8221;dark&#8221; locked=&#8221;off&#8221; global_colors_info=&#8221;{}&#8221;]<\/p>\n<h1><strong><span style=\"color: #000000;\">Ca Nostra<\/span><\/strong><\/h1>\n<h5><span style=\"color: #000000;\"><strong>Directora:<\/strong> Laia Foguet<\/span><br \/><span style=\"color: #000000;\"><strong>Pa\u00eds:<\/strong> Espanya<\/span><br \/><span style=\"color: #000000;\"><strong>G\u00e8nere:<\/strong> Ficci\u00f3<\/span><br \/><span style=\"color: #000000;\"><strong>Durada:<\/strong> 18min<\/span><br \/><span style=\"color: #000000;\"><strong>Any:<\/strong> 2019<\/span><\/h5>\n<p>[\/et_pb_text][\/et_pb_column][et_pb_column type=&#8221;1_4&#8243; _builder_version=&#8221;4.24.0&#8243; _module_preset=&#8221;default&#8221; global_colors_info=&#8221;{}&#8221;][et_pb_image src=&#8221;https:\/\/i.vimeocdn.com\/video\/540886401-55b44758d4af4cf76306cf4aaa8158a00af25b35ab3a9b2594b08d2b00c03a50-d_750x421.875?q=60&#8243; url=&#8221;https:\/\/vimeo.com\/134911525&#8243; url_new_window=&#8221;on&#8221; _builder_version=&#8221;4.24.3&#8243; locked=&#8221;off&#8221; global_colors_info=&#8221;{}&#8221;][\/et_pb_image][et_pb_text _builder_version=&#8221;4.24.3&#8243; header_text_color=&#8221;#ffffff&#8221; header_2_text_color=&#8221;#ffffff&#8221; header_3_text_color=&#8221;#ffffff&#8221; header_4_text_color=&#8221;#ffffff&#8221; header_5_text_color=&#8221;#ffffff&#8221; header_6_text_color=&#8221;#ffffff&#8221; background_layout=&#8221;dark&#8221; locked=&#8221;off&#8221; global_colors_info=&#8221;{}&#8221;]<\/p>\n<h1><span color=\"#ffffff\" style=\"color: #000000;\"><b>A la dist\u00e0ncia<\/b><\/span><\/h1>\n<h5><span style=\"color: #000000;\"><strong>Director:<\/strong> V\u00edctor Audiffred Bazald\u00faa<\/span><br \/><span style=\"color: #000000;\"><strong>Pa\u00eds:<\/strong> M\u00e8xic<\/span><br \/><span style=\"color: #000000;\"><strong>G\u00e8nere:<\/strong> Ficci\u00f3<\/span><br \/><span style=\"color: #000000;\"><strong>Durada:<\/strong> 5min<\/span><br \/><span style=\"color: #000000;\"><strong>Any:<\/strong> 2019<\/span><\/h5>\n<p>[\/et_pb_text][\/et_pb_column][et_pb_column type=&#8221;1_4&#8243; _builder_version=&#8221;4.24.0&#8243; _module_preset=&#8221;default&#8221; global_colors_info=&#8221;{}&#8221;][et_pb_image src=&#8221;https:\/\/www.retinalatina.org\/wp-content\/uploads\/2022\/07\/gal-lavendedoradelirios-1.jpg&#8221; url=&#8221;https:\/\/www.google.com\/url?sa=i&amp;url=https%3A%2F%2Fwww.youtube.com%2Fwatch%3Fv%3DsQLLyTC1vLU&amp;psig=AOvVaw1TtBxT39445zkwtfDrC8H1&amp;ust=1712515842672000&amp;source=images&amp;cd=vfe&amp;opi=89978449&amp;ved=0CBQQjhxqFwoTCPi46JahroUDFQAAAAAdAAAAABAJ&#8221; url_new_window=&#8221;on&#8221; _builder_version=&#8221;4.24.3&#8243; locked=&#8221;off&#8221; global_colors_info=&#8221;{}&#8221;][\/et_pb_image][et_pb_text _builder_version=&#8221;4.24.3&#8243; header_text_color=&#8221;#ffffff&#8221; header_2_text_color=&#8221;#ffffff&#8221; header_3_text_color=&#8221;#ffffff&#8221; header_4_text_color=&#8221;#ffffff&#8221; header_5_text_color=&#8221;#ffffff&#8221; header_6_text_color=&#8221;#ffffff&#8221; background_layout=&#8221;dark&#8221; locked=&#8221;off&#8221; global_colors_info=&#8221;{}&#8221;]<\/p>\n<h2><span style=\"color: #000000;\"><strong>La venedora de Lliris<\/strong><\/span><\/h2>\n<h5><span style=\"color: #000000;\"><strong>Director:<\/strong> Igor Galuk<\/span><br \/><span style=\"color: #000000;\"><strong>Pa\u00eds:<\/strong> Argentina<\/span><br \/><span style=\"color: #000000;\"><strong>G\u00e8nere:<\/strong> Ficci\u00f3<\/span><br \/><span style=\"color: #000000;\"><strong>Durada:<\/strong> 19min<\/span><br \/><span style=\"color: #000000;\"><strong>Any:<\/strong> 2019<\/span><\/h5>\n<p>[\/et_pb_text][\/et_pb_column][\/et_pb_row][et_pb_row column_structure=&#8221;1_4,1_4,1_4,1_4&#8243; _builder_version=&#8221;4.24.0&#8243; _module_preset=&#8221;default&#8221; global_colors_info=&#8221;{}&#8221;][et_pb_column type=&#8221;1_4&#8243; _builder_version=&#8221;4.24.0&#8243; _module_preset=&#8221;default&#8221; global_colors_info=&#8221;{}&#8221;][et_pb_image src=&#8221;https:\/\/m.media-amazon.com\/images\/M\/MV5BNDMxN2RjYzMtNjBiMS00YWM1LWJlMDItM2E2MWU4N2E2MzNlXkEyXkFqcGdeQXVyNjY0OTc1NDk@._V1_.jpg&#8221; url=&#8221;https:\/\/www.filmin.es\/corto\/between-a-rock-and-a-hard-place?trailer=1&#8243; url_new_window=&#8221;on&#8221; _builder_version=&#8221;4.24.3&#8243; locked=&#8221;off&#8221; global_colors_info=&#8221;{}&#8221;][\/et_pb_image][et_pb_text _builder_version=&#8221;4.24.3&#8243; header_text_color=&#8221;#ffffff&#8221; header_2_text_color=&#8221;#ffffff&#8221; header_3_text_color=&#8221;#ffffff&#8221; header_4_text_color=&#8221;#ffffff&#8221; header_5_text_color=&#8221;#ffffff&#8221; header_6_text_color=&#8221;#ffffff&#8221; background_layout=&#8221;dark&#8221; locked=&#8221;off&#8221; global_colors_info=&#8221;{}&#8221;]<\/p>\n<h1><span style=\"color: #000000;\"><strong>Between a rock and hard place<\/strong><\/span><\/h1>\n<h5><span style=\"color: #000000;\"><strong>Director:<\/strong> Mads Koudal<\/span><br \/><span style=\"color: #000000;\"><strong>Pa\u00eds:<\/strong> Dinamarca<\/span><br \/><span style=\"color: #000000;\"><strong>G\u00e8nere:<\/strong> Ficci\u00f3<\/span><br \/><span style=\"color: #000000;\"><strong>Durada:<\/strong> 18min<\/span><br \/><span style=\"color: #000000;\"><strong>Any:<\/strong> 2019<\/span><\/h5>\n<p>[\/et_pb_text][\/et_pb_column][et_pb_column type=&#8221;1_4&#8243; _builder_version=&#8221;4.24.0&#8243; _module_preset=&#8221;default&#8221; global_colors_info=&#8221;{}&#8221;][et_pb_image src=&#8221;https:\/\/i.vimeocdn.com\/video\/775906823-45dec6c84c15c989baa529acfeb460bc1e45449258eb8710129971c682f2aacf-d?f=webp&#8221; url=&#8221;https:\/\/vimeo.com\/330735250&#8243; url_new_window=&#8221;on&#8221; _builder_version=&#8221;4.24.3&#8243; locked=&#8221;off&#8221; global_colors_info=&#8221;{}&#8221;][\/et_pb_image][et_pb_text _builder_version=&#8221;4.24.3&#8243; header_text_color=&#8221;#ffffff&#8221; header_2_text_color=&#8221;#ffffff&#8221; header_3_text_color=&#8221;#ffffff&#8221; header_4_text_color=&#8221;#ffffff&#8221; header_5_text_color=&#8221;#ffffff&#8221; header_6_text_color=&#8221;#ffffff&#8221; background_layout=&#8221;dark&#8221; locked=&#8221;off&#8221; global_colors_info=&#8221;{}&#8221;]<\/p>\n<h1><span style=\"color: #000000;\"><b>Moro per tornar<\/b><\/span><\/h1>\n<h5><span style=\"color: #000000;\"><strong>Director:<\/strong><\/span> <span style=\"color: #000000;\">Javier Marco<\/span><br \/><span style=\"color: #000000;\"><strong>Pa\u00eds:<\/strong> Espanya<\/span><br \/><span style=\"color: #000000;\"><strong>G\u00e8nere:<\/strong> Ficci\u00f3<\/span><br \/><span style=\"color: #000000;\"><strong>Durada:<\/strong> 15min<\/span><br \/><span style=\"color: #000000;\"><strong>Any:<\/strong> 2019<\/span><\/h5>\n<p>[\/et_pb_text][\/et_pb_column][et_pb_column type=&#8221;1_4&#8243; _builder_version=&#8221;4.24.0&#8243; _module_preset=&#8221;default&#8221; global_colors_info=&#8221;{}&#8221;][et_pb_image src=&#8221;https:\/\/static.filmin.es\/images\/media\/26905\/3\/still_0_3_1920x1080.webp&#8221; url=&#8221;https:\/\/vimeo.com\/353227370&#8243; url_new_window=&#8221;on&#8221; _builder_version=&#8221;4.24.3&#8243; background_color=&#8221;#EDF000&#8243; locked=&#8221;off&#8221; global_colors_info=&#8221;{}&#8221;][\/et_pb_image][et_pb_text _builder_version=&#8221;4.24.3&#8243; header_text_color=&#8221;#ffffff&#8221; header_2_text_color=&#8221;#ffffff&#8221; header_3_text_color=&#8221;#ffffff&#8221; header_4_text_color=&#8221;#ffffff&#8221; header_5_text_color=&#8221;#ffffff&#8221; header_6_text_color=&#8221;#ffffff&#8221; background_layout=&#8221;dark&#8221; locked=&#8221;off&#8221; global_colors_info=&#8221;{}&#8221;]<\/p>\n<h1><span style=\"color: #000000;\"><b>Manolo Montesco i Carmela Capuleto<\/b><\/span><\/h1>\n<h5><span style=\"color: #000000;\"><strong>Directora:<\/strong> Mar\u00eda J\u00e1imez<\/span><br \/><span style=\"color: #000000;\"><strong>Pa\u00eds:<\/strong> Espanya<\/span><br \/><span style=\"color: #000000;\"><strong>G\u00e8nere:<\/strong> Documental<\/span><br \/><span style=\"color: #000000;\"><strong>Durada:<\/strong> 29min<\/span><br \/><span style=\"color: #000000;\"><strong>Any:<\/strong> 2019<\/span><\/h5>\n<p>[\/et_pb_text][\/et_pb_column][et_pb_column type=&#8221;1_4&#8243; _builder_version=&#8221;4.24.0&#8243; _module_preset=&#8221;default&#8221; global_colors_info=&#8221;{}&#8221;][et_pb_image src=&#8221;https:\/\/lagranpantallafestival.com\/wp-content\/uploads\/2024\/04\/Un-amigo-para-Juan.jpeg&#8221; alt=&#8221;Un Amic Per a Joan&#8221; title_text=&#8221;Un amigo para Juan&#8221; url_new_window=&#8221;on&#8221; _builder_version=&#8221;4.25.0&#8243; hover_enabled=&#8221;0&#8243; locked=&#8221;off&#8221; global_colors_info=&#8221;{}&#8221; sticky_enabled=&#8221;0&#8243;][\/et_pb_image][et_pb_text _builder_version=&#8221;4.24.3&#8243; header_text_color=&#8221;#ffffff&#8221; header_2_text_color=&#8221;#ffffff&#8221; header_3_text_color=&#8221;#ffffff&#8221; header_4_text_color=&#8221;#ffffff&#8221; header_5_text_color=&#8221;#ffffff&#8221; header_6_text_color=&#8221;#ffffff&#8221; background_layout=&#8221;dark&#8221; locked=&#8221;off&#8221; global_colors_info=&#8221;{}&#8221;]<\/p>\n<h2><span style=\"color: #000000;\"><strong>Un amic per a Juan<\/strong><\/span><\/h2>\n<h5><span style=\"color: #000000;\"><strong>Director:<\/strong> Roger Bayerri<\/span><br \/><span style=\"color: #000000;\"><strong>Pa\u00eds:<\/strong> Espanya<\/span><br \/><span style=\"color: #000000;\"><strong>G\u00e8nere:<\/strong> Ficci\u00f3<\/span><br \/><span style=\"color: #000000;\"><strong>Durada:<\/strong> 12min<\/span><br \/><span style=\"color: #000000;\"><strong>Any:<\/strong> 2019<\/span><\/h5>\n<p>[\/et_pb_text][\/et_pb_column][\/et_pb_row][et_pb_row column_structure=&#8221;1_4,1_4,1_4,1_4&#8243; _builder_version=&#8221;4.24.0&#8243; _module_preset=&#8221;default&#8221; global_colors_info=&#8221;{}&#8221;][et_pb_column type=&#8221;1_4&#8243; _builder_version=&#8221;4.24.0&#8243; _module_preset=&#8221;default&#8221; global_colors_info=&#8221;{}&#8221;][et_pb_image src=&#8221;https:\/\/www.65ymas.com\/uploads\/s1\/33\/21\/4\/sravila.jpeg&#8221; url=&#8221;https:\/\/youtu.be\/zby2CfCOH2E&#8221; url_new_window=&#8221;on&#8221; _builder_version=&#8221;4.24.3&#8243; locked=&#8221;off&#8221; global_colors_info=&#8221;{}&#8221;][\/et_pb_image][et_pb_text _builder_version=&#8221;4.24.3&#8243; header_text_color=&#8221;#ffffff&#8221; header_2_text_color=&#8221;#ffffff&#8221; header_3_text_color=&#8221;#ffffff&#8221; header_4_text_color=&#8221;#ffffff&#8221; header_5_text_color=&#8221;#ffffff&#8221; header_6_text_color=&#8221;#ffffff&#8221; background_layout=&#8221;dark&#8221; locked=&#8221;off&#8221; global_colors_info=&#8221;{}&#8221;]<\/p>\n<h1><span style=\"color: #000000;\"><b>La solitud de la Sra. Vila<\/b><\/span><\/h1>\n<h5><span style=\"color: #000000;\"><strong>Directores:<\/strong> Cristina i Maria Jos\u00e9 Mart\u00edn Barcelona<\/span><br \/><span style=\"color: #000000;\"><strong>Pa\u00eds:<\/strong> Espanya<\/span><br \/><span style=\"color: #000000;\"><strong>G\u00e8nere:<\/strong> Ficci\u00f3<\/span><br \/><span style=\"color: #000000;\"><strong>Durada:<\/strong> 3min<\/span><br \/><span style=\"color: #000000;\"><strong>Any:<\/strong> 2018<\/span><\/h5>\n<p>[\/et_pb_text][\/et_pb_column][et_pb_column type=&#8221;1_4&#8243; _builder_version=&#8221;4.24.0&#8243; _module_preset=&#8221;default&#8221; global_colors_info=&#8221;{}&#8221;][et_pb_image src=&#8221;https:\/\/streeen.org\/wp-content\/uploads\/2022\/12\/tutto-il-tempo-che-vogliamo-01.jpg&#8221; title_text=&#8221;147-frame2_Mat\u00ed Passat&#8221; url_new_window=&#8221;on&#8221; _builder_version=&#8221;4.24.3&#8243; locked=&#8221;off&#8221; global_colors_info=&#8221;{}&#8221;][\/et_pb_image][et_pb_text _builder_version=&#8221;4.24.3&#8243; header_text_color=&#8221;#ffffff&#8221; header_2_text_color=&#8221;#ffffff&#8221; header_3_text_color=&#8221;#ffffff&#8221; header_4_text_color=&#8221;#ffffff&#8221; header_5_text_color=&#8221;#ffffff&#8221; header_6_text_color=&#8221;#ffffff&#8221; background_layout=&#8221;dark&#8221; locked=&#8221;off&#8221; global_colors_info=&#8221;{}&#8221;]<\/p>\n<h1><span style=\"color: #000000;\"><b>Tutto il tempo che vogliamo<\/b><\/span><\/h1>\n<div class=\"et_pb_module et_pb_text et_pb_text_3 et_pb_text_align_left et_pb_bg_layout_light\">\n<div class=\"et_pb_text_inner\">\n<h5><span style=\"color: #000000;\"><strong>Directors:<\/strong> Riccardo Menicatti i Bruno Ugioli<\/span><br \/><span style=\"color: #000000;\"><strong>Pa\u00eds:<\/strong> It\u00e0lia<\/span><br \/><span style=\"color: #000000;\"><strong>G\u00e8nere:<\/strong> Ficci\u00f3<\/span><br \/><span style=\"color: #000000;\"><strong>Durada:<\/strong> 5min<\/span><br \/><span style=\"color: #000000;\"><strong>Any:<\/strong> 2019<\/span><\/h5>\n<\/div>\n<\/div>\n<p>[\/et_pb_text][\/et_pb_column][et_pb_column type=&#8221;1_4&#8243; _builder_version=&#8221;4.24.0&#8243; _module_preset=&#8221;default&#8221; global_colors_info=&#8221;{}&#8221;][et_pb_image src=&#8221;https:\/\/lagranpantallafestival.com\/wp-content\/uploads\/2024\/04\/Lali-Land.jpeg&#8221; alt=&#8221;Foto_Laliland&#8221; title_text=&#8221;Lali Land&#8221; url_new_window=&#8221;on&#8221; _builder_version=&#8221;4.25.0&#8243; hover_enabled=&#8221;0&#8243; locked=&#8221;off&#8221; global_colors_info=&#8221;{}&#8221; sticky_enabled=&#8221;0&#8243;][\/et_pb_image][et_pb_text _builder_version=&#8221;4.24.3&#8243; header_text_color=&#8221;#ffffff&#8221; header_2_text_color=&#8221;#ffffff&#8221; header_3_text_color=&#8221;#ffffff&#8221; header_4_text_color=&#8221;#ffffff&#8221; header_5_text_color=&#8221;#ffffff&#8221; header_6_text_color=&#8221;#ffffff&#8221; background_layout=&#8221;dark&#8221; locked=&#8221;off&#8221; global_colors_info=&#8221;{}&#8221;]<\/p>\n<h1><span style=\"color: #000000;\"><b>Lali Land<\/b><\/span><\/h1>\n<h5><span style=\"color: #000000;\"><strong>Director:<\/strong> Jordi Castej\u00f3n<\/span><br \/><span style=\"color: #000000;\"><strong>Pa\u00eds:<\/strong> Espanya<\/span><br \/><span style=\"color: #000000;\"><strong>G\u00e8nere:<\/strong> Ficci\u00f3<\/span><br \/><span style=\"color: #000000;\"><strong>Durada:<\/strong> 6min<\/span><br \/><span style=\"color: #000000;\"><strong>Any:<\/strong> 2018<\/span><\/h5>\n<p>[\/et_pb_text][\/et_pb_column][et_pb_column type=&#8221;1_4&#8243; _builder_version=&#8221;4.24.0&#8243; _module_preset=&#8221;default&#8221; global_colors_info=&#8221;{}&#8221;][et_pb_image src=&#8221;https:\/\/encrypted-tbn0.gstatic.com\/images?q=tbn:ANd9GcQIFgJ-9j09ffPvwt4aA4NsgqlX0yhjaCOK5qvcqqE4iQ&#038;s&#8221; url=&#8221;https:\/\/vimeo.com\/357777702&#8243; url_new_window=&#8221;on&#8221; _builder_version=&#8221;4.24.3&#8243; locked=&#8221;off&#8221; global_colors_info=&#8221;{}&#8221;][\/et_pb_image][et_pb_text _builder_version=&#8221;4.24.3&#8243; header_text_color=&#8221;#ffffff&#8221; header_2_text_color=&#8221;#ffffff&#8221; header_3_text_color=&#8221;#ffffff&#8221; header_4_text_color=&#8221;#ffffff&#8221; header_5_text_color=&#8221;#ffffff&#8221; header_6_text_color=&#8221;#ffffff&#8221; background_layout=&#8221;dark&#8221; locked=&#8221;off&#8221; global_colors_info=&#8221;{}&#8221;]<\/p>\n<h1><strong><span style=\"color: #000000;\">Lumi\u00e8re d&#8217;\u00c9toiles<\/span><\/strong><\/h1>\n<h5><span style=\"color: #000000;\"><strong>Director:<\/strong> Matthieu Haag<\/span><br \/><span style=\"color: #000000;\"><strong>Pa\u00eds:<\/strong> Fran\u00e7a<\/span><br \/><span style=\"color: #000000;\"><strong>G\u00e8nere:<\/strong> Ficci\u00f3<\/span><br \/><span style=\"color: #000000;\"><strong>Durada:<\/strong> 8min<\/span><br \/><span style=\"color: #000000;\"><strong>Any:<\/strong> 2019<\/span><\/h5>\n<p>[\/et_pb_text][\/et_pb_column][\/et_pb_row][et_pb_row column_structure=&#8221;1_4,1_4,1_4,1_4&#8243; _builder_version=&#8221;4.24.0&#8243; _module_preset=&#8221;default&#8221; global_colors_info=&#8221;{}&#8221;][et_pb_column type=&#8221;1_4&#8243; _builder_version=&#8221;4.24.0&#8243; _module_preset=&#8221;default&#8221; global_colors_info=&#8221;{}&#8221;][et_pb_image src=&#8221;https:\/\/i.gazeteduvar.com.tr\/2\/1280\/720\/storage\/files\/images\/2021\/04\/14\/gg-mQDW_cover.jpg.webp&#8221; url=&#8221;https:\/\/youtu.be\/Ohx_yUpTaOU&#8221; url_new_window=&#8221;on&#8221; _builder_version=&#8221;4.24.3&#8243; max_width=&#8221;100%&#8221; locked=&#8221;off&#8221; global_colors_info=&#8221;{}&#8221;][\/et_pb_image][et_pb_text _builder_version=&#8221;4.24.3&#8243; header_text_color=&#8221;#ffffff&#8221; header_2_text_color=&#8221;#ffffff&#8221; header_3_text_color=&#8221;#ffffff&#8221; header_4_text_color=&#8221;#ffffff&#8221; header_5_text_color=&#8221;#ffffff&#8221; header_6_text_color=&#8221;#ffffff&#8221; background_layout=&#8221;dark&#8221; locked=&#8221;off&#8221; global_colors_info=&#8221;{}&#8221;]<\/p>\n<h1><span style=\"color: #000000;\"><b>Bar\u00ea Giran (La Gran C\u00e0rrega)<\/b><\/span><\/h1>\n<h5><span style=\"color: #000000;\"><strong>Director:<\/strong> Yilmaz \u00d6zdil<\/span><br \/><span style=\"color: #000000;\"><strong>Pa\u00eds:<\/strong> Turquia<\/span><br \/><span style=\"color: #000000;\"><strong>G\u00e8nere:<\/strong> Ficci\u00f3<\/span><br \/><span style=\"color: #000000;\"><strong>Durada:<\/strong> 17min<\/span><br \/><span style=\"color: #000000;\"><strong>Any:<\/strong> 2019<\/span><\/h5>\n<p>[\/et_pb_text][\/et_pb_column][et_pb_column type=&#8221;1_4&#8243; _builder_version=&#8221;4.24.0&#8243; _module_preset=&#8221;default&#8221; global_colors_info=&#8221;{}&#8221;][et_pb_image src=&#8221;https:\/\/i.vimeocdn.com\/video\/1642475484-ead50e21ecf920c27d67d17dc9e1e3b61c7f31fb1a4b9d0e44edc42aa19c2803-d?f=webp&#8221; title_text=&#8221;147-frame2_Mat\u00ed Passat&#8221; url=&#8221;https:\/\/vimeo.com\/485592298&#8243; url_new_window=&#8221;on&#8221; _builder_version=&#8221;4.24.3&#8243; locked=&#8221;off&#8221; global_colors_info=&#8221;{}&#8221;][\/et_pb_image][et_pb_text _builder_version=&#8221;4.24.3&#8243; header_text_color=&#8221;#ffffff&#8221; header_2_text_color=&#8221;#ffffff&#8221; header_3_text_color=&#8221;#ffffff&#8221; header_4_text_color=&#8221;#ffffff&#8221; header_5_text_color=&#8221;#ffffff&#8221; header_6_text_color=&#8221;#ffffff&#8221; background_layout=&#8221;dark&#8221; locked=&#8221;off&#8221; global_colors_info=&#8221;{}&#8221;]<\/p>\n<h1><span style=\"color: #000000;\"><b>Je veille sur toi<\/b><\/span><\/h1>\n<div class=\"et_pb_module et_pb_text et_pb_text_3 et_pb_text_align_left et_pb_bg_layout_light\">\n<div class=\"et_pb_text_inner\">\n<h5><span style=\"color: #000000;\"><strong>Director:<\/strong> Janek Tarkowski<\/span><br \/><span style=\"color: #000000;\"><strong>Pa\u00eds:<\/strong> Fran\u00e7a<\/span><br \/><span style=\"color: #000000;\"><strong>G\u00e8nere:<\/strong> Ficci\u00f3<\/span><br \/><span style=\"color: #000000;\"><strong>Durada:<\/strong> 16min<\/span><br \/><span style=\"color: #000000;\"><strong>Any:<\/strong> 2019<\/span><\/h5>\n<\/div>\n<\/div>\n<p>[\/et_pb_text][\/et_pb_column][et_pb_column type=&#8221;1_4&#8243; _builder_version=&#8221;4.24.0&#8243; _module_preset=&#8221;default&#8221; global_colors_info=&#8221;{}&#8221;][\/et_pb_column][et_pb_column type=&#8221;1_4&#8243; _builder_version=&#8221;4.24.0&#8243; _module_preset=&#8221;default&#8221; global_colors_info=&#8221;{}&#8221;][\/et_pb_column][\/et_pb_row][et_pb_row disabled_on=&#8221;on|on|on&#8221; _builder_version=&#8221;4.24.0&#8243; background_color=&#8221;#FFFFFF&#8221; disabled=&#8221;on&#8221; global_colors_info=&#8221;{}&#8221;][et_pb_column type=&#8221;4_4&#8243; _builder_version=&#8221;4.16&#8243; global_colors_info=&#8221;{}&#8221;][et_pb_text _builder_version=&#8221;4.24.0&#8243; header_2_font_size=&#8221;40px&#8221; global_colors_info=&#8221;{}&#8221;]<\/p>\n<h2 style=\"text-align: left;\">Altres activitats<\/h2>\n<p>[\/et_pb_text][\/et_pb_column][\/et_pb_row][et_pb_row column_structure=&#8221;1_3,1_3,1_3&#8243; disabled_on=&#8221;on|on|on&#8221; _builder_version=&#8221;4.24.0&#8243; _module_preset=&#8221;default&#8221; disabled=&#8221;on&#8221; global_colors_info=&#8221;{}&#8221;][et_pb_column type=&#8221;1_3&#8243; _builder_version=&#8221;4.24.0&#8243; _module_preset=&#8221;default&#8221; global_colors_info=&#8221;{}&#8221;][et_pb_button button_text=&#8221;Especial Filmoteca&#8221; _builder_version=&#8221;4.24.0&#8243; _module_preset=&#8221;default&#8221; custom_button=&#8221;on&#8221; button_text_size=&#8221;15px&#8221; button_text_color=&#8221;#515151&#8243; button_bg_color=&#8221;#EDF000&#8243; button_border_width=&#8221;1px&#8221; button_border_color=&#8221;#515151&#8243; button_border_radius=&#8221;0px&#8221; button_use_icon=&#8221;off&#8221; custom_padding=&#8221;||||false|false&#8221; hover_transition_duration=&#8221;0ms&#8221; hover_transition_speed_curve=&#8221;ease-in-out&#8221; box_shadow_style=&#8221;preset4&#8243; box_shadow_horizontal=&#8221;-6px&#8221; box_shadow_spread=&#8221;1px&#8221; box_shadow_color=&#8221;#000000&#8243; global_colors_info=&#8221;{}&#8221; button_text_size__hover=&#8221;15px&#8221; button_text_size__hover_enabled=&#8221;on|hover&#8221; button_bg_color__hover_enabled=&#8221;on|hover&#8221; box_shadow_horizontal__hover_enabled=&#8221;on|hover&#8221; box_shadow_vertical__hover=&#8221;5px&#8221; box_shadow_vertical__hover_enabled=&#8221;on|hover&#8221; button_border_width__hover_enabled=&#8221;on|hover&#8221; button_border_radius__hover=&#8221;0px&#8221; button_border_radius__hover_enabled=&#8221;on|hover&#8221; custom_margin__hover=&#8221;||||false|false&#8221; custom_margin__hover_enabled=&#8221;on|hover&#8221; custom_padding__hover=&#8221;||||false|false&#8221; custom_padding__hover_enabled=&#8221;on|hover&#8221; transform_styles__hover_enabled=&#8221;on|hover&#8221; transform_scale__hover_enabled=&#8221;on|hover&#8221; transform_translate__hover_enabled=&#8221;on|hover&#8221; transform_rotate__hover_enabled=&#8221;on|hover&#8221; transform_skew__hover_enabled=&#8221;on|hover&#8221; transform_origin__hover_enabled=&#8221;on|hover&#8221; button_letter_spacing__hover=&#8221;0px&#8221; button_letter_spacing__hover_enabled=&#8221;on|hover&#8221; button_bg_color__hover=&#8221;#EDF000&#8243; box_shadow_horizontal__hover=&#8221;-6px&#8221; button_border_width__hover=&#8221;1px&#8221;][\/et_pb_button][et_pb_button button_url=&#8221;https:\/\/lagranpantallafestival.com\/actividades-paralelas\/&#8221; button_text=&#8221;Activitats Paral\u00b7leles&#8221; _builder_version=&#8221;4.24.0&#8243; _module_preset=&#8221;default&#8221; custom_button=&#8221;on&#8221; button_text_size=&#8221;15px&#8221; button_text_color=&#8221;#515151&#8243; button_bg_color=&#8221;#EDF000&#8243; button_border_width=&#8221;1px&#8221; button_border_color=&#8221;#515151&#8243; button_border_radius=&#8221;0px&#8221; button_use_icon=&#8221;off&#8221; custom_padding=&#8221;||||false|false&#8221; hover_transition_duration=&#8221;0ms&#8221; hover_transition_speed_curve=&#8221;ease-in-out&#8221; box_shadow_style=&#8221;preset4&#8243; box_shadow_horizontal=&#8221;-6px&#8221; box_shadow_spread=&#8221;1px&#8221; box_shadow_color=&#8221;#000000&#8243; global_colors_info=&#8221;{}&#8221; button_text_size__hover=&#8221;15px&#8221; button_text_size__hover_enabled=&#8221;on|hover&#8221; button_bg_color__hover_enabled=&#8221;on|hover&#8221; box_shadow_horizontal__hover_enabled=&#8221;on|hover&#8221; box_shadow_vertical__hover=&#8221;5px&#8221; box_shadow_vertical__hover_enabled=&#8221;on|hover&#8221; button_border_width__hover_enabled=&#8221;on|hover&#8221; button_border_radius__hover=&#8221;0px&#8221; button_border_radius__hover_enabled=&#8221;on|hover&#8221; custom_margin__hover=&#8221;||||false|false&#8221; custom_margin__hover_enabled=&#8221;on|hover&#8221; custom_padding__hover=&#8221;||||false|false&#8221; custom_padding__hover_enabled=&#8221;on|hover&#8221; transform_styles__hover_enabled=&#8221;on|hover&#8221; transform_scale__hover_enabled=&#8221;on|hover&#8221; transform_translate__hover_enabled=&#8221;on|hover&#8221; transform_rotate__hover_enabled=&#8221;on|hover&#8221; transform_skew__hover_enabled=&#8221;on|hover&#8221; transform_origin__hover_enabled=&#8221;on|hover&#8221; button_letter_spacing__hover=&#8221;0px&#8221; button_letter_spacing__hover_enabled=&#8221;on|hover&#8221; button_bg_color__hover=&#8221;#EDF000&#8243; box_shadow_horizontal__hover=&#8221;-6px&#8221; button_border_width__hover=&#8221;1px&#8221;][\/et_pb_button][\/et_pb_column][et_pb_column type=&#8221;1_3&#8243; _builder_version=&#8221;4.24.0&#8243; _module_preset=&#8221;default&#8221; global_colors_info=&#8221;{}&#8221;][et_pb_button button_url=&#8221;https:\/\/lagranpantallafestival.com\/dialogos\/&#8221; button_text=&#8221;Di\u00e0legs&#8221; _builder_version=&#8221;4.24.0&#8243; _module_preset=&#8221;default&#8221; custom_button=&#8221;on&#8221; button_text_size=&#8221;15px&#8221; button_text_color=&#8221;#515151&#8243; button_bg_color=&#8221;#EDF000&#8243; button_border_width=&#8221;1px&#8221; button_border_color=&#8221;#515151&#8243; button_border_radius=&#8221;0px&#8221; button_use_icon=&#8221;off&#8221; custom_padding=&#8221;||||false|false&#8221; hover_transition_duration=&#8221;0ms&#8221; hover_transition_speed_curve=&#8221;ease-in-out&#8221; box_shadow_style=&#8221;preset4&#8243; box_shadow_horizontal=&#8221;-6px&#8221; box_shadow_spread=&#8221;1px&#8221; box_shadow_color=&#8221;#000000&#8243; global_colors_info=&#8221;{}&#8221; button_text_size__hover=&#8221;15px&#8221; button_text_size__hover_enabled=&#8221;on|hover&#8221; button_bg_color__hover_enabled=&#8221;on|hover&#8221; box_shadow_horizontal__hover_enabled=&#8221;on|hover&#8221; box_shadow_vertical__hover=&#8221;5px&#8221; box_shadow_vertical__hover_enabled=&#8221;on|hover&#8221; button_border_width__hover_enabled=&#8221;on|hover&#8221; button_border_radius__hover=&#8221;0px&#8221; button_border_radius__hover_enabled=&#8221;on|hover&#8221; custom_margin__hover=&#8221;||||false|false&#8221; custom_margin__hover_enabled=&#8221;on|hover&#8221; custom_padding__hover=&#8221;||||false|false&#8221; custom_padding__hover_enabled=&#8221;on|hover&#8221; transform_styles__hover_enabled=&#8221;on|hover&#8221; transform_scale__hover_enabled=&#8221;on|hover&#8221; transform_translate__hover_enabled=&#8221;on|hover&#8221; transform_rotate__hover_enabled=&#8221;on|hover&#8221; transform_skew__hover_enabled=&#8221;on|hover&#8221; transform_origin__hover_enabled=&#8221;on|hover&#8221; button_letter_spacing__hover=&#8221;0px&#8221; button_letter_spacing__hover_enabled=&#8221;on|hover&#8221; button_bg_color__hover=&#8221;#EDF000&#8243; box_shadow_horizontal__hover=&#8221;-6px&#8221; button_border_width__hover=&#8221;1px&#8221;][\/et_pb_button][et_pb_button button_url=&#8221;https:\/\/lagranpantallafestival.com\/muestra-miradas-a-traves-del-tiempo\/&#8221; button_text=&#8221;Mirades del temps&#8221; _builder_version=&#8221;4.24.0&#8243; _module_preset=&#8221;default&#8221; custom_button=&#8221;on&#8221; button_text_size=&#8221;15px&#8221; button_text_color=&#8221;#515151&#8243; button_bg_color=&#8221;#EDF000&#8243; button_border_width=&#8221;1px&#8221; button_border_color=&#8221;#515151&#8243; button_border_radius=&#8221;0px&#8221; button_use_icon=&#8221;off&#8221; custom_padding=&#8221;||||false|false&#8221; hover_transition_duration=&#8221;0ms&#8221; hover_transition_speed_curve=&#8221;ease-in-out&#8221; box_shadow_style=&#8221;preset4&#8243; box_shadow_horizontal=&#8221;-6px&#8221; box_shadow_spread=&#8221;1px&#8221; box_shadow_color=&#8221;#000000&#8243; global_colors_info=&#8221;{}&#8221; button_text_size__hover=&#8221;15px&#8221; button_text_size__hover_enabled=&#8221;on|hover&#8221; button_bg_color__hover_enabled=&#8221;on|hover&#8221; box_shadow_horizontal__hover_enabled=&#8221;on|hover&#8221; box_shadow_vertical__hover=&#8221;5px&#8221; box_shadow_vertical__hover_enabled=&#8221;on|hover&#8221; button_border_width__hover_enabled=&#8221;on|hover&#8221; button_border_radius__hover=&#8221;0px&#8221; button_border_radius__hover_enabled=&#8221;on|hover&#8221; custom_margin__hover=&#8221;||||false|false&#8221; custom_margin__hover_enabled=&#8221;on|hover&#8221; custom_padding__hover=&#8221;||||false|false&#8221; custom_padding__hover_enabled=&#8221;on|hover&#8221; transform_styles__hover_enabled=&#8221;on|hover&#8221; transform_scale__hover_enabled=&#8221;on|hover&#8221; transform_translate__hover_enabled=&#8221;on|hover&#8221; transform_rotate__hover_enabled=&#8221;on|hover&#8221; transform_skew__hover_enabled=&#8221;on|hover&#8221; transform_origin__hover_enabled=&#8221;on|hover&#8221; button_letter_spacing__hover=&#8221;0px&#8221; button_letter_spacing__hover_enabled=&#8221;on|hover&#8221; button_bg_color__hover=&#8221;#EDF000&#8243; box_shadow_horizontal__hover=&#8221;-6px&#8221; button_border_width__hover=&#8221;1px&#8221;][\/et_pb_button][\/et_pb_column][et_pb_column type=&#8221;1_3&#8243; _builder_version=&#8221;4.24.0&#8243; _module_preset=&#8221;default&#8221; global_colors_info=&#8221;{}&#8221;][et_pb_button button_url=&#8221;https:\/\/lagranpantallafestival.com\/jurado-2022\/&#8221; button_text=&#8221;Jurat&#8221; _builder_version=&#8221;4.24.0&#8243; _module_preset=&#8221;default&#8221; custom_button=&#8221;on&#8221; button_text_size=&#8221;15px&#8221; button_text_color=&#8221;#515151&#8243; button_bg_color=&#8221;#EDF000&#8243; button_border_width=&#8221;1px&#8221; button_border_color=&#8221;#515151&#8243; button_border_radius=&#8221;0px&#8221; button_use_icon=&#8221;off&#8221; custom_padding=&#8221;||||false|false&#8221; hover_transition_duration=&#8221;0ms&#8221; hover_transition_speed_curve=&#8221;ease-in-out&#8221; box_shadow_style=&#8221;preset4&#8243; box_shadow_horizontal=&#8221;-6px&#8221; box_shadow_spread=&#8221;1px&#8221; box_shadow_color=&#8221;#000000&#8243; global_colors_info=&#8221;{}&#8221; button_text_size__hover=&#8221;15px&#8221; button_text_size__hover_enabled=&#8221;on|hover&#8221; button_bg_color__hover_enabled=&#8221;on|hover&#8221; box_shadow_horizontal__hover_enabled=&#8221;on|hover&#8221; box_shadow_vertical__hover=&#8221;5px&#8221; box_shadow_vertical__hover_enabled=&#8221;on|hover&#8221; button_border_width__hover_enabled=&#8221;on|hover&#8221; button_border_radius__hover=&#8221;0px&#8221; button_border_radius__hover_enabled=&#8221;on|hover&#8221; custom_margin__hover=&#8221;||||false|false&#8221; custom_margin__hover_enabled=&#8221;on|hover&#8221; custom_padding__hover=&#8221;||||false|false&#8221; custom_padding__hover_enabled=&#8221;on|hover&#8221; transform_styles__hover_enabled=&#8221;on|hover&#8221; transform_scale__hover_enabled=&#8221;on|hover&#8221; transform_translate__hover_enabled=&#8221;on|hover&#8221; transform_rotate__hover_enabled=&#8221;on|hover&#8221; transform_skew__hover_enabled=&#8221;on|hover&#8221; transform_origin__hover_enabled=&#8221;on|hover&#8221; button_letter_spacing__hover=&#8221;0px&#8221; button_letter_spacing__hover_enabled=&#8221;on|hover&#8221; button_bg_color__hover=&#8221;#EDF000&#8243; box_shadow_horizontal__hover=&#8221;-6px&#8221; button_border_width__hover=&#8221;1px&#8221;][\/et_pb_button][et_pb_button button_url=&#8221;https:\/\/lagranpantallafestival.com\/premio-honorifico-a-la-trayectoria\/&#8221; button_text=&#8221;Premi Honor\u00edfic&#8221; _builder_version=&#8221;4.24.0&#8243; _module_preset=&#8221;default&#8221; custom_button=&#8221;on&#8221; button_text_size=&#8221;15px&#8221; button_text_color=&#8221;#515151&#8243; button_bg_color=&#8221;#EDF000&#8243; button_border_width=&#8221;1px&#8221; button_border_color=&#8221;#515151&#8243; button_border_radius=&#8221;0px&#8221; button_use_icon=&#8221;off&#8221; custom_padding=&#8221;||||false|false&#8221; hover_transition_duration=&#8221;0ms&#8221; hover_transition_speed_curve=&#8221;ease-in-out&#8221; box_shadow_style=&#8221;preset4&#8243; box_shadow_horizontal=&#8221;-6px&#8221; box_shadow_spread=&#8221;1px&#8221; box_shadow_color=&#8221;#000000&#8243; global_colors_info=&#8221;{}&#8221; button_text_size__hover=&#8221;15px&#8221; button_text_size__hover_enabled=&#8221;on|hover&#8221; button_bg_color__hover_enabled=&#8221;on|hover&#8221; box_shadow_horizontal__hover_enabled=&#8221;on|hover&#8221; box_shadow_vertical__hover=&#8221;5px&#8221; box_shadow_vertical__hover_enabled=&#8221;on|hover&#8221; button_border_width__hover_enabled=&#8221;on|hover&#8221; button_border_radius__hover=&#8221;0px&#8221; button_border_radius__hover_enabled=&#8221;on|hover&#8221; custom_margin__hover=&#8221;||||false|false&#8221; custom_margin__hover_enabled=&#8221;on|hover&#8221; custom_padding__hover=&#8221;||||false|false&#8221; custom_padding__hover_enabled=&#8221;on|hover&#8221; transform_styles__hover_enabled=&#8221;on|hover&#8221; transform_scale__hover_enabled=&#8221;on|hover&#8221; transform_translate__hover_enabled=&#8221;on|hover&#8221; transform_rotate__hover_enabled=&#8221;on|hover&#8221; transform_skew__hover_enabled=&#8221;on|hover&#8221; transform_origin__hover_enabled=&#8221;on|hover&#8221; button_letter_spacing__hover=&#8221;0px&#8221; button_letter_spacing__hover_enabled=&#8221;on|hover&#8221; button_bg_color__hover=&#8221;#EDF000&#8243; box_shadow_horizontal__hover=&#8221;-6px&#8221; button_border_width__hover=&#8221;1px&#8221;][\/et_pb_button][\/et_pb_column][\/et_pb_row][et_pb_row _builder_version=&#8221;4.24.0&#8243; background_color=&#8221;#FFFFFF&#8221; global_colors_info=&#8221;{}&#8221;][et_pb_column type=&#8221;4_4&#8243; _builder_version=&#8221;4.16&#8243; global_colors_info=&#8221;{}&#8221;][et_pb_text _builder_version=&#8221;4.24.0&#8243; header_2_font_size=&#8221;40px&#8221; global_colors_info=&#8221;{}&#8221;]<\/p>\n<h2 style=\"text-align: left;\">Equip de producci\u00f3<\/h2>\n<p>[\/et_pb_text][\/et_pb_column][\/et_pb_row][et_pb_row column_structure=&#8221;1_2,1_2&#8243; _builder_version=&#8221;4.16&#8243; custom_margin=&#8221;-22px|auto||auto||&#8221; global_colors_info=&#8221;{}&#8221;][et_pb_column type=&#8221;1_2&#8243; _builder_version=&#8221;4.16&#8243; global_colors_info=&#8221;{}&#8221;][et_pb_text _builder_version=&#8221;4.24.3&#8243; text_font=&#8221;Roboto Condensed||||||||&#8221; locked=&#8221;off&#8221; global_colors_info=&#8221;{}&#8221;]<\/p>\n<h6><span style=\"font-weight: 400;\"><strong>DIRECTOR FESTIVAL:<\/strong> Alfredo Cohen  <\/span><\/h6>\n<h6><span style=\"font-weight: 400;\"><strong>DIRECTORA<\/strong> ART\u00cdSTICA: Katherina Harder Sacre <\/span><\/h6>\n<h6><span style=\"font-weight: 400;\"><strong>CAP DE PRODUCCI\u00d3:<\/strong> Laura Blanch Bigas  <\/span><\/h6>\n<h6><span style=\"font-weight: 400;\"><strong>CAP DE PREMSA:<\/strong> Esther Pedr\u00f3s Martorell <\/span><\/h6>\n<h6><span style=\"font-weight: 400;\"><strong>RESPONSABLE DE COMUNICACI\u00d3 I XARXES SOCIALS:<\/strong> Mireia Pellicer G\u00f3mez  <\/span><\/h6>\n<p>[\/et_pb_text][\/et_pb_column][et_pb_column type=&#8221;1_2&#8243; _builder_version=&#8221;4.16&#8243; global_colors_info=&#8221;{}&#8221;][et_pb_text _builder_version=&#8221;4.24.3&#8243; text_font=&#8221;Roboto Condensed||||||||&#8221; global_colors_info=&#8221;{}&#8221;]<\/p>\n<h6><span style=\"font-weight: 400;\"><strong><\/strong><\/span><span style=\"font-weight: 400;\"><strong><\/strong><\/span><span style=\"font-weight: 400;\"><strong>ASSISTENT DE COMUNICACI\u00d3:<\/strong> Laia Badia Ferran  <\/span><\/h6>\n<h6><span style=\"font-weight: 400;\"><strong>ASSISTENT DE PRODUCCI\u00d3:<\/strong> Leticia Pipman<\/span><\/h6>\n<h6><span style=\"font-weight: 400;\"><strong>DISSENY GR\u00c0FIC I WEB:<\/strong> Carlos Cepeda Danies<\/span><\/h6>\n<h6><span style=\"font-weight: 400;\"><strong>MATERIAL AUDIOVISUAL:<\/strong> Zeltia Outeiri\u00f1o<\/span><\/h6>\n<h6><span style=\"font-weight: 400;\"><strong>PRESENTADORA\/MODERADORA:<\/strong> Laura Vila Kremer<\/span><\/h6>\n<p>[\/et_pb_text][\/et_pb_column][\/et_pb_row][\/et_pb_section]<\/p>\n","protected":false},"excerpt":{"rendered":"<p>La 2a edici\u00f3 de La GRAN pantalla, Festival Internacional de Cinema de la Gent Gran de Barcelona , \u200b\u200bser\u00e0 una edici\u00f3 especial que ens convidar\u00e0 a redescobrir i valorar el m\u00f3n de la gent gran a trav\u00e9s de projeccions i activitats que tindran lloc a format en l\u00ednia , del 7 al 17 de juliol [&hellip;]<\/p>\n","protected":false},"author":4,"featured_media":0,"parent":0,"menu_order":0,"comment_status":"closed","ping_status":"closed","template":"","meta":{"_et_pb_use_builder":"on","_et_pb_old_content":"","_et_gb_content_width":"","cybocfi_hide_featured_image":"","footnotes":""},"class_list":["post-242546","page","type-page","status-publish","hentry"],"yoast_head":"<!-- This site is optimized with the Yoast SEO plugin v26.7 - https:\/\/yoast.com\/wordpress\/plugins\/seo\/ -->\n<title>Resum 2020 &#183;<\/title>\n<meta name=\"robots\" content=\"index, follow, max-snippet:-1, max-image-preview:large, max-video-preview:-1\" \/>\n<link rel=\"canonical\" href=\"https:\/\/lagranpantallafestival.com\/ca\/resum-2021\/\" \/>\n<meta property=\"og:locale\" content=\"ca_ES\" \/>\n<meta property=\"og:type\" content=\"article\" \/>\n<meta property=\"og:title\" content=\"Resum 2020 &#183;\" \/>\n<meta property=\"og:description\" content=\"La 2a edici\u00f3 de La GRAN pantalla, Festival Internacional de Cinema de la Gent Gran de Barcelona , \u200b\u200bser\u00e0 una edici\u00f3 especial que ens convidar\u00e0 a redescobrir i valorar el m\u00f3n de la gent gran a trav\u00e9s de projeccions i activitats que tindran lloc a format en l\u00ednia , del 7 al 17 de juliol [&hellip;]\" \/>\n<meta property=\"og:url\" content=\"https:\/\/lagranpantallafestival.com\/ca\/resum-2021\/\" \/>\n<meta property=\"og:site_name\" content=\"Festival Internacional de Cinema de les Persones Grans de Barcelona: La Gran Pantalla\" \/>\n<meta property=\"article:publisher\" content=\"https:\/\/www.facebook.com\/lagranpantallabcn\/\" \/>\n<meta property=\"article:modified_time\" content=\"2024-12-20T11:34:28+00:00\" \/>\n<meta property=\"og:image\" content=\"https:\/\/lagranpantallafestival.com\/wp-content\/uploads\/2020\/05\/Sala-Gran-Pantalla-2019-1024x683.jpg\" \/>\n\t<meta property=\"og:image:width\" content=\"1024\" \/>\n\t<meta property=\"og:image:height\" content=\"683\" \/>\n\t<meta property=\"og:image:type\" content=\"image\/jpeg\" \/>\n<meta name=\"twitter:card\" content=\"summary_large_image\" \/>\n<meta name=\"twitter:site\" content=\"@granpantallabcn\" \/>\n<meta name=\"twitter:label1\" content=\"Temps estimat de lectura\" \/>\n\t<meta name=\"twitter:data1\" content=\"23 minuts\" \/>\n<script type=\"application\/ld+json\" class=\"yoast-schema-graph\">{\"@context\":\"https:\/\/schema.org\",\"@graph\":[{\"@type\":\"WebPage\",\"@id\":\"https:\/\/lagranpantallafestival.com\/ca\/resum-2021\/\",\"url\":\"https:\/\/lagranpantallafestival.com\/ca\/resum-2021\/\",\"name\":\"Resum 2020 &#183;\",\"isPartOf\":{\"@id\":\"https:\/\/lagranpantallafestival.com\/ca\/#website\"},\"datePublished\":\"2024-04-06T17:49:58+00:00\",\"dateModified\":\"2024-12-20T11:34:28+00:00\",\"breadcrumb\":{\"@id\":\"https:\/\/lagranpantallafestival.com\/ca\/resum-2021\/#breadcrumb\"},\"inLanguage\":\"ca\",\"potentialAction\":[{\"@type\":\"ReadAction\",\"target\":[\"https:\/\/lagranpantallafestival.com\/ca\/resum-2021\/\"]}]},{\"@type\":\"BreadcrumbList\",\"@id\":\"https:\/\/lagranpantallafestival.com\/ca\/resum-2021\/#breadcrumb\",\"itemListElement\":[{\"@type\":\"ListItem\",\"position\":1,\"name\":\"Portada\",\"item\":\"https:\/\/lagranpantallafestival.com\/ca\/\"},{\"@type\":\"ListItem\",\"position\":2,\"name\":\"Resum 2020\"}]},{\"@type\":\"WebSite\",\"@id\":\"https:\/\/lagranpantallafestival.com\/ca\/#website\",\"url\":\"https:\/\/lagranpantallafestival.com\/ca\/\",\"name\":\"Festival Internacional de Cinema de les Persones Grans de Barcelona: La Gran Pantalla\",\"description\":\"El Festival Internacional de Cine de las personas mayores La gran pantalla! es el primer espacio en Barcelona dedicado al encuentro cinematogr\u00e1fico intergeneracional. Proyectamos pel\u00edculas y cortometrajes que aborden nuevas miradas sobre el hecho de ser mayor. Nuestro objetivo es desmontar los estereotipos que existen en la sociedad y promover el envejecimiento activo, a trav\u00e9s de la reflexi\u00f3n y el debate que inspira el s\u00e9ptimo arte.\",\"publisher\":{\"@id\":\"https:\/\/lagranpantallafestival.com\/ca\/#organization\"},\"potentialAction\":[{\"@type\":\"SearchAction\",\"target\":{\"@type\":\"EntryPoint\",\"urlTemplate\":\"https:\/\/lagranpantallafestival.com\/ca\/?s={search_term_string}\"},\"query-input\":{\"@type\":\"PropertyValueSpecification\",\"valueRequired\":true,\"valueName\":\"search_term_string\"}}],\"inLanguage\":\"ca\"},{\"@type\":\"Organization\",\"@id\":\"https:\/\/lagranpantallafestival.com\/ca\/#organization\",\"name\":\"[wpseo_titles]company_nombre\",\"url\":\"https:\/\/lagranpantallafestival.com\/ca\/\",\"logo\":{\"@type\":\"ImageObject\",\"inLanguage\":\"ca\",\"@id\":\"https:\/\/lagranpantallafestival.com\/ca\/#\/schema\/logo\/image\/\",\"url\":\"https:\/\/i0.wp.com\/lagranpantallafestival.com\/wp-content\/uploads\/2020\/05\/Logo_web_LaGranPantalla.png?fit=901%2C301&ssl=1\",\"contentUrl\":\"https:\/\/i0.wp.com\/lagranpantallafestival.com\/wp-content\/uploads\/2020\/05\/Logo_web_LaGranPantalla.png?fit=901%2C301&ssl=1\",\"width\":901,\"height\":301,\"caption\":\"[wpseo_titles]company_nombre\"},\"image\":{\"@id\":\"https:\/\/lagranpantallafestival.com\/ca\/#\/schema\/logo\/image\/\"},\"sameAs\":[\"https:\/\/www.facebook.com\/lagranpantallabcn\/\",\"https:\/\/x.com\/granpantallabcn\",\"https:\/\/www.instagram.com\/lagranpantallabcn\/\",\"https:\/\/www.youtube.com\/user\/colectivoelparlante\"]}]}<\/script>\n<!-- \/ Yoast SEO plugin. -->","yoast_head_json":{"title":"Resum 2020 &#183;","robots":{"index":"index","follow":"follow","max-snippet":"max-snippet:-1","max-image-preview":"max-image-preview:large","max-video-preview":"max-video-preview:-1"},"canonical":"https:\/\/lagranpantallafestival.com\/ca\/resum-2021\/","og_locale":"ca_ES","og_type":"article","og_title":"Resum 2020 &#183;","og_description":"La 2a edici\u00f3 de La GRAN pantalla, Festival Internacional de Cinema de la Gent Gran de Barcelona , \u200b\u200bser\u00e0 una edici\u00f3 especial que ens convidar\u00e0 a redescobrir i valorar el m\u00f3n de la gent gran a trav\u00e9s de projeccions i activitats que tindran lloc a format en l\u00ednia , del 7 al 17 de juliol [&hellip;]","og_url":"https:\/\/lagranpantallafestival.com\/ca\/resum-2021\/","og_site_name":"Festival Internacional de Cinema de les Persones Grans de Barcelona: La Gran Pantalla","article_publisher":"https:\/\/www.facebook.com\/lagranpantallabcn\/","article_modified_time":"2024-12-20T11:34:28+00:00","og_image":[{"width":1024,"height":683,"url":"https:\/\/lagranpantallafestival.com\/wp-content\/uploads\/2020\/05\/Sala-Gran-Pantalla-2019-1024x683.jpg","type":"image\/jpeg"}],"twitter_card":"summary_large_image","twitter_site":"@granpantallabcn","twitter_misc":{"Temps estimat de lectura":"23 minuts"},"schema":{"@context":"https:\/\/schema.org","@graph":[{"@type":"WebPage","@id":"https:\/\/lagranpantallafestival.com\/ca\/resum-2021\/","url":"https:\/\/lagranpantallafestival.com\/ca\/resum-2021\/","name":"Resum 2020 &#183;","isPartOf":{"@id":"https:\/\/lagranpantallafestival.com\/ca\/#website"},"datePublished":"2024-04-06T17:49:58+00:00","dateModified":"2024-12-20T11:34:28+00:00","breadcrumb":{"@id":"https:\/\/lagranpantallafestival.com\/ca\/resum-2021\/#breadcrumb"},"inLanguage":"ca","potentialAction":[{"@type":"ReadAction","target":["https:\/\/lagranpantallafestival.com\/ca\/resum-2021\/"]}]},{"@type":"BreadcrumbList","@id":"https:\/\/lagranpantallafestival.com\/ca\/resum-2021\/#breadcrumb","itemListElement":[{"@type":"ListItem","position":1,"name":"Portada","item":"https:\/\/lagranpantallafestival.com\/ca\/"},{"@type":"ListItem","position":2,"name":"Resum 2020"}]},{"@type":"WebSite","@id":"https:\/\/lagranpantallafestival.com\/ca\/#website","url":"https:\/\/lagranpantallafestival.com\/ca\/","name":"Festival Internacional de Cinema de les Persones Grans de Barcelona: La Gran Pantalla","description":"El Festival Internacional de Cine de las personas mayores La gran pantalla! es el primer espacio en Barcelona dedicado al encuentro cinematogr\u00e1fico intergeneracional. Proyectamos pel\u00edculas y cortometrajes que aborden nuevas miradas sobre el hecho de ser mayor. Nuestro objetivo es desmontar los estereotipos que existen en la sociedad y promover el envejecimiento activo, a trav\u00e9s de la reflexi\u00f3n y el debate que inspira el s\u00e9ptimo arte.","publisher":{"@id":"https:\/\/lagranpantallafestival.com\/ca\/#organization"},"potentialAction":[{"@type":"SearchAction","target":{"@type":"EntryPoint","urlTemplate":"https:\/\/lagranpantallafestival.com\/ca\/?s={search_term_string}"},"query-input":{"@type":"PropertyValueSpecification","valueRequired":true,"valueName":"search_term_string"}}],"inLanguage":"ca"},{"@type":"Organization","@id":"https:\/\/lagranpantallafestival.com\/ca\/#organization","name":"[wpseo_titles]company_nombre","url":"https:\/\/lagranpantallafestival.com\/ca\/","logo":{"@type":"ImageObject","inLanguage":"ca","@id":"https:\/\/lagranpantallafestival.com\/ca\/#\/schema\/logo\/image\/","url":"https:\/\/i0.wp.com\/lagranpantallafestival.com\/wp-content\/uploads\/2020\/05\/Logo_web_LaGranPantalla.png?fit=901%2C301&ssl=1","contentUrl":"https:\/\/i0.wp.com\/lagranpantallafestival.com\/wp-content\/uploads\/2020\/05\/Logo_web_LaGranPantalla.png?fit=901%2C301&ssl=1","width":901,"height":301,"caption":"[wpseo_titles]company_nombre"},"image":{"@id":"https:\/\/lagranpantallafestival.com\/ca\/#\/schema\/logo\/image\/"},"sameAs":["https:\/\/www.facebook.com\/lagranpantallabcn\/","https:\/\/x.com\/granpantallabcn","https:\/\/www.instagram.com\/lagranpantallabcn\/","https:\/\/www.youtube.com\/user\/colectivoelparlante"]}]}},"_links":{"self":[{"href":"https:\/\/lagranpantallafestival.com\/ca\/wp-json\/wp\/v2\/pages\/242546","targetHints":{"allow":["GET"]}}],"collection":[{"href":"https:\/\/lagranpantallafestival.com\/ca\/wp-json\/wp\/v2\/pages"}],"about":[{"href":"https:\/\/lagranpantallafestival.com\/ca\/wp-json\/wp\/v2\/types\/page"}],"author":[{"embeddable":true,"href":"https:\/\/lagranpantallafestival.com\/ca\/wp-json\/wp\/v2\/users\/4"}],"replies":[{"embeddable":true,"href":"https:\/\/lagranpantallafestival.com\/ca\/wp-json\/wp\/v2\/comments?post=242546"}],"version-history":[{"count":10,"href":"https:\/\/lagranpantallafestival.com\/ca\/wp-json\/wp\/v2\/pages\/242546\/revisions"}],"predecessor-version":[{"id":245721,"href":"https:\/\/lagranpantallafestival.com\/ca\/wp-json\/wp\/v2\/pages\/242546\/revisions\/245721"}],"wp:attachment":[{"href":"https:\/\/lagranpantallafestival.com\/ca\/wp-json\/wp\/v2\/media?parent=242546"}],"curies":[{"name":"wp","href":"https:\/\/api.w.org\/{rel}","templated":true}]}}