{"id":242444,"date":"2024-01-31T20:31:26","date_gmt":"2024-01-31T20:31:26","guid":{"rendered":"https:\/\/lagranpantallafestival.com\/resum-2022\/"},"modified":"2024-12-20T11:34:25","modified_gmt":"2024-12-20T11:34:25","slug":"resum-2022","status":"publish","type":"page","link":"https:\/\/lagranpantallafestival.com\/ca\/resum-2022\/","title":{"rendered":"Resum 2022"},"content":{"rendered":"<p>[et_pb_section fb_built=&#8221;1&#8243; _builder_version=&#8221;4.16&#8243; global_colors_info=&#8221;{}&#8221;][et_pb_row column_structure=&#8221;1_2,1_2&#8243; _builder_version=&#8221;4.16&#8243; global_colors_info=&#8221;{}&#8221;][et_pb_column type=&#8221;1_2&#8243; admin_label=&#8221;Columna&#8221; _builder_version=&#8221;4.16&#8243; global_colors_info=&#8221;{}&#8221;][et_pb_post_title meta=&#8221;off&#8221; featured_image=&#8221;off&#8221; admin_label=&#8221;Post Title&#8221; _builder_version=&#8221;4.24.0&#8243; title_font=&#8221;|700|||||||&#8221; title_text_align=&#8221;left&#8221; title_text_color=&#8221;#000000&#8243; title_font_size=&#8221;45px&#8221; title_font_tablet=&#8221;|700|||||||&#8221; title_font_phone=&#8221;|700|||||||&#8221; title_font_last_edited=&#8221;on|desktop&#8221; text_orientation_tablet=&#8221;&#8221; text_orientation_phone=&#8221;&#8221; text_orientation_last_edited=&#8221;on|desktop&#8221; global_colors_info=&#8221;{}&#8221;][\/et_pb_post_title][\/et_pb_column][et_pb_column type=&#8221;1_2&#8243; _builder_version=&#8221;4.16&#8243; global_colors_info=&#8221;{}&#8221;][\/et_pb_column][\/et_pb_row][et_pb_row column_structure=&#8221;2_5,3_5&#8243; _builder_version=&#8221;4.24.0&#8243; custom_padding=&#8221;0px|||||&#8221; global_colors_info=&#8221;{}&#8221;][et_pb_column type=&#8221;2_5&#8243; _builder_version=&#8221;4.16&#8243; global_colors_info=&#8221;{}&#8221;][et_pb_image src=&#8221;https:\/\/lagranpantallafestival.com\/wp-content\/uploads\/2022\/05\/Cartell-La-Gran-Pantalla-Art-FINAL-scaled.jpg&#8221; show_in_lightbox=&#8221;on&#8221; _builder_version=&#8221;4.24.0&#8243; global_colors_info=&#8221;{}&#8221;][\/et_pb_image][\/et_pb_column][et_pb_column type=&#8221;3_5&#8243; _builder_version=&#8221;4.16&#8243; global_colors_info=&#8221;{}&#8221;][et_pb_text _builder_version=&#8221;4.24.0&#8243; _module_preset=&#8221;default&#8221; global_colors_info=&#8221;{}&#8221;]<\/p>\n<h5><span><strong>La GRAN pantalla 2022 \u00e9s la quarta edici\u00f3 del Festival Internacional de Cinema de la Gent Gran<\/strong> , un espai de trobada intergeneracional per potenciar el cinema com a eina de di\u00e0leg, reflexi\u00f3 i transformaci\u00f3 social al voltant dels imaginaris que la societat perpetua sobre la gent gran.  <\/span><\/h5>\n<h5><span>En particular, aquesta edici\u00f3 vol celebrar el retroc\u00e9s al cinema amb els aforaments complets despr\u00e9s de dos anys de pand\u00e8mia i alhora ser un escenari per conversar sobre les tem\u00e0tiques que afecten la gent gran, relatant-ne la pluralitat i combatent els estereotips m\u00e9s cl\u00e0ssics .<\/span><\/h5>\n<h5><span>La GRAN pantalla<i> <\/i>\u00e9s un espai per ressaltar la bellesa de la vellesa. Per posar en valor all\u00f2 que ens uneix i ens diferencia les persones que es troben en diferents moments vitals. La Gran pantalla es consolida com el principal Festival de Cinema per posar en valor i reflexionar sobre les persones grans que serem si tenim sort.<\/span><\/h5>\n<h5>Aquest any, el Festival comptar\u00e0 amb sis dies de projeccions als<span> <\/span><em><strong>Cinemes Girona (Barcelona)<\/strong><\/em> , una projecci\u00f3 a la<span> <\/span><em><strong>Filmoteca de Catalunya<\/strong><\/em> , una mostra del Festival a<span> <\/span><strong><em>Mollet del Vall\u00e8s<\/em><\/strong><span> <\/span>i una altra a<span> <\/span><strong><em>Sabadell<\/em><\/strong><span> <\/span>i, una plataforma pr\u00f2pia<span> <\/span><em><strong>a la nostra web<\/strong><\/em><span> <\/span>per veure els curtmetratges guanyadors de les edicions anteriors.<\/h5>\n<h5><strong>Del 28 de juny al 3 de juliol als Cinemes Girona.<\/strong><\/h5>\n<p>[\/et_pb_text][\/et_pb_column][\/et_pb_row][et_pb_row module_id=&#8221;llargmetratges-2022&#8243; _builder_version=&#8221;4.24.0&#8243; _module_preset=&#8221;default&#8221; custom_margin_tablet=&#8221;&#8221; custom_margin_phone=&#8221;&#8221; custom_margin_last_edited=&#8221;on|desktop&#8221; global_colors_info=&#8221;{}&#8221; custom_margin__hover_enabled=&#8221;off|desktop&#8221;][et_pb_column type=&#8221;4_4&#8243; _builder_version=&#8221;4.24.0&#8243; _module_preset=&#8221;default&#8221; global_colors_info=&#8221;{}&#8221;][et_pb_heading title=&#8221;LLARGMETRATGES&#8221; _builder_version=&#8221;4.24.0&#8243; _module_preset=&#8221;default&#8221; global_colors_info=&#8221;{}&#8221;][\/et_pb_heading][et_pb_divider _builder_version=&#8221;4.24.0&#8243; _module_preset=&#8221;default&#8221; width=&#8221;18%&#8221; locked=&#8221;off&#8221; global_colors_info=&#8221;{}&#8221;][\/et_pb_divider][\/et_pb_column][\/et_pb_row][et_pb_row column_structure=&#8221;1_4,1_4,1_4,1_4&#8243; _builder_version=&#8221;4.24.0&#8243; _module_preset=&#8221;default&#8221; global_colors_info=&#8221;{}&#8221;][et_pb_column type=&#8221;1_4&#8243; _builder_version=&#8221;4.24.0&#8243; _module_preset=&#8221;default&#8221; global_colors_info=&#8221;{}&#8221;][et_pb_image src=&#8221;https:\/\/i.vimeocdn.com\/video\/1472454648-2fc5352be459c86087736a629362e6906ba72ea3d3b2954dbe29113dcfc4c4be-d_750x421.875?q=60&#8243; url=&#8221;https:\/\/vimeo.com\/731625132&#8243; url_new_window=&#8221;on&#8221; _builder_version=&#8221;4.24.3&#8243; locked=&#8221;off&#8221; global_colors_info=&#8221;{}&#8221;][\/et_pb_image][et_pb_text _builder_version=&#8221;4.24.0&#8243; header_text_color=&#8221;#ffffff&#8221; header_2_text_color=&#8221;#ffffff&#8221; header_3_text_color=&#8221;#ffffff&#8221; header_4_text_color=&#8221;#ffffff&#8221; header_5_text_color=&#8221;#ffffff&#8221; header_6_text_color=&#8221;#ffffff&#8221; background_layout=&#8221;dark&#8221; locked=&#8221;off&#8221; global_colors_info=&#8221;{}&#8221;]<\/p>\n<h1><span style=\"color: #000000;\"><strong>Alcarr\u00e0s<\/strong><\/span><\/h1>\n<h5><span style=\"color: #000000;\"><strong>Adre\u00e7a:<\/strong> Carla Sim\u00f3n<\/span><br \/><span style=\"color: #000000;\"><strong>Pa\u00eds:<\/strong> Espanya<\/span><br \/><span style=\"color: #000000;\"><strong>G\u00e8nere:<\/strong> Ficci\u00f3<\/span><br \/><span style=\"color: #000000;\"><strong>Durada:<\/strong> 120 min<\/span><br \/><span style=\"color: #000000;\"><strong>Any<\/strong> : 2022<\/span><br \/><span style=\"color: #000000;\"><strong>Idioma<\/strong> : Catal\u00e0 (VOC)<\/span><\/h5>\n<p>[\/et_pb_text][\/et_pb_column][et_pb_column type=&#8221;1_4&#8243; _builder_version=&#8221;4.24.0&#8243; _module_preset=&#8221;default&#8221; global_colors_info=&#8221;{}&#8221;][et_pb_image src=&#8221;https:\/\/media1.ledevoir.com\/images_galerie\/nwd_1179987_941652\/image.jpg&#8221; url=&#8221;https:\/\/youtu.be\/PGmw2yXgXDs&#8221; url_new_window=&#8221;on&#8221; _builder_version=&#8221;4.24.3&#8243; locked=&#8221;off&#8221; global_colors_info=&#8221;{}&#8221;][\/et_pb_image][et_pb_text _builder_version=&#8221;4.24.0&#8243; header_text_color=&#8221;#ffffff&#8221; header_2_text_color=&#8221;#ffffff&#8221; header_3_text_color=&#8221;#ffffff&#8221; header_4_text_color=&#8221;#ffffff&#8221; header_5_text_color=&#8221;#ffffff&#8221; header_6_text_color=&#8221;#ffffff&#8221; background_layout=&#8221;dark&#8221; locked=&#8221;off&#8221; global_colors_info=&#8221;{}&#8221;]<\/p>\n<h1><span style=\"color: #000000;\"><b>Tout s&#8217;est ben pass\u00e9<\/b><\/span><\/h1>\n<h5><span style=\"color: #000000;\"><strong>Adre\u00e7a:<\/strong> Fran\u00e7ois Ozon<\/span><br \/><span style=\"color: #000000;\"><strong>Pa\u00eds:<\/strong> Fran\u00e7a<\/span><br \/><span style=\"color: #000000;\"><strong>G\u00e8nere:<\/strong> Ficci\u00f3<\/span><br \/><span style=\"color: #000000;\"><strong>Durada:<\/strong> 112 min<\/span><br \/><span style=\"color: #000000;\"><strong>Any<\/strong> : 2021<\/span><br \/><span style=\"color: #000000;\"><strong>Idioma<\/strong> : Franc\u00e8s subtitulada al catal\u00e0 (VOSC)<\/span><\/h5>\n<p>[\/et_pb_text][\/et_pb_column][et_pb_column type=&#8221;1_4&#8243; _builder_version=&#8221;4.24.0&#8243; _module_preset=&#8221;default&#8221; global_colors_info=&#8221;{}&#8221;][et_pb_image src=&#8221;https:\/\/m.media-amazon.com\/images\/S\/pv-target-images\/e6dfdfdd1fbeb17b1fc4aacf8f0ce83843080aff6a7e4d34216e39e17d0aecd1.png&#8221; url=&#8221;https:\/\/youtu.be\/nWdtwtE3DPI?si=ln00ee6D3q6B0BlQ&#8221; url_new_window=&#8221;on&#8221; _builder_version=&#8221;4.24.3&#8243; locked=&#8221;off&#8221; global_colors_info=&#8221;{}&#8221;][\/et_pb_image][et_pb_text _builder_version=&#8221;4.24.0&#8243; header_text_color=&#8221;#ffffff&#8221; header_2_text_color=&#8221;#ffffff&#8221; header_3_text_color=&#8221;#ffffff&#8221; header_4_text_color=&#8221;#ffffff&#8221; header_5_text_color=&#8221;#ffffff&#8221; header_6_text_color=&#8221;#ffffff&#8221; background_layout=&#8221;dark&#8221; locked=&#8221;off&#8221; global_colors_info=&#8221;{}&#8221;]<\/p>\n<h1><span color=\"#ffffff\" style=\"color: #000000;\"><b>Home, el pa\u00eds de la il\u00b7lusi\u00f3<\/b><\/span><\/h1>\n<h5><span style=\"color: #000000;\"><strong>Direcci\u00f3<\/strong> : Josephine Lilly Landertinger<\/span><br \/><span style=\"color: #000000;\"><strong>Pa\u00eds<\/strong> : Col\u00f2mbia<\/span><br \/><span style=\"color: #000000;\"><strong>G\u00e8nere<\/strong> : Documental<\/span><br \/><span style=\"color: #000000;\"><strong>Durada<\/strong> : 85 min<\/span><br \/><span style=\"color: #000000;\"><strong>Any<\/strong> : 2016<\/span><br \/><span style=\"color: #000000;\"><strong>Idioma<\/strong> : Espanyol (VOE)<\/span><\/h5>\n<p>[\/et_pb_text][\/et_pb_column][et_pb_column type=&#8221;1_4&#8243; _builder_version=&#8221;4.24.0&#8243; _module_preset=&#8221;default&#8221; global_colors_info=&#8221;{}&#8221;][et_pb_image src=&#8221;https:\/\/static.filmin.es\/images\/media\/40400\/1\/still_1_3_1920x1080.webp&#8221; url=&#8221;https:\/\/youtu.be\/-or9Edr1FT0?si=tWxwAAun1D2RDLrA&#8221; url_new_window=&#8221;on&#8221; _builder_version=&#8221;4.24.3&#8243; locked=&#8221;off&#8221; global_colors_info=&#8221;{}&#8221;][\/et_pb_image][et_pb_text _builder_version=&#8221;4.24.0&#8243; header_text_color=&#8221;#ffffff&#8221; header_2_text_color=&#8221;#ffffff&#8221; header_3_text_color=&#8221;#ffffff&#8221; header_4_text_color=&#8221;#ffffff&#8221; header_5_text_color=&#8221;#ffffff&#8221; header_6_text_color=&#8221;#ffffff&#8221; background_layout=&#8221;dark&#8221; locked=&#8221;off&#8221; global_colors_info=&#8221;{}&#8221;]<\/p>\n<h1><span style=\"color: #000000;\"><strong>100 dies amb la Tata<\/strong><\/span><\/h1>\n<h5><span style=\"color: #000000;\"><strong>Adre\u00e7a:<\/strong> Miguel \u00c1ngel Mu\u00f1oz<\/span><br \/><span style=\"color: #000000;\"><strong>Pa\u00eds:<\/strong> Espanya<\/span><br \/><span style=\"color: #000000;\"><strong>G\u00e8nere:<\/strong> Documental<\/span><br \/><span style=\"color: #000000;\"><strong>Durada:<\/strong> 82 min<\/span><br \/><span style=\"color: #000000;\"><strong>Any<\/strong> : 2021<\/span><br \/><span style=\"color: #000000;\"><strong>Idioma<\/strong> : Espanyol (VOE)<\/span><\/h5>\n<p>[\/et_pb_text][\/et_pb_column][\/et_pb_row][et_pb_row column_structure=&#8221;1_4,1_4,1_4,1_4&#8243; _builder_version=&#8221;4.24.0&#8243; _module_preset=&#8221;default&#8221; global_colors_info=&#8221;{}&#8221;][et_pb_column type=&#8221;1_4&#8243; _builder_version=&#8221;4.24.0&#8243; _module_preset=&#8221;default&#8221; global_colors_info=&#8221;{}&#8221;][et_pb_image src=&#8221;https:\/\/static.filmin.es\/images\/media\/37303\/2\/card_0_3.webp&#8221; url=&#8221;https:\/\/www.youtube.com\/watch?v=heN0JtJu4pE&#8221; url_new_window=&#8221;on&#8221; _builder_version=&#8221;4.24.3&#8243; hover_enabled=&#8221;0&#8243; locked=&#8221;off&#8221; global_colors_info=&#8221;{}&#8221; sticky_enabled=&#8221;0&#8243;][\/et_pb_image][et_pb_text _builder_version=&#8221;4.24.0&#8243; header_text_color=&#8221;#ffffff&#8221; header_2_text_color=&#8221;#ffffff&#8221; header_3_text_color=&#8221;#ffffff&#8221; header_4_text_color=&#8221;#ffffff&#8221; header_5_text_color=&#8221;#ffffff&#8221; header_6_text_color=&#8221;#ffffff&#8221; background_layout=&#8221;dark&#8221; locked=&#8221;off&#8221; global_colors_info=&#8221;{}&#8221;]<\/p>\n<h1><span color=\"#ffffff\" style=\"color: #000000;\"><b>Swan Song<\/b><\/span><\/h1>\n<h5><span style=\"color: #000000;\"><strong>Adre\u00e7a:<\/strong> Todd Stephens<\/span><br \/><span style=\"color: #000000;\"><strong>Pa\u00eds:<\/strong> EUA<\/span><br \/><span style=\"color: #000000;\"><strong>G\u00e8nere:<\/strong> Ficci\u00f3<\/span><br \/><span style=\"color: #000000;\"><strong>Durada:<\/strong> 105 min<\/span><br \/><span style=\"color: #000000;\"><strong>Any<\/strong> : 2021<\/span><br \/><span style=\"color: #000000;\"><strong>Idioma<\/strong> : Angl\u00e8s subtitulada al catal\u00e0 (VOSC)<\/span><\/h5>\n<p>[\/et_pb_text][\/et_pb_column][et_pb_column type=&#8221;1_4&#8243; _builder_version=&#8221;4.24.0&#8243; _module_preset=&#8221;default&#8221; global_colors_info=&#8221;{}&#8221;][et_pb_image src=&#8221;https:\/\/i.ytimg.com\/vi\/HOvi2b0cuXY\/maxresdefault.jpg&#8221; url=&#8221;https:\/\/www.youtube.com\/watch?v=6dn6__VU62Q&#8221; url_new_window=&#8221;on&#8221; _builder_version=&#8221;4.24.3&#8243; hover_enabled=&#8221;0&#8243; locked=&#8221;off&#8221; global_colors_info=&#8221;{}&#8221; sticky_enabled=&#8221;0&#8243;][\/et_pb_image][et_pb_text _builder_version=&#8221;4.24.0&#8243; header_text_color=&#8221;#ffffff&#8221; header_2_text_color=&#8221;#ffffff&#8221; header_3_text_color=&#8221;#ffffff&#8221; header_4_text_color=&#8221;#ffffff&#8221; header_5_text_color=&#8221;#ffffff&#8221; header_6_text_color=&#8221;#ffffff&#8221; background_layout=&#8221;dark&#8221; locked=&#8221;off&#8221; global_colors_info=&#8221;{}&#8221;]<\/p>\n<h1><span style=\"color: #000000;\"><strong>Maixabel<\/strong><\/span><\/h1>\n<h5><span style=\"color: #000000;\"><strong>Adre\u00e7a<\/strong> : Ic\u00edar Bolla\u00edn<\/span><br \/><span style=\"color: #000000;\"><strong>Pa\u00eds<\/strong> : Espanya<\/span><br \/><span style=\"color: #000000;\"><strong>G\u00e8nere<\/strong> : Ficci\u00f3<\/span><br \/><span style=\"color: #000000;\"><strong>Durada<\/strong> : 115 min<\/span><br \/><span style=\"color: #000000;\"><strong>Any<\/strong> : 2021<\/span><br \/><span style=\"color: #000000;\"><strong>Idioma<\/strong> : Espanyol (VOE)<\/span><\/h5>\n<p>[\/et_pb_text][\/et_pb_column][et_pb_column type=&#8221;1_4&#8243; _builder_version=&#8221;4.24.0&#8243; _module_preset=&#8221;default&#8221; global_colors_info=&#8221;{}&#8221;][et_pb_image src=&#8221;https:\/\/ngiss.t-online.de\/iss?client=ngtv&#038;ar=ignore&#038;x=780&#038;y=438&#038;src=http:\/\/ngiss.t-online.de\/cm1s\/media\/gracenote\/1\/3\/p13259824_i_h10_ab_2017-11-13T13_41_00.jpg&#038;out=jpeg&#8221; url=&#8221;https:\/\/youtu.be\/wT54v2mc-fQ?si=0QMkmzHqS6NhPKz7&#8243; url_new_window=&#8221;on&#8221; _builder_version=&#8221;4.24.3&#8243; locked=&#8221;off&#8221; global_colors_info=&#8221;{}&#8221;][\/et_pb_image][et_pb_text _builder_version=&#8221;4.24.0&#8243; header_text_color=&#8221;#ffffff&#8221; header_2_text_color=&#8221;#ffffff&#8221; header_3_text_color=&#8221;#ffffff&#8221; header_4_text_color=&#8221;#ffffff&#8221; header_5_text_color=&#8221;#ffffff&#8221; header_6_text_color=&#8221;#ffffff&#8221; background_layout=&#8221;dark&#8221; locked=&#8221;off&#8221; global_colors_info=&#8221;{}&#8221;]<\/p>\n<h1><span color=\"#ffffff\" style=\"color: #000000;\"><b>Jo, Daniel Blake<\/b><\/span><\/h1>\n<h5><span style=\"color: #000000;\"><strong>Adre\u00e7a:<\/strong> Ken Loach<\/span><br \/><span style=\"color: #000000;\"><strong>Pa\u00eds:<\/strong> Regne Unit<\/span><br \/><span style=\"color: #000000;\"><strong>G\u00e8nere:<\/strong> Ficci\u00f3<\/span><br \/><span style=\"color: #000000;\"><strong>Durada:<\/strong> 110 min<\/span><br \/><span style=\"color: #000000;\"><strong>Any<\/strong> : 2016<\/span><br \/><span style=\"color: #000000;\"><strong>Idioma<\/strong> : Castell\u00e0 (VE)<\/span><\/h5>\n<p>[\/et_pb_text][\/et_pb_column][et_pb_column type=&#8221;1_4&#8243; _builder_version=&#8221;4.24.0&#8243; _module_preset=&#8221;default&#8221; global_colors_info=&#8221;{}&#8221;][et_pb_image src=&#8221;https:\/\/i.ytimg.com\/vi\/KQDlvKuh3MY\/maxresdefault.jpg&#8221; url=&#8221;https:\/\/youtu.be\/KQDlvKuh3MY?si=kDeKF9l-IB4vV2Iz&#8221; url_new_window=&#8221;on&#8221; _builder_version=&#8221;4.24.3&#8243; locked=&#8221;off&#8221; global_colors_info=&#8221;{}&#8221;][\/et_pb_image][et_pb_text _builder_version=&#8221;4.24.0&#8243; header_text_color=&#8221;#ffffff&#8221; header_2_text_color=&#8221;#ffffff&#8221; header_3_text_color=&#8221;#ffffff&#8221; header_4_text_color=&#8221;#ffffff&#8221; header_5_text_color=&#8221;#ffffff&#8221; header_6_text_color=&#8221;#ffffff&#8221; background_layout=&#8221;dark&#8221; locked=&#8221;off&#8221; global_colors_info=&#8221;{}&#8221;]<\/p>\n<h1><span style=\"color: #000000;\"><strong>La vida era aix\u00f2<\/strong><\/span><\/h1>\n<h5><span style=\"color: #000000;\"><strong>Direcci\u00f3:<\/strong> David Mart\u00edn dels Santos<\/span><br \/><span style=\"color: #000000;\"><strong>Pa\u00eds:<\/strong> Espanya<\/span><br \/><span style=\"color: #000000;\"><strong>G\u00e8nere:<\/strong> Ficci\u00f3<\/span><br \/><span style=\"color: #000000;\"><strong>Durada:<\/strong> 109 min<\/span><br \/><span style=\"color: #000000;\"><strong>Any<\/strong> : 2020<\/span><br \/><span style=\"color: #000000;\"><strong>Idioma<\/strong> : Espanyol (VOE)<\/span><\/h5>\n<p>[\/et_pb_text][\/et_pb_column][\/et_pb_row][et_pb_row module_id=&#8221;curtmetratges-2022&#8243; _builder_version=&#8221;4.24.0&#8243; _module_preset=&#8221;default&#8221; custom_margin_tablet=&#8221;&#8221; custom_margin_phone=&#8221;&#8221; custom_margin_last_edited=&#8221;on|desktop&#8221; global_colors_info=&#8221;{}&#8221; custom_margin__hover_enabled=&#8221;off|desktop&#8221;][et_pb_column type=&#8221;4_4&#8243; _builder_version=&#8221;4.24.0&#8243; _module_preset=&#8221;default&#8221; global_colors_info=&#8221;{}&#8221;][et_pb_heading title=&#8221;CURTMETRATGES&#8221; module_id=&#8221;#curtmetratges-2022&#8243; _builder_version=&#8221;4.24.0&#8243; _module_preset=&#8221;default&#8221; global_colors_info=&#8221;{}&#8221;][\/et_pb_heading][et_pb_divider _builder_version=&#8221;4.24.0&#8243; _module_preset=&#8221;default&#8221; width=&#8221;18%&#8221; locked=&#8221;off&#8221; global_colors_info=&#8221;{}&#8221;][\/et_pb_divider][\/et_pb_column][\/et_pb_row][et_pb_row column_structure=&#8221;1_4,1_4,1_4,1_4&#8243; _builder_version=&#8221;4.24.0&#8243; _module_preset=&#8221;default&#8221; global_colors_info=&#8221;{}&#8221;][et_pb_column type=&#8221;1_4&#8243; _builder_version=&#8221;4.24.0&#8243; _module_preset=&#8221;default&#8221; global_colors_info=&#8221;{}&#8221;][et_pb_image src=&#8221;https:\/\/ddnvb5fufqb8o.cloudfront.net\/display\/59ed3423fb75e6968a7c3b33ccb18017367aadc9\/thumbnail\/640&#215;360\/presales\/0\/1\/5\/120510\/affiche-ehpad-break-2.gR2Ex1iks8XG.jpg&#8221; url=&#8221;https:\/\/youtu.be\/rFzUA79Up5k&#8221; url_new_window=&#8221;on&#8221; _builder_version=&#8221;4.24.3&#8243; locked=&#8221;off&#8221; global_colors_info=&#8221;{}&#8221;][\/et_pb_image][et_pb_text _builder_version=&#8221;4.24.3&#8243; header_text_color=&#8221;#ffffff&#8221; header_2_text_color=&#8221;#ffffff&#8221; header_3_text_color=&#8221;#ffffff&#8221; header_4_text_color=&#8221;#ffffff&#8221; header_5_text_color=&#8221;#ffffff&#8221; header_6_text_color=&#8221;#ffffff&#8221; background_layout=&#8221;dark&#8221; locked=&#8221;off&#8221; global_colors_info=&#8221;{}&#8221;]<\/p>\n<h2><span style=\"color: #000000;\"><strong>Ehpad-Break<\/strong><\/span><\/h2>\n<h5><span style=\"color: #000000;\"><strong>Adre\u00e7a:<\/strong> Gaspard Christin<\/span><br \/><span style=\"color: #000000;\"><strong>Pa\u00eds:<\/strong> Fran\u00e7a<\/span><br \/><span style=\"color: #000000;\"><strong>G\u00e8nere:<\/strong> Ficci\u00f3<\/span><br \/><span style=\"color: #000000;\"><strong>Durada:<\/strong> 17 min<\/span><br \/><span style=\"color: #000000;\"><strong>Any<\/strong> : 2021<\/span><br \/><span style=\"color: #000000;\"><strong>Idioma<\/strong> : Franc\u00e8s (VOSE)<\/span><\/h5>\n<p>[\/et_pb_text][\/et_pb_column][et_pb_column type=&#8221;1_4&#8243; _builder_version=&#8221;4.24.0&#8243; _module_preset=&#8221;default&#8221; global_colors_info=&#8221;{}&#8221;][et_pb_image src=&#8221;https:\/\/static.filmin.es\/images\/media\/37556\/1\/card_0_3.webp&#8221; url=&#8221;https:\/\/www.youtube.com\/watch?v=ohuNIttkr-g&#8221; url_new_window=&#8221;on&#8221; _builder_version=&#8221;4.24.3&#8243; locked=&#8221;off&#8221; global_colors_info=&#8221;{}&#8221;][\/et_pb_image][et_pb_text _builder_version=&#8221;4.24.0&#8243; header_text_color=&#8221;#ffffff&#8221; header_2_text_color=&#8221;#ffffff&#8221; header_3_text_color=&#8221;#ffffff&#8221; header_4_text_color=&#8221;#ffffff&#8221; header_5_text_color=&#8221;#ffffff&#8221; header_6_text_color=&#8221;#ffffff&#8221; background_layout=&#8221;dark&#8221; locked=&#8221;off&#8221; global_colors_info=&#8221;{}&#8221;]<\/p>\n<h1><span style=\"color: #000000;\"><strong>Facunda<\/strong><\/span><\/h1>\n<h5><span style=\"color: #000000;\"><strong>Adre\u00e7a:<\/strong> Marta Romero<\/span><br \/><span style=\"color: #000000;\"><strong>Pa\u00eds:<\/strong> Espanya<\/span><br \/><span style=\"color: #000000;\"><strong>G\u00e8nere:<\/strong> Documental<\/span><br \/><span style=\"color: #000000;\"><strong>Durada:<\/strong> 17 min<\/span><br \/><span style=\"color: #000000;\"><strong>Any<\/strong> : 2022<\/span><br \/><span style=\"color: #000000;\"><strong>Idioma<\/strong> : Espanyol (VOE)<\/span><\/h5>\n<p>[\/et_pb_text][\/et_pb_column][et_pb_column type=&#8221;1_4&#8243; _builder_version=&#8221;4.24.0&#8243; _module_preset=&#8221;default&#8221; global_colors_info=&#8221;{}&#8221;][et_pb_image src=&#8221;https:\/\/medias.unifrance.org\/medias\/200\/216\/252104\/format_hd\/inheritance.jpg&#8221; url=&#8221;https:\/\/vimeo.com\/595304502&#8243; url_new_window=&#8221;on&#8221; _builder_version=&#8221;4.24.3&#8243; locked=&#8221;off&#8221; global_colors_info=&#8221;{}&#8221;][\/et_pb_image][et_pb_text _builder_version=&#8221;4.24.0&#8243; header_text_color=&#8221;#ffffff&#8221; header_2_text_color=&#8221;#ffffff&#8221; header_3_text_color=&#8221;#ffffff&#8221; header_4_text_color=&#8221;#ffffff&#8221; header_5_text_color=&#8221;#ffffff&#8221; header_6_text_color=&#8221;#ffffff&#8221; background_layout=&#8221;dark&#8221; locked=&#8221;off&#8221; global_colors_info=&#8221;{}&#8221;]<\/p>\n<h1><span color=\"#ffffff\" style=\"color: #000000;\"><b>Inheritance<\/b><\/span><\/h1>\n<h5><span style=\"color: #000000;\"><strong>Adre\u00e7a:<\/strong> Matthieu Haag<\/span><br \/><span style=\"color: #000000;\"><strong>Pa\u00eds:<\/strong> Fran\u00e7a<\/span><br \/><span style=\"color: #000000;\"><strong>G\u00e8nere:<\/strong> Ficci\u00f3<\/span><br \/><span style=\"color: #000000;\"><strong>Durada:<\/strong> 18 min<\/span><br \/><span style=\"color: #000000;\"><strong>Any<\/strong> : 2022<\/span><br \/><span style=\"color: #000000;\"><strong>Idioma<\/strong> : \u00c0rab (VOSE)<\/span><\/h5>\n<p>[\/et_pb_text][\/et_pb_column][et_pb_column type=&#8221;1_4&#8243; _builder_version=&#8221;4.24.0&#8243; _module_preset=&#8221;default&#8221; global_colors_info=&#8221;{}&#8221;][et_pb_image src=&#8221;https:\/\/images.mubicdn.net\/images\/film\/371026\/cache-855316-1676243116\/image-w1280.jpg?size=800x&#8221; url=&#8221;https:\/\/vimeo.com\/500783607&#8243; url_new_window=&#8221;on&#8221; _builder_version=&#8221;4.24.3&#8243; locked=&#8221;off&#8221; global_colors_info=&#8221;{}&#8221;][\/et_pb_image][et_pb_text _builder_version=&#8221;4.24.0&#8243; header_text_color=&#8221;#ffffff&#8221; header_2_text_color=&#8221;#ffffff&#8221; header_3_text_color=&#8221;#ffffff&#8221; header_4_text_color=&#8221;#ffffff&#8221; header_5_text_color=&#8221;#ffffff&#8221; header_6_text_color=&#8221;#ffffff&#8221; background_layout=&#8221;dark&#8221; locked=&#8221;off&#8221; global_colors_info=&#8221;{}&#8221;]<\/p>\n<h2><span style=\"color: #000000;\"><strong>La primavera sempre torna<\/strong><\/span><\/h2>\n<h5><span style=\"color: #000000;\"><strong>Adre\u00e7a:<\/strong> Alicia N\u00fa\u00f1ez Puerto<\/span><br \/><span style=\"color: #000000;\"><strong>Pa\u00eds:<\/strong> Espanya<\/span><br \/><span style=\"color: #000000;\"><strong>G\u00e8nere:<\/strong> Animaci\u00f3<\/span><br \/><span style=\"color: #000000;\"><strong>Durada:<\/strong> 10 min<\/span><br \/><span style=\"color: #000000;\"><strong>Any<\/strong> : 2021<\/span><br \/><span style=\"color: #000000;\"><strong>Idioma<\/strong> : Espanyol (VOE)<\/span><\/h5>\n<p>[\/et_pb_text][\/et_pb_column][\/et_pb_row][et_pb_row column_structure=&#8221;1_4,1_4,1_4,1_4&#8243; _builder_version=&#8221;4.24.0&#8243; _module_preset=&#8221;default&#8221; global_colors_info=&#8221;{}&#8221;][et_pb_column type=&#8221;1_4&#8243; _builder_version=&#8221;4.24.0&#8243; _module_preset=&#8221;default&#8221; global_colors_info=&#8221;{}&#8221;][et_pb_image src=&#8221;https:\/\/m.media-amazon.com\/images\/M\/MV5BZDNhMDQ0NmYtNDJiMy00OTBlLTk1ZTYtNWYzNmZhNTRlN2VkXkEyXkFqcGdeQXVyNjc4OTE3MjY@._V1_.jpg&#8221; url=&#8221;https:\/\/www.youtube.com\/watch?v=AHX9N8o2OPE&#8221; url_new_window=&#8221;on&#8221; _builder_version=&#8221;4.24.3&#8243; locked=&#8221;off&#8221; global_colors_info=&#8221;{}&#8221;][\/et_pb_image][et_pb_text _builder_version=&#8221;4.24.0&#8243; header_text_color=&#8221;#ffffff&#8221; header_2_text_color=&#8221;#ffffff&#8221; header_3_text_color=&#8221;#ffffff&#8221; header_4_text_color=&#8221;#ffffff&#8221; header_5_text_color=&#8221;#ffffff&#8221; header_6_text_color=&#8221;#ffffff&#8221; background_layout=&#8221;dark&#8221; locked=&#8221;off&#8221; global_colors_info=&#8221;{}&#8221;]<\/p>\n<h2><span style=\"color: #000000;\"><strong>Mamapara<\/strong><\/span><\/h2>\n<div class=\"et_pb_module et_pb_text et_pb_text_2 et_pb_text_align_left et_pb_bg_layout_light\">\n<div class=\"et_pb_text_inner\">\n<h5><span style=\"color: #000000;\"><strong>Adre\u00e7a:<\/strong> Alberto Flores Vilca<\/span><br \/><span style=\"color: #000000;\"><strong>Pa\u00eds:<\/strong> Per\u00fa<\/span><br \/><span style=\"color: #000000;\"><strong>G\u00e8nere:<\/strong> Ficci\u00f3<\/span><br \/><span style=\"color: #000000;\"><strong>Durada:<\/strong> 18 min<\/span><br \/><span style=\"color: #000000;\"><strong>Any<\/strong> : 2020<\/span><br \/><span style=\"color: #000000;\"><strong>Idioma<\/strong> : Castell\u00e0\/Quichua<b> <\/b>(VOSE)<\/span><\/h5>\n<\/div>\n<\/div>\n<div class=\"et_pb_module et_pb_text et_pb_text_3 et_pb_text_align_left et_pb_bg_layout_light\">\n<div class=\"et_pb_text_inner\"><\/div>\n<\/div>\n<p>[\/et_pb_text][\/et_pb_column][et_pb_column type=&#8221;1_4&#8243; _builder_version=&#8221;4.24.0&#8243; _module_preset=&#8221;default&#8221; global_colors_info=&#8221;{}&#8221;][et_pb_image src=&#8221;https:\/\/kortfilmfestivalen.no\/wp-content\/uploads\/elementor\/thumbs\/Turning-Man-81RPM-q3nt897u23cqe5649azz8l4foylgj07m5dtew3kenk.jpg&#8221; url=&#8221;https:\/\/vimeo.com\/547456234&#8243; url_new_window=&#8221;on&#8221; _builder_version=&#8221;4.24.3&#8243; locked=&#8221;off&#8221; global_colors_info=&#8221;{}&#8221;][\/et_pb_image][et_pb_text _builder_version=&#8221;4.24.0&#8243; header_text_color=&#8221;#ffffff&#8221; header_2_text_color=&#8221;#ffffff&#8221; header_3_text_color=&#8221;#ffffff&#8221; header_4_text_color=&#8221;#ffffff&#8221; header_5_text_color=&#8221;#ffffff&#8221; header_6_text_color=&#8221;#ffffff&#8221; background_layout=&#8221;dark&#8221; locked=&#8221;off&#8221; global_colors_info=&#8221;{}&#8221;]<\/p>\n<h2><span style=\"color: #000000;\"><strong>Turning Man \u2013 81RPM<\/strong><\/span><\/h2>\n<h5><span style=\"color: #000000;\"><strong>Adre\u00e7a:<\/strong> Robin Trouillet<\/span><br \/><span style=\"color: #000000;\"><strong>Pa\u00eds:<\/strong> Alemanya<\/span><br \/><span style=\"color: #000000;\"><strong>G\u00e8nere:<\/strong> Documental<\/span><br \/><span style=\"color: #000000;\"><strong>Durada:<\/strong> 14 min<\/span><br \/><span style=\"color: #000000;\"><strong>Any<\/strong> : 2021<\/span><br \/><span style=\"color: #000000;\"><strong>Idioma<\/strong> : Alemany (VOSE)<\/span><\/h5>\n<p>[\/et_pb_text][\/et_pb_column][et_pb_column type=&#8221;1_4&#8243; _builder_version=&#8221;4.24.0&#8243; _module_preset=&#8221;default&#8221; global_colors_info=&#8221;{}&#8221;][et_pb_image src=&#8221;https:\/\/i.vimeocdn.com\/video\/1357723591-50c101ab8bde91ef6fe69f198d8ae54fbd07fe982537c521751a60d41fbb93f7-d?f=webp&#8221; url=&#8221;https:\/\/vimeo.com\/ondemand\/marko&#8221; _builder_version=&#8221;4.24.3&#8243; locked=&#8221;off&#8221; global_colors_info=&#8221;{}&#8221;][\/et_pb_image][et_pb_text _builder_version=&#8221;4.24.0&#8243; header_text_color=&#8221;#ffffff&#8221; header_2_text_color=&#8221;#ffffff&#8221; header_3_text_color=&#8221;#ffffff&#8221; header_4_text_color=&#8221;#ffffff&#8221; header_5_text_color=&#8221;#ffffff&#8221; header_6_text_color=&#8221;#ffffff&#8221; background_layout=&#8221;dark&#8221; locked=&#8221;off&#8221; global_colors_info=&#8221;{}&#8221;]<\/p>\n<h1><span color=\"#ffffff\" style=\"color: #000000;\"><b>Marko<\/b><\/span><\/h1>\n<h5><span style=\"color: #000000;\"><strong>Adre\u00e7a:<\/strong> Marko \u0160anti\u0107<\/span><br \/><span style=\"color: #000000;\"><strong>Pa\u00eds:<\/strong> Cro\u00e0cia<\/span><br \/><span style=\"color: #000000;\"><strong>G\u00e8nere:<\/strong> Ficci\u00f3<\/span><br \/><span style=\"color: #000000;\"><strong>Durada:<\/strong> 17 min<\/span><br \/><span style=\"color: #000000;\"><strong>Any<\/strong> : 2021<\/span><br \/><span style=\"color: #000000;\"><strong>Idioma<\/strong> : Croata (VOSE)<\/span><\/h5>\n<p>[\/et_pb_text][\/et_pb_column][et_pb_column type=&#8221;1_4&#8243; _builder_version=&#8221;4.24.0&#8243; _module_preset=&#8221;default&#8221; global_colors_info=&#8221;{}&#8221;][et_pb_image src=&#8221;https:\/\/static.filmin.es\/images\/media\/33920\/1\/card_0_3.png&#8221; url=&#8221;https:\/\/www.youtube.com\/watch?app=desktop&amp;v=pQqxvtv1nGU&#8221; url_new_window=&#8221;on&#8221; _builder_version=&#8221;4.24.3&#8243; locked=&#8221;off&#8221; global_colors_info=&#8221;{}&#8221;][\/et_pb_image][et_pb_text _builder_version=&#8221;4.24.0&#8243; header_text_color=&#8221;#ffffff&#8221; header_2_text_color=&#8221;#ffffff&#8221; header_3_text_color=&#8221;#ffffff&#8221; header_4_text_color=&#8221;#ffffff&#8221; header_5_text_color=&#8221;#ffffff&#8221; header_6_text_color=&#8221;#ffffff&#8221; background_layout=&#8221;dark&#8221; locked=&#8221;off&#8221; global_colors_info=&#8221;{}&#8221;]<\/p>\n<h2><span style=\"color: #000000;\"><strong>Dancing with Rosa<\/strong><\/span><\/h2>\n<h5><span style=\"color: #000000;\"><strong>Direcci\u00f3:<\/strong> Robert Mu\u00f1oz Rup\u00e9rez<\/span><br \/><span style=\"color: #000000;\"><strong>Pa\u00eds:<\/strong> Espanya<\/span><br \/><span style=\"color: #000000;\"><strong>G\u00e8nere:<\/strong> Documental<\/span><br \/><span style=\"color: #000000;\"><strong>Durada:<\/strong> 20 min<\/span><br \/><span style=\"color: #000000;\"><strong>Any<\/strong> : 2021<\/span><br \/><span style=\"color: #000000;\"><strong>Idioma<\/strong> : Espanyol (VOE)<\/span><\/h5>\n<p>[\/et_pb_text][\/et_pb_column][\/et_pb_row][et_pb_row column_structure=&#8221;1_4,1_4,1_4,1_4&#8243; _builder_version=&#8221;4.24.0&#8243; _module_preset=&#8221;default&#8221; global_colors_info=&#8221;{}&#8221;][et_pb_column type=&#8221;1_4&#8243; _builder_version=&#8221;4.24.0&#8243; _module_preset=&#8221;default&#8221; global_colors_info=&#8221;{}&#8221;][et_pb_image src=&#8221;https:\/\/lagranpantallafestival.com\/wp-content\/uploads\/2024\/04\/Tree-Haouse.png&#8221; title_text=&#8221;Tree Haouse&#8221; url=&#8221;https:\/\/www.youtube.com\/watch?v=nrwfo6PNJ9A&#8221; url_new_window=&#8221;on&#8221; _builder_version=&#8221;4.24.3&#8243; locked=&#8221;off&#8221; global_colors_info=&#8221;{}&#8221;][\/et_pb_image][et_pb_text _builder_version=&#8221;4.24.0&#8243; header_text_color=&#8221;#ffffff&#8221; header_2_text_color=&#8221;#ffffff&#8221; header_3_text_color=&#8221;#ffffff&#8221; header_4_text_color=&#8221;#ffffff&#8221; header_5_text_color=&#8221;#ffffff&#8221; header_6_text_color=&#8221;#ffffff&#8221; background_layout=&#8221;dark&#8221; locked=&#8221;off&#8221; global_colors_info=&#8221;{}&#8221;]<\/p>\n<h2><span style=\"color: #000000;\"><strong>Tree House<\/strong><\/span><\/h2>\n<div class=\"et_pb_module et_pb_text et_pb_text_2 et_pb_text_align_left et_pb_bg_layout_light\">\n<div class=\"et_pb_text_inner\">\n<h5><span style=\"color: #000000;\"><strong>Adre\u00e7a:<\/strong> Soo-Min Park<\/span><br \/><span style=\"color: #000000;\"><strong>Pa\u00eds:<\/strong> Corea del Sud<\/span><br \/><span style=\"color: #000000;\"><strong>G\u00e8nere:<\/strong> Ficci\u00f3<\/span><br \/><span style=\"color: #000000;\"><strong>Durada:<\/strong> 12 min<\/span><br \/><span style=\"color: #000000;\"><strong>Any<\/strong> : 2021<\/span><br \/><span style=\"color: #000000;\"><strong>Idioma<\/strong> : Core\u00e0 (VOSE)<\/span><\/h5>\n<\/div>\n<\/div>\n<div class=\"et_pb_module et_pb_text et_pb_text_3 et_pb_text_align_left et_pb_bg_layout_light\">\n<div class=\"et_pb_text_inner\"><\/div>\n<\/div>\n<p>[\/et_pb_text][\/et_pb_column][et_pb_column type=&#8221;1_4&#8243; _builder_version=&#8221;4.24.0&#8243; _module_preset=&#8221;default&#8221; global_colors_info=&#8221;{}&#8221;][et_pb_image src=&#8221;https:\/\/lagranpantallafestival.com\/wp-content\/uploads\/2024\/04\/Lali-Land-Forever.png&#8221; title_text=&#8221;Lali Land Forever&#8221; url=&#8221;https:\/\/www.youtube.com\/watch?v=TofJoL8lrn0&#8243; url_new_window=&#8221;on&#8221; _builder_version=&#8221;4.24.3&#8243; locked=&#8221;off&#8221; global_colors_info=&#8221;{}&#8221;][\/et_pb_image][et_pb_text _builder_version=&#8221;4.24.0&#8243; header_text_color=&#8221;#ffffff&#8221; header_2_text_color=&#8221;#ffffff&#8221; header_3_text_color=&#8221;#ffffff&#8221; header_4_text_color=&#8221;#ffffff&#8221; header_5_text_color=&#8221;#ffffff&#8221; header_6_text_color=&#8221;#ffffff&#8221; background_layout=&#8221;dark&#8221; locked=&#8221;off&#8221; global_colors_info=&#8221;{}&#8221;]<\/p>\n<h2><span style=\"color: #000000;\"><strong>Lali Land forever<\/strong><\/span><\/h2>\n<h5><span style=\"color: #000000;\"><strong>Adre\u00e7a:<\/strong> Jordi Cartej\u00f3n<\/span><br \/><span style=\"color: #000000;\"><strong>Pa\u00eds:<\/strong> Espanya<\/span><br \/><span style=\"color: #000000;\"><strong>G\u00e8nere:<\/strong> Ficci\u00f3<\/span><br \/><span style=\"color: #000000;\"><strong>Durada:<\/strong> 10 min<\/span><br \/><span style=\"color: #000000;\"><strong>Any<\/strong> : 2022<\/span><br \/><span style=\"color: #000000;\"><strong>Idioma<\/strong> : Espanyol (VOE)<\/span><\/h5>\n<p>[\/et_pb_text][\/et_pb_column][et_pb_column type=&#8221;1_4&#8243; _builder_version=&#8221;4.24.0&#8243; _module_preset=&#8221;default&#8221; global_colors_info=&#8221;{}&#8221;][\/et_pb_column][et_pb_column type=&#8221;1_4&#8243; _builder_version=&#8221;4.24.0&#8243; _module_preset=&#8221;default&#8221; global_colors_info=&#8221;{}&#8221;][\/et_pb_column][\/et_pb_row][et_pb_row module_id=&#8221;videosparticipativos-2022&#8243; _builder_version=&#8221;4.24.0&#8243; _module_preset=&#8221;default&#8221; custom_margin_tablet=&#8221;&#8221; custom_margin_phone=&#8221;&#8221; custom_margin_last_edited=&#8221;on|desktop&#8221; global_colors_info=&#8221;{}&#8221; custom_margin__hover_enabled=&#8221;off|desktop&#8221;][et_pb_column type=&#8221;4_4&#8243; _builder_version=&#8221;4.24.0&#8243; _module_preset=&#8221;default&#8221; global_colors_info=&#8221;{}&#8221;][et_pb_heading title=&#8221;V\u00cdDEOS PARTICIPATIUS&#8221; module_id=&#8221;#curtmetratges-2022&#8243; _builder_version=&#8221;4.24.0&#8243; _module_preset=&#8221;default&#8221; global_colors_info=&#8221;{}&#8221;][\/et_pb_heading][et_pb_divider _builder_version=&#8221;4.24.0&#8243; _module_preset=&#8221;default&#8221; width=&#8221;18%&#8221; locked=&#8221;off&#8221; global_colors_info=&#8221;{}&#8221;][\/et_pb_divider][\/et_pb_column][\/et_pb_row][et_pb_row column_structure=&#8221;1_4,1_4,1_4,1_4&#8243; _builder_version=&#8221;4.24.0&#8243; _module_preset=&#8221;default&#8221; global_colors_info=&#8221;{}&#8221;][et_pb_column type=&#8221;1_4&#8243; _builder_version=&#8221;4.24.0&#8243; _module_preset=&#8221;default&#8221; global_colors_info=&#8221;{}&#8221;][et_pb_image src=&#8221;https:\/\/lagranpantallafestival.com\/wp-content\/uploads\/2022\/05\/complicitat.jpg&#8221; _builder_version=&#8221;4.16&#8243; locked=&#8221;off&#8221; global_colors_info=&#8221;{}&#8221;][\/et_pb_image][et_pb_text _builder_version=&#8221;4.24.0&#8243; header_text_color=&#8221;#ffffff&#8221; header_2_text_color=&#8221;#ffffff&#8221; header_3_text_color=&#8221;#ffffff&#8221; header_4_text_color=&#8221;#ffffff&#8221; header_5_text_color=&#8221;#ffffff&#8221; header_6_text_color=&#8221;#ffffff&#8221; background_layout=&#8221;dark&#8221; locked=&#8221;off&#8221; global_colors_info=&#8221;{}&#8221;]<\/p>\n<h3><span style=\"color: #000000;\">&#8220;COMPLICITAT&#8221;<\/span><\/h3>\n<h5><\/h5>\n<h5 class=\"LC20lb MBeuO DKV0Md\"><span style=\"color: #000000;\"><em><strong>Espai de Persones Majors La Violeta \/ La Violeta \/ 13 minuts<\/strong><\/em><\/span><\/h5>\n<h5 style=\"text-align: left;\"><span style=\"color: #000000;\"><strong>Sinopsi:<\/strong><\/span><\/h5>\n<h5 style=\"text-align: left;\"><span style=\"color: #000000;\">Sembla que la gent gran no s&#8217;ent\u00e9n de res&#8230; Les protagonistes ens treuen diferents hist\u00f2ries per desmuntar aquest estereotip.<\/span><\/h5>\n<p>[\/et_pb_text][\/et_pb_column][et_pb_column type=&#8221;1_4&#8243; _builder_version=&#8221;4.24.0&#8243; _module_preset=&#8221;default&#8221; global_colors_info=&#8221;{}&#8221;][et_pb_image src=&#8221;https:\/\/lagranpantallafestival.com\/wp-content\/uploads\/2022\/05\/entre-nosotras.jpg&#8221; _builder_version=&#8221;4.16&#8243; locked=&#8221;off&#8221; global_colors_info=&#8221;{}&#8221;][\/et_pb_image][et_pb_text _builder_version=&#8221;4.24.0&#8243; header_text_color=&#8221;#ffffff&#8221; header_2_text_color=&#8221;#ffffff&#8221; header_3_text_color=&#8221;#ffffff&#8221; header_4_text_color=&#8221;#ffffff&#8221; header_5_text_color=&#8221;#ffffff&#8221; header_6_text_color=&#8221;#ffffff&#8221; background_layout=&#8221;dark&#8221; locked=&#8221;off&#8221; global_colors_info=&#8221;{}&#8221;]<\/p>\n<h3><span style=\"color: #000000;\">&#8220;ENTRE NOSALTRES&#8221;<\/span><\/h3>\n<h5><\/h5>\n<h5 class=\"LC20lb MBeuO DKV0Md\"><span style=\"color: #000000;\"><em><strong>Centre C\u00edvic El Coll &#8211; La Bruguera<a href=\"https:\/\/ajuntament.barcelona.cat\/ccivics\/elcoll\" data-ved=\"2ahUKEwjcl6Csvev3AhUL_KQKHRlCDPkQFnoECA0QAQ\" ping=\"\/url?sa=t&amp;source=web&amp;rct=j&amp;url=https:\/\/ajuntament.barcelona.cat\/ccivics\/elcoll&amp;ved=2ahUKEwjcl6Csvev3AhUL_KQKHRlCDPkQFnoECA0QAQ\" style=\"color: #000000;\"><\/a> \/ 14 minuts<\/strong><\/em><\/span><\/h5>\n<h5><span style=\"color: #000000;\"><strong>Sinopsi:<\/strong><\/span><\/h5>\n<h5><span style=\"color: #000000;\">En quedar-se v\u00eddua, l&#8217;Encarna vol deixar casa seva i anar a viure a un altre lloc. Decideix acompanyar una amiga a con\u00e8ixer una resid\u00e8ncia per a gent gran.  <\/span><\/h5>\n<p>[\/et_pb_text][\/et_pb_column][et_pb_column type=&#8221;1_4&#8243; _builder_version=&#8221;4.24.0&#8243; _module_preset=&#8221;default&#8221; global_colors_info=&#8221;{}&#8221;][et_pb_image src=&#8221;https:\/\/lagranpantallafestival.com\/wp-content\/uploads\/2022\/05\/making-of-entre-nosotras.jpg&#8221; _builder_version=&#8221;4.16&#8243; locked=&#8221;off&#8221; global_colors_info=&#8221;{}&#8221;][\/et_pb_image][et_pb_text _builder_version=&#8221;4.24.0&#8243; header_text_color=&#8221;#ffffff&#8221; header_2_text_color=&#8221;#ffffff&#8221; header_3_text_color=&#8221;#ffffff&#8221; header_4_text_color=&#8221;#ffffff&#8221; header_5_text_color=&#8221;#ffffff&#8221; header_6_text_color=&#8221;#ffffff&#8221; background_layout=&#8221;dark&#8221; locked=&#8221;off&#8221; global_colors_info=&#8221;{}&#8221;]<\/p>\n<h3><span style=\"color: #000000;\">Making of &#8220;ENTRE NOSALTRES&#8221;<\/span><\/h3>\n<h5><\/h5>\n<h5 class=\"LC20lb MBeuO DKV0Md\"><span style=\"color: #000000;\"><em><strong>Centre C\u00edvic El Coll &#8211; La Bruguera<a href=\"https:\/\/ajuntament.barcelona.cat\/ccivics\/elcoll\" data-ved=\"2ahUKEwjcl6Csvev3AhUL_KQKHRlCDPkQFnoECA0QAQ\" ping=\"\/url?sa=t&amp;source=web&amp;rct=j&amp;url=https:\/\/ajuntament.barcelona.cat\/ccivics\/elcoll&amp;ved=2ahUKEwjcl6Csvev3AhUL_KQKHRlCDPkQFnoECA0QAQ\" style=\"color: #000000;\"><\/a> \/ 13 minuts<\/strong><\/em><\/span><\/h5>\n<h6><span style=\"color: #000000;\"><em><strong><\/strong><\/em><\/span><\/h6>\n<h6><span style=\"color: #000000;\">Despr\u00e9s de la c\u00e0mera del v\u00eddeo participatiu <em>Entre Nosotras<\/em> .<\/span><\/h6>\n<p>[\/et_pb_text][\/et_pb_column][et_pb_column type=&#8221;1_4&#8243; _builder_version=&#8221;4.24.0&#8243; _module_preset=&#8221;default&#8221; global_colors_info=&#8221;{}&#8221;][et_pb_image src=&#8221;https:\/\/lagranpantallafestival.com\/wp-content\/uploads\/2022\/05\/El-metode-1.jpg&#8221; _builder_version=&#8221;4.16&#8243; locked=&#8221;off&#8221; global_colors_info=&#8221;{}&#8221;][\/et_pb_image][et_pb_text _builder_version=&#8221;4.24.0&#8243; header_text_color=&#8221;#ffffff&#8221; header_2_text_color=&#8221;#ffffff&#8221; header_3_text_color=&#8221;#ffffff&#8221; header_4_text_color=&#8221;#ffffff&#8221; header_5_text_color=&#8221;#ffffff&#8221; header_6_text_color=&#8221;#ffffff&#8221; background_layout=&#8221;dark&#8221; locked=&#8221;off&#8221; global_colors_info=&#8221;{}&#8221;]<\/p>\n<h3><span style=\"color: #000000;\">&#8220;EL M\u00c8TODE&#8221;<\/span><\/h3>\n<h5><\/h5>\n<h5><span style=\"color: #000000;\"><em><strong>Centre C\u00edvic Josep M. Trias Peitx \/ 20 minuts<\/strong><\/em><\/span><\/h5>\n<h5><span style=\"color: #000000;\"><strong>Sinopsi:<\/strong><\/span><\/h5>\n<h6><span style=\"color: #000000;\">\u00c9s el primer dia de feina de Dorotea. T\u00e9 una missi\u00f3, per\u00f2 per aconseguir-la haur\u00e0 de conv\u00e8ncer tots els ve\u00efns i ve\u00efnes del bloc, encara que \u00fanicament un no accepti, Dorotea perdr\u00e0 la feina.<\/span><\/h6>\n<p>[\/et_pb_text][\/et_pb_column][\/et_pb_row][et_pb_row column_structure=&#8221;1_4,1_4,1_4,1_4&#8243; _builder_version=&#8221;4.24.0&#8243; _module_preset=&#8221;default&#8221; global_colors_info=&#8221;{}&#8221;][et_pb_column type=&#8221;1_4&#8243; _builder_version=&#8221;4.24.0&#8243; _module_preset=&#8221;default&#8221; global_colors_info=&#8221;{}&#8221;][et_pb_image src=&#8221;https:\/\/lagranpantallafestival.com\/wp-content\/uploads\/2022\/05\/Filmo_Ellas-si-que-saben-2.png&#8221; _builder_version=&#8221;4.16&#8243; locked=&#8221;off&#8221; global_colors_info=&#8221;{}&#8221;][\/et_pb_image][et_pb_text _builder_version=&#8221;4.24.0&#8243; header_text_color=&#8221;#ffffff&#8221; header_2_text_color=&#8221;#ffffff&#8221; header_3_text_color=&#8221;#ffffff&#8221; header_4_text_color=&#8221;#ffffff&#8221; header_5_text_color=&#8221;#ffffff&#8221; header_6_text_color=&#8221;#ffffff&#8221; background_layout=&#8221;dark&#8221; locked=&#8221;off&#8221; global_colors_info=&#8221;{}&#8221;]<\/p>\n<h3><span style=\"color: #000000;\">&#8220;ELLES S\u00cd QUE SABEN&#8221;<\/span><\/h3>\n<h5><span style=\"color: #000000;\"><em><strong>Casal Can Novell \/ 12 minuts<\/strong><\/em><\/span><\/h5>\n<h5><span style=\"color: #000000;\"><strong>Sinopsi:<\/strong><\/span><\/h5>\n<h6><span style=\"color: #000000;\">Parlem sobre estereotips que hi ha al voltant de com han de ser les \u00e0vies. Sembla que totes han de cosir, romandre a casa esperant o tenir cura dels n\u00e9ts i n\u00e9tes. Retrata una manera diferent de veure les dones grans.<\/span><\/h6>\n<p>[\/et_pb_text][\/et_pb_column][et_pb_column type=&#8221;1_4&#8243; _builder_version=&#8221;4.24.0&#8243; _module_preset=&#8221;default&#8221; global_colors_info=&#8221;{}&#8221;][et_pb_image src=&#8221;https:\/\/lagranpantallafestival.com\/wp-content\/uploads\/2022\/05\/El-videoclip.jpg&#8221; _builder_version=&#8221;4.16&#8243; locked=&#8221;off&#8221; global_colors_info=&#8221;{}&#8221;][\/et_pb_image][et_pb_text _builder_version=&#8221;4.24.0&#8243; header_text_color=&#8221;#ffffff&#8221; header_2_text_color=&#8221;#ffffff&#8221; header_3_text_color=&#8221;#ffffff&#8221; header_4_text_color=&#8221;#ffffff&#8221; header_5_text_color=&#8221;#ffffff&#8221; header_6_text_color=&#8221;#ffffff&#8221; background_layout=&#8221;dark&#8221; locked=&#8221;off&#8221; global_colors_info=&#8221;{}&#8221;]<\/p>\n<h3><span style=\"color: #000000;\">&#8220;EL V\u00cdDEOCLIP&#8221;<\/span><\/h3>\n<h5><span style=\"color: #000000;\"><em><strong>Casal de Persones Majors d\u00b4Horta \/ 4 minuts<\/strong><\/em><\/span><\/h5>\n<h5><span style=\"color: #000000;\"><strong>Sinopsi:<\/strong><\/span><\/h5>\n<h6><span style=\"color: #000000;\">Una adaptaci\u00f3 de la can\u00e7\u00f3 &#8220;I Will Survive&#8221;. Una obra po\u00e8tica emotiva i alegre alhora, que \u00e9s l&#8217;ant\u00eddot absolut a qualsevol estereotip sobre l&#8217;edat.<\/span><\/h6>\n<p>[\/et_pb_text][\/et_pb_column][et_pb_column type=&#8221;1_4&#8243; _builder_version=&#8221;4.24.0&#8243; _module_preset=&#8221;default&#8221; global_colors_info=&#8221;{}&#8221;][et_pb_image src=&#8221;https:\/\/lagranpantallafestival.com\/wp-content\/uploads\/2022\/05\/making-of-el-videoclip.jpg&#8221; _builder_version=&#8221;4.16&#8243; locked=&#8221;off&#8221; global_colors_info=&#8221;{}&#8221;][\/et_pb_image][et_pb_text _builder_version=&#8221;4.24.0&#8243; header_text_color=&#8221;#ffffff&#8221; header_2_text_color=&#8221;#ffffff&#8221; header_3_text_color=&#8221;#ffffff&#8221; header_4_text_color=&#8221;#ffffff&#8221; header_5_text_color=&#8221;#ffffff&#8221; header_6_text_color=&#8221;#ffffff&#8221; background_layout=&#8221;dark&#8221; locked=&#8221;off&#8221; global_colors_info=&#8221;{}&#8221;]<\/p>\n<h3><span style=\"color: #000000;\">Making of &#8220;EL V\u00cdDEOCLIP&#8221;<\/span><\/h3>\n<h5><\/h5>\n<h5><span style=\"color: #000000;\"><em><strong>Casal de Persones Majors d&#8217;Horta<\/strong> <strong>\/ 8 minuts<\/strong><\/em><\/span><\/h5>\n<h5><\/h5>\n<h6><span style=\"color: #000000;\">Despr\u00e9s de la c\u00e0mera del v\u00eddeo participatiu <i>El v\u00eddeoclip<\/i> .<\/span><\/h6>\n<p>[\/et_pb_text][\/et_pb_column][et_pb_column type=&#8221;1_4&#8243; _builder_version=&#8221;4.24.0&#8243; _module_preset=&#8221;default&#8221; global_colors_info=&#8221;{}&#8221;][\/et_pb_column][\/et_pb_row][et_pb_row disabled_on=&#8221;on|on|on&#8221; _builder_version=&#8221;4.24.0&#8243; background_color=&#8221;#FFFFFF&#8221; disabled=&#8221;on&#8221; global_colors_info=&#8221;{}&#8221;][et_pb_column type=&#8221;4_4&#8243; _builder_version=&#8221;4.16&#8243; global_colors_info=&#8221;{}&#8221;][et_pb_text _builder_version=&#8221;4.24.0&#8243; header_2_font_size=&#8221;40px&#8221; global_colors_info=&#8221;{}&#8221;]<\/p>\n<h2 style=\"text-align: left;\">Altres activitats<\/h2>\n<p>[\/et_pb_text][\/et_pb_column][\/et_pb_row][et_pb_row column_structure=&#8221;1_3,1_3,1_3&#8243; disabled_on=&#8221;on|on|on&#8221; _builder_version=&#8221;4.24.0&#8243; _module_preset=&#8221;default&#8221; disabled=&#8221;on&#8221; global_colors_info=&#8221;{}&#8221;][et_pb_column type=&#8221;1_3&#8243; _builder_version=&#8221;4.24.0&#8243; _module_preset=&#8221;default&#8221; global_colors_info=&#8221;{}&#8221;][et_pb_button button_text=&#8221;Especial Filmoteca&#8221; _builder_version=&#8221;4.24.0&#8243; _module_preset=&#8221;default&#8221; custom_button=&#8221;on&#8221; button_text_size=&#8221;15px&#8221; button_text_color=&#8221;#515151&#8243; button_bg_color=&#8221;#EDF000&#8243; button_border_width=&#8221;1px&#8221; button_border_color=&#8221;#515151&#8243; button_border_radius=&#8221;0px&#8221; button_use_icon=&#8221;off&#8221; custom_padding=&#8221;||||false|false&#8221; hover_transition_duration=&#8221;0ms&#8221; hover_transition_speed_curve=&#8221;ease-in-out&#8221; box_shadow_style=&#8221;preset4&#8243; box_shadow_horizontal=&#8221;-6px&#8221; box_shadow_spread=&#8221;1px&#8221; box_shadow_color=&#8221;#000000&#8243; global_colors_info=&#8221;{}&#8221; button_text_size__hover=&#8221;15px&#8221; button_text_size__hover_enabled=&#8221;on|hover&#8221; button_bg_color__hover_enabled=&#8221;on|hover&#8221; box_shadow_horizontal__hover_enabled=&#8221;on|hover&#8221; box_shadow_vertical__hover=&#8221;5px&#8221; box_shadow_vertical__hover_enabled=&#8221;on|hover&#8221; button_border_width__hover_enabled=&#8221;on|hover&#8221; button_border_radius__hover=&#8221;0px&#8221; button_border_radius__hover_enabled=&#8221;on|hover&#8221; custom_margin__hover=&#8221;||||false|false&#8221; custom_margin__hover_enabled=&#8221;on|hover&#8221; custom_padding__hover=&#8221;||||false|false&#8221; custom_padding__hover_enabled=&#8221;on|hover&#8221; transform_styles__hover_enabled=&#8221;on|hover&#8221; transform_scale__hover_enabled=&#8221;on|hover&#8221; transform_translate__hover_enabled=&#8221;on|hover&#8221; transform_rotate__hover_enabled=&#8221;on|hover&#8221; transform_skew__hover_enabled=&#8221;on|hover&#8221; transform_origin__hover_enabled=&#8221;on|hover&#8221; button_letter_spacing__hover=&#8221;0px&#8221; button_letter_spacing__hover_enabled=&#8221;on|hover&#8221; button_bg_color__hover=&#8221;#EDF000&#8243; box_shadow_horizontal__hover=&#8221;-6px&#8221; button_border_width__hover=&#8221;1px&#8221;][\/et_pb_button][et_pb_button button_url=&#8221;https:\/\/lagranpantallafestival.com\/actividades-paralelas\/&#8221; button_text=&#8221;Activitats Paral\u00b7leles&#8221; _builder_version=&#8221;4.24.0&#8243; _module_preset=&#8221;default&#8221; custom_button=&#8221;on&#8221; button_text_size=&#8221;15px&#8221; button_text_color=&#8221;#515151&#8243; button_bg_color=&#8221;#EDF000&#8243; button_border_width=&#8221;1px&#8221; button_border_color=&#8221;#515151&#8243; button_border_radius=&#8221;0px&#8221; button_use_icon=&#8221;off&#8221; custom_padding=&#8221;||||false|false&#8221; hover_transition_duration=&#8221;0ms&#8221; hover_transition_speed_curve=&#8221;ease-in-out&#8221; box_shadow_style=&#8221;preset4&#8243; box_shadow_horizontal=&#8221;-6px&#8221; box_shadow_spread=&#8221;1px&#8221; box_shadow_color=&#8221;#000000&#8243; global_colors_info=&#8221;{}&#8221; button_text_size__hover=&#8221;15px&#8221; button_text_size__hover_enabled=&#8221;on|hover&#8221; button_bg_color__hover_enabled=&#8221;on|hover&#8221; box_shadow_horizontal__hover_enabled=&#8221;on|hover&#8221; box_shadow_vertical__hover=&#8221;5px&#8221; box_shadow_vertical__hover_enabled=&#8221;on|hover&#8221; button_border_width__hover_enabled=&#8221;on|hover&#8221; button_border_radius__hover=&#8221;0px&#8221; button_border_radius__hover_enabled=&#8221;on|hover&#8221; custom_margin__hover=&#8221;||||false|false&#8221; custom_margin__hover_enabled=&#8221;on|hover&#8221; custom_padding__hover=&#8221;||||false|false&#8221; custom_padding__hover_enabled=&#8221;on|hover&#8221; transform_styles__hover_enabled=&#8221;on|hover&#8221; transform_scale__hover_enabled=&#8221;on|hover&#8221; transform_translate__hover_enabled=&#8221;on|hover&#8221; transform_rotate__hover_enabled=&#8221;on|hover&#8221; transform_skew__hover_enabled=&#8221;on|hover&#8221; transform_origin__hover_enabled=&#8221;on|hover&#8221; button_letter_spacing__hover=&#8221;0px&#8221; button_letter_spacing__hover_enabled=&#8221;on|hover&#8221; button_bg_color__hover=&#8221;#EDF000&#8243; box_shadow_horizontal__hover=&#8221;-6px&#8221; button_border_width__hover=&#8221;1px&#8221;][\/et_pb_button][\/et_pb_column][et_pb_column type=&#8221;1_3&#8243; _builder_version=&#8221;4.24.0&#8243; _module_preset=&#8221;default&#8221; global_colors_info=&#8221;{}&#8221;][et_pb_button button_url=&#8221;https:\/\/lagranpantallafestival.com\/dialogos\/&#8221; button_text=&#8221;Di\u00e0legs&#8221; _builder_version=&#8221;4.24.0&#8243; _module_preset=&#8221;default&#8221; custom_button=&#8221;on&#8221; button_text_size=&#8221;15px&#8221; button_text_color=&#8221;#515151&#8243; button_bg_color=&#8221;#EDF000&#8243; button_border_width=&#8221;1px&#8221; button_border_color=&#8221;#515151&#8243; button_border_radius=&#8221;0px&#8221; button_use_icon=&#8221;off&#8221; custom_padding=&#8221;||||false|false&#8221; hover_transition_duration=&#8221;0ms&#8221; hover_transition_speed_curve=&#8221;ease-in-out&#8221; box_shadow_style=&#8221;preset4&#8243; box_shadow_horizontal=&#8221;-6px&#8221; box_shadow_spread=&#8221;1px&#8221; box_shadow_color=&#8221;#000000&#8243; global_colors_info=&#8221;{}&#8221; button_text_size__hover=&#8221;15px&#8221; button_text_size__hover_enabled=&#8221;on|hover&#8221; button_bg_color__hover_enabled=&#8221;on|hover&#8221; box_shadow_horizontal__hover_enabled=&#8221;on|hover&#8221; box_shadow_vertical__hover=&#8221;5px&#8221; box_shadow_vertical__hover_enabled=&#8221;on|hover&#8221; button_border_width__hover_enabled=&#8221;on|hover&#8221; button_border_radius__hover=&#8221;0px&#8221; button_border_radius__hover_enabled=&#8221;on|hover&#8221; custom_margin__hover=&#8221;||||false|false&#8221; custom_margin__hover_enabled=&#8221;on|hover&#8221; custom_padding__hover=&#8221;||||false|false&#8221; custom_padding__hover_enabled=&#8221;on|hover&#8221; transform_styles__hover_enabled=&#8221;on|hover&#8221; transform_scale__hover_enabled=&#8221;on|hover&#8221; transform_translate__hover_enabled=&#8221;on|hover&#8221; transform_rotate__hover_enabled=&#8221;on|hover&#8221; transform_skew__hover_enabled=&#8221;on|hover&#8221; transform_origin__hover_enabled=&#8221;on|hover&#8221; button_letter_spacing__hover=&#8221;0px&#8221; button_letter_spacing__hover_enabled=&#8221;on|hover&#8221; button_bg_color__hover=&#8221;#EDF000&#8243; box_shadow_horizontal__hover=&#8221;-6px&#8221; button_border_width__hover=&#8221;1px&#8221;][\/et_pb_button][et_pb_button button_url=&#8221;https:\/\/lagranpantallafestival.com\/muestra-miradas-a-traves-del-tiempo\/&#8221; button_text=&#8221;Mirades del temps&#8221; _builder_version=&#8221;4.24.0&#8243; _module_preset=&#8221;default&#8221; custom_button=&#8221;on&#8221; button_text_size=&#8221;15px&#8221; button_text_color=&#8221;#515151&#8243; button_bg_color=&#8221;#EDF000&#8243; button_border_width=&#8221;1px&#8221; button_border_color=&#8221;#515151&#8243; button_border_radius=&#8221;0px&#8221; button_use_icon=&#8221;off&#8221; custom_padding=&#8221;||||false|false&#8221; hover_transition_duration=&#8221;0ms&#8221; hover_transition_speed_curve=&#8221;ease-in-out&#8221; box_shadow_style=&#8221;preset4&#8243; box_shadow_horizontal=&#8221;-6px&#8221; box_shadow_spread=&#8221;1px&#8221; box_shadow_color=&#8221;#000000&#8243; global_colors_info=&#8221;{}&#8221; button_text_size__hover=&#8221;15px&#8221; button_text_size__hover_enabled=&#8221;on|hover&#8221; button_bg_color__hover_enabled=&#8221;on|hover&#8221; box_shadow_horizontal__hover_enabled=&#8221;on|hover&#8221; box_shadow_vertical__hover=&#8221;5px&#8221; box_shadow_vertical__hover_enabled=&#8221;on|hover&#8221; button_border_width__hover_enabled=&#8221;on|hover&#8221; button_border_radius__hover=&#8221;0px&#8221; button_border_radius__hover_enabled=&#8221;on|hover&#8221; custom_margin__hover=&#8221;||||false|false&#8221; custom_margin__hover_enabled=&#8221;on|hover&#8221; custom_padding__hover=&#8221;||||false|false&#8221; custom_padding__hover_enabled=&#8221;on|hover&#8221; transform_styles__hover_enabled=&#8221;on|hover&#8221; transform_scale__hover_enabled=&#8221;on|hover&#8221; transform_translate__hover_enabled=&#8221;on|hover&#8221; transform_rotate__hover_enabled=&#8221;on|hover&#8221; transform_skew__hover_enabled=&#8221;on|hover&#8221; transform_origin__hover_enabled=&#8221;on|hover&#8221; button_letter_spacing__hover=&#8221;0px&#8221; button_letter_spacing__hover_enabled=&#8221;on|hover&#8221; button_bg_color__hover=&#8221;#EDF000&#8243; box_shadow_horizontal__hover=&#8221;-6px&#8221; button_border_width__hover=&#8221;1px&#8221;][\/et_pb_button][\/et_pb_column][et_pb_column type=&#8221;1_3&#8243; _builder_version=&#8221;4.24.0&#8243; _module_preset=&#8221;default&#8221; global_colors_info=&#8221;{}&#8221;][et_pb_button button_url=&#8221;https:\/\/lagranpantallafestival.com\/jurado-2022\/&#8221; button_text=&#8221;Jurat&#8221; _builder_version=&#8221;4.24.0&#8243; _module_preset=&#8221;default&#8221; custom_button=&#8221;on&#8221; button_text_size=&#8221;15px&#8221; button_text_color=&#8221;#515151&#8243; button_bg_color=&#8221;#EDF000&#8243; button_border_width=&#8221;1px&#8221; button_border_color=&#8221;#515151&#8243; button_border_radius=&#8221;0px&#8221; button_use_icon=&#8221;off&#8221; custom_padding=&#8221;||||false|false&#8221; hover_transition_duration=&#8221;0ms&#8221; hover_transition_speed_curve=&#8221;ease-in-out&#8221; box_shadow_style=&#8221;preset4&#8243; box_shadow_horizontal=&#8221;-6px&#8221; box_shadow_spread=&#8221;1px&#8221; box_shadow_color=&#8221;#000000&#8243; global_colors_info=&#8221;{}&#8221; button_text_size__hover=&#8221;15px&#8221; button_text_size__hover_enabled=&#8221;on|hover&#8221; button_bg_color__hover_enabled=&#8221;on|hover&#8221; box_shadow_horizontal__hover_enabled=&#8221;on|hover&#8221; box_shadow_vertical__hover=&#8221;5px&#8221; box_shadow_vertical__hover_enabled=&#8221;on|hover&#8221; button_border_width__hover_enabled=&#8221;on|hover&#8221; button_border_radius__hover=&#8221;0px&#8221; button_border_radius__hover_enabled=&#8221;on|hover&#8221; custom_margin__hover=&#8221;||||false|false&#8221; custom_margin__hover_enabled=&#8221;on|hover&#8221; custom_padding__hover=&#8221;||||false|false&#8221; custom_padding__hover_enabled=&#8221;on|hover&#8221; transform_styles__hover_enabled=&#8221;on|hover&#8221; transform_scale__hover_enabled=&#8221;on|hover&#8221; transform_translate__hover_enabled=&#8221;on|hover&#8221; transform_rotate__hover_enabled=&#8221;on|hover&#8221; transform_skew__hover_enabled=&#8221;on|hover&#8221; transform_origin__hover_enabled=&#8221;on|hover&#8221; button_letter_spacing__hover=&#8221;0px&#8221; button_letter_spacing__hover_enabled=&#8221;on|hover&#8221; button_bg_color__hover=&#8221;#EDF000&#8243; box_shadow_horizontal__hover=&#8221;-6px&#8221; button_border_width__hover=&#8221;1px&#8221;][\/et_pb_button][et_pb_button button_url=&#8221;https:\/\/lagranpantallafestival.com\/premio-honorifico-a-la-trayectoria\/&#8221; button_text=&#8221;Premi Honor\u00edfic&#8221; _builder_version=&#8221;4.24.0&#8243; _module_preset=&#8221;default&#8221; custom_button=&#8221;on&#8221; button_text_size=&#8221;15px&#8221; button_text_color=&#8221;#515151&#8243; button_bg_color=&#8221;#EDF000&#8243; button_border_width=&#8221;1px&#8221; button_border_color=&#8221;#515151&#8243; button_border_radius=&#8221;0px&#8221; button_use_icon=&#8221;off&#8221; custom_padding=&#8221;||||false|false&#8221; hover_transition_duration=&#8221;0ms&#8221; hover_transition_speed_curve=&#8221;ease-in-out&#8221; box_shadow_style=&#8221;preset4&#8243; box_shadow_horizontal=&#8221;-6px&#8221; box_shadow_spread=&#8221;1px&#8221; box_shadow_color=&#8221;#000000&#8243; global_colors_info=&#8221;{}&#8221; button_text_size__hover=&#8221;15px&#8221; button_text_size__hover_enabled=&#8221;on|hover&#8221; button_bg_color__hover_enabled=&#8221;on|hover&#8221; box_shadow_horizontal__hover_enabled=&#8221;on|hover&#8221; box_shadow_vertical__hover=&#8221;5px&#8221; box_shadow_vertical__hover_enabled=&#8221;on|hover&#8221; button_border_width__hover_enabled=&#8221;on|hover&#8221; button_border_radius__hover=&#8221;0px&#8221; button_border_radius__hover_enabled=&#8221;on|hover&#8221; custom_margin__hover=&#8221;||||false|false&#8221; custom_margin__hover_enabled=&#8221;on|hover&#8221; custom_padding__hover=&#8221;||||false|false&#8221; custom_padding__hover_enabled=&#8221;on|hover&#8221; transform_styles__hover_enabled=&#8221;on|hover&#8221; transform_scale__hover_enabled=&#8221;on|hover&#8221; transform_translate__hover_enabled=&#8221;on|hover&#8221; transform_rotate__hover_enabled=&#8221;on|hover&#8221; transform_skew__hover_enabled=&#8221;on|hover&#8221; transform_origin__hover_enabled=&#8221;on|hover&#8221; button_letter_spacing__hover=&#8221;0px&#8221; button_letter_spacing__hover_enabled=&#8221;on|hover&#8221; button_bg_color__hover=&#8221;#EDF000&#8243; box_shadow_horizontal__hover=&#8221;-6px&#8221; button_border_width__hover=&#8221;1px&#8221;][\/et_pb_button][\/et_pb_column][\/et_pb_row][et_pb_row _builder_version=&#8221;4.24.0&#8243; background_color=&#8221;#FFFFFF&#8221; global_colors_info=&#8221;{}&#8221;][et_pb_column type=&#8221;4_4&#8243; _builder_version=&#8221;4.16&#8243; global_colors_info=&#8221;{}&#8221;][et_pb_text _builder_version=&#8221;4.24.0&#8243; header_2_font_size=&#8221;40px&#8221; global_colors_info=&#8221;{}&#8221;]<\/p>\n<h2 style=\"text-align: left;\">Equip de producci\u00f3<\/h2>\n<p>[\/et_pb_text][\/et_pb_column][\/et_pb_row][et_pb_row column_structure=&#8221;1_2,1_2&#8243; _builder_version=&#8221;4.16&#8243; custom_margin=&#8221;-22px|auto||auto||&#8221; global_colors_info=&#8221;{}&#8221;][et_pb_column type=&#8221;1_2&#8243; _builder_version=&#8221;4.16&#8243; global_colors_info=&#8221;{}&#8221;][et_pb_text _builder_version=&#8221;4.16&#8243; text_font=&#8221;Roboto Condensed||||||||&#8221; global_colors_info=&#8221;{}&#8221;]<\/p>\n<h6><span style=\"font-weight: 400;\"><strong>DIRECTOR:<\/strong> Alfredo Cohen <\/span><\/h6>\n<h6><span style=\"font-weight: 400;\"><strong>DIRECTORA ART\u00cdSTICA:<\/strong> Katherina Harder Sacre<\/span><\/h6>\n<h6><span><strong>RESPONSABLE DE COMUNICACI\u00d3 COMUNIT\u00c0RIA:<\/strong> Leticia Pipman<\/span><\/h6>\n<h6><span><strong>RESPONSABLE DE PREMSA:<\/strong> Celia Muns<\/span><\/h6>\n<h6><span><strong>PRODUCCI\u00d3:<\/strong> Leticia Pipman<\/span><\/h6>\n<h6><span><strong>AJUDANT DE PRODUCCI\u00d3:<\/strong> Bel\u00e9n Beltr\u00e1n<\/span><\/h6>\n<p>[\/et_pb_text][\/et_pb_column][et_pb_column type=&#8221;1_2&#8243; _builder_version=&#8221;4.16&#8243; global_colors_info=&#8221;{}&#8221;][et_pb_text _builder_version=&#8221;4.16&#8243; text_font=&#8221;Roboto Condensed||||||||&#8221; global_colors_info=&#8221;{}&#8221;]<\/p>\n<h6><span><strong>RESPONSABLE DE COMUNICACI\u00d3, WEB I XARXES SOCIALS:<\/strong> Mireia Pellicer G\u00f3mez<\/span><\/h6>\n<h6><span><strong>DISSENYADOR GR\u00c0FIC:<\/strong> Marc Torrent<\/span><\/h6>\n<h6><span style=\"font-weight: 400;\"><strong>MATERIAL AUDIOVISUAL:<\/strong> Mireia Pellicer<\/span><\/h6>\n<h6><span><strong>CORRECTORA I TRADUCTORA:<\/strong> Sabina Pujol<\/span><\/h6>\n<h6><span><strong>ADMINISTRACI\u00d3 I COMPTABILITAT:<\/strong> Toni Illa<\/span><\/h6>\n<p>[\/et_pb_text][\/et_pb_column][\/et_pb_row][\/et_pb_section]<\/p>\n","protected":false},"excerpt":{"rendered":"<p>La GRAN pantalla 2022 \u00e9s la quarta edici\u00f3 del Festival Internacional de Cinema de la Gent Gran , un espai de trobada intergeneracional per potenciar el cinema com a eina de di\u00e0leg, reflexi\u00f3 i transformaci\u00f3 social al voltant dels imaginaris que la societat perpetua sobre la gent gran. En particular, aquesta edici\u00f3 vol celebrar el [&hellip;]<\/p>\n","protected":false},"author":4,"featured_media":0,"parent":0,"menu_order":0,"comment_status":"closed","ping_status":"closed","template":"","meta":{"_et_pb_use_builder":"on","_et_pb_old_content":"","_et_gb_content_width":"","cybocfi_hide_featured_image":"","footnotes":""},"class_list":["post-242444","page","type-page","status-publish","hentry"],"yoast_head":"<!-- This site is optimized with the Yoast SEO plugin v26.7 - https:\/\/yoast.com\/wordpress\/plugins\/seo\/ -->\n<title>Resum 2022 &#183;<\/title>\n<meta name=\"robots\" content=\"index, follow, max-snippet:-1, max-image-preview:large, max-video-preview:-1\" \/>\n<link rel=\"canonical\" href=\"https:\/\/lagranpantallafestival.com\/ca\/resum-2022\/\" \/>\n<meta property=\"og:locale\" content=\"ca_ES\" \/>\n<meta property=\"og:type\" content=\"article\" \/>\n<meta property=\"og:title\" content=\"Resum 2022 &#183;\" \/>\n<meta property=\"og:description\" content=\"La GRAN pantalla 2022 \u00e9s la quarta edici\u00f3 del Festival Internacional de Cinema de la Gent Gran , un espai de trobada intergeneracional per potenciar el cinema com a eina de di\u00e0leg, reflexi\u00f3 i transformaci\u00f3 social al voltant dels imaginaris que la societat perpetua sobre la gent gran. En particular, aquesta edici\u00f3 vol celebrar el [&hellip;]\" \/>\n<meta property=\"og:url\" content=\"https:\/\/lagranpantallafestival.com\/ca\/resum-2022\/\" \/>\n<meta property=\"og:site_name\" content=\"Festival Internacional de Cinema de les Persones Grans de Barcelona: La Gran Pantalla\" \/>\n<meta property=\"article:publisher\" content=\"https:\/\/www.facebook.com\/lagranpantallabcn\/\" \/>\n<meta property=\"article:modified_time\" content=\"2024-12-20T11:34:25+00:00\" \/>\n<meta property=\"og:image\" content=\"https:\/\/lagranpantallafestival.com\/wp-content\/uploads\/2020\/05\/Sala-Gran-Pantalla-2019-1024x683.jpg\" \/>\n\t<meta property=\"og:image:width\" content=\"1024\" \/>\n\t<meta property=\"og:image:height\" content=\"683\" \/>\n\t<meta property=\"og:image:type\" content=\"image\/jpeg\" \/>\n<meta name=\"twitter:card\" content=\"summary_large_image\" \/>\n<meta name=\"twitter:site\" content=\"@granpantallabcn\" \/>\n<meta name=\"twitter:label1\" content=\"Temps estimat de lectura\" \/>\n\t<meta name=\"twitter:data1\" content=\"27 minuts\" \/>\n<script type=\"application\/ld+json\" class=\"yoast-schema-graph\">{\"@context\":\"https:\/\/schema.org\",\"@graph\":[{\"@type\":\"WebPage\",\"@id\":\"https:\/\/lagranpantallafestival.com\/ca\/resum-2022\/\",\"url\":\"https:\/\/lagranpantallafestival.com\/ca\/resum-2022\/\",\"name\":\"Resum 2022 &#183;\",\"isPartOf\":{\"@id\":\"https:\/\/lagranpantallafestival.com\/ca\/#website\"},\"datePublished\":\"2024-01-31T20:31:26+00:00\",\"dateModified\":\"2024-12-20T11:34:25+00:00\",\"breadcrumb\":{\"@id\":\"https:\/\/lagranpantallafestival.com\/ca\/resum-2022\/#breadcrumb\"},\"inLanguage\":\"ca\",\"potentialAction\":[{\"@type\":\"ReadAction\",\"target\":[\"https:\/\/lagranpantallafestival.com\/ca\/resum-2022\/\"]}]},{\"@type\":\"BreadcrumbList\",\"@id\":\"https:\/\/lagranpantallafestival.com\/ca\/resum-2022\/#breadcrumb\",\"itemListElement\":[{\"@type\":\"ListItem\",\"position\":1,\"name\":\"Portada\",\"item\":\"https:\/\/lagranpantallafestival.com\/ca\/\"},{\"@type\":\"ListItem\",\"position\":2,\"name\":\"Resum 2022\"}]},{\"@type\":\"WebSite\",\"@id\":\"https:\/\/lagranpantallafestival.com\/ca\/#website\",\"url\":\"https:\/\/lagranpantallafestival.com\/ca\/\",\"name\":\"Festival Internacional de Cinema de les Persones Grans de Barcelona: La Gran Pantalla\",\"description\":\"El Festival Internacional de Cine de las personas mayores La gran pantalla! es el primer espacio en Barcelona dedicado al encuentro cinematogr\u00e1fico intergeneracional. Proyectamos pel\u00edculas y cortometrajes que aborden nuevas miradas sobre el hecho de ser mayor. Nuestro objetivo es desmontar los estereotipos que existen en la sociedad y promover el envejecimiento activo, a trav\u00e9s de la reflexi\u00f3n y el debate que inspira el s\u00e9ptimo arte.\",\"publisher\":{\"@id\":\"https:\/\/lagranpantallafestival.com\/ca\/#organization\"},\"potentialAction\":[{\"@type\":\"SearchAction\",\"target\":{\"@type\":\"EntryPoint\",\"urlTemplate\":\"https:\/\/lagranpantallafestival.com\/ca\/?s={search_term_string}\"},\"query-input\":{\"@type\":\"PropertyValueSpecification\",\"valueRequired\":true,\"valueName\":\"search_term_string\"}}],\"inLanguage\":\"ca\"},{\"@type\":\"Organization\",\"@id\":\"https:\/\/lagranpantallafestival.com\/ca\/#organization\",\"name\":\"[wpseo_titles]company_nombre\",\"url\":\"https:\/\/lagranpantallafestival.com\/ca\/\",\"logo\":{\"@type\":\"ImageObject\",\"inLanguage\":\"ca\",\"@id\":\"https:\/\/lagranpantallafestival.com\/ca\/#\/schema\/logo\/image\/\",\"url\":\"https:\/\/i0.wp.com\/lagranpantallafestival.com\/wp-content\/uploads\/2020\/05\/Logo_web_LaGranPantalla.png?fit=901%2C301&ssl=1\",\"contentUrl\":\"https:\/\/i0.wp.com\/lagranpantallafestival.com\/wp-content\/uploads\/2020\/05\/Logo_web_LaGranPantalla.png?fit=901%2C301&ssl=1\",\"width\":901,\"height\":301,\"caption\":\"[wpseo_titles]company_nombre\"},\"image\":{\"@id\":\"https:\/\/lagranpantallafestival.com\/ca\/#\/schema\/logo\/image\/\"},\"sameAs\":[\"https:\/\/www.facebook.com\/lagranpantallabcn\/\",\"https:\/\/x.com\/granpantallabcn\",\"https:\/\/www.instagram.com\/lagranpantallabcn\/\",\"https:\/\/www.youtube.com\/user\/colectivoelparlante\"]}]}<\/script>\n<!-- \/ Yoast SEO plugin. -->","yoast_head_json":{"title":"Resum 2022 &#183;","robots":{"index":"index","follow":"follow","max-snippet":"max-snippet:-1","max-image-preview":"max-image-preview:large","max-video-preview":"max-video-preview:-1"},"canonical":"https:\/\/lagranpantallafestival.com\/ca\/resum-2022\/","og_locale":"ca_ES","og_type":"article","og_title":"Resum 2022 &#183;","og_description":"La GRAN pantalla 2022 \u00e9s la quarta edici\u00f3 del Festival Internacional de Cinema de la Gent Gran , un espai de trobada intergeneracional per potenciar el cinema com a eina de di\u00e0leg, reflexi\u00f3 i transformaci\u00f3 social al voltant dels imaginaris que la societat perpetua sobre la gent gran. En particular, aquesta edici\u00f3 vol celebrar el [&hellip;]","og_url":"https:\/\/lagranpantallafestival.com\/ca\/resum-2022\/","og_site_name":"Festival Internacional de Cinema de les Persones Grans de Barcelona: La Gran Pantalla","article_publisher":"https:\/\/www.facebook.com\/lagranpantallabcn\/","article_modified_time":"2024-12-20T11:34:25+00:00","og_image":[{"width":1024,"height":683,"url":"https:\/\/lagranpantallafestival.com\/wp-content\/uploads\/2020\/05\/Sala-Gran-Pantalla-2019-1024x683.jpg","type":"image\/jpeg"}],"twitter_card":"summary_large_image","twitter_site":"@granpantallabcn","twitter_misc":{"Temps estimat de lectura":"27 minuts"},"schema":{"@context":"https:\/\/schema.org","@graph":[{"@type":"WebPage","@id":"https:\/\/lagranpantallafestival.com\/ca\/resum-2022\/","url":"https:\/\/lagranpantallafestival.com\/ca\/resum-2022\/","name":"Resum 2022 &#183;","isPartOf":{"@id":"https:\/\/lagranpantallafestival.com\/ca\/#website"},"datePublished":"2024-01-31T20:31:26+00:00","dateModified":"2024-12-20T11:34:25+00:00","breadcrumb":{"@id":"https:\/\/lagranpantallafestival.com\/ca\/resum-2022\/#breadcrumb"},"inLanguage":"ca","potentialAction":[{"@type":"ReadAction","target":["https:\/\/lagranpantallafestival.com\/ca\/resum-2022\/"]}]},{"@type":"BreadcrumbList","@id":"https:\/\/lagranpantallafestival.com\/ca\/resum-2022\/#breadcrumb","itemListElement":[{"@type":"ListItem","position":1,"name":"Portada","item":"https:\/\/lagranpantallafestival.com\/ca\/"},{"@type":"ListItem","position":2,"name":"Resum 2022"}]},{"@type":"WebSite","@id":"https:\/\/lagranpantallafestival.com\/ca\/#website","url":"https:\/\/lagranpantallafestival.com\/ca\/","name":"Festival Internacional de Cinema de les Persones Grans de Barcelona: La Gran Pantalla","description":"El Festival Internacional de Cine de las personas mayores La gran pantalla! es el primer espacio en Barcelona dedicado al encuentro cinematogr\u00e1fico intergeneracional. Proyectamos pel\u00edculas y cortometrajes que aborden nuevas miradas sobre el hecho de ser mayor. Nuestro objetivo es desmontar los estereotipos que existen en la sociedad y promover el envejecimiento activo, a trav\u00e9s de la reflexi\u00f3n y el debate que inspira el s\u00e9ptimo arte.","publisher":{"@id":"https:\/\/lagranpantallafestival.com\/ca\/#organization"},"potentialAction":[{"@type":"SearchAction","target":{"@type":"EntryPoint","urlTemplate":"https:\/\/lagranpantallafestival.com\/ca\/?s={search_term_string}"},"query-input":{"@type":"PropertyValueSpecification","valueRequired":true,"valueName":"search_term_string"}}],"inLanguage":"ca"},{"@type":"Organization","@id":"https:\/\/lagranpantallafestival.com\/ca\/#organization","name":"[wpseo_titles]company_nombre","url":"https:\/\/lagranpantallafestival.com\/ca\/","logo":{"@type":"ImageObject","inLanguage":"ca","@id":"https:\/\/lagranpantallafestival.com\/ca\/#\/schema\/logo\/image\/","url":"https:\/\/i0.wp.com\/lagranpantallafestival.com\/wp-content\/uploads\/2020\/05\/Logo_web_LaGranPantalla.png?fit=901%2C301&ssl=1","contentUrl":"https:\/\/i0.wp.com\/lagranpantallafestival.com\/wp-content\/uploads\/2020\/05\/Logo_web_LaGranPantalla.png?fit=901%2C301&ssl=1","width":901,"height":301,"caption":"[wpseo_titles]company_nombre"},"image":{"@id":"https:\/\/lagranpantallafestival.com\/ca\/#\/schema\/logo\/image\/"},"sameAs":["https:\/\/www.facebook.com\/lagranpantallabcn\/","https:\/\/x.com\/granpantallabcn","https:\/\/www.instagram.com\/lagranpantallabcn\/","https:\/\/www.youtube.com\/user\/colectivoelparlante"]}]}},"_links":{"self":[{"href":"https:\/\/lagranpantallafestival.com\/ca\/wp-json\/wp\/v2\/pages\/242444","targetHints":{"allow":["GET"]}}],"collection":[{"href":"https:\/\/lagranpantallafestival.com\/ca\/wp-json\/wp\/v2\/pages"}],"about":[{"href":"https:\/\/lagranpantallafestival.com\/ca\/wp-json\/wp\/v2\/types\/page"}],"author":[{"embeddable":true,"href":"https:\/\/lagranpantallafestival.com\/ca\/wp-json\/wp\/v2\/users\/4"}],"replies":[{"embeddable":true,"href":"https:\/\/lagranpantallafestival.com\/ca\/wp-json\/wp\/v2\/comments?post=242444"}],"version-history":[{"count":13,"href":"https:\/\/lagranpantallafestival.com\/ca\/wp-json\/wp\/v2\/pages\/242444\/revisions"}],"predecessor-version":[{"id":245706,"href":"https:\/\/lagranpantallafestival.com\/ca\/wp-json\/wp\/v2\/pages\/242444\/revisions\/245706"}],"wp:attachment":[{"href":"https:\/\/lagranpantallafestival.com\/ca\/wp-json\/wp\/v2\/media?parent=242444"}],"curies":[{"name":"wp","href":"https:\/\/api.w.org\/{rel}","templated":true}]}}