{"id":241127,"date":"2023-05-26T14:31:24","date_gmt":"2023-05-26T14:31:24","guid":{"rendered":"https:\/\/lagranpantallafestival.com\/?page_id=241127"},"modified":"2024-12-20T11:32:55","modified_gmt":"2024-12-20T11:32:55","slug":"curtmetratges-participatius","status":"publish","type":"page","link":"https:\/\/lagranpantallafestival.com\/ca\/curtmetratges-participatius\/","title":{"rendered":"CURTMETRATGES PARTICIPATIUS"},"content":{"rendered":"<p>[et_pb_section fb_built=&#8221;1&#8243; _builder_version=&#8221;4.4.2&#8243; background_color=&#8221;#242424&#8243; custom_padding=&#8221;||28px|||&#8221; locked=&#8221;off&#8221;][et_pb_row _builder_version=&#8221;4.4.2&#8243;][et_pb_column type=&#8221;4_4&#8243; _builder_version=&#8221;4.4.2&#8243;][et_pb_text _builder_version=&#8221;4.4.2&#8243; header_font=&#8221;|600|||||||&#8221; header_text_color=&#8221;#ffffff&#8221; header_font_size=&#8221;44px&#8221;]<\/p>\n<h1 style=\"text-align: center;\">CORTOMETRAJES PARTICIPATIVOS 2023<\/h1>\n<p>[\/et_pb_text][\/et_pb_column][\/et_pb_row][et_pb_row column_structure=&#8221;2_5,3_5&#8243; _builder_version=&#8221;4.4.2&#8243; max_width=&#8221;1650px&#8221;][et_pb_column type=&#8221;2_5&#8243; _builder_version=&#8221;4.4.2&#8243;][et_pb_image src=&#8221;https:\/\/lagranpantallafestival.com\/wp-content\/uploads\/2023\/06\/LightsonstAGEdocu2022-8.jpeg&#8221; force_fullwidth=&#8221;on&#8221; _builder_version=&#8221;4.4.2&#8243; locked=&#8221;off&#8221;][\/et_pb_image][\/et_pb_column][et_pb_column type=&#8221;3_5&#8243; _builder_version=&#8221;4.4.2&#8243;][et_pb_text _builder_version=&#8221;4.4.2&#8243; text_text_color=&#8221;#ffffff&#8221; header_text_color=&#8221;#ffffff&#8221; header_2_text_color=&#8221;#ffffff&#8221; header_3_text_color=&#8221;#ffffff&#8221; header_4_text_color=&#8221;#ffffff&#8221; header_5_text_color=&#8221;#ffffff&#8221; header_6_text_color=&#8221;#ffffff&#8221;]<\/p>\n<h3><strong>\u201cTENS MOLT A MOURE!\u201d<\/strong><\/h3>\n<h5><strong>DOCUMENTAL | 20 MIN | 2023<\/strong><\/h5>\n<h5><strong><\/strong><\/h5>\n<p>Entre los cuerpos que se rebelan estamos nosotros. Bailamos con las pesadillas y dialogamos con aquellas creencias que nos limitan. No nos dan verg\u00fcenza las verg\u00fcenzas y sabemos que juntas somos m\u00e1s fuertes. Es entre los cuerpos que celebramos esa vida que es danza y esa danza que es la vida. <em>Tens molt a moure!<\/em> Cuenta la historia de trece mujeres mayores de sesenta y cinco a\u00f1os en el proceso de creaci\u00f3n colectiva de una pieza de danza contempor\u00e1nea, desde el dise\u00f1o de la idea hasta la muestra final.<\/p>\n<p><em>Tens molt a moure!<\/em> es el proceso de creaci\u00f3n en danza contempor\u00e1nea del proyecto Lights on stAGE! que reivindica la expresi\u00f3n art\u00edstica, el movimiento y la presencia esc\u00e9nica de las personas de m\u00e1s de 65 a\u00f1os.<\/p>\n<p>[\/et_pb_text][\/et_pb_column][\/et_pb_row][et_pb_row column_structure=&#8221;2_5,3_5&#8243; _builder_version=&#8221;4.4.2&#8243; max_width=&#8221;1650px&#8221;][et_pb_column type=&#8221;2_5&#8243; _builder_version=&#8221;4.4.2&#8243;][et_pb_image src=&#8221;https:\/\/lagranpantallafestival.com\/wp-content\/uploads\/2023\/06\/lfv-scaled.jpg&#8221; force_fullwidth=&#8221;on&#8221; _builder_version=&#8221;4.4.2&#8243; locked=&#8221;off&#8221;][\/et_pb_image][\/et_pb_column][et_pb_column type=&#8221;3_5&#8243; _builder_version=&#8221;4.4.2&#8243;][et_pb_text _builder_version=&#8221;4.4.2&#8243; text_text_color=&#8221;#ffffff&#8221; header_text_color=&#8221;#ffffff&#8221; header_2_text_color=&#8221;#ffffff&#8221; header_3_text_color=&#8221;#ffffff&#8221; header_4_text_color=&#8221;#ffffff&#8221; header_5_text_color=&#8221;#ffffff&#8221; header_6_text_color=&#8221;#ffffff&#8221; hover_enabled=&#8221;0&#8243;]<\/p>\n<h3><strong>\u201cLA FLORIDA \u00c9S VIDA\u201d<\/strong><\/h3>\n<h5><strong>DOCUMENTAL | 23 MIN | 2023<\/strong><\/h5>\n<p><i><span style=\"font-weight: 400;\">La Florida \u00e9s vida <\/span><\/i><span style=\"font-weight: 400;\">narra el pasado, el presente y los deseos de futuro de un grupo de mujeres del Distrito IV La Florida y Las Planas, en Hospitalet de Llobregat. La pieza audiovisual surge de un proceso participativo donde el grupo comparte sus recuerdos y experiencias personales: c\u00f3mo fue su llegada a una Florida naciente, la acogida de los vecinos y vecinas, el choque cultural de vivir en una zona rural y llegar a la ciudad\u2026 El documental tambi\u00e9n acompa\u00f1a a las participantes en una ruta por el barrio, donde explican los contrastes de los espacios m\u00e1s representativos.<\/span><i><span style=\"font-weight: 400;\"> La Florida \u00e9s vida<\/span><\/i><span style=\"font-weight: 400;\"> incluye vivencias, di\u00e1logo intercultural, quejas, frustraciones, sue\u00f1os y, en definitiva, historias de vida.<\/span><\/p>\n<p>[\/et_pb_text][\/et_pb_column][\/et_pb_row][et_pb_row column_structure=&#8221;2_5,3_5&#8243; _builder_version=&#8221;4.4.2&#8243; max_width=&#8221;1650px&#8221;][et_pb_column type=&#8221;2_5&#8243; _builder_version=&#8221;4.4.2&#8243;][et_pb_image src=&#8221;https:\/\/lagranpantallafestival.com\/wp-content\/uploads\/2023\/05\/CAGG-MASTER-V1-ALFREDO25fp.00_10_44_12.Imagen-fija010.jpg&#8221; force_fullwidth=&#8221;on&#8221; _builder_version=&#8221;4.4.2&#8243; locked=&#8221;off&#8221;][\/et_pb_image][\/et_pb_column][et_pb_column type=&#8221;3_5&#8243; _builder_version=&#8221;4.4.2&#8243;][et_pb_text _builder_version=&#8221;4.4.2&#8243; text_text_color=&#8221;#ffffff&#8221; header_text_color=&#8221;#ffffff&#8221; header_2_text_color=&#8221;#ffffff&#8221; header_3_text_color=&#8221;#ffffff&#8221; header_4_text_color=&#8221;#ffffff&#8221; header_5_text_color=&#8221;#ffffff&#8221; header_6_text_color=&#8221;#ffffff&#8221;]<\/p>\n<h3><strong>\u201cA LA BRETXA\u201d<\/strong><\/h3>\n<h5><strong>FICCI\u00d3N | 30 MIN | 2023<\/strong><\/h5>\n<p>Nuria vive sola desde hace quince a\u00f1os. Un problema con su televisi\u00f3n desencadena un reto que no hab\u00eda previsto y que le llevar\u00e1 a un nuevo sitio vital.<\/p>\n<p><em>A la bretxa<\/em> es un cortometraje participativo realizado desde el Consejo Asesor de las Personas Mayores en el marco de la 6\u00aa Convenci\u00f3n Las Voces de las personas mayores con la Asociaci\u00f3n Cultural elParlante y la productora audiovisual Camille Zonca. Tras tres encuentros entre el equipo de profesionales y miembros del Consejo, se definieron los temas, se escribi\u00f3 la escaleta en cocreaci\u00f3n, y se desarroll\u00f3 y valid\u00f3 un gui\u00f3n que se convirti\u00f3 en una historia en la que se mezclan la soledad no deseada, la brecha digital y las relaciones intergeneracionales.<\/p>\n<p>Protagonizado por la reconocida actriz Carme Sansa, <em>A la bretxa<\/em> busca generar una reflexi\u00f3n sobre el amor incondicional de las personas mayores hacia sus familias, la democratizaci\u00f3n de los cuidados, la importancia del acompa\u00f1amiento tecnol\u00f3gico, y el derecho a la intimidad. Se trata de una historia que deja una grieta, una apertura, una nueva posibilidad.<\/p>\n<p>[\/et_pb_text][\/et_pb_column][\/et_pb_row][et_pb_row _builder_version=&#8221;4.4.2&#8243; width=&#8221;40%&#8221; custom_padding=&#8221;0px||0px|||&#8221; locked=&#8221;off&#8221;][et_pb_column type=&#8221;4_4&#8243; _builder_version=&#8221;4.4.2&#8243;][et_pb_divider show_divider=&#8221;off&#8221; _builder_version=&#8221;4.4.2&#8243;][\/et_pb_divider][et_pb_text _builder_version=&#8221;4.4.2&#8243; text_text_color=&#8221;#ffffff&#8221; header_4_text_color=&#8221;#ffffff&#8221; header_4_font_size=&#8221;25px&#8221; header_5_text_color=&#8221;#ffffff&#8221; header_5_font_size=&#8221;22px&#8221; header_5_line_height=&#8221;1.8em&#8221; header_6_text_color=&#8221;#ffffff&#8221; background_color=&#8221;#474747&#8243; text_orientation=&#8221;center&#8221; custom_margin=&#8221;0px||||false|false&#8221; custom_padding=&#8221;0px|||||&#8221; border_radii=&#8221;on|10px|10px|10px|10px&#8221; locked=&#8221;off&#8221;]<\/p>\n<h5><\/h5>\n<h5>Domingo 9 de julio a las 16h en Cinemes Girona<\/h5>\n<p>[\/et_pb_text][et_pb_button button_url=&#8221;https:\/\/lgpfestival.glideapp.io&#8221; url_new_window=&#8221;on&#8221; button_text=&#8221;RESERVA ENTRADAS GRATUITAS&#8221; button_alignment=&#8221;center&#8221; _builder_version=&#8221;4.4.2&#8243; custom_button=&#8221;on&#8221; button_text_size=&#8221;20px&#8221; button_bg_color=&#8221;#fff347&#8243; button_border_color=&#8221;rgba(0,0,0,0)&#8221; button_font=&#8221;Roboto Condensed||||||||&#8221; button_use_icon=&#8221;off&#8221; locked=&#8221;off&#8221;][\/et_pb_button][\/et_pb_column][\/et_pb_row][\/et_pb_section]<\/p>\n","protected":false},"excerpt":{"rendered":"<p>CORTOMETRAJES PARTICIPATIVOS 2023\u201cTENS MOLT A MOURE!\u201d DOCUMENTAL | 20 MIN | 2023 Entre los cuerpos que se rebelan estamos nosotros. Bailamos con las pesadillas y dialogamos con aquellas creencias que nos limitan. No nos dan verg\u00fcenza las verg\u00fcenzas y sabemos que juntas somos m\u00e1s fuertes. Es entre los cuerpos que celebramos esa vida que es [&hellip;]<\/p>\n","protected":false},"author":5,"featured_media":0,"parent":0,"menu_order":0,"comment_status":"closed","ping_status":"closed","template":"","meta":{"_et_pb_use_builder":"on","_et_pb_old_content":"","_et_gb_content_width":"","cybocfi_hide_featured_image":"","footnotes":""},"class_list":["post-241127","page","type-page","status-publish","hentry"],"yoast_head":"<!-- This site is optimized with the Yoast SEO plugin v26.7 - https:\/\/yoast.com\/wordpress\/plugins\/seo\/ -->\n<title>CURTMETRATGES PARTICIPATIUS &#183;<\/title>\n<meta name=\"robots\" content=\"index, follow, max-snippet:-1, max-image-preview:large, max-video-preview:-1\" \/>\n<link rel=\"canonical\" href=\"https:\/\/lagranpantallafestival.com\/ca\/curtmetratges-participatius\/\" \/>\n<meta property=\"og:locale\" content=\"ca_ES\" \/>\n<meta property=\"og:type\" content=\"article\" \/>\n<meta property=\"og:title\" content=\"CURTMETRATGES PARTICIPATIUS &#183;\" \/>\n<meta property=\"og:description\" content=\"CORTOMETRAJES PARTICIPATIVOS 2023\u201cTENS MOLT A MOURE!\u201d DOCUMENTAL | 20 MIN | 2023 Entre los cuerpos que se rebelan estamos nosotros. Bailamos con las pesadillas y dialogamos con aquellas creencias que nos limitan. No nos dan verg\u00fcenza las verg\u00fcenzas y sabemos que juntas somos m\u00e1s fuertes. Es entre los cuerpos que celebramos esa vida que es [&hellip;]\" \/>\n<meta property=\"og:url\" content=\"https:\/\/lagranpantallafestival.com\/ca\/curtmetratges-participatius\/\" \/>\n<meta property=\"og:site_name\" content=\"Festival Internacional de Cinema de les Persones Grans de Barcelona: La Gran Pantalla\" \/>\n<meta property=\"article:publisher\" content=\"https:\/\/www.facebook.com\/lagranpantallabcn\/\" \/>\n<meta property=\"article:modified_time\" content=\"2024-12-20T11:32:55+00:00\" \/>\n<meta property=\"og:image\" content=\"https:\/\/lagranpantallafestival.com\/wp-content\/uploads\/2020\/05\/Sala-Gran-Pantalla-2019-1024x683.jpg\" \/>\n\t<meta property=\"og:image:width\" content=\"1024\" \/>\n\t<meta property=\"og:image:height\" content=\"683\" \/>\n\t<meta property=\"og:image:type\" content=\"image\/jpeg\" \/>\n<meta name=\"twitter:card\" content=\"summary_large_image\" \/>\n<meta name=\"twitter:site\" content=\"@granpantallabcn\" \/>\n<script type=\"application\/ld+json\" class=\"yoast-schema-graph\">{\"@context\":\"https:\/\/schema.org\",\"@graph\":[{\"@type\":\"WebPage\",\"@id\":\"https:\/\/lagranpantallafestival.com\/ca\/curtmetratges-participatius\/\",\"url\":\"https:\/\/lagranpantallafestival.com\/ca\/curtmetratges-participatius\/\",\"name\":\"CURTMETRATGES PARTICIPATIUS &#183;\",\"isPartOf\":{\"@id\":\"https:\/\/lagranpantallafestival.com\/ca\/#website\"},\"datePublished\":\"2023-05-26T14:31:24+00:00\",\"dateModified\":\"2024-12-20T11:32:55+00:00\",\"breadcrumb\":{\"@id\":\"https:\/\/lagranpantallafestival.com\/ca\/curtmetratges-participatius\/#breadcrumb\"},\"inLanguage\":\"ca\",\"potentialAction\":[{\"@type\":\"ReadAction\",\"target\":[\"https:\/\/lagranpantallafestival.com\/ca\/curtmetratges-participatius\/\"]}]},{\"@type\":\"BreadcrumbList\",\"@id\":\"https:\/\/lagranpantallafestival.com\/ca\/curtmetratges-participatius\/#breadcrumb\",\"itemListElement\":[{\"@type\":\"ListItem\",\"position\":1,\"name\":\"Portada\",\"item\":\"https:\/\/lagranpantallafestival.com\/ca\/\"},{\"@type\":\"ListItem\",\"position\":2,\"name\":\"CURTMETRATGES PARTICIPATIUS\"}]},{\"@type\":\"WebSite\",\"@id\":\"https:\/\/lagranpantallafestival.com\/ca\/#website\",\"url\":\"https:\/\/lagranpantallafestival.com\/ca\/\",\"name\":\"Festival Internacional de Cinema de les Persones Grans de Barcelona: La Gran Pantalla\",\"description\":\"El Festival Internacional de Cine de las personas mayores La gran pantalla! es el primer espacio en Barcelona dedicado al encuentro cinematogr\u00e1fico intergeneracional. Proyectamos pel\u00edculas y cortometrajes que aborden nuevas miradas sobre el hecho de ser mayor. Nuestro objetivo es desmontar los estereotipos que existen en la sociedad y promover el envejecimiento activo, a trav\u00e9s de la reflexi\u00f3n y el debate que inspira el s\u00e9ptimo arte.\",\"publisher\":{\"@id\":\"https:\/\/lagranpantallafestival.com\/ca\/#organization\"},\"potentialAction\":[{\"@type\":\"SearchAction\",\"target\":{\"@type\":\"EntryPoint\",\"urlTemplate\":\"https:\/\/lagranpantallafestival.com\/ca\/?s={search_term_string}\"},\"query-input\":{\"@type\":\"PropertyValueSpecification\",\"valueRequired\":true,\"valueName\":\"search_term_string\"}}],\"inLanguage\":\"ca\"},{\"@type\":\"Organization\",\"@id\":\"https:\/\/lagranpantallafestival.com\/ca\/#organization\",\"name\":\"[wpseo_titles]company_nombre\",\"url\":\"https:\/\/lagranpantallafestival.com\/ca\/\",\"logo\":{\"@type\":\"ImageObject\",\"inLanguage\":\"ca\",\"@id\":\"https:\/\/lagranpantallafestival.com\/ca\/#\/schema\/logo\/image\/\",\"url\":\"https:\/\/i0.wp.com\/lagranpantallafestival.com\/wp-content\/uploads\/2020\/05\/Logo_web_LaGranPantalla.png?fit=901%2C301&ssl=1\",\"contentUrl\":\"https:\/\/i0.wp.com\/lagranpantallafestival.com\/wp-content\/uploads\/2020\/05\/Logo_web_LaGranPantalla.png?fit=901%2C301&ssl=1\",\"width\":901,\"height\":301,\"caption\":\"[wpseo_titles]company_nombre\"},\"image\":{\"@id\":\"https:\/\/lagranpantallafestival.com\/ca\/#\/schema\/logo\/image\/\"},\"sameAs\":[\"https:\/\/www.facebook.com\/lagranpantallabcn\/\",\"https:\/\/x.com\/granpantallabcn\",\"https:\/\/www.instagram.com\/lagranpantallabcn\/\",\"https:\/\/www.youtube.com\/user\/colectivoelparlante\"]}]}<\/script>\n<!-- \/ Yoast SEO plugin. -->","yoast_head_json":{"title":"CURTMETRATGES PARTICIPATIUS &#183;","robots":{"index":"index","follow":"follow","max-snippet":"max-snippet:-1","max-image-preview":"max-image-preview:large","max-video-preview":"max-video-preview:-1"},"canonical":"https:\/\/lagranpantallafestival.com\/ca\/curtmetratges-participatius\/","og_locale":"ca_ES","og_type":"article","og_title":"CURTMETRATGES PARTICIPATIUS &#183;","og_description":"CORTOMETRAJES PARTICIPATIVOS 2023\u201cTENS MOLT A MOURE!\u201d DOCUMENTAL | 20 MIN | 2023 Entre los cuerpos que se rebelan estamos nosotros. Bailamos con las pesadillas y dialogamos con aquellas creencias que nos limitan. No nos dan verg\u00fcenza las verg\u00fcenzas y sabemos que juntas somos m\u00e1s fuertes. Es entre los cuerpos que celebramos esa vida que es [&hellip;]","og_url":"https:\/\/lagranpantallafestival.com\/ca\/curtmetratges-participatius\/","og_site_name":"Festival Internacional de Cinema de les Persones Grans de Barcelona: La Gran Pantalla","article_publisher":"https:\/\/www.facebook.com\/lagranpantallabcn\/","article_modified_time":"2024-12-20T11:32:55+00:00","og_image":[{"width":1024,"height":683,"url":"https:\/\/lagranpantallafestival.com\/wp-content\/uploads\/2020\/05\/Sala-Gran-Pantalla-2019-1024x683.jpg","type":"image\/jpeg"}],"twitter_card":"summary_large_image","twitter_site":"@granpantallabcn","schema":{"@context":"https:\/\/schema.org","@graph":[{"@type":"WebPage","@id":"https:\/\/lagranpantallafestival.com\/ca\/curtmetratges-participatius\/","url":"https:\/\/lagranpantallafestival.com\/ca\/curtmetratges-participatius\/","name":"CURTMETRATGES PARTICIPATIUS &#183;","isPartOf":{"@id":"https:\/\/lagranpantallafestival.com\/ca\/#website"},"datePublished":"2023-05-26T14:31:24+00:00","dateModified":"2024-12-20T11:32:55+00:00","breadcrumb":{"@id":"https:\/\/lagranpantallafestival.com\/ca\/curtmetratges-participatius\/#breadcrumb"},"inLanguage":"ca","potentialAction":[{"@type":"ReadAction","target":["https:\/\/lagranpantallafestival.com\/ca\/curtmetratges-participatius\/"]}]},{"@type":"BreadcrumbList","@id":"https:\/\/lagranpantallafestival.com\/ca\/curtmetratges-participatius\/#breadcrumb","itemListElement":[{"@type":"ListItem","position":1,"name":"Portada","item":"https:\/\/lagranpantallafestival.com\/ca\/"},{"@type":"ListItem","position":2,"name":"CURTMETRATGES PARTICIPATIUS"}]},{"@type":"WebSite","@id":"https:\/\/lagranpantallafestival.com\/ca\/#website","url":"https:\/\/lagranpantallafestival.com\/ca\/","name":"Festival Internacional de Cinema de les Persones Grans de Barcelona: La Gran Pantalla","description":"El Festival Internacional de Cine de las personas mayores La gran pantalla! es el primer espacio en Barcelona dedicado al encuentro cinematogr\u00e1fico intergeneracional. Proyectamos pel\u00edculas y cortometrajes que aborden nuevas miradas sobre el hecho de ser mayor. Nuestro objetivo es desmontar los estereotipos que existen en la sociedad y promover el envejecimiento activo, a trav\u00e9s de la reflexi\u00f3n y el debate que inspira el s\u00e9ptimo arte.","publisher":{"@id":"https:\/\/lagranpantallafestival.com\/ca\/#organization"},"potentialAction":[{"@type":"SearchAction","target":{"@type":"EntryPoint","urlTemplate":"https:\/\/lagranpantallafestival.com\/ca\/?s={search_term_string}"},"query-input":{"@type":"PropertyValueSpecification","valueRequired":true,"valueName":"search_term_string"}}],"inLanguage":"ca"},{"@type":"Organization","@id":"https:\/\/lagranpantallafestival.com\/ca\/#organization","name":"[wpseo_titles]company_nombre","url":"https:\/\/lagranpantallafestival.com\/ca\/","logo":{"@type":"ImageObject","inLanguage":"ca","@id":"https:\/\/lagranpantallafestival.com\/ca\/#\/schema\/logo\/image\/","url":"https:\/\/i0.wp.com\/lagranpantallafestival.com\/wp-content\/uploads\/2020\/05\/Logo_web_LaGranPantalla.png?fit=901%2C301&ssl=1","contentUrl":"https:\/\/i0.wp.com\/lagranpantallafestival.com\/wp-content\/uploads\/2020\/05\/Logo_web_LaGranPantalla.png?fit=901%2C301&ssl=1","width":901,"height":301,"caption":"[wpseo_titles]company_nombre"},"image":{"@id":"https:\/\/lagranpantallafestival.com\/ca\/#\/schema\/logo\/image\/"},"sameAs":["https:\/\/www.facebook.com\/lagranpantallabcn\/","https:\/\/x.com\/granpantallabcn","https:\/\/www.instagram.com\/lagranpantallabcn\/","https:\/\/www.youtube.com\/user\/colectivoelparlante"]}]}},"_links":{"self":[{"href":"https:\/\/lagranpantallafestival.com\/ca\/wp-json\/wp\/v2\/pages\/241127","targetHints":{"allow":["GET"]}}],"collection":[{"href":"https:\/\/lagranpantallafestival.com\/ca\/wp-json\/wp\/v2\/pages"}],"about":[{"href":"https:\/\/lagranpantallafestival.com\/ca\/wp-json\/wp\/v2\/types\/page"}],"author":[{"embeddable":true,"href":"https:\/\/lagranpantallafestival.com\/ca\/wp-json\/wp\/v2\/users\/5"}],"replies":[{"embeddable":true,"href":"https:\/\/lagranpantallafestival.com\/ca\/wp-json\/wp\/v2\/comments?post=241127"}],"version-history":[{"count":6,"href":"https:\/\/lagranpantallafestival.com\/ca\/wp-json\/wp\/v2\/pages\/241127\/revisions"}],"predecessor-version":[{"id":245703,"href":"https:\/\/lagranpantallafestival.com\/ca\/wp-json\/wp\/v2\/pages\/241127\/revisions\/245703"}],"wp:attachment":[{"href":"https:\/\/lagranpantallafestival.com\/ca\/wp-json\/wp\/v2\/media?parent=241127"}],"curies":[{"name":"wp","href":"https:\/\/api.w.org\/{rel}","templated":true}]}}